{"id":7838,"date":"2023-05-22T07:56:57","date_gmt":"2023-05-22T05:56:57","guid":{"rendered":"https:\/\/www.hotelannaisoladelba.it\/?page_id=7838"},"modified":"2025-10-01T23:11:10","modified_gmt":"2025-10-01T21:11:10","slug":"restaurant","status":"publish","type":"page","link":"https:\/\/www.hotelannaisoladelba.it\/fr\/restaurant\/","title":{"rendered":"Restaurant"},"content":{"rendered":"\t\t<div data-elementor-type=\"wp-page\" data-elementor-id=\"7838\" class=\"elementor elementor-7838 elementor-182\" data-elementor-post-type=\"page\">\n\t\t\t\t        <section class=\"elementor-section elementor-top-section elementor-element elementor-element-2b2c711d elementor-section-full_width elementor-section-height-full elementor-section-content-middle elementor-section-stretched elementor-section-height-default elementor-section-items-middle pxl-section-offset-none pxl-section-overflow-hidden-no\" data-id=\"2b2c711d\" data-element_type=\"section\" data-settings=\"{&quot;background_background&quot;:&quot;video&quot;,&quot;background_video_link&quot;:&quot;https:\\\/\\\/www.hotelannaisoladelba.it\\\/wp-content\\\/uploads\\\/2024\\\/06\\\/TEASER_CENA_-HD.mp4&quot;,&quot;background_play_on_mobile&quot;:&quot;yes&quot;,&quot;stretch_section&quot;:&quot;section-stretched&quot;}\">\n\n                                <div class=\"elementor-background-video-container\">\n                                            <video class=\"elementor-background-video-hosted elementor-html5-video\" autoplay muted playsinline loop><\/video>\n                                    <\/div>\n                \n                <div class=\"elementor-container elementor-column-gap-no \">\n                <div class=\"elementor-column elementor-col-100 elementor-top-column elementor-element elementor-element-79ca137c col-offset-none pxl-column-element-default pxl-column-overflow-hidden-no\" data-id=\"79ca137c\" data-element_type=\"column\">\r\n        <div class=\"elementor-widget-wrap elementor-element-populated\">\r\n                     \r\n        \t\t<div class=\"elementor-element elementor-element-1480913 pxl-wg-bd-anm-no elementor-widget elementor-widget-pxl_heading\" data-id=\"1480913\" data-element_type=\"widget\" data-widget_type=\"pxl_heading.default\">\n\t\t\t\t<div class=\"elementor-widget-container\">\n\t\t\t\t\t<div class=\"pxl-heading\">\n\t<div class=\"pxl-heading--inner\">\n\t\t\t\t\t<div class=\"pxl-item--subtitle wow zoomIn\" data-wow-delay=\"900ms\"><span>Notre<\/span><\/div>\n\t\t\t\t<h1 class=\"pxl-item--title divider-none wow zoomIn \" data-wow-delay=\"900ms\">\n\t\tRESTAURANT\t\t\n\n\t\t<\/h1>\n\t\t\t<\/div>\n<\/div>\t\t\t\t<\/div>\n\t\t\t\t<\/div>\n\t\t            <\/div>\r\n        <\/div>\r\n        \t\t\t<\/div>\n\t\t<\/section>\n\t\t        <section class=\"elementor-section elementor-top-section elementor-element elementor-element-6c6372b elementor-section-stretched elementor-section-boxed elementor-section-height-default elementor-section-height-default pxl-section-overflow-hidden-no\" data-id=\"6c6372b\" data-element_type=\"section\" data-settings=\"{&quot;stretch_section&quot;:&quot;section-stretched&quot;,&quot;background_background&quot;:&quot;classic&quot;}\">\n\n                \n                <div class=\"elementor-container elementor-column-gap-extended \">\n                <div class=\"elementor-column elementor-col-100 elementor-top-column elementor-element elementor-element-3d403bf col-offset-none pxl-column-element-default pxl-column-overflow-hidden-no\" data-id=\"3d403bf\" data-element_type=\"column\">\r\n        <div class=\"elementor-widget-wrap elementor-element-populated\">\r\n                     \r\n        \t\t<div class=\"elementor-element elementor-element-80d71da elementor-hidden-desktop elementor-hidden-tablet_extra elementor-hidden-tablet elementor-hidden-mobile_extra elementor-hidden-mobile pxl-wg-bd-anm-no elementor-widget elementor-widget-pxl_heading\" data-id=\"80d71da\" data-element_type=\"widget\" data-widget_type=\"pxl_heading.default\">\n\t\t\t\t<div class=\"elementor-widget-container\">\n\t\t\t\t\t<div class=\"pxl-heading\">\n\t<div class=\"pxl-heading--inner\">\n\t\t\t\t\t<div class=\"pxl-item--subtitle wow zoomIn\" data-wow-delay=\"900ms\"><span>Notre<\/span><\/div>\n\t\t\t\t<h1 class=\"pxl-item--title divider-none wow zoomIn \" data-wow-delay=\"900ms\">\n\t\tRESTAURANT\t\t\n\n\t\t<\/h1>\n\t\t\t<\/div>\n<\/div>\t\t\t\t<\/div>\n\t\t\t\t<\/div>\n\t\t            <\/div>\r\n        <\/div>\r\n        \t\t\t<\/div>\n\t\t<\/section>\n\t\t        <section class=\"elementor-section elementor-top-section elementor-element elementor-element-5f747ba elementor-section-stretched elementor-section-boxed elementor-section-height-default elementor-section-height-default pxl-section-overflow-hidden-no elementor-invisible pxl-elementor-animate\" data-id=\"5f747ba\" data-element_type=\"section\" data-settings=\"{&quot;stretch_section&quot;:&quot;section-stretched&quot;,&quot;animation&quot;:&quot;fadeInUp&quot;,&quot;animation_delay&quot;:1500}\">\n\n                \n                <div class=\"elementor-container elementor-column-gap-extended \">\n                <div class=\"elementor-column elementor-col-50 elementor-top-column elementor-element elementor-element-3bedd1c col-offset-none pxl-column-element-default pxl-column-overflow-hidden-no\" data-id=\"3bedd1c\" data-element_type=\"column\">\r\n        <div class=\"elementor-widget-wrap elementor-element-populated\">\r\n                     \r\n        \t\t<div class=\"elementor-element elementor-element-8c842bd elementor-widget__width-auto elementor-widget-tablet__width-initial elementor-widget-mobile__width-initial pxl-wg-bd-anm-no elementor-widget elementor-widget-pxl_image_parallax\" data-id=\"8c842bd\" data-element_type=\"widget\" data-widget_type=\"pxl_image_parallax.default\">\n\t\t\t\t<div class=\"elementor-widget-container\">\n\t\t\t\t\t<div id=\"pxl_image_parallax-8c842bd-7317\" class=\"pxl-image-wg\" data-parallax=\"{&quot;y&quot;:&quot;50&quot;}\" data-wow-delay=\"ms\">\n\t\t<img fetchpriority=\"high\" decoding=\"async\" width=\"1280\" height=\"1920\" src=\"https:\/\/www.hotelannaisoladelba.it\/wp-content\/uploads\/2023\/09\/hotel-anna-terrazza-ristorante-5172-HDR-5.jpg\" class=\"attachment-full size-full wp-image-2442\" alt=\"Scorcio della terrazza del ristorante dell&#039;Hotel Anna, che mostra un tavolo apparecchiato in primo piano, altri tavoli sotto una veranda coperta e la vista panoramica sul mare blu dell&#039;Isola d&#039;Elba.\" srcset=\"https:\/\/www.hotelannaisoladelba.it\/wp-content\/uploads\/2023\/09\/hotel-anna-terrazza-ristorante-5172-HDR-5.jpg 1280w, https:\/\/www.hotelannaisoladelba.it\/wp-content\/uploads\/2023\/09\/hotel-anna-terrazza-ristorante-5172-HDR-5-200x300.jpg 200w, https:\/\/www.hotelannaisoladelba.it\/wp-content\/uploads\/2023\/09\/hotel-anna-terrazza-ristorante-5172-HDR-5-683x1024.jpg 683w, https:\/\/www.hotelannaisoladelba.it\/wp-content\/uploads\/2023\/09\/hotel-anna-terrazza-ristorante-5172-HDR-5-768x1152.jpg 768w, https:\/\/www.hotelannaisoladelba.it\/wp-content\/uploads\/2023\/09\/hotel-anna-terrazza-ristorante-5172-HDR-5-1024x1536.jpg 1024w, https:\/\/www.hotelannaisoladelba.it\/wp-content\/uploads\/2023\/09\/hotel-anna-terrazza-ristorante-5172-HDR-5-473x710.jpg 473w\" sizes=\"(max-width: 1280px) 100vw, 1280px\" \/>\t<\/div>\n\t\t\t\t<\/div>\n\t\t\t\t<\/div>\n\t\t\t\t<div class=\"elementor-element elementor-element-511c888 elementor-widget__width-auto elementor-widget-tablet__width-initial elementor-widget-mobile__width-initial pxl-wg-bd-anm-no elementor-widget elementor-widget-pxl_image_parallax\" data-id=\"511c888\" data-element_type=\"widget\" data-widget_type=\"pxl_image_parallax.default\">\n\t\t\t\t<div class=\"elementor-widget-container\">\n\t\t\t\t\t<div id=\"pxl_image_parallax-511c888-8918\" class=\"pxl-image-wg\" data-parallax=\"{&quot;y&quot;:&quot;-50&quot;}\" data-wow-delay=\"ms\">\n\t\t<img decoding=\"async\" width=\"546\" height=\"710\" src=\"https:\/\/www.hotelannaisoladelba.it\/wp-content\/uploads\/2023\/09\/hotel-anna-terrazza-ristorante-5192-HDR-10-1-546x710.jpg\" class=\"attachment-post-thumbnail size-post-thumbnail wp-image-2444\" alt=\"Dettaglio di un tavolo apparecchiato sulla terrazza del ristorante dell&#039;Hotel Anna, con un segnaposto dorato numero 5, calici e posate, e altri tavoli sotto una tenda da sole sullo sfondo.\" srcset=\"https:\/\/www.hotelannaisoladelba.it\/wp-content\/uploads\/2023\/09\/hotel-anna-terrazza-ristorante-5192-HDR-10-1-546x710.jpg 546w, https:\/\/www.hotelannaisoladelba.it\/wp-content\/uploads\/2023\/09\/hotel-anna-terrazza-ristorante-5192-HDR-10-1-231x300.jpg 231w, https:\/\/www.hotelannaisoladelba.it\/wp-content\/uploads\/2023\/09\/hotel-anna-terrazza-ristorante-5192-HDR-10-1-787x1024.jpg 787w, https:\/\/www.hotelannaisoladelba.it\/wp-content\/uploads\/2023\/09\/hotel-anna-terrazza-ristorante-5192-HDR-10-1-768x999.jpg 768w, https:\/\/www.hotelannaisoladelba.it\/wp-content\/uploads\/2023\/09\/hotel-anna-terrazza-ristorante-5192-HDR-10-1.jpg 1049w\" sizes=\"(max-width: 546px) 100vw, 546px\" \/>\t<\/div>\n\t\t\t\t<\/div>\n\t\t\t\t<\/div>\n\t\t            <\/div>\r\n        <\/div>\r\n                <div class=\"elementor-column elementor-col-50 elementor-top-column elementor-element elementor-element-9fb6cdb col-offset-none pxl-column-element-default pxl-column-overflow-hidden-no\" data-id=\"9fb6cdb\" data-element_type=\"column\">\r\n        <div class=\"elementor-widget-wrap elementor-element-populated\">\r\n                     \r\n        \t\t<div class=\"elementor-element elementor-element-e79cb65 pxl-wg-bd-anm-no elementor-widget elementor-widget-pxl_heading\" data-id=\"e79cb65\" data-element_type=\"widget\" data-widget_type=\"pxl_heading.default\">\n\t\t\t\t<div class=\"elementor-widget-container\">\n\t\t\t\t\t<div class=\"pxl-heading\">\n\t<div class=\"pxl-heading--inner\">\n\t\t\t\t<h2 class=\"pxl-item--title divider-right  \" data-wow-delay=\"ms\">\n\t\tRestaurant al Canaletto &#038; La Terrazza\t\t\n\n\t\t<\/h2>\n\t\t\t<\/div>\n<\/div>\t\t\t\t<\/div>\n\t\t\t\t<\/div>\n\t\t\t\t<div class=\"elementor-element elementor-element-230f132 pxl-wg-bd-anm-no elementor-widget elementor-widget-pxl_text_editor\" data-id=\"230f132\" data-element_type=\"widget\" data-widget_type=\"pxl_text_editor.default\">\n\t\t\t\t<div class=\"elementor-widget-container\">\n\t\t\t\t\t<div class=\"pxl-text-editor \">\n\t<div class=\"pxl-item--inner \" data-wow-delay=\"ms\">\n\t\t<p>Le Restaurant al Canaletto &amp; La Terrazza de l\u2019H\u00f4tel Anna est situ\u00e9 sur une tr\u00e8s belle terrasse ext\u00e9rieure entour\u00e9e de verdure.<\/p><p>Il propose un petit-d\u00e9jeuner buffet sucr\u00e9 et sal\u00e9 pour les clients de l\u2019h\u00f4tel: la meilleure fa\u00e7on de commencer la journ\u00e9e.<\/p><p>Parmi les diff\u00e9rentes propositions de notre petit-d\u00e9jeuner copieux, vous pourrez d\u00e9guster des brioches fra\u00eechement sorties du four, des c\u00e9r\u00e9ales, des g\u00e2teaux faits maison et d\u2019autres d\u00e9lices, le tout accompagn\u00e9 de yaourt frais et d\u2019une large gamme de jus de fruits pour un r\u00e9veil \u00e9nergisant.<\/p><p>Si vous pr\u00e9f\u00e9rez un petit-d\u00e9jeuner sal\u00e9, nous proposons \u00e9galement un assortiment de fromages et de charcuterie. De cette fa\u00e7on, votre journ\u00e9e commencera par un sourire et un \u00abbonjour\u00bb qui comblera tous vos d\u00e9sirs.<\/p><p>Le Restaurant al Canaletto &amp; La Terrazza offre surtout un service de restauration en soir\u00e9e \u00e0 la disposition des clients de l\u2019h\u00f4tel et, sous r\u00e9serve de disponibilit\u00e9, \u00e9galement des clients externes.<\/p>\t<\/div>\n<\/div>\t\t\t\t<\/div>\n\t\t\t\t<\/div>\n\t\t            <\/div>\r\n        <\/div>\r\n        \t\t\t<\/div>\n\t\t<\/section>\n\t\t        <section class=\"elementor-section elementor-top-section elementor-element elementor-element-f8614ef elementor-section-stretched elementor-section-boxed elementor-section-height-default elementor-section-height-default pxl-section-overflow-hidden-no elementor-invisible pxl-elementor-animate\" data-id=\"f8614ef\" data-element_type=\"section\" data-settings=\"{&quot;stretch_section&quot;:&quot;section-stretched&quot;,&quot;animation&quot;:&quot;fadeInUp&quot;,&quot;animation_delay&quot;:1500}\">\n\n                \n                <div class=\"elementor-container elementor-column-gap-extended \">\n                <div class=\"elementor-column elementor-col-50 elementor-top-column elementor-element elementor-element-1147db5 col-offset-none pxl-column-element-default pxl-column-overflow-hidden-no\" data-id=\"1147db5\" data-element_type=\"column\">\r\n        <div class=\"elementor-widget-wrap elementor-element-populated\">\r\n                     \r\n        \t\t<div class=\"elementor-element elementor-element-4c53def pxl-wg-bd-anm-no elementor-widget elementor-widget-pxl_text_editor\" data-id=\"4c53def\" data-element_type=\"widget\" data-widget_type=\"pxl_text_editor.default\">\n\t\t\t\t<div class=\"elementor-widget-container\">\n\t\t\t\t\t<div class=\"pxl-text-editor \">\n\t<div class=\"pxl-item--inner \" data-wow-delay=\"ms\">\n\t\t<p>La grande terrasse de l\u2019H\u00f4tel Anna devient l\u2019endroit parfait pour d\u00e9guster les sp\u00e9cialit\u00e9s du chef qui offre une exp\u00e9rience culinaire exceptionnelle, bas\u00e9e principalement sur des plats issus de la tradition de la gastronomie de l\u2019\u00eele: des salades de la mer fra\u00eeches pr\u00e9par\u00e9es avec des ingr\u00e9dients locaux, le cacciucco traditionnel au parfum invitant et au go\u00fbt riche, des grillades mixtes et des fritures de poisson frais, mais aussi de d\u00e9licieux plats \u00e0 base de produits du terroir.<\/p><p>Le Restaurant al Canaletto &amp; La Terrazza est une oasis gastronomique en plein air, selon nos clients \u00abune succession d\u2019explosions de saveur!\u00bb<\/p><p>Notre chef Simone recherche constamment l\u2019excellence, en accordant toujours une attention particuli\u00e8re \u00e0 la cha\u00eene de production des ingr\u00e9dients utilis\u00e9s en cuisine.<\/p><p>Une attention particuli\u00e8re est \u00e9galement accord\u00e9e aux petits pour lesquels des menus sp\u00e9ciaux sont pr\u00e9vus \u00e0 un prix diff\u00e9rent. Pour les personnes souffrant d\u2019intol\u00e9rances alimentaires, il est possible de modifier le menu en fonction des besoins individuels, si elles sont signal\u00e9es.<\/p>\t<\/div>\n<\/div>\t\t\t\t<\/div>\n\t\t\t\t<\/div>\n\t\t\t\t<div class=\"elementor-element elementor-element-90ed7ae elementor-align-center pxl-wg-bd-anm-no elementor-widget elementor-widget-pxl_button\" data-id=\"90ed7ae\" data-element_type=\"widget\" data-widget_type=\"pxl_button.default\">\n\t\t\t\t<div class=\"elementor-widget-container\">\n\t\t\t\t\t<div class=\"pxl-button\">\n    <a class=\"btn  btn-nina btn-line  pxl-icon--right\" href=\"https:\/\/www.canaletto-fetovaia.com\/\" data-wow-delay=\"ms\">\n        <i aria-hidden=\"true\" class=\"flaticon flaticon-right-chevron\"><\/i>        <span class=\"pxl--btn-text\" data-text=\"VOIR LE SITE DE NOTRE RESTAURANT\">\n            <span>V<\/span><span>O<\/span><span>I<\/span><span>R<\/span><span class=\"spacer\">&nbsp;<\/span><span>L<\/span><span>E<\/span><span class=\"spacer\">&nbsp;<\/span><span>S<\/span><span>I<\/span><span>T<\/span><span>E<\/span><span class=\"spacer\">&nbsp;<\/span><span>D<\/span><span>E<\/span><span class=\"spacer\">&nbsp;<\/span><span>N<\/span><span>O<\/span><span>T<\/span><span>R<\/span><span>E<\/span><span class=\"spacer\">&nbsp;<\/span><span>R<\/span><span>E<\/span><span>S<\/span><span>T<\/span><span>A<\/span><span>U<\/span><span>R<\/span><span>A<\/span><span>N<\/span><span>T<\/span>        <\/span>\n    <\/a>\n<\/div>\t\t\t\t<\/div>\n\t\t\t\t<\/div>\n\t\t            <\/div>\r\n        <\/div>\r\n                <div class=\"elementor-column elementor-col-50 elementor-top-column elementor-element elementor-element-44340b6 col-offset-none pxl-column-element-default pxl-column-overflow-hidden-no\" data-id=\"44340b6\" data-element_type=\"column\">\r\n        <div class=\"elementor-widget-wrap elementor-element-populated\">\r\n                     \r\n        \t\t<div class=\"elementor-element elementor-element-d49313c elementor-widget__width-auto elementor-widget-tablet__width-initial elementor-widget-mobile__width-initial pxl-wg-bd-anm-no elementor-widget elementor-widget-pxl_image_parallax\" data-id=\"d49313c\" data-element_type=\"widget\" data-widget_type=\"pxl_image_parallax.default\">\n\t\t\t\t<div class=\"elementor-widget-container\">\n\t\t\t\t\t<div id=\"pxl_image_parallax-d49313c-1496\" class=\"pxl-image-wg\" data-parallax=\"{&quot;y&quot;:&quot;50&quot;}\" data-wow-delay=\"ms\">\n\t\t<img decoding=\"async\" width=\"853\" height=\"1280\" src=\"https:\/\/www.hotelannaisoladelba.it\/wp-content\/uploads\/2023\/10\/sala-ristorante.jpg\" class=\"attachment-full size-full wp-image-3245\" alt=\"Veduta della sala interna del ristorante dell&#039;Hotel Anna, che mostra tavoli apparecchiati con tovaglie bianche e sedie in legno con seduta in paglia, e ampie finestre che danno sul verde del giardino.\" srcset=\"https:\/\/www.hotelannaisoladelba.it\/wp-content\/uploads\/2023\/10\/sala-ristorante.jpg 853w, https:\/\/www.hotelannaisoladelba.it\/wp-content\/uploads\/2023\/10\/sala-ristorante-200x300.jpg 200w, https:\/\/www.hotelannaisoladelba.it\/wp-content\/uploads\/2023\/10\/sala-ristorante-682x1024.jpg 682w, https:\/\/www.hotelannaisoladelba.it\/wp-content\/uploads\/2023\/10\/sala-ristorante-768x1152.jpg 768w, https:\/\/www.hotelannaisoladelba.it\/wp-content\/uploads\/2023\/10\/sala-ristorante-473x710.jpg 473w\" sizes=\"(max-width: 853px) 100vw, 853px\" \/>\t<\/div>\n\t\t\t\t<\/div>\n\t\t\t\t<\/div>\n\t\t\t\t<div class=\"elementor-element elementor-element-452f0fb elementor-widget__width-auto elementor-widget-tablet__width-initial elementor-widget-mobile__width-initial pxl-wg-bd-anm-no elementor-widget elementor-widget-pxl_image_parallax\" data-id=\"452f0fb\" data-element_type=\"widget\" data-widget_type=\"pxl_image_parallax.default\">\n\t\t\t\t<div class=\"elementor-widget-container\">\n\t\t\t\t\t<div id=\"pxl_image_parallax-452f0fb-1895\" class=\"pxl-image-wg\" data-parallax=\"{&quot;y&quot;:&quot;-50&quot;}\" data-wow-delay=\"ms\">\n\t\t<img loading=\"lazy\" decoding=\"async\" width=\"473\" height=\"710\" src=\"https:\/\/www.hotelannaisoladelba.it\/wp-content\/uploads\/2023\/10\/hotel-anna-terrazza-ristorante_02-473x710.jpg\" class=\"attachment-post-thumbnail size-post-thumbnail wp-image-3243\" alt=\"Immagine serale della terrazza del ristorante dell&#039;Hotel Anna, che mostra un tavolo apparecchiato in primo piano, con le ampie vetrate illuminate della sala interna e altri tavoli bianchi all&#039;esterno.\" srcset=\"https:\/\/www.hotelannaisoladelba.it\/wp-content\/uploads\/2023\/10\/hotel-anna-terrazza-ristorante_02-473x710.jpg 473w, https:\/\/www.hotelannaisoladelba.it\/wp-content\/uploads\/2023\/10\/hotel-anna-terrazza-ristorante_02-200x300.jpg 200w, https:\/\/www.hotelannaisoladelba.it\/wp-content\/uploads\/2023\/10\/hotel-anna-terrazza-ristorante_02-682x1024.jpg 682w, https:\/\/www.hotelannaisoladelba.it\/wp-content\/uploads\/2023\/10\/hotel-anna-terrazza-ristorante_02-768x1152.jpg 768w, https:\/\/www.hotelannaisoladelba.it\/wp-content\/uploads\/2023\/10\/hotel-anna-terrazza-ristorante_02.jpg 853w\" sizes=\"(max-width: 473px) 100vw, 473px\" \/>\t<\/div>\n\t\t\t\t<\/div>\n\t\t\t\t<\/div>\n\t\t            <\/div>\r\n        <\/div>\r\n        \t\t\t<\/div>\n\t\t<\/section>\n\t\t        <section class=\"elementor-section elementor-top-section elementor-element elementor-element-ac652cd elementor-section-stretched elementor-section-boxed elementor-section-height-default elementor-section-height-default pxl-section-overflow-hidden-no elementor-invisible pxl-elementor-animate\" data-id=\"ac652cd\" data-element_type=\"section\" data-settings=\"{&quot;stretch_section&quot;:&quot;section-stretched&quot;,&quot;animation&quot;:&quot;fadeInUp&quot;,&quot;animation_delay&quot;:1500}\">\n\n                \n                <div class=\"elementor-container elementor-column-gap-extended \">\n                <div class=\"elementor-column elementor-col-50 elementor-top-column elementor-element elementor-element-c0e395a col-offset-none pxl-column-element-default pxl-column-overflow-hidden-no\" data-id=\"c0e395a\" data-element_type=\"column\">\r\n        <div class=\"elementor-widget-wrap elementor-element-populated\">\r\n                     \r\n        \t\t<div class=\"elementor-element elementor-element-26e372e elementor-widget__width-auto elementor-widget-tablet__width-initial elementor-widget-mobile__width-initial pxl-wg-bd-anm-no elementor-widget elementor-widget-pxl_image_parallax\" data-id=\"26e372e\" data-element_type=\"widget\" data-widget_type=\"pxl_image_parallax.default\">\n\t\t\t\t<div class=\"elementor-widget-container\">\n\t\t\t\t\t<div id=\"pxl_image_parallax-26e372e-4133\" class=\"pxl-image-wg\" data-parallax=\"{&quot;y&quot;:&quot;50&quot;}\" data-wow-delay=\"ms\">\n\t\t<img loading=\"lazy\" decoding=\"async\" width=\"1920\" height=\"1024\" src=\"https:\/\/www.hotelannaisoladelba.it\/wp-content\/uploads\/2024\/10\/braciamare_70.jpg\" class=\"attachment-full size-full wp-image-7712\" alt=\"Foto della terrazza esterna del ristorante Braciamare, dietro si vede una famiglia con madre, padre e figlio che stanno cenando.\" srcset=\"https:\/\/www.hotelannaisoladelba.it\/wp-content\/uploads\/2024\/10\/braciamare_70.jpg 1920w, https:\/\/www.hotelannaisoladelba.it\/wp-content\/uploads\/2024\/10\/braciamare_70-600x320.jpg 600w, https:\/\/www.hotelannaisoladelba.it\/wp-content\/uploads\/2024\/10\/braciamare_70-1200x640.jpg 1200w, https:\/\/www.hotelannaisoladelba.it\/wp-content\/uploads\/2024\/10\/braciamare_70-768x410.jpg 768w, https:\/\/www.hotelannaisoladelba.it\/wp-content\/uploads\/2024\/10\/braciamare_70-1536x819.jpg 1536w, https:\/\/www.hotelannaisoladelba.it\/wp-content\/uploads\/2024\/10\/braciamare_70-1170x624.jpg 1170w\" sizes=\"(max-width: 1920px) 100vw, 1920px\" \/>\t<\/div>\n\t\t\t\t<\/div>\n\t\t\t\t<\/div>\n\t\t            <\/div>\r\n        <\/div>\r\n                <div class=\"elementor-column elementor-col-50 elementor-top-column elementor-element elementor-element-11e1a12 col-offset-none pxl-column-element-default pxl-column-overflow-hidden-no\" data-id=\"11e1a12\" data-element_type=\"column\">\r\n        <div class=\"elementor-widget-wrap elementor-element-populated\">\r\n                     \r\n        \t\t<div class=\"elementor-element elementor-element-5f253c3 pxl-wg-bd-anm-no elementor-widget elementor-widget-pxl_heading\" data-id=\"5f253c3\" data-element_type=\"widget\" data-widget_type=\"pxl_heading.default\">\n\t\t\t\t<div class=\"elementor-widget-container\">\n\t\t\t\t\t<div class=\"pxl-heading\">\n\t<div class=\"pxl-heading--inner\">\n\t\t\t\t<h2 class=\"pxl-item--title divider-right  \" data-wow-delay=\"ms\">\n\t\tRestaurant braciAMARE\t\t\n\n\t\t<\/h2>\n\t\t\t<\/div>\n<\/div>\t\t\t\t<\/div>\n\t\t\t\t<\/div>\n\t\t\t\t<div class=\"elementor-element elementor-element-bd7eefb pxl-wg-bd-anm-no elementor-widget elementor-widget-pxl_text_editor\" data-id=\"bd7eefb\" data-element_type=\"widget\" data-widget_type=\"pxl_text_editor.default\">\n\t\t\t\t<div class=\"elementor-widget-container\">\n\t\t\t\t\t<div class=\"pxl-text-editor \">\n\t<div class=\"pxl-item--inner \" data-wow-delay=\"ms\">\n\t\t<p>Braciamare est un restaurant qui offre une exp\u00e9rience inoubliable \u00e0 Fetovaia, gr\u00e2ce \u00e0 sa terrasse panoramique entour\u00e9e de verdure, id\u00e9ale pour admirer le coucher du soleil ou passer des soir\u00e9es magiques sous un ciel \u00e9toil\u00e9. Le design int\u00e9rieur est soigneusement \u00e9tudi\u00e9, m\u00ealant habilement des \u00e9l\u00e9ments modernes et traditionnels pour cr\u00e9er une atmosph\u00e8re chaleureuse et accueillante, o\u00f9 chaque d\u00e9tail contribue \u00e0 faire sentir les invit\u00e9s comme chez eux.<\/p><p>Le restaurant Braciamare est un v\u00e9ritable bijou pour ceux qui aiment d\u00eener en plein air. Son cadre intime et relaxant, associ\u00e9 \u00e0 la beaut\u00e9 naturelle du paysage environnant, en fait le lieu parfait pour un d\u00eener romantique ou simplement pour profiter d\u2019une soir\u00e9e plac\u00e9e sous le signe de la bonne cuisine et de la tranquillit\u00e9. Ouvert exclusivement le soir, Braciamare offre un refuge \u00e0 ceux qui souhaitent vivre une exp\u00e9rience gastronomique unique sous un ciel \u00e9toil\u00e9.<\/p>\t<\/div>\n<\/div>\t\t\t\t<\/div>\n\t\t\t\t<\/div>\n\t\t            <\/div>\r\n        <\/div>\r\n        \t\t\t<\/div>\n\t\t<\/section>\n\t\t        <section class=\"elementor-section elementor-top-section elementor-element elementor-element-222f700 elementor-section-stretched elementor-section-boxed elementor-section-height-default elementor-section-height-default pxl-section-overflow-hidden-no elementor-invisible pxl-elementor-animate\" data-id=\"222f700\" data-element_type=\"section\" data-settings=\"{&quot;stretch_section&quot;:&quot;section-stretched&quot;,&quot;animation&quot;:&quot;fadeInUp&quot;,&quot;animation_delay&quot;:1500}\">\n\n                \n                <div class=\"elementor-container elementor-column-gap-extended \">\n                <div class=\"elementor-column elementor-col-50 elementor-top-column elementor-element elementor-element-6e0eabe col-offset-none pxl-column-element-default pxl-column-overflow-hidden-no\" data-id=\"6e0eabe\" data-element_type=\"column\">\r\n        <div class=\"elementor-widget-wrap elementor-element-populated\">\r\n                     \r\n        \t\t<div class=\"elementor-element elementor-element-f1f818c pxl-wg-bd-anm-no elementor-widget elementor-widget-pxl_text_editor\" data-id=\"f1f818c\" data-element_type=\"widget\" data-widget_type=\"pxl_text_editor.default\">\n\t\t\t\t<div class=\"elementor-widget-container\">\n\t\t\t\t\t<div class=\"pxl-text-editor \">\n\t<div class=\"pxl-item--inner \" data-wow-delay=\"ms\">\n\t\t<h3>Sp\u00e9cialit\u00e9s de Viande<\/h3><p>L\u2019un des points forts de Braciamare est la viande. Chaque morceau est choisi avec le plus grand soin, garantissant uniquement le meilleur aux clients. Les viandes, grill\u00e9es sur des grilles \u00e0 bois, lib\u00e8rent une saveur authentique, rustique et enveloppante. Le menu propose un large choix de d\u00e9lices, allant de steaks juteux \u00e0 des filets tendres, tous accompagn\u00e9s de l\u00e9gumes de saison et de sauces pr\u00e9par\u00e9es artisanalement par le chef, afin de sublimer au mieux le go\u00fbt de chaque plat. Chaque bouch\u00e9e offre une exp\u00e9rience qui raconte la passion pour la cuisine et l\u2019amour des saveurs authentiques.<\/p><h3>Sp\u00e9cialit\u00e9s de Poisson<\/h3><p>Le poisson frais est une autre des sp\u00e9cialit\u00e9s de Braciamare. Grill\u00e9 avec ma\u00eetrise, il est servi de mani\u00e8re simple afin que la saveur naturelle de la mer reste le v\u00e9ritable protagoniste. Il est souvent accompagn\u00e9 d\u2019herbes aromatiques fra\u00eeches et de citron, pour une touche de fra\u00eecheur qui en sublime chaque nuance. Le menu du restaurant propose non seulement des plats classiques \u00e0 la grille, mais aussi des cr\u00e9ations plus \u00e9labor\u00e9es, fruit d\u2019une combinaison habile entre ingr\u00e9dients locaux et techniques innovantes, qui surprennent et ravissent le palais. Le menu varie selon la saison, garantissant toujours des propositions fra\u00eeches, originales et en accord avec les produits disponibles.<\/p>\t<\/div>\n<\/div>\t\t\t\t<\/div>\n\t\t\t\t<\/div>\n\t\t\t\t<div class=\"elementor-element elementor-element-91ca6db pxl-wg-bd-anm-no elementor-widget elementor-widget-pxl_button\" data-id=\"91ca6db\" data-element_type=\"widget\" data-widget_type=\"pxl_button.default\">\n\t\t\t\t<div class=\"elementor-widget-container\">\n\t\t\t\t\t<div class=\"pxl-button\">\n    <a class=\"btn  btn-nina btn-default  pxl-icon--right\" href=\"https:\/\/www.braciamare.it\" data-wow-delay=\"ms\">\n        <i aria-hidden=\"true\" class=\"flaticon flaticon-right-chevron\"><\/i>        <span class=\"pxl--btn-text\" data-text=\"VOIR LE SITE DU RESTAURANT BRACIAMARE\">\n            <span>V<\/span><span>O<\/span><span>I<\/span><span>R<\/span><span class=\"spacer\">&nbsp;<\/span><span>L<\/span><span>E<\/span><span class=\"spacer\">&nbsp;<\/span><span>S<\/span><span>I<\/span><span>T<\/span><span>E<\/span><span class=\"spacer\">&nbsp;<\/span><span>D<\/span><span>U<\/span><span class=\"spacer\">&nbsp;<\/span><span>R<\/span><span>E<\/span><span>S<\/span><span>T<\/span><span>A<\/span><span>U<\/span><span>R<\/span><span>A<\/span><span>N<\/span><span>T<\/span><span class=\"spacer\">&nbsp;<\/span><span>B<\/span><span>R<\/span><span>A<\/span><span>C<\/span><span>I<\/span><span>A<\/span><span>M<\/span><span>A<\/span><span>R<\/span><span>E<\/span>        <\/span>\n    <\/a>\n<\/div>\t\t\t\t<\/div>\n\t\t\t\t<\/div>\n\t\t            <\/div>\r\n        <\/div>\r\n                <div class=\"elementor-column elementor-col-50 elementor-top-column elementor-element elementor-element-5c5f941 col-offset-none pxl-column-element-default pxl-column-overflow-hidden-no\" data-id=\"5c5f941\" data-element_type=\"column\">\r\n        <div class=\"elementor-widget-wrap elementor-element-populated\">\r\n                     \r\n        \t\t<div class=\"elementor-element elementor-element-69bdbe4 elementor-widget__width-auto elementor-widget-tablet__width-initial elementor-widget-mobile__width-initial pxl-wg-bd-anm-no elementor-widget elementor-widget-pxl_image_parallax\" data-id=\"69bdbe4\" data-element_type=\"widget\" data-widget_type=\"pxl_image_parallax.default\">\n\t\t\t\t<div class=\"elementor-widget-container\">\n\t\t\t\t\t<div id=\"pxl_image_parallax-69bdbe4-3399\" class=\"pxl-image-wg\" data-wow-delay=\"ms\">\n\t\t<img loading=\"lazy\" decoding=\"async\" width=\"1000\" height=\"600\" src=\"https:\/\/www.hotelannaisoladelba.it\/wp-content\/uploads\/2024\/10\/braciamare_274.jpg\" class=\"attachment-full size-full wp-image-7720\" alt=\"Foto scattata di sera di un tavolo elegantemente apparecchiato al ristorante Braciamare, che mostra un vassoio lungo con un misto di carne alla griglia e antipasti, calici da vino e una piccola lampada accesa, con altri tavoli sfocati sullo sfondo.\" srcset=\"https:\/\/www.hotelannaisoladelba.it\/wp-content\/uploads\/2024\/10\/braciamare_274.jpg 1000w, https:\/\/www.hotelannaisoladelba.it\/wp-content\/uploads\/2024\/10\/braciamare_274-600x360.jpg 600w, https:\/\/www.hotelannaisoladelba.it\/wp-content\/uploads\/2024\/10\/braciamare_274-768x461.jpg 768w\" sizes=\"(max-width: 1000px) 100vw, 1000px\" \/>\t<\/div>\n\t\t\t\t<\/div>\n\t\t\t\t<\/div>\n\t\t\t\t<div class=\"elementor-element elementor-element-3e6d72b elementor-widget__width-auto elementor-widget-tablet__width-initial elementor-widget-mobile__width-initial pxl-wg-bd-anm-no elementor-widget elementor-widget-pxl_image_parallax\" data-id=\"3e6d72b\" data-element_type=\"widget\" data-widget_type=\"pxl_image_parallax.default\">\n\t\t\t\t<div class=\"elementor-widget-container\">\n\t\t\t\t\t<div id=\"pxl_image_parallax-3e6d72b-6350\" class=\"pxl-image-wg\" data-wow-delay=\"ms\">\n\t\t<img loading=\"lazy\" decoding=\"async\" width=\"1170\" height=\"658\" src=\"https:\/\/www.hotelannaisoladelba.it\/wp-content\/uploads\/2024\/10\/braciamare_11-1170x658.jpg\" class=\"attachment-post-thumbnail size-post-thumbnail wp-image-7725\" alt=\"Dettaglio delle mani di uno chef del Ristorante Braciamare in divisa nera, mentre prepara uno spiedino di carne e verdure su un tagliere di legno, guarnendo il piatto con cura prima del servizio.\" srcset=\"https:\/\/www.hotelannaisoladelba.it\/wp-content\/uploads\/2024\/10\/braciamare_11-1170x658.jpg 1170w, https:\/\/www.hotelannaisoladelba.it\/wp-content\/uploads\/2024\/10\/braciamare_11-600x338.jpg 600w, https:\/\/www.hotelannaisoladelba.it\/wp-content\/uploads\/2024\/10\/braciamare_11-1200x675.jpg 1200w, https:\/\/www.hotelannaisoladelba.it\/wp-content\/uploads\/2024\/10\/braciamare_11-768x432.jpg 768w, https:\/\/www.hotelannaisoladelba.it\/wp-content\/uploads\/2024\/10\/braciamare_11-1536x864.jpg 1536w, https:\/\/www.hotelannaisoladelba.it\/wp-content\/uploads\/2024\/10\/braciamare_11.jpg 1920w\" sizes=\"(max-width: 1170px) 100vw, 1170px\" \/>\t<\/div>\n\t\t\t\t<\/div>\n\t\t\t\t<\/div>\n\t\t            <\/div>\r\n        <\/div>\r\n        \t\t\t<\/div>\n\t\t<\/section>\n\t\t\t\t<\/div>\n\t\t","protected":false},"excerpt":{"rendered":"<p>Notre RESTAURANT Notre RESTAURANT Restaurant al Canaletto &amp; La Terrazza Le Restaurant al Canaletto &amp; La Terrazza de l\u2019H\u00f4tel Anna est situ\u00e9 sur une tr\u00e8s belle terrasse ext\u00e9rieure entour\u00e9e de verdure. Il propose un petit-d\u00e9jeuner buffet sucr\u00e9 et sal\u00e9 pour les clients de l\u2019h\u00f4tel: la meilleure fa\u00e7on de commencer la journ\u00e9e. Parmi les diff\u00e9rentes propositions [&hellip;]<\/p>\n","protected":false},"author":1,"featured_media":0,"parent":0,"menu_order":0,"comment_status":"closed","ping_status":"closed","template":"","meta":{"footnotes":""},"class_list":["post-7838","page","type-page","status-publish","hentry"],"yoast_head":"<!-- This site is optimized with the Yoast SEO plugin v26.6 - https:\/\/yoast.com\/wordpress\/plugins\/seo\/ -->\n<title>Restaurants \u00e0 Fetovaia, \u00cele d&#039;Elbe | H\u00f4tel Anna<\/title>\n<meta name=\"description\" content=\"Go\u00fbtez le meilleur de l&#039;\u00cele d&#039;Elbe. Notre restaurant vous propose un d\u00e9licieux menu avec des ingr\u00e9dients frais et des recettes toscanes.\" \/>\n<meta name=\"robots\" content=\"index, follow, max-snippet:-1, max-image-preview:large, max-video-preview:-1\" \/>\n<link rel=\"canonical\" href=\"https:\/\/www.hotelannaisoladelba.it\/fr\/restaurant\/\" \/>\n<meta property=\"og:locale\" content=\"fr_FR\" \/>\n<meta property=\"og:type\" content=\"article\" \/>\n<meta property=\"og:title\" content=\"Restaurants \u00e0 Fetovaia, \u00cele d&#039;Elbe | H\u00f4tel Anna\" \/>\n<meta property=\"og:description\" content=\"Go\u00fbtez le meilleur de l&#039;\u00cele d&#039;Elbe. Notre restaurant vous propose un d\u00e9licieux menu avec des ingr\u00e9dients frais et des recettes toscanes.\" \/>\n<meta property=\"og:url\" content=\"https:\/\/www.hotelannaisoladelba.it\/fr\/restaurant\/\" \/>\n<meta property=\"og:site_name\" content=\"Hotel Anna Isola d&#039;Elba\" \/>\n<meta property=\"article:publisher\" content=\"https:\/\/www.facebook.com\/AnnaHotelIsolaElba\" \/>\n<meta property=\"article:modified_time\" content=\"2025-10-01T21:11:10+00:00\" \/>\n<meta property=\"og:image\" content=\"https:\/\/www.hotelannaisoladelba.it\/wp-content\/uploads\/2023\/09\/hotel-anna-terrazza-ristorante-5172-HDR-5.jpg\" \/>\n<meta name=\"twitter:card\" content=\"summary_large_image\" \/>\n<meta name=\"twitter:label1\" content=\"Dur\u00e9e de lecture estim\u00e9e\" \/>\n\t<meta name=\"twitter:data1\" content=\"6 minutes\" \/>\n<script type=\"application\/ld+json\" class=\"yoast-schema-graph\">{\"@context\":\"https:\/\/schema.org\",\"@graph\":[{\"@type\":\"WebPage\",\"@id\":\"https:\/\/www.hotelannaisoladelba.it\/fr\/restaurant\/\",\"url\":\"https:\/\/www.hotelannaisoladelba.it\/fr\/restaurant\/\",\"name\":\"Restaurants \u00e0 Fetovaia, \u00cele d'Elbe | H\u00f4tel Anna\",\"isPartOf\":{\"@id\":\"https:\/\/www.hotelannaisoladelba.it\/#website\"},\"primaryImageOfPage\":{\"@id\":\"https:\/\/www.hotelannaisoladelba.it\/fr\/restaurant\/#primaryimage\"},\"image\":{\"@id\":\"https:\/\/www.hotelannaisoladelba.it\/fr\/restaurant\/#primaryimage\"},\"thumbnailUrl\":\"https:\/\/www.hotelannaisoladelba.it\/wp-content\/uploads\/2023\/09\/hotel-anna-terrazza-ristorante-5172-HDR-5.jpg\",\"datePublished\":\"2023-05-22T05:56:57+00:00\",\"dateModified\":\"2025-10-01T21:11:10+00:00\",\"description\":\"Go\u00fbtez le meilleur de l'\u00cele d'Elbe. Notre restaurant vous propose un d\u00e9licieux menu avec des ingr\u00e9dients frais et des recettes toscanes.\",\"breadcrumb\":{\"@id\":\"https:\/\/www.hotelannaisoladelba.it\/fr\/restaurant\/#breadcrumb\"},\"inLanguage\":\"fr-FR\",\"potentialAction\":[{\"@type\":\"ReadAction\",\"target\":[\"https:\/\/www.hotelannaisoladelba.it\/fr\/restaurant\/\"]}]},{\"@type\":\"ImageObject\",\"inLanguage\":\"fr-FR\",\"@id\":\"https:\/\/www.hotelannaisoladelba.it\/fr\/restaurant\/#primaryimage\",\"url\":\"https:\/\/www.hotelannaisoladelba.it\/wp-content\/uploads\/2023\/09\/hotel-anna-terrazza-ristorante-5172-HDR-5.jpg\",\"contentUrl\":\"https:\/\/www.hotelannaisoladelba.it\/wp-content\/uploads\/2023\/09\/hotel-anna-terrazza-ristorante-5172-HDR-5.jpg\"},{\"@type\":\"BreadcrumbList\",\"@id\":\"https:\/\/www.hotelannaisoladelba.it\/fr\/restaurant\/#breadcrumb\",\"itemListElement\":[{\"@type\":\"ListItem\",\"position\":1,\"name\":\"Home\",\"item\":\"https:\/\/www.hotelannaisoladelba.it\/fr\/\"},{\"@type\":\"ListItem\",\"position\":2,\"name\":\"Restaurant\"}]},{\"@type\":\"WebSite\",\"@id\":\"https:\/\/www.hotelannaisoladelba.it\/#website\",\"url\":\"https:\/\/www.hotelannaisoladelba.it\/\",\"name\":\"Hotel Anna Isola d'Elba\",\"description\":\"Albergo a conduzione familiare vicino alla spiaggia di Fetovaia all&#039;Isola d&#039;Elba\",\"publisher\":{\"@id\":\"https:\/\/www.hotelannaisoladelba.it\/#organization\"},\"potentialAction\":[{\"@type\":\"SearchAction\",\"target\":{\"@type\":\"EntryPoint\",\"urlTemplate\":\"https:\/\/www.hotelannaisoladelba.it\/?s={search_term_string}\"},\"query-input\":{\"@type\":\"PropertyValueSpecification\",\"valueRequired\":true,\"valueName\":\"search_term_string\"}}],\"inLanguage\":\"fr-FR\"},{\"@type\":\"Organization\",\"@id\":\"https:\/\/www.hotelannaisoladelba.it\/#organization\",\"name\":\"Hotel Anna Isola d'Elba\",\"url\":\"https:\/\/www.hotelannaisoladelba.it\/\",\"logo\":{\"@type\":\"ImageObject\",\"inLanguage\":\"fr-FR\",\"@id\":\"https:\/\/www.hotelannaisoladelba.it\/#\/schema\/logo\/image\/\",\"url\":\"https:\/\/www.hotelannaisoladelba.it\/wp-content\/uploads\/2023\/11\/logo-orizzonale.png\",\"contentUrl\":\"https:\/\/www.hotelannaisoladelba.it\/wp-content\/uploads\/2023\/11\/logo-orizzonale.png\",\"width\":600,\"height\":213,\"caption\":\"Hotel Anna Isola d'Elba\"},\"image\":{\"@id\":\"https:\/\/www.hotelannaisoladelba.it\/#\/schema\/logo\/image\/\"},\"sameAs\":[\"https:\/\/www.facebook.com\/AnnaHotelIsolaElba\"]}]}<\/script>\n<!-- \/ Yoast SEO plugin. -->","yoast_head_json":{"title":"Restaurants \u00e0 Fetovaia, \u00cele d'Elbe | H\u00f4tel Anna","description":"Go\u00fbtez le meilleur de l'\u00cele d'Elbe. Notre restaurant vous propose un d\u00e9licieux menu avec des ingr\u00e9dients frais et des recettes toscanes.","robots":{"index":"index","follow":"follow","max-snippet":"max-snippet:-1","max-image-preview":"max-image-preview:large","max-video-preview":"max-video-preview:-1"},"canonical":"https:\/\/www.hotelannaisoladelba.it\/fr\/restaurant\/","og_locale":"fr_FR","og_type":"article","og_title":"Restaurants \u00e0 Fetovaia, \u00cele d'Elbe | H\u00f4tel Anna","og_description":"Go\u00fbtez le meilleur de l'\u00cele d'Elbe. Notre restaurant vous propose un d\u00e9licieux menu avec des ingr\u00e9dients frais et des recettes toscanes.","og_url":"https:\/\/www.hotelannaisoladelba.it\/fr\/restaurant\/","og_site_name":"Hotel Anna Isola d&#039;Elba","article_publisher":"https:\/\/www.facebook.com\/AnnaHotelIsolaElba","article_modified_time":"2025-10-01T21:11:10+00:00","og_image":[{"url":"https:\/\/www.hotelannaisoladelba.it\/wp-content\/uploads\/2023\/09\/hotel-anna-terrazza-ristorante-5172-HDR-5.jpg","type":"","width":"","height":""}],"twitter_card":"summary_large_image","twitter_misc":{"Dur\u00e9e de lecture estim\u00e9e":"6 minutes"},"schema":{"@context":"https:\/\/schema.org","@graph":[{"@type":"WebPage","@id":"https:\/\/www.hotelannaisoladelba.it\/fr\/restaurant\/","url":"https:\/\/www.hotelannaisoladelba.it\/fr\/restaurant\/","name":"Restaurants \u00e0 Fetovaia, \u00cele d'Elbe | H\u00f4tel Anna","isPartOf":{"@id":"https:\/\/www.hotelannaisoladelba.it\/#website"},"primaryImageOfPage":{"@id":"https:\/\/www.hotelannaisoladelba.it\/fr\/restaurant\/#primaryimage"},"image":{"@id":"https:\/\/www.hotelannaisoladelba.it\/fr\/restaurant\/#primaryimage"},"thumbnailUrl":"https:\/\/www.hotelannaisoladelba.it\/wp-content\/uploads\/2023\/09\/hotel-anna-terrazza-ristorante-5172-HDR-5.jpg","datePublished":"2023-05-22T05:56:57+00:00","dateModified":"2025-10-01T21:11:10+00:00","description":"Go\u00fbtez le meilleur de l'\u00cele d'Elbe. Notre restaurant vous propose un d\u00e9licieux menu avec des ingr\u00e9dients frais et des recettes toscanes.","breadcrumb":{"@id":"https:\/\/www.hotelannaisoladelba.it\/fr\/restaurant\/#breadcrumb"},"inLanguage":"fr-FR","potentialAction":[{"@type":"ReadAction","target":["https:\/\/www.hotelannaisoladelba.it\/fr\/restaurant\/"]}]},{"@type":"ImageObject","inLanguage":"fr-FR","@id":"https:\/\/www.hotelannaisoladelba.it\/fr\/restaurant\/#primaryimage","url":"https:\/\/www.hotelannaisoladelba.it\/wp-content\/uploads\/2023\/09\/hotel-anna-terrazza-ristorante-5172-HDR-5.jpg","contentUrl":"https:\/\/www.hotelannaisoladelba.it\/wp-content\/uploads\/2023\/09\/hotel-anna-terrazza-ristorante-5172-HDR-5.jpg"},{"@type":"BreadcrumbList","@id":"https:\/\/www.hotelannaisoladelba.it\/fr\/restaurant\/#breadcrumb","itemListElement":[{"@type":"ListItem","position":1,"name":"Home","item":"https:\/\/www.hotelannaisoladelba.it\/fr\/"},{"@type":"ListItem","position":2,"name":"Restaurant"}]},{"@type":"WebSite","@id":"https:\/\/www.hotelannaisoladelba.it\/#website","url":"https:\/\/www.hotelannaisoladelba.it\/","name":"Hotel Anna Isola d'Elba","description":"Albergo a conduzione familiare vicino alla spiaggia di Fetovaia all&#039;Isola d&#039;Elba","publisher":{"@id":"https:\/\/www.hotelannaisoladelba.it\/#organization"},"potentialAction":[{"@type":"SearchAction","target":{"@type":"EntryPoint","urlTemplate":"https:\/\/www.hotelannaisoladelba.it\/?s={search_term_string}"},"query-input":{"@type":"PropertyValueSpecification","valueRequired":true,"valueName":"search_term_string"}}],"inLanguage":"fr-FR"},{"@type":"Organization","@id":"https:\/\/www.hotelannaisoladelba.it\/#organization","name":"Hotel Anna Isola d'Elba","url":"https:\/\/www.hotelannaisoladelba.it\/","logo":{"@type":"ImageObject","inLanguage":"fr-FR","@id":"https:\/\/www.hotelannaisoladelba.it\/#\/schema\/logo\/image\/","url":"https:\/\/www.hotelannaisoladelba.it\/wp-content\/uploads\/2023\/11\/logo-orizzonale.png","contentUrl":"https:\/\/www.hotelannaisoladelba.it\/wp-content\/uploads\/2023\/11\/logo-orizzonale.png","width":600,"height":213,"caption":"Hotel Anna Isola d'Elba"},"image":{"@id":"https:\/\/www.hotelannaisoladelba.it\/#\/schema\/logo\/image\/"},"sameAs":["https:\/\/www.facebook.com\/AnnaHotelIsolaElba"]}]}},"_links":{"self":[{"href":"https:\/\/www.hotelannaisoladelba.it\/fr\/wp-json\/wp\/v2\/pages\/7838","targetHints":{"allow":["GET"]}}],"collection":[{"href":"https:\/\/www.hotelannaisoladelba.it\/fr\/wp-json\/wp\/v2\/pages"}],"about":[{"href":"https:\/\/www.hotelannaisoladelba.it\/fr\/wp-json\/wp\/v2\/types\/page"}],"author":[{"embeddable":true,"href":"https:\/\/www.hotelannaisoladelba.it\/fr\/wp-json\/wp\/v2\/users\/1"}],"replies":[{"embeddable":true,"href":"https:\/\/www.hotelannaisoladelba.it\/fr\/wp-json\/wp\/v2\/comments?post=7838"}],"version-history":[{"count":5,"href":"https:\/\/www.hotelannaisoladelba.it\/fr\/wp-json\/wp\/v2\/pages\/7838\/revisions"}],"predecessor-version":[{"id":10354,"href":"https:\/\/www.hotelannaisoladelba.it\/fr\/wp-json\/wp\/v2\/pages\/7838\/revisions\/10354"}],"wp:attachment":[{"href":"https:\/\/www.hotelannaisoladelba.it\/fr\/wp-json\/wp\/v2\/media?parent=7838"}],"curies":[{"name":"wp","href":"https:\/\/api.w.org\/{rel}","templated":true}]}}