{"id":7827,"date":"2023-05-24T07:08:51","date_gmt":"2023-05-24T05:08:51","guid":{"rendered":"https:\/\/www.hotelannaisoladelba.it\/?page_id=7827"},"modified":"2025-08-13T17:52:54","modified_gmt":"2025-08-13T15:52:54","slug":"chambre","status":"publish","type":"page","link":"https:\/\/www.hotelannaisoladelba.it\/fr\/chambre\/","title":{"rendered":"Chambre"},"content":{"rendered":"\t\t<div data-elementor-type=\"wp-page\" data-elementor-id=\"7827\" class=\"elementor elementor-7827 elementor-710\" data-elementor-post-type=\"page\">\n\t\t\t\t        <section class=\"elementor-section elementor-top-section elementor-element elementor-element-26011ea elementor-section-full_width elementor-section-height-full elementor-section-content-middle elementor-section-stretched elementor-section-height-default elementor-section-items-middle pxl-section-offset-none pxl-section-overflow-hidden-no\" data-id=\"26011ea\" data-element_type=\"section\" data-settings=\"{&quot;background_background&quot;:&quot;video&quot;,&quot;background_video_link&quot;:&quot;https:\\\/\\\/www.hotelannaisoladelba.it\\\/wp-content\\\/uploads\\\/2024\\\/06\\\/TEASER_CHECK-IN_HD.mp4&quot;,&quot;background_play_on_mobile&quot;:&quot;yes&quot;,&quot;stretch_section&quot;:&quot;section-stretched&quot;}\">\n\n                                <div class=\"elementor-background-video-container\">\n                                            <video class=\"elementor-background-video-hosted elementor-html5-video\" autoplay muted playsinline loop><\/video>\n                                    <\/div>\n                \n                <div class=\"elementor-container elementor-column-gap-no \">\n                <div class=\"elementor-column elementor-col-100 elementor-top-column elementor-element elementor-element-794cd65 col-offset-none pxl-column-element-default pxl-column-overflow-hidden-no\" data-id=\"794cd65\" data-element_type=\"column\">\r\n        <div class=\"elementor-widget-wrap elementor-element-populated\">\r\n                     \r\n        \t\t<div class=\"elementor-element elementor-element-5f157e3 pxl-wg-bd-anm-no elementor-widget elementor-widget-pxl_heading\" data-id=\"5f157e3\" data-element_type=\"widget\" data-widget_type=\"pxl_heading.default\">\n\t\t\t\t<div class=\"elementor-widget-container\">\n\t\t\t\t\t<div class=\"pxl-heading\">\n\t<div class=\"pxl-heading--inner\">\n\t\t\t\t\t<div class=\"pxl-item--subtitle wow zoomIn\" data-wow-delay=\"900ms\"><span>Nos<\/span><\/div>\n\t\t\t\t<h1 class=\"pxl-item--title divider-none wow zoomIn \" data-wow-delay=\"900ms\">\n\t\tCHAMBRES\t\t\n\n\t\t<\/h1>\n\t\t\t<\/div>\n<\/div>\t\t\t\t<\/div>\n\t\t\t\t<\/div>\n\t\t            <\/div>\r\n        <\/div>\r\n        \t\t\t<\/div>\n\t\t<\/section>\n\t\t        <section class=\"elementor-section elementor-top-section elementor-element elementor-element-a4e06de elementor-section-stretched elementor-section-boxed elementor-section-height-default elementor-section-height-default pxl-section-overflow-hidden-no\" data-id=\"a4e06de\" data-element_type=\"section\" data-settings=\"{&quot;stretch_section&quot;:&quot;section-stretched&quot;,&quot;background_background&quot;:&quot;classic&quot;}\">\n\n                \n                <div class=\"elementor-container elementor-column-gap-extended \">\n                <div class=\"elementor-column elementor-col-100 elementor-top-column elementor-element elementor-element-1a47a7b col-offset-none pxl-column-element-default pxl-column-overflow-hidden-no\" data-id=\"1a47a7b\" data-element_type=\"column\">\r\n        <div class=\"elementor-widget-wrap elementor-element-populated\">\r\n                     \r\n        \t\t<div class=\"elementor-element elementor-element-7a491b8 elementor-hidden-desktop elementor-hidden-tablet_extra elementor-hidden-tablet elementor-hidden-mobile_extra elementor-hidden-mobile pxl-wg-bd-anm-no elementor-widget elementor-widget-pxl_heading\" data-id=\"7a491b8\" data-element_type=\"widget\" data-widget_type=\"pxl_heading.default\">\n\t\t\t\t<div class=\"elementor-widget-container\">\n\t\t\t\t\t<div class=\"pxl-heading\">\n\t<div class=\"pxl-heading--inner\">\n\t\t\t\t\t<div class=\"pxl-item--subtitle wow zoomIn\" data-wow-delay=\"900ms\"><span>Nos<\/span><\/div>\n\t\t\t\t<h1 class=\"pxl-item--title divider-none wow zoomIn \" data-wow-delay=\"900ms\">\n\t\tCHAMBRES\t\t\n\n\t\t<\/h1>\n\t\t\t<\/div>\n<\/div>\t\t\t\t<\/div>\n\t\t\t\t<\/div>\n\t\t\t\t<div class=\"elementor-element elementor-element-f01f541 pxl-wg-bd-anm-no elementor-widget elementor-widget-pxl_heading\" data-id=\"f01f541\" data-element_type=\"widget\" data-widget_type=\"pxl_heading.default\">\n\t\t\t\t<div class=\"elementor-widget-container\">\n\t\t\t\t\t<div class=\"pxl-heading\">\n\t<div class=\"pxl-heading--inner\">\n\t\t\t\t<p class=\"pxl-item--title divider-none wow zoomIn \" data-wow-delay=\"900ms\">\n\t\t\u00c0 l\u2019H\u00f4tel Anna, nous proposons neuf types de chambres diff\u00e9rents. Nos chambres ont \u00e9t\u00e9 enti\u00e8rement r\u00e9am\u00e9nag\u00e9es et r\u00e9nov\u00e9es avec soin pour offrir un style moderne et \u00e9l\u00e9gant, et assurer ainsi une exp\u00e9rience de s\u00e9jour de haute qualit\u00e9.<br \/><br \/>\n\nToutes nos chambres disposent d\u2019une entr\u00e9e ind\u00e9pendante et, \u00e0 l\u2019exception du type \u00ab\u00a0No balcony\u00a0\u00bb, elles sont \u00e9quip\u00e9es d\u2019un balcon ou d\u2019un patio priv\u00e9, ce qui vous permettra de profiter pleinement de la beaut\u00e9 de la nature environnante directement depuis votre chambre.<br \/><br \/>\n\nM\u00eame les chambres plus petites vous permettront de vivre une exp\u00e9rience de s\u00e9jour unique sur l\u2019\u00cele d\u2019Elbe, tout en profitant de tarifs plus abordables.\t\t\n\n\t\t<\/p>\n\t\t\t<\/div>\n<\/div>\t\t\t\t<\/div>\n\t\t\t\t<\/div>\n\t\t            <\/div>\r\n        <\/div>\r\n        \t\t\t<\/div>\n\t\t<\/section>\n\t\t        <section class=\"elementor-section elementor-top-section elementor-element elementor-element-571e6f7 elementor-section-stretched animated-slow elementor-section-boxed elementor-section-height-default elementor-section-height-default pxl-section-overflow-hidden-no elementor-invisible pxl-elementor-animate\" data-id=\"571e6f7\" data-element_type=\"section\" data-settings=\"{&quot;stretch_section&quot;:&quot;section-stretched&quot;,&quot;animation&quot;:&quot;fadeInUp&quot;,&quot;animation_delay&quot;:1500}\">\n\n                \n                <div class=\"elementor-container elementor-column-gap-extended \">\n                <div class=\"elementor-column elementor-col-100 elementor-top-column elementor-element elementor-element-90da415 col-offset-none pxl-column-element-default pxl-column-overflow-hidden-no\" data-id=\"90da415\" data-element_type=\"column\">\r\n        <div class=\"elementor-widget-wrap elementor-element-populated\">\r\n                     \r\n        \t\t<div class=\"elementor-element elementor-element-4ff4d01 pxl-post-layout-rooms-1 pxl-wg-bd-anm-no elementor-widget elementor-widget-pxl_post_grid\" data-id=\"4ff4d01\" data-element_type=\"widget\" data-widget_type=\"pxl_post_grid.default\">\n\t\t\t\t<div class=\"elementor-widget-container\">\n\t\t\t\t\t\n<div id=\"pxl_post_grid-4ff4d01-2989\" class=\"pxl-grid pxl-rooms-grid pxl-rooms-grid-layout2 pxl-grid-direction\" data-layout=\"masonry\" data-start-page=\"1\" data-max-pages=\"1\" data-total=\"9\" data-perpage=\"9\" data-next-link=\"\">\n    \n    <div class=\"pxl-grid-inner pxl-grid-masonry row\" data-gutter=\"15\">\n        <div class=\"grid-sizer col-xl-4 col-lg-4 col-md-4 col-sm-6 col-12\"><\/div>\n                    <div class=\"pxl-grid-item col-xl-4 col-lg-4 col-md-4 col-sm-6 col-12 \">\n                <div class=\"pxl-item--inner pxl-not-active \" data-wow-duration=\"1.2s\">\n                    <div class=\"pxl-item--holder\">\n                                                <div class=\"pxl-item--image\">\n                            <a href=\"https:\/\/www.hotelannaisoladelba.it\/fr\/rooms\/standard-family-rooms\/\">\n                                <img fetchpriority=\"high\" decoding=\"async\" width=\"1920\" height=\"1280\" src=\"https:\/\/www.hotelannaisoladelba.it\/wp-content\/uploads\/2023\/09\/hotel-anna-cam23-4889-3.jpg\" class=\"attachment-full\" alt=\"Interno di una camera tripla dell&#039;Hotel Anna, che mostra il letto matrimoniale e il letto singolo con copriletti marroni, un com\u00f2 bianco con TV, una sedia in vimini e una finestra con vista sul bagno.\" \/>                                <img decoding=\"async\" width=\"1920\" height=\"1280\" src=\"https:\/\/www.hotelannaisoladelba.it\/wp-content\/uploads\/2023\/05\/hotel-anna-cam23-4912-12.jpg\" class=\"d-img-hover attachment-full\" alt=\"Interno del bagno di una camera dell&#039;Hotel Anna, che mostra i sanitari bianchi (WC e bidet), il lavandino di design, un grande specchio, il box doccia semicircolare e asciugamani puliti sullo scaldasalviette.\" \/>                                    \n                            <\/a>\n                            <div class=\"rooms-d-details\">\n                                                                    <span class=\"rooms-guests\">2+2<span> guests<\/span><\/span>\n                                                                                                    <span class=\"rooms-area\">\u00b1 25 Mq<\/span>                    \n                                                            <\/div>\n                            <div class=\"rooms-d-label\">\n                                                            <\/div>\n                        <\/div>\n                                        <div class=\"pxl-rooms-content\">\n                        <h3 class=\"pxl-item--title\">\n                            <a href=\"https:\/\/www.hotelannaisoladelba.it\/fr\/rooms\/standard-family-rooms\/\">Standard Family Rooms<\/a>\n                        <\/h3>\n                                                                    \n                <\/div>\n            <\/div>\n        <\/div>\n    <\/div>\n                <div class=\"pxl-grid-item col-xl-4 col-lg-4 col-md-4 col-sm-6 col-12 \">\n                <div class=\"pxl-item--inner pxl-not-active \" data-wow-duration=\"1.2s\">\n                    <div class=\"pxl-item--holder\">\n                                                <div class=\"pxl-item--image\">\n                            <a href=\"https:\/\/www.hotelannaisoladelba.it\/fr\/rooms\/standard-double-rooms\/\">\n                                <img decoding=\"async\" width=\"2000\" height=\"1333\" src=\"https:\/\/www.hotelannaisoladelba.it\/wp-content\/uploads\/2023\/10\/hotel-anna-cam19-4815-2.jpg\" class=\"attachment-full\" alt=\"Interno di una Standard Double Room dell&#039;Hotel Anna, che mostra il letto con testiera in metallo nero e copriletto azzurro, un com\u00f2 bianco con vaso di fiori rossi, la TV appesa alla parete e lo specchio a figura intera che riflette la porta aperta del bagno.\" \/>                                <img loading=\"lazy\" decoding=\"async\" width=\"1920\" height=\"1280\" src=\"https:\/\/www.hotelannaisoladelba.it\/wp-content\/uploads\/2023\/09\/hotel-anna-cam28-4929-7.jpg\" class=\"d-img-hover attachment-full\" alt=\"Interno del bagno di una Economy Double Room dell&#039;Hotel Anna, che mostra il moderno box doccia in vetro, il lavandino di design, l&#039;asciugacapelli a parete, lo specchio e gli asciugamani puliti appesi al termoarredo cromato.\" \/>                                    \n                            <\/a>\n                            <div class=\"rooms-d-details\">\n                                                                    <span class=\"rooms-guests\">2<span> guests<\/span><\/span>\n                                                                                                    <span class=\"rooms-area\">\u00b1 18 Mq<\/span>                    \n                                                            <\/div>\n                            <div class=\"rooms-d-label\">\n                                                            <\/div>\n                        <\/div>\n                                        <div class=\"pxl-rooms-content\">\n                        <h3 class=\"pxl-item--title\">\n                            <a href=\"https:\/\/www.hotelannaisoladelba.it\/fr\/rooms\/standard-double-rooms\/\">Standard Double Rooms<\/a>\n                        <\/h3>\n                                                                    \n                <\/div>\n            <\/div>\n        <\/div>\n    <\/div>\n                <div class=\"pxl-grid-item col-xl-4 col-lg-4 col-md-4 col-sm-6 col-12 \">\n                <div class=\"pxl-item--inner pxl-not-active \" data-wow-duration=\"1.2s\">\n                    <div class=\"pxl-item--holder\">\n                                                <div class=\"pxl-item--image\">\n                            <a href=\"https:\/\/www.hotelannaisoladelba.it\/fr\/rooms\/no-balcony-double-rooms\/\">\n                                <img loading=\"lazy\" decoding=\"async\" width=\"1920\" height=\"1280\" src=\"https:\/\/www.hotelannaisoladelba.it\/wp-content\/uploads\/2023\/05\/hotel-anna-cam7-4967-5-e1698157835706.jpg\" class=\"attachment-full\" alt=\"Interno di una camera No Balcony dell&#039;Hotel Anna, che mostra il letto matrimoniale con copriletto azzurro e testiera in legno scuro, un armadio bianco a due ante con specchio e un comodino con abat-jour.\" \/>                                <img loading=\"lazy\" decoding=\"async\" width=\"1920\" height=\"1261\" src=\"https:\/\/www.hotelannaisoladelba.it\/wp-content\/uploads\/2023\/05\/hotel-anna-cam7-4974-9.jpg\" class=\"d-img-hover attachment-full\" alt=\"Interno del bagno di una camera No Balcony dell&#039;Hotel Anna, che mostra il lavandino bianco con specchio, i sanitari (WC e bidet), l&#039;asciugacapelli a parete, asciugamani puliti e le pareti con piastrelle decorate.\" \/>                                    \n                            <\/a>\n                            <div class=\"rooms-d-details\">\n                                                                    <span class=\"rooms-guests\">2<span> guests<\/span><\/span>\n                                                                                                    <span class=\"rooms-area\">\u00b1 14 Mq<\/span>                    \n                                                            <\/div>\n                            <div class=\"rooms-d-label\">\n                                                            <\/div>\n                        <\/div>\n                                        <div class=\"pxl-rooms-content\">\n                        <h3 class=\"pxl-item--title\">\n                            <a href=\"https:\/\/www.hotelannaisoladelba.it\/fr\/rooms\/no-balcony-double-rooms\/\">No Balcony Double Rooms<\/a>\n                        <\/h3>\n                                                                    \n                <\/div>\n            <\/div>\n        <\/div>\n    <\/div>\n                <div class=\"pxl-grid-item col-xl-4 col-lg-4 col-md-4 col-sm-6 col-12 \">\n                <div class=\"pxl-item--inner pxl-not-active \" data-wow-duration=\"1.2s\">\n                    <div class=\"pxl-item--holder\">\n                                                <div class=\"pxl-item--image\">\n                            <a href=\"https:\/\/www.hotelannaisoladelba.it\/fr\/rooms\/low-double-rooms\/\">\n                                <img loading=\"lazy\" decoding=\"async\" width=\"1920\" height=\"1280\" src=\"https:\/\/www.hotelannaisoladelba.it\/wp-content\/uploads\/2023\/05\/Low-double-room-01.jpg\" class=\"attachment-full\" alt=\"Interno di una Low Double Room all&#039;Hotel Anna, che mostra il letto matrimoniale con struttura bianca e lenzuola a fantasia, comodini con abat-jour, un armadio bianco con specchio e una poltroncina grigia.\" \/>                                                                    \n                            <\/a>\n                            <div class=\"rooms-d-details\">\n                                                                    <span class=\"rooms-guests\">2+1<span> guests<\/span><\/span>\n                                                                                                    <span class=\"rooms-area\">\u00b1 23 Mq<\/span>                    \n                                                            <\/div>\n                            <div class=\"rooms-d-label\">\n                                                            <\/div>\n                        <\/div>\n                                        <div class=\"pxl-rooms-content\">\n                        <h3 class=\"pxl-item--title\">\n                            <a href=\"https:\/\/www.hotelannaisoladelba.it\/fr\/rooms\/low-double-rooms\/\">Low Double Rooms<\/a>\n                        <\/h3>\n                                                                    \n                <\/div>\n            <\/div>\n        <\/div>\n    <\/div>\n                <div class=\"pxl-grid-item col-xl-4 col-lg-4 col-md-4 col-sm-6 col-12 \">\n                <div class=\"pxl-item--inner pxl-not-active \" data-wow-duration=\"1.2s\">\n                    <div class=\"pxl-item--holder\">\n                                                <div class=\"pxl-item--image\">\n                            <a href=\"https:\/\/www.hotelannaisoladelba.it\/fr\/rooms\/junior-family-rooms\/\">\n                                <img loading=\"lazy\" decoding=\"async\" width=\"1769\" height=\"1179\" src=\"https:\/\/www.hotelannaisoladelba.it\/wp-content\/uploads\/2023\/10\/Junior_02-e1698161987884.jpeg\" class=\"attachment-full\" alt=\"Interno di una camera Junior Family Room dell&#039;Hotel Anna, che mostra il letto matrimoniale con testiera in ferro battuto verde, copriletto azzurro con asciugamani piegati, comodini bianchi con abat-jour e una scrivania verde sulla sinistra.\" \/>                                <img loading=\"lazy\" decoding=\"async\" width=\"1769\" height=\"1179\" src=\"https:\/\/www.hotelannaisoladelba.it\/wp-content\/uploads\/2023\/10\/Junior_04-e1698162146928.jpeg\" class=\"d-img-hover attachment-full\" alt=\"Interno del bagno di una camera Junior dell&#039;Hotel Anna, che mostra i sanitari bianchi (WC e bidet), il lavandino e lo specchio circolare con applique, e le pareti piastrellate color crema.\" \/>                                    \n                            <\/a>\n                            <div class=\"rooms-d-details\">\n                                                                    <span class=\"rooms-guests\">4<span> guests<\/span><\/span>\n                                                                                                    <span class=\"rooms-area\">2 rooms per \u00b1 18 Mq<\/span>                    \n                                                            <\/div>\n                            <div class=\"rooms-d-label\">\n                                                            <\/div>\n                        <\/div>\n                                        <div class=\"pxl-rooms-content\">\n                        <h3 class=\"pxl-item--title\">\n                            <a href=\"https:\/\/www.hotelannaisoladelba.it\/fr\/rooms\/junior-family-rooms\/\">Junior Family Rooms<\/a>\n                        <\/h3>\n                                                                    \n                <\/div>\n            <\/div>\n        <\/div>\n    <\/div>\n                <div class=\"pxl-grid-item col-xl-4 col-lg-4 col-md-4 col-sm-6 col-12 \">\n                <div class=\"pxl-item--inner pxl-not-active \" data-wow-duration=\"1.2s\">\n                    <div class=\"pxl-item--holder\">\n                                                <div class=\"pxl-item--image\">\n                            <a href=\"https:\/\/www.hotelannaisoladelba.it\/fr\/rooms\/economy-double-rooms\/\">\n                                <img loading=\"lazy\" decoding=\"async\" width=\"1920\" height=\"1280\" src=\"https:\/\/www.hotelannaisoladelba.it\/wp-content\/uploads\/2023\/09\/hotel-anna-cam28-4917-2-1-e1698163303996.jpg\" class=\"attachment-full\" alt=\"Interno di una Economy Double Room dell&#039;Hotel Anna, che mostra il letto matrimoniale con struttura in metallo bianco e copriletto azzurro a fantasia, un com\u00f2 bianco con TV e vaso di fiori rossi, uno specchio a figura intera e la porta finestra che si apre su un patio esterno.\" \/>                                <img loading=\"lazy\" decoding=\"async\" width=\"1920\" height=\"1280\" src=\"https:\/\/www.hotelannaisoladelba.it\/wp-content\/uploads\/2023\/09\/hotel-anna-cam28-4929-7-1-e1698163374246.jpg\" class=\"d-img-hover attachment-full\" alt=\"Interno del bagno di una Economy Double Room dell&#039;Hotel Anna, che mostra il moderno box doccia in vetro, il lavandino di design, l&#039;asciugacapelli a parete e gli asciugamani puliti appesi.\" \/>                                    \n                            <\/a>\n                            <div class=\"rooms-d-details\">\n                                                                    <span class=\"rooms-guests\">2<span> guests<\/span><\/span>\n                                                                                                    <span class=\"rooms-area\">\u00b1 14 Mq<\/span>                    \n                                                            <\/div>\n                            <div class=\"rooms-d-label\">\n                                                            <\/div>\n                        <\/div>\n                                        <div class=\"pxl-rooms-content\">\n                        <h3 class=\"pxl-item--title\">\n                            <a href=\"https:\/\/www.hotelannaisoladelba.it\/fr\/rooms\/economy-double-rooms\/\">Economy Double Rooms<\/a>\n                        <\/h3>\n                                                                    \n                <\/div>\n            <\/div>\n        <\/div>\n    <\/div>\n                <div class=\"pxl-grid-item col-xl-4 col-lg-4 col-md-4 col-sm-6 col-12 \">\n                <div class=\"pxl-item--inner pxl-not-active \" data-wow-duration=\"1.2s\">\n                    <div class=\"pxl-item--holder\">\n                                                <div class=\"pxl-item--image\">\n                            <a href=\"https:\/\/www.hotelannaisoladelba.it\/fr\/rooms\/classic-family-rooms\/\">\n                                <img loading=\"lazy\" decoding=\"async\" width=\"1920\" height=\"1280\" src=\"https:\/\/www.hotelannaisoladelba.it\/wp-content\/uploads\/2023\/09\/hotel-anna-cam12-5007-2.jpg\" class=\"attachment-full\" alt=\"Interno di una camera da letto dell&#039;Hotel Anna, che mostra un letto matrimoniale e un letto singolo con copriletti azzurri, comodini bianchi, una sedia in vimini e ampie tende gialle che coprono la finestra.\" \/>                                <img loading=\"lazy\" decoding=\"async\" width=\"1920\" height=\"1351\" src=\"https:\/\/www.hotelannaisoladelba.it\/wp-content\/uploads\/2023\/05\/hotel-anna-cam12-5018-7.jpg\" class=\"d-img-hover attachment-full\" alt=\"Interno del bagno di una camera dell&#039;Hotel Anna, che mostra i sanitari bianchi (WC e bidet), un lavandino a colonna, uno specchio con applique, le piastrelle rosa pallido e una finestra con vetro satinato.\" \/>                                    \n                            <\/a>\n                            <div class=\"rooms-d-details\">\n                                                                    <span class=\"rooms-guests\">2+2<span> guests<\/span><\/span>\n                                                                                                    <span class=\"rooms-area\">\u00b1 20 Mq<\/span>                    \n                                                            <\/div>\n                            <div class=\"rooms-d-label\">\n                                                            <\/div>\n                        <\/div>\n                                        <div class=\"pxl-rooms-content\">\n                        <h3 class=\"pxl-item--title\">\n                            <a href=\"https:\/\/www.hotelannaisoladelba.it\/fr\/rooms\/classic-family-rooms\/\">Classic Family Rooms<\/a>\n                        <\/h3>\n                                                                    \n                <\/div>\n            <\/div>\n        <\/div>\n    <\/div>\n                <div class=\"pxl-grid-item col-xl-4 col-lg-4 col-md-4 col-sm-6 col-12 \">\n                <div class=\"pxl-item--inner pxl-not-active \" data-wow-duration=\"1.2s\">\n                    <div class=\"pxl-item--holder\">\n                                                <div class=\"pxl-item--image\">\n                            <a href=\"https:\/\/www.hotelannaisoladelba.it\/fr\/rooms\/classic-double-rooms\/\">\n                                <img loading=\"lazy\" decoding=\"async\" width=\"1920\" height=\"1280\" src=\"https:\/\/www.hotelannaisoladelba.it\/wp-content\/uploads\/2023\/05\/hotel-anna-cam15-5028-2.jpg\" class=\"attachment-full\" alt=\"Interno di una camera matrimoniale dell&#039;Hotel Anna, che mostra il letto con struttura in ferro battuto bianco e copriletto azzurro, un com\u00f2 con vaso di fiori rossi, la TV appesa al muro e una finestra con tende gialle.\" \/>                                <img loading=\"lazy\" decoding=\"async\" width=\"1920\" height=\"1306\" src=\"https:\/\/www.hotelannaisoladelba.it\/wp-content\/uploads\/2023\/05\/hotel-anna-cam11-4998-8.jpg\" class=\"d-img-hover attachment-full\" alt=\"Interno del bagno di una camera dell&#039;Hotel Anna, che mostra il lavandino bianco con specchio e mensola, un cestino di cortesia, il box doccia con porta scorrevole e le pareti con piastrelle rosa pallido.\" \/>                                    \n                            <\/a>\n                            <div class=\"rooms-d-details\">\n                                                                    <span class=\"rooms-guests\">2<span> guests<\/span><\/span>\n                                                                                                    <span class=\"rooms-area\">\u00b1 15 Mq<\/span>                    \n                                                            <\/div>\n                            <div class=\"rooms-d-label\">\n                                                            <\/div>\n                        <\/div>\n                                        <div class=\"pxl-rooms-content\">\n                        <h3 class=\"pxl-item--title\">\n                            <a href=\"https:\/\/www.hotelannaisoladelba.it\/fr\/rooms\/classic-double-rooms\/\">Classic Double Rooms<\/a>\n                        <\/h3>\n                                                                    \n                <\/div>\n            <\/div>\n        <\/div>\n    <\/div>\n                <div class=\"pxl-grid-item col-xl-4 col-lg-4 col-md-4 col-sm-6 col-12 \">\n                <div class=\"pxl-item--inner pxl-not-active \" data-wow-duration=\"1.2s\">\n                    <div class=\"pxl-item--holder\">\n                                                <div class=\"pxl-item--image\">\n                            <a href=\"https:\/\/www.hotelannaisoladelba.it\/fr\/rooms\/attic-double-rooms\/\">\n                                <img loading=\"lazy\" decoding=\"async\" width=\"1626\" height=\"1080\" src=\"https:\/\/www.hotelannaisoladelba.it\/wp-content\/uploads\/2023\/10\/Mans1.jpeg\" class=\"attachment-full\" alt=\"Interno di una camera Attic Double Room dell&#039;Hotel Anna, che mostra un letto matrimoniale e un letto singolo, entrambi con copriletto marrone e cuscini scuri, sotto un soffitto mansardato con un grande lucernario.\" \/>                                <img loading=\"lazy\" decoding=\"async\" width=\"1626\" height=\"1080\" src=\"https:\/\/www.hotelannaisoladelba.it\/wp-content\/uploads\/2023\/10\/Mans2.jpeg\" class=\"d-img-hover attachment-full\" alt=\"Interno di una camera Attic Double Room dell&#039;Hotel Anna, che mostra un letto matrimoniale e un letto singolo, entrambi con copriletto marrone e cuscini scuri, sotto un soffitto mansardato con un grande lucernario\" \/>                                    \n                            <\/a>\n                            <div class=\"rooms-d-details\">\n                                                                    <span class=\"rooms-guests\">2<span> guests<\/span><\/span>\n                                                                                                    <span class=\"rooms-area\">\u00b1 25 Mq<\/span>                    \n                                                            <\/div>\n                            <div class=\"rooms-d-label\">\n                                                            <\/div>\n                        <\/div>\n                                        <div class=\"pxl-rooms-content\">\n                        <h3 class=\"pxl-item--title\">\n                            <a href=\"https:\/\/www.hotelannaisoladelba.it\/fr\/rooms\/attic-double-rooms\/\">Attic Double Rooms<\/a>\n                        <\/h3>\n                                                                    \n                <\/div>\n            <\/div>\n        <\/div>\n    <\/div>\n        <\/div>\n        <\/div>\t\t\t\t<\/div>\n\t\t\t\t<\/div>\n\t\t            <\/div>\r\n        <\/div>\r\n        \t\t\t<\/div>\n\t\t<\/section>\n\t\t\t\t<\/div>\n\t\t","protected":false},"excerpt":{"rendered":"<p>Nos CHAMBRES Nos CHAMBRES \u00c0 l\u2019H\u00f4tel Anna, nous proposons neuf types de chambres diff\u00e9rents. Nos chambres ont \u00e9t\u00e9 enti\u00e8rement r\u00e9am\u00e9nag\u00e9es et r\u00e9nov\u00e9es avec soin pour offrir un style moderne et \u00e9l\u00e9gant, et assurer ainsi une exp\u00e9rience de s\u00e9jour de haute qualit\u00e9. Toutes nos chambres disposent d\u2019une entr\u00e9e ind\u00e9pendante et, \u00e0 l\u2019exception du type \u00ab\u00a0No balcony\u00a0\u00bb, [&hellip;]<\/p>\n","protected":false},"author":1,"featured_media":0,"parent":0,"menu_order":0,"comment_status":"closed","ping_status":"closed","template":"","meta":{"footnotes":""},"class_list":["post-7827","page","type-page","status-publish","hentry"],"yoast_head":"<!-- This site is optimized with the Yoast SEO plugin v26.6 - https:\/\/yoast.com\/wordpress\/plugins\/seo\/ -->\n<title>Chambre - Hotel Anna Isola d&#039;Elba<\/title>\n<meta name=\"description\" content=\"D\u00e9couvrez la chambre parfaite pour vos vacances \u00e0 l&#039;H\u00f4tel Anna. Nous offrons une vari\u00e9t\u00e9 de solutions pour les couples et les familles.\" \/>\n<meta name=\"robots\" content=\"index, follow, max-snippet:-1, max-image-preview:large, max-video-preview:-1\" \/>\n<link rel=\"canonical\" href=\"https:\/\/www.hotelannaisoladelba.it\/fr\/chambre\/\" \/>\n<meta property=\"og:locale\" content=\"fr_FR\" \/>\n<meta property=\"og:type\" content=\"article\" \/>\n<meta property=\"og:title\" content=\"Chambre - Hotel Anna Isola d&#039;Elba\" \/>\n<meta property=\"og:description\" content=\"D\u00e9couvrez la chambre parfaite pour vos vacances \u00e0 l&#039;H\u00f4tel Anna. Nous offrons une vari\u00e9t\u00e9 de solutions pour les couples et les familles.\" \/>\n<meta property=\"og:url\" content=\"https:\/\/www.hotelannaisoladelba.it\/fr\/chambre\/\" \/>\n<meta property=\"og:site_name\" content=\"Hotel Anna Isola d&#039;Elba\" \/>\n<meta property=\"article:publisher\" content=\"https:\/\/www.facebook.com\/AnnaHotelIsolaElba\" \/>\n<meta property=\"article:modified_time\" content=\"2025-08-13T15:52:54+00:00\" \/>\n<meta property=\"og:image\" content=\"https:\/\/www.hotelannaisoladelba.it\/wp-content\/uploads\/2023\/09\/hotel-anna-cam23-4889-3.jpg\" \/>\n<meta name=\"twitter:card\" content=\"summary_large_image\" \/>\n<meta name=\"twitter:label1\" content=\"Dur\u00e9e de lecture estim\u00e9e\" \/>\n\t<meta name=\"twitter:data1\" content=\"5 minutes\" \/>\n<script type=\"application\/ld+json\" class=\"yoast-schema-graph\">{\"@context\":\"https:\/\/schema.org\",\"@graph\":[{\"@type\":\"WebPage\",\"@id\":\"https:\/\/www.hotelannaisoladelba.it\/fr\/chambre\/\",\"url\":\"https:\/\/www.hotelannaisoladelba.it\/fr\/chambre\/\",\"name\":\"Chambre - Hotel Anna Isola d&#039;Elba\",\"isPartOf\":{\"@id\":\"https:\/\/www.hotelannaisoladelba.it\/#website\"},\"primaryImageOfPage\":{\"@id\":\"https:\/\/www.hotelannaisoladelba.it\/fr\/chambre\/#primaryimage\"},\"image\":{\"@id\":\"https:\/\/www.hotelannaisoladelba.it\/fr\/chambre\/#primaryimage\"},\"thumbnailUrl\":\"https:\/\/www.hotelannaisoladelba.it\/wp-content\/uploads\/2023\/09\/hotel-anna-cam23-4889-3.jpg\",\"datePublished\":\"2023-05-24T05:08:51+00:00\",\"dateModified\":\"2025-08-13T15:52:54+00:00\",\"description\":\"D\u00e9couvrez la chambre parfaite pour vos vacances \u00e0 l'H\u00f4tel Anna. Nous offrons une vari\u00e9t\u00e9 de solutions pour les couples et les familles.\",\"breadcrumb\":{\"@id\":\"https:\/\/www.hotelannaisoladelba.it\/fr\/chambre\/#breadcrumb\"},\"inLanguage\":\"fr-FR\",\"potentialAction\":[{\"@type\":\"ReadAction\",\"target\":[\"https:\/\/www.hotelannaisoladelba.it\/fr\/chambre\/\"]}]},{\"@type\":\"ImageObject\",\"inLanguage\":\"fr-FR\",\"@id\":\"https:\/\/www.hotelannaisoladelba.it\/fr\/chambre\/#primaryimage\",\"url\":\"https:\/\/www.hotelannaisoladelba.it\/wp-content\/uploads\/2023\/09\/hotel-anna-cam23-4889-3.jpg\",\"contentUrl\":\"https:\/\/www.hotelannaisoladelba.it\/wp-content\/uploads\/2023\/09\/hotel-anna-cam23-4889-3.jpg\"},{\"@type\":\"BreadcrumbList\",\"@id\":\"https:\/\/www.hotelannaisoladelba.it\/fr\/chambre\/#breadcrumb\",\"itemListElement\":[{\"@type\":\"ListItem\",\"position\":1,\"name\":\"Home\",\"item\":\"https:\/\/www.hotelannaisoladelba.it\/fr\/\"},{\"@type\":\"ListItem\",\"position\":2,\"name\":\"Chambre\"}]},{\"@type\":\"WebSite\",\"@id\":\"https:\/\/www.hotelannaisoladelba.it\/#website\",\"url\":\"https:\/\/www.hotelannaisoladelba.it\/\",\"name\":\"Hotel Anna Isola d'Elba\",\"description\":\"Albergo a conduzione familiare vicino alla spiaggia di Fetovaia all&#039;Isola d&#039;Elba\",\"publisher\":{\"@id\":\"https:\/\/www.hotelannaisoladelba.it\/#organization\"},\"potentialAction\":[{\"@type\":\"SearchAction\",\"target\":{\"@type\":\"EntryPoint\",\"urlTemplate\":\"https:\/\/www.hotelannaisoladelba.it\/?s={search_term_string}\"},\"query-input\":{\"@type\":\"PropertyValueSpecification\",\"valueRequired\":true,\"valueName\":\"search_term_string\"}}],\"inLanguage\":\"fr-FR\"},{\"@type\":\"Organization\",\"@id\":\"https:\/\/www.hotelannaisoladelba.it\/#organization\",\"name\":\"Hotel Anna Isola d'Elba\",\"url\":\"https:\/\/www.hotelannaisoladelba.it\/\",\"logo\":{\"@type\":\"ImageObject\",\"inLanguage\":\"fr-FR\",\"@id\":\"https:\/\/www.hotelannaisoladelba.it\/#\/schema\/logo\/image\/\",\"url\":\"https:\/\/www.hotelannaisoladelba.it\/wp-content\/uploads\/2023\/11\/logo-orizzonale.png\",\"contentUrl\":\"https:\/\/www.hotelannaisoladelba.it\/wp-content\/uploads\/2023\/11\/logo-orizzonale.png\",\"width\":600,\"height\":213,\"caption\":\"Hotel Anna Isola d'Elba\"},\"image\":{\"@id\":\"https:\/\/www.hotelannaisoladelba.it\/#\/schema\/logo\/image\/\"},\"sameAs\":[\"https:\/\/www.facebook.com\/AnnaHotelIsolaElba\"]}]}<\/script>\n<!-- \/ Yoast SEO plugin. -->","yoast_head_json":{"title":"Chambre - Hotel Anna Isola d&#039;Elba","description":"D\u00e9couvrez la chambre parfaite pour vos vacances \u00e0 l'H\u00f4tel Anna. Nous offrons une vari\u00e9t\u00e9 de solutions pour les couples et les familles.","robots":{"index":"index","follow":"follow","max-snippet":"max-snippet:-1","max-image-preview":"max-image-preview:large","max-video-preview":"max-video-preview:-1"},"canonical":"https:\/\/www.hotelannaisoladelba.it\/fr\/chambre\/","og_locale":"fr_FR","og_type":"article","og_title":"Chambre - Hotel Anna Isola d&#039;Elba","og_description":"D\u00e9couvrez la chambre parfaite pour vos vacances \u00e0 l'H\u00f4tel Anna. Nous offrons une vari\u00e9t\u00e9 de solutions pour les couples et les familles.","og_url":"https:\/\/www.hotelannaisoladelba.it\/fr\/chambre\/","og_site_name":"Hotel Anna Isola d&#039;Elba","article_publisher":"https:\/\/www.facebook.com\/AnnaHotelIsolaElba","article_modified_time":"2025-08-13T15:52:54+00:00","og_image":[{"url":"https:\/\/www.hotelannaisoladelba.it\/wp-content\/uploads\/2023\/09\/hotel-anna-cam23-4889-3.jpg","type":"","width":"","height":""}],"twitter_card":"summary_large_image","twitter_misc":{"Dur\u00e9e de lecture estim\u00e9e":"5 minutes"},"schema":{"@context":"https:\/\/schema.org","@graph":[{"@type":"WebPage","@id":"https:\/\/www.hotelannaisoladelba.it\/fr\/chambre\/","url":"https:\/\/www.hotelannaisoladelba.it\/fr\/chambre\/","name":"Chambre - Hotel Anna Isola d&#039;Elba","isPartOf":{"@id":"https:\/\/www.hotelannaisoladelba.it\/#website"},"primaryImageOfPage":{"@id":"https:\/\/www.hotelannaisoladelba.it\/fr\/chambre\/#primaryimage"},"image":{"@id":"https:\/\/www.hotelannaisoladelba.it\/fr\/chambre\/#primaryimage"},"thumbnailUrl":"https:\/\/www.hotelannaisoladelba.it\/wp-content\/uploads\/2023\/09\/hotel-anna-cam23-4889-3.jpg","datePublished":"2023-05-24T05:08:51+00:00","dateModified":"2025-08-13T15:52:54+00:00","description":"D\u00e9couvrez la chambre parfaite pour vos vacances \u00e0 l'H\u00f4tel Anna. Nous offrons une vari\u00e9t\u00e9 de solutions pour les couples et les familles.","breadcrumb":{"@id":"https:\/\/www.hotelannaisoladelba.it\/fr\/chambre\/#breadcrumb"},"inLanguage":"fr-FR","potentialAction":[{"@type":"ReadAction","target":["https:\/\/www.hotelannaisoladelba.it\/fr\/chambre\/"]}]},{"@type":"ImageObject","inLanguage":"fr-FR","@id":"https:\/\/www.hotelannaisoladelba.it\/fr\/chambre\/#primaryimage","url":"https:\/\/www.hotelannaisoladelba.it\/wp-content\/uploads\/2023\/09\/hotel-anna-cam23-4889-3.jpg","contentUrl":"https:\/\/www.hotelannaisoladelba.it\/wp-content\/uploads\/2023\/09\/hotel-anna-cam23-4889-3.jpg"},{"@type":"BreadcrumbList","@id":"https:\/\/www.hotelannaisoladelba.it\/fr\/chambre\/#breadcrumb","itemListElement":[{"@type":"ListItem","position":1,"name":"Home","item":"https:\/\/www.hotelannaisoladelba.it\/fr\/"},{"@type":"ListItem","position":2,"name":"Chambre"}]},{"@type":"WebSite","@id":"https:\/\/www.hotelannaisoladelba.it\/#website","url":"https:\/\/www.hotelannaisoladelba.it\/","name":"Hotel Anna Isola d'Elba","description":"Albergo a conduzione familiare vicino alla spiaggia di Fetovaia all&#039;Isola d&#039;Elba","publisher":{"@id":"https:\/\/www.hotelannaisoladelba.it\/#organization"},"potentialAction":[{"@type":"SearchAction","target":{"@type":"EntryPoint","urlTemplate":"https:\/\/www.hotelannaisoladelba.it\/?s={search_term_string}"},"query-input":{"@type":"PropertyValueSpecification","valueRequired":true,"valueName":"search_term_string"}}],"inLanguage":"fr-FR"},{"@type":"Organization","@id":"https:\/\/www.hotelannaisoladelba.it\/#organization","name":"Hotel Anna Isola d'Elba","url":"https:\/\/www.hotelannaisoladelba.it\/","logo":{"@type":"ImageObject","inLanguage":"fr-FR","@id":"https:\/\/www.hotelannaisoladelba.it\/#\/schema\/logo\/image\/","url":"https:\/\/www.hotelannaisoladelba.it\/wp-content\/uploads\/2023\/11\/logo-orizzonale.png","contentUrl":"https:\/\/www.hotelannaisoladelba.it\/wp-content\/uploads\/2023\/11\/logo-orizzonale.png","width":600,"height":213,"caption":"Hotel Anna Isola d'Elba"},"image":{"@id":"https:\/\/www.hotelannaisoladelba.it\/#\/schema\/logo\/image\/"},"sameAs":["https:\/\/www.facebook.com\/AnnaHotelIsolaElba"]}]}},"_links":{"self":[{"href":"https:\/\/www.hotelannaisoladelba.it\/fr\/wp-json\/wp\/v2\/pages\/7827","targetHints":{"allow":["GET"]}}],"collection":[{"href":"https:\/\/www.hotelannaisoladelba.it\/fr\/wp-json\/wp\/v2\/pages"}],"about":[{"href":"https:\/\/www.hotelannaisoladelba.it\/fr\/wp-json\/wp\/v2\/types\/page"}],"author":[{"embeddable":true,"href":"https:\/\/www.hotelannaisoladelba.it\/fr\/wp-json\/wp\/v2\/users\/1"}],"replies":[{"embeddable":true,"href":"https:\/\/www.hotelannaisoladelba.it\/fr\/wp-json\/wp\/v2\/comments?post=7827"}],"version-history":[{"count":2,"href":"https:\/\/www.hotelannaisoladelba.it\/fr\/wp-json\/wp\/v2\/pages\/7827\/revisions"}],"predecessor-version":[{"id":10011,"href":"https:\/\/www.hotelannaisoladelba.it\/fr\/wp-json\/wp\/v2\/pages\/7827\/revisions\/10011"}],"wp:attachment":[{"href":"https:\/\/www.hotelannaisoladelba.it\/fr\/wp-json\/wp\/v2\/media?parent=7827"}],"curies":[{"name":"wp","href":"https:\/\/api.w.org\/{rel}","templated":true}]}}