{"id":6443,"date":"2023-12-14T12:56:21","date_gmt":"2023-12-14T11:56:21","guid":{"rendered":"https:\/\/www.hotelannaisoladelba.it\/experience\/spiagge\/"},"modified":"2025-08-05T19:07:24","modified_gmt":"2025-08-05T17:07:24","slug":"plages","status":"publish","type":"page","link":"https:\/\/www.hotelannaisoladelba.it\/fr\/experience\/plages\/","title":{"rendered":"Les Plagese de la C\u00f4te du Soleil de l&#8217;\u00cele d&#8217;Elbe"},"content":{"rendered":"\t\t<div data-elementor-type=\"wp-page\" data-elementor-id=\"6443\" class=\"elementor elementor-6443 elementor-6215\" data-elementor-post-type=\"page\">\n\t\t\t\t        <section class=\"elementor-section elementor-top-section elementor-element elementor-element-5feadf2 elementor-section-full_width elementor-section-height-full elementor-section-height-default elementor-section-items-middle pxl-section-offset-none pxl-section-overflow-hidden-no\" data-id=\"5feadf2\" data-element_type=\"section\" data-settings=\"{&quot;background_background&quot;:&quot;video&quot;,&quot;background_video_link&quot;:&quot;https:\\\/\\\/www.hotelannaisoladelba.it\\\/wp-content\\\/uploads\\\/2023\\\/12\\\/SPIAGGE.mp4&quot;,&quot;background_play_on_mobile&quot;:&quot;yes&quot;}\">\n\n                                <div class=\"elementor-background-video-container\">\n                                            <video class=\"elementor-background-video-hosted elementor-html5-video\" autoplay muted playsinline loop><\/video>\n                                    <\/div>\n                \n                <div class=\"elementor-container elementor-column-gap-no \">\n                <div class=\"elementor-column elementor-col-100 elementor-top-column elementor-element elementor-element-74dc193 col-offset-none pxl-column-element-default pxl-column-overflow-hidden-no\" data-id=\"74dc193\" data-element_type=\"column\">\r\n        <div class=\"elementor-widget-wrap elementor-element-populated\">\r\n                     \r\n        \t\t<div class=\"elementor-element elementor-element-ce8bf6b pxl-wg-bd-anm-no elementor-widget elementor-widget-text-editor\" data-id=\"ce8bf6b\" data-element_type=\"widget\" data-widget_type=\"text-editor.default\">\n\t\t\t\t<div class=\"elementor-widget-container\">\n\t\t\t\t\t\t\t\t\t<h1 style=\"text-align: left;\">Les Plagese de la C\u00f4te du Soleil<\/h1><h2>\u00cele d&#8217;Elbe<\/h2>\t\t\t\t\t\t\t\t<\/div>\n\t\t\t\t<\/div>\n\t\t            <\/div>\r\n        <\/div>\r\n        \t\t\t<\/div>\n\t\t<\/section>\n\t\t        <section class=\"elementor-section elementor-top-section elementor-element elementor-element-15a1c80 elementor-section-stretched elementor-section-boxed elementor-section-height-default elementor-section-height-default pxl-section-overflow-hidden-no\" data-id=\"15a1c80\" data-element_type=\"section\" data-settings=\"{&quot;stretch_section&quot;:&quot;section-stretched&quot;,&quot;background_background&quot;:&quot;classic&quot;}\">\n\n                \n                <div class=\"elementor-container elementor-column-gap-extended \">\n                <div class=\"elementor-column elementor-col-50 elementor-top-column elementor-element elementor-element-b9bf0dc col-offset-none pxl-column-element-default pxl-column-overflow-hidden-no\" data-id=\"b9bf0dc\" data-element_type=\"column\">\r\n        <div class=\"elementor-widget-wrap elementor-element-populated\">\r\n                     \r\n        \t\t<div class=\"elementor-element elementor-element-f332ad0 elementor-widget__width-auto elementor-widget-tablet__width-initial pxl-wg-bd-anm-no elementor-widget elementor-widget-pxl_image_parallax\" data-id=\"f332ad0\" data-element_type=\"widget\" data-widget_type=\"pxl_image_parallax.default\">\n\t\t\t\t<div class=\"elementor-widget-container\">\n\t\t\t\t\t<div id=\"pxl_image_parallax-f332ad0-4404\" class=\"pxl-image-wg\" data-parallax=\"{&quot;y&quot;:&quot;-50&quot;}\" data-wow-delay=\"ms\">\n\t\t<img fetchpriority=\"high\" decoding=\"async\" width=\"1280\" height=\"720\" src=\"https:\/\/www.hotelannaisoladelba.it\/wp-content\/uploads\/2023\/11\/box-spiagge.jpg\" class=\"attachment-full size-full wp-image-5930\" alt=\"Veduta aerea panoramica di Fetovaia sull&#039;Isola d&#039;Elba, che mostra la sua caratteristica insenatura, la forma della spiaggia a mezzaluna, il mare turchese e la spiaggia sabbiosa circondata da una fitta pineta.\" srcset=\"https:\/\/www.hotelannaisoladelba.it\/wp-content\/uploads\/2023\/11\/box-spiagge.jpg 1280w, https:\/\/www.hotelannaisoladelba.it\/wp-content\/uploads\/2023\/11\/box-spiagge-600x338.jpg 600w, https:\/\/www.hotelannaisoladelba.it\/wp-content\/uploads\/2023\/11\/box-spiagge-1200x675.jpg 1200w, https:\/\/www.hotelannaisoladelba.it\/wp-content\/uploads\/2023\/11\/box-spiagge-768x432.jpg 768w, https:\/\/www.hotelannaisoladelba.it\/wp-content\/uploads\/2023\/11\/box-spiagge-1170x658.jpg 1170w\" sizes=\"(max-width: 1280px) 100vw, 1280px\" \/>\t<\/div>\n\t\t\t\t<\/div>\n\t\t\t\t<\/div>\n\t\t            <\/div>\r\n        <\/div>\r\n                <div class=\"elementor-column elementor-col-50 elementor-top-column elementor-element elementor-element-7974968 col-offset-none pxl-column-element-default pxl-column-overflow-hidden-no\" data-id=\"7974968\" data-element_type=\"column\">\r\n        <div class=\"elementor-widget-wrap elementor-element-populated\">\r\n                     \r\n        \t\t<div class=\"elementor-element elementor-element-20fa3d5 pxl-wg-bd-anm-no elementor-widget elementor-widget-pxl_heading\" data-id=\"20fa3d5\" data-element_type=\"widget\" data-widget_type=\"pxl_heading.default\">\n\t\t\t\t<div class=\"elementor-widget-container\">\n\t\t\t\t\t<div class=\"pxl-heading\">\n\t<div class=\"pxl-heading--inner\">\n\t\t\t\t<h2 class=\"pxl-item--title divider-right  \" data-wow-delay=\"ms\">\n\t\tCaress\u00e9es par le soleil\u00a0: les plages pr\u00e8s de l&#8217;Hotel Anna\t\t\n\n\t\t<\/h2>\n\t\t\t<\/div>\n<\/div>\t\t\t\t<\/div>\n\t\t\t\t<\/div>\n\t\t\t\t<div class=\"elementor-element elementor-element-507db21 pxl-wg-bd-anm-no elementor-widget elementor-widget-pxl_text_editor\" data-id=\"507db21\" data-element_type=\"widget\" data-widget_type=\"pxl_text_editor.default\">\n\t\t\t\t<div class=\"elementor-widget-container\">\n\t\t\t\t\t<div class=\"pxl-text-editor \">\n\t<div class=\"pxl-item--inner \" data-wow-delay=\"ms\">\n\t\t<p>L&#8217;hotel Anna vous offre la possibilit\u00e9 de passer des journ\u00e9es r\u00e9g\u00e9n\u00e9rantes \u00e0 la mer sur certaines des plages les plus fascinantes de l\u2019\u00cele d&#8217;Elbe. Fetovaia longe en effet le long la route appel\u00e9e la \u00ab\u00a0Costa del Sole\u00a0\u00bb &#8211; la c\u00f4te du soleil &#8211; un tron\u00e7on pittoresque de la c\u00f4te pleine de criques, de falaises surplombant la mer et de merveilleuses plages dor\u00e9es qui s&#8217;\u00e9tend de Sant\u2019Andrea \u00e0 Cavoli\u00a0: des plages avec des \u00e9tablissements baln\u00e9aires qui offrent confort et services et des plages et des falaises plus sauvages, parfaites pour ceux qui souhaitent une exp\u00e9rience plus naturelle et authentique, immerg\u00e9s dans la beaut\u00e9 naturelle de l\u2019\u00cele d&#8217;Elbe.<\/p>\t<\/div>\n<\/div>\t\t\t\t<\/div>\n\t\t\t\t<\/div>\n\t\t            <\/div>\r\n        <\/div>\r\n        \t\t\t<\/div>\n\t\t<\/section>\n\t\t        <section class=\"elementor-section elementor-top-section elementor-element elementor-element-f048ea8 elementor-section-stretched elementor-section-boxed elementor-section-height-default elementor-section-height-default pxl-section-overflow-hidden-no\" data-id=\"f048ea8\" data-element_type=\"section\" data-settings=\"{&quot;stretch_section&quot;:&quot;section-stretched&quot;,&quot;background_background&quot;:&quot;classic&quot;}\">\n\n                \n                <div class=\"elementor-container elementor-column-gap-extended \">\n                <div class=\"elementor-column elementor-col-50 elementor-top-column elementor-element elementor-element-355a04f col-offset-none pxl-column-element-default pxl-column-overflow-hidden-no\" data-id=\"355a04f\" data-element_type=\"column\">\r\n        <div class=\"elementor-widget-wrap elementor-element-populated\">\r\n                     \r\n        \t\t<div class=\"elementor-element elementor-element-716149f pxl-wg-bd-anm-no elementor-widget elementor-widget-pxl_heading\" data-id=\"716149f\" data-element_type=\"widget\" data-widget_type=\"pxl_heading.default\">\n\t\t\t\t<div class=\"elementor-widget-container\">\n\t\t\t\t\t<div class=\"pxl-heading\">\n\t<div class=\"pxl-heading--inner\">\n\t\t\t\t<h2 class=\"pxl-item--title divider-right  \" data-wow-delay=\"ms\">\n\t\tPlage de Fetovaia\t\t\n\n\t\t<\/h2>\n\t\t\t<\/div>\n<\/div>\t\t\t\t<\/div>\n\t\t\t\t<\/div>\n\t\t\t\t<div class=\"elementor-element elementor-element-c164b57 pxl-wg-bd-anm-no elementor-widget elementor-widget-pxl_text_editor\" data-id=\"c164b57\" data-element_type=\"widget\" data-widget_type=\"pxl_text_editor.default\">\n\t\t\t\t<div class=\"elementor-widget-container\">\n\t\t\t\t\t<div class=\"pxl-text-editor \">\n\t<div class=\"pxl-item--inner \" data-wow-delay=\"ms\">\n\t\t<p>Une courte promenade \u00e0 travers un sentier vous m\u00e8nera \u00e0 cette perle de sable dor\u00e9 tr\u00e8s fin et aux eaux turquoise. Gr\u00e2ce \u00e0 la collaboration de l&#8217;Hotel Anna avec les \u00e9tablissements baln\u00e9aires conventionn\u00e9s sur la plage de Fetovaia, vous aurez un acc\u00e8s privil\u00e9gi\u00e9 \u00e0 un monde de confort et de services.<\/p><p>Un endroit parfait pour se d\u00e9tendre et profiter au mieux de l&#8217;\u00e9t\u00e9, \u00e0 quelques pas de votre chambre d\u2019h\u00f4tel.<\/p><p><strong>Fetovaia Pantarei beach<\/strong><\/p><ul><li>Bruno tel. 339\/3670793<\/li><\/ul><p><strong>Point d\u2019Information Arcobaleno<\/strong><br \/>Si vous recherchez une solution plus flexible, contactez Silvio pour la location et le placement du parasol au moment de votre arriv\u00e9e sur la plage.<\/p><ul><li>Silvio tel. 392\/9248310<\/li><\/ul><p><strong>\u00c9tablissement baln\u00e9aire Barbatoja<\/strong><\/p><ul><li>tel. 335\/5688611<\/li><\/ul>\t<\/div>\n<\/div>\t\t\t\t<\/div>\n\t\t\t\t<\/div>\n\t\t            <\/div>\r\n        <\/div>\r\n                <div class=\"elementor-column elementor-col-50 elementor-top-column elementor-element elementor-element-248c0c3 col-offset-none pxl-column-element-default pxl-column-overflow-hidden-no\" data-id=\"248c0c3\" data-element_type=\"column\">\r\n        <div class=\"elementor-widget-wrap elementor-element-populated\">\r\n                     \r\n        \t\t<div class=\"elementor-element elementor-element-7cf1fa6 elementor-widget__width-auto elementor-widget-tablet__width-initial pxl-wg-bd-anm-no elementor-widget elementor-widget-pxl_image_parallax\" data-id=\"7cf1fa6\" data-element_type=\"widget\" data-widget_type=\"pxl_image_parallax.default\">\n\t\t\t\t<div class=\"elementor-widget-container\">\n\t\t\t\t\t<div id=\"pxl_image_parallax-7cf1fa6-4823\" class=\"pxl-image-wg\" data-parallax=\"{&quot;y&quot;:&quot;-50&quot;}\" data-wow-delay=\"ms\">\n\t\t<img decoding=\"async\" width=\"1920\" height=\"1280\" src=\"https:\/\/www.hotelannaisoladelba.it\/wp-content\/uploads\/2023\/09\/Spiaggia3.jpg\" class=\"attachment-full size-full wp-image-2618\" alt=\"Veduta della Spiaggia di Fetovaia all&#039;Isola d&#039;Elba, che mostra numerose file ordinate di ombrelloni azzurri con dettagli gialli e lettini arancioni sulla sabbia chiara, bagnanti nel mare calmo e cristallino e barche a vela ancorate nella baia.\" srcset=\"https:\/\/www.hotelannaisoladelba.it\/wp-content\/uploads\/2023\/09\/Spiaggia3.jpg 1920w, https:\/\/www.hotelannaisoladelba.it\/wp-content\/uploads\/2023\/09\/Spiaggia3-300x200.jpg 300w, https:\/\/www.hotelannaisoladelba.it\/wp-content\/uploads\/2023\/09\/Spiaggia3-1024x683.jpg 1024w, https:\/\/www.hotelannaisoladelba.it\/wp-content\/uploads\/2023\/09\/Spiaggia3-768x512.jpg 768w, https:\/\/www.hotelannaisoladelba.it\/wp-content\/uploads\/2023\/09\/Spiaggia3-1536x1024.jpg 1536w, https:\/\/www.hotelannaisoladelba.it\/wp-content\/uploads\/2023\/09\/Spiaggia3-1065x710.jpg 1065w\" sizes=\"(max-width: 1920px) 100vw, 1920px\" \/>\t<\/div>\n\t\t\t\t<\/div>\n\t\t\t\t<\/div>\n\t\t            <\/div>\r\n        <\/div>\r\n        \t\t\t<\/div>\n\t\t<\/section>\n\t\t        <section class=\"elementor-section elementor-top-section elementor-element elementor-element-7e5e25e elementor-section-stretched elementor-section-boxed elementor-section-height-default elementor-section-height-default pxl-section-overflow-hidden-no\" data-id=\"7e5e25e\" data-element_type=\"section\" data-settings=\"{&quot;stretch_section&quot;:&quot;section-stretched&quot;,&quot;background_background&quot;:&quot;classic&quot;}\">\n\n                \n                <div class=\"elementor-container elementor-column-gap-extended \">\n                <div class=\"elementor-column elementor-col-50 elementor-top-column elementor-element elementor-element-f29d86b col-offset-none pxl-column-element-default pxl-column-overflow-hidden-no\" data-id=\"f29d86b\" data-element_type=\"column\">\r\n        <div class=\"elementor-widget-wrap elementor-element-populated\">\r\n                     \r\n        \t\t<div class=\"elementor-element elementor-element-2951409 elementor-widget__width-auto elementor-widget-tablet__width-initial pxl-wg-bd-anm-no elementor-widget elementor-widget-pxl_image_parallax\" data-id=\"2951409\" data-element_type=\"widget\" data-widget_type=\"pxl_image_parallax.default\">\n\t\t\t\t<div class=\"elementor-widget-container\">\n\t\t\t\t\t<div id=\"pxl_image_parallax-2951409-9800\" class=\"pxl-image-wg\" data-parallax=\"{&quot;y&quot;:&quot;-50&quot;}\" data-wow-delay=\"ms\">\n\t\t<img decoding=\"async\" width=\"1920\" height=\"1438\" src=\"https:\/\/www.hotelannaisoladelba.it\/wp-content\/uploads\/2023\/12\/SECCHETO-1.jpg\" class=\"attachment-full size-full wp-image-6244\" alt=\"Veduta aerea panoramica della costa vicino a Seccheto all&#039;Isola d&#039;Elba, che mostra il borgo arroccato sulla collina verdeggiante, le insenature rocciose e il mare cristallino dalle sfumature turchesi e blu intenso.\" srcset=\"https:\/\/www.hotelannaisoladelba.it\/wp-content\/uploads\/2023\/12\/SECCHETO-1.jpg 1920w, https:\/\/www.hotelannaisoladelba.it\/wp-content\/uploads\/2023\/12\/SECCHETO-1-600x449.jpg 600w, https:\/\/www.hotelannaisoladelba.it\/wp-content\/uploads\/2023\/12\/SECCHETO-1-1200x899.jpg 1200w, https:\/\/www.hotelannaisoladelba.it\/wp-content\/uploads\/2023\/12\/SECCHETO-1-768x575.jpg 768w, https:\/\/www.hotelannaisoladelba.it\/wp-content\/uploads\/2023\/12\/SECCHETO-1-1536x1150.jpg 1536w, https:\/\/www.hotelannaisoladelba.it\/wp-content\/uploads\/2023\/12\/SECCHETO-1-948x710.jpg 948w\" sizes=\"(max-width: 1920px) 100vw, 1920px\" \/>\t<\/div>\n\t\t\t\t<\/div>\n\t\t\t\t<\/div>\n\t\t            <\/div>\r\n        <\/div>\r\n                <div class=\"elementor-column elementor-col-50 elementor-top-column elementor-element elementor-element-75f03dd col-offset-none pxl-column-element-default pxl-column-overflow-hidden-no\" data-id=\"75f03dd\" data-element_type=\"column\">\r\n        <div class=\"elementor-widget-wrap elementor-element-populated\">\r\n                     \r\n        \t\t<div class=\"elementor-element elementor-element-08c210d pxl-wg-bd-anm-no elementor-widget elementor-widget-pxl_heading\" data-id=\"08c210d\" data-element_type=\"widget\" data-widget_type=\"pxl_heading.default\">\n\t\t\t\t<div class=\"elementor-widget-container\">\n\t\t\t\t\t<div class=\"pxl-heading\">\n\t<div class=\"pxl-heading--inner\">\n\t\t\t\t<h2 class=\"pxl-item--title divider-right  \" data-wow-delay=\"ms\">\n\t\tPlage de Seccheto\t\t\n\n\t\t<\/h2>\n\t\t\t<\/div>\n<\/div>\t\t\t\t<\/div>\n\t\t\t\t<\/div>\n\t\t\t\t<div class=\"elementor-element elementor-element-76b3409 pxl-wg-bd-anm-no elementor-widget elementor-widget-pxl_text_editor\" data-id=\"76b3409\" data-element_type=\"widget\" data-widget_type=\"pxl_text_editor.default\">\n\t\t\t\t<div class=\"elementor-widget-container\">\n\t\t\t\t\t<div class=\"pxl-text-editor \">\n\t<div class=\"pxl-item--inner \" data-wow-delay=\"ms\">\n\t\t<p>Situ\u00e9e le long de la Costa del Sole, \u00e0 mi-chemin entre les plages de Cavoli et de Fetovaia, la plage de Seccheto offre une atmosph\u00e8re calme et relaxante. Elle se caract\u00e9rise par du sable dor\u00e9 et elle est entour\u00e9e de falaises de granit lisses qui offrent un refuge plus intime pour bronzer, ou pour un plongeon dans une mer incroyablement bleue.<\/p><p>La plage dispose d&#8217;installations baln\u00e9aires, et le village situ\u00e9 dos \u00e0 la plage offre d&#8217;autres services\u00a0: boulangeries, \u00e9piceries, bars et restaurants qui ajoutent une touche de commodit\u00e9 \u00e0 votre journ\u00e9e \u00e0 la mer.<\/p><p><strong>Osteria del Nonno<\/strong><br \/>Bar, pizzeria, spaghetteria<br \/>tel. 0565\/987145 &#8211; 329\/657 7787<\/p>\t<\/div>\n<\/div>\t\t\t\t<\/div>\n\t\t\t\t<\/div>\n\t\t            <\/div>\r\n        <\/div>\r\n        \t\t\t<\/div>\n\t\t<\/section>\n\t\t        <section class=\"elementor-section elementor-top-section elementor-element elementor-element-ac2cfad elementor-section-stretched elementor-section-boxed elementor-section-height-default elementor-section-height-default pxl-section-overflow-hidden-no\" data-id=\"ac2cfad\" data-element_type=\"section\" data-settings=\"{&quot;stretch_section&quot;:&quot;section-stretched&quot;,&quot;background_background&quot;:&quot;classic&quot;}\">\n\n                \n                <div class=\"elementor-container elementor-column-gap-extended \">\n                <div class=\"elementor-column elementor-col-50 elementor-top-column elementor-element elementor-element-09079c8 col-offset-none pxl-column-element-default pxl-column-overflow-hidden-no\" data-id=\"09079c8\" data-element_type=\"column\">\r\n        <div class=\"elementor-widget-wrap elementor-element-populated\">\r\n                     \r\n        \t\t<div class=\"elementor-element elementor-element-96ac752 pxl-wg-bd-anm-no elementor-widget elementor-widget-pxl_heading\" data-id=\"96ac752\" data-element_type=\"widget\" data-widget_type=\"pxl_heading.default\">\n\t\t\t\t<div class=\"elementor-widget-container\">\n\t\t\t\t\t<div class=\"pxl-heading\">\n\t<div class=\"pxl-heading--inner\">\n\t\t\t\t<h2 class=\"pxl-item--title divider-right  \" data-wow-delay=\"ms\">\n\t\tPlage de Cavoli\t\t\n\n\t\t<\/h2>\n\t\t\t<\/div>\n<\/div>\t\t\t\t<\/div>\n\t\t\t\t<\/div>\n\t\t\t\t<div class=\"elementor-element elementor-element-b7d5ba5 pxl-wg-bd-anm-no elementor-widget elementor-widget-pxl_text_editor\" data-id=\"b7d5ba5\" data-element_type=\"widget\" data-widget_type=\"pxl_text_editor.default\">\n\t\t\t\t<div class=\"elementor-widget-container\">\n\t\t\t\t\t<div class=\"pxl-text-editor \">\n\t<div class=\"pxl-item--inner \" data-wow-delay=\"ms\">\n\t\t<p>\u00c0 quelques kilom\u00e8tres de l&#8217;Hotel Anna, la plage de Cavoli est un autre bijou de l\u2019\u00cele d&#8217;Elbe. Avec sa mer cristalline et son sable granuleux, cette baie est r\u00e9put\u00e9e pour son microclimat particulier qui permet un bronzage dor\u00e9 et des baignades en mer m\u00eame hors saison.<\/p><p>En \u00e9t\u00e9, Cavoli prend vie avec des beach party anim\u00e9es par des cocktails, de la musique en direct et des DJ set, une attraction parfaite pour les jeunes et les amateurs de divertissement estival.<\/p><p><strong>Il Convio<\/strong><br \/>tel. 335\/6186514<br \/><a href=\"http:\/\/www.ilconvio.com\">www.ilconvio.com<\/a><\/p>\t<\/div>\n<\/div>\t\t\t\t<\/div>\n\t\t\t\t<\/div>\n\t\t            <\/div>\r\n        <\/div>\r\n                <div class=\"elementor-column elementor-col-50 elementor-top-column elementor-element elementor-element-5616d8a col-offset-none pxl-column-element-default pxl-column-overflow-hidden-no\" data-id=\"5616d8a\" data-element_type=\"column\">\r\n        <div class=\"elementor-widget-wrap elementor-element-populated\">\r\n                     \r\n        \t\t<div class=\"elementor-element elementor-element-108edd4 elementor-widget__width-auto elementor-widget-tablet__width-initial pxl-wg-bd-anm-no elementor-widget elementor-widget-pxl_image_parallax\" data-id=\"108edd4\" data-element_type=\"widget\" data-widget_type=\"pxl_image_parallax.default\">\n\t\t\t\t<div class=\"elementor-widget-container\">\n\t\t\t\t\t<div id=\"pxl_image_parallax-108edd4-9677\" class=\"pxl-image-wg\" data-parallax=\"{&quot;y&quot;:&quot;-50&quot;}\" data-wow-delay=\"ms\">\n\t\t<img loading=\"lazy\" decoding=\"async\" width=\"1920\" height=\"1438\" src=\"https:\/\/www.hotelannaisoladelba.it\/wp-content\/uploads\/2023\/12\/CAVOLI_-1.jpg\" class=\"attachment-full size-full wp-image-6256\" alt=\"Veduta aerea panoramica della Spiaggia di Cavoli all&#039;Isola d&#039;Elba, che mostra la sua caratteristica insenatura a mezzaluna, il mare turchese, il borgo circostante e la strada panoramica che serpeggia sulla collina.\" srcset=\"https:\/\/www.hotelannaisoladelba.it\/wp-content\/uploads\/2023\/12\/CAVOLI_-1.jpg 1920w, https:\/\/www.hotelannaisoladelba.it\/wp-content\/uploads\/2023\/12\/CAVOLI_-1-600x449.jpg 600w, https:\/\/www.hotelannaisoladelba.it\/wp-content\/uploads\/2023\/12\/CAVOLI_-1-1200x899.jpg 1200w, https:\/\/www.hotelannaisoladelba.it\/wp-content\/uploads\/2023\/12\/CAVOLI_-1-768x575.jpg 768w, https:\/\/www.hotelannaisoladelba.it\/wp-content\/uploads\/2023\/12\/CAVOLI_-1-1536x1150.jpg 1536w, https:\/\/www.hotelannaisoladelba.it\/wp-content\/uploads\/2023\/12\/CAVOLI_-1-948x710.jpg 948w\" sizes=\"(max-width: 1920px) 100vw, 1920px\" \/>\t<\/div>\n\t\t\t\t<\/div>\n\t\t\t\t<\/div>\n\t\t            <\/div>\r\n        <\/div>\r\n        \t\t\t<\/div>\n\t\t<\/section>\n\t\t        <section class=\"elementor-section elementor-top-section elementor-element elementor-element-e1802db elementor-section-stretched elementor-section-boxed elementor-section-height-default elementor-section-height-default pxl-section-overflow-hidden-no\" data-id=\"e1802db\" data-element_type=\"section\" data-settings=\"{&quot;stretch_section&quot;:&quot;section-stretched&quot;,&quot;background_background&quot;:&quot;classic&quot;}\">\n\n                \n                <div class=\"elementor-container elementor-column-gap-extended \">\n                <div class=\"elementor-column elementor-col-50 elementor-top-column elementor-element elementor-element-a696432 col-offset-none pxl-column-element-default pxl-column-overflow-hidden-no\" data-id=\"a696432\" data-element_type=\"column\">\r\n        <div class=\"elementor-widget-wrap elementor-element-populated\">\r\n                     \r\n        \t\t<div class=\"elementor-element elementor-element-b8cb75a elementor-widget__width-auto elementor-widget-tablet__width-initial pxl-wg-bd-anm-no elementor-widget elementor-widget-pxl_image_parallax\" data-id=\"b8cb75a\" data-element_type=\"widget\" data-widget_type=\"pxl_image_parallax.default\">\n\t\t\t\t<div class=\"elementor-widget-container\">\n\t\t\t\t\t<div id=\"pxl_image_parallax-b8cb75a-2746\" class=\"pxl-image-wg\" data-parallax=\"{&quot;y&quot;:&quot;-50&quot;}\" data-wow-delay=\"ms\">\n\t\t<img loading=\"lazy\" decoding=\"async\" width=\"1920\" height=\"1280\" src=\"https:\/\/www.hotelannaisoladelba.it\/wp-content\/uploads\/2023\/12\/marina-di-campo_mod.jpg\" class=\"attachment-full size-full wp-image-6267\" alt=\"Veduta panoramica del golfo di Marina di Campo all&#039;Isola d&#039;Elba, che mostra l&#039;ampia spiaggia sabbiosa, il paese affacciato sul mare blu con barche all&#039;ancora e le colline verdi circostanti, con vegetazione in primo piano.\" srcset=\"https:\/\/www.hotelannaisoladelba.it\/wp-content\/uploads\/2023\/12\/marina-di-campo_mod.jpg 1920w, https:\/\/www.hotelannaisoladelba.it\/wp-content\/uploads\/2023\/12\/marina-di-campo_mod-600x400.jpg 600w, https:\/\/www.hotelannaisoladelba.it\/wp-content\/uploads\/2023\/12\/marina-di-campo_mod-1200x800.jpg 1200w, https:\/\/www.hotelannaisoladelba.it\/wp-content\/uploads\/2023\/12\/marina-di-campo_mod-768x512.jpg 768w, https:\/\/www.hotelannaisoladelba.it\/wp-content\/uploads\/2023\/12\/marina-di-campo_mod-1536x1024.jpg 1536w, https:\/\/www.hotelannaisoladelba.it\/wp-content\/uploads\/2023\/12\/marina-di-campo_mod-1065x710.jpg 1065w\" sizes=\"(max-width: 1920px) 100vw, 1920px\" \/>\t<\/div>\n\t\t\t\t<\/div>\n\t\t\t\t<\/div>\n\t\t            <\/div>\r\n        <\/div>\r\n                <div class=\"elementor-column elementor-col-50 elementor-top-column elementor-element elementor-element-3bf3746 col-offset-none pxl-column-element-default pxl-column-overflow-hidden-no\" data-id=\"3bf3746\" data-element_type=\"column\">\r\n        <div class=\"elementor-widget-wrap elementor-element-populated\">\r\n                     \r\n        \t\t<div class=\"elementor-element elementor-element-f7dfb3b pxl-wg-bd-anm-no elementor-widget elementor-widget-pxl_heading\" data-id=\"f7dfb3b\" data-element_type=\"widget\" data-widget_type=\"pxl_heading.default\">\n\t\t\t\t<div class=\"elementor-widget-container\">\n\t\t\t\t\t<div class=\"pxl-heading\">\n\t<div class=\"pxl-heading--inner\">\n\t\t\t\t<h2 class=\"pxl-item--title divider-right  \" data-wow-delay=\"ms\">\n\t\tMarina di Campo\t\t\n\n\t\t<\/h2>\n\t\t\t<\/div>\n<\/div>\t\t\t\t<\/div>\n\t\t\t\t<\/div>\n\t\t\t\t<div class=\"elementor-element elementor-element-85fdfa2 pxl-wg-bd-anm-no elementor-widget elementor-widget-pxl_text_editor\" data-id=\"85fdfa2\" data-element_type=\"widget\" data-widget_type=\"pxl_text_editor.default\">\n\t\t\t\t<div class=\"elementor-widget-container\">\n\t\t\t\t\t<div class=\"pxl-text-editor \">\n\t<div class=\"pxl-item--inner \" data-wow-delay=\"ms\">\n\t\t<p>La tr\u00e8s longue plage de Marina di Campo, \u00e0 environ 10 kilom\u00e8tres de l&#8217;Hotel Anna, se caract\u00e9rise par du sable dor\u00e9 et une mer qui descend tr\u00e8s doucement, id\u00e9ale pour les enfants. Sur le c\u00f4t\u00e9 gauche de la plage, une agr\u00e9able pin\u00e8de dot\u00e9e de jeux pour les plus petits, offre un abri aux heures les plus chaudes et ensoleill\u00e9es de la journ\u00e9e.<\/p><p>La plage de Marina di Campo offre \u00e9galement un \u00e9ventail de possibilit\u00e9s pour les amateurs de sport et de divertissement. En plus des plages libres et des toilettes \u00e9quip\u00e9es, vous trouverez plusieurs activit\u00e9s telles qu\u2019un centre de plong\u00e9e, une \u00e9cole de voile, de la location de bateaux et de p\u00e9dalos et des \u00e9quipements de sports aquatiques. Gr\u00e2ce \u00e0 sa proximit\u00e9 avec le village, vous pourrez \u00e9galement profiter de nombreux services et commodit\u00e9s tels que des magasins, des restaurants et des bars en bord de mer pour d\u00e9guster des sp\u00e9cialit\u00e9s locales.<\/p>\t<\/div>\n<\/div>\t\t\t\t<\/div>\n\t\t\t\t<\/div>\n\t\t            <\/div>\r\n        <\/div>\r\n        \t\t\t<\/div>\n\t\t<\/section>\n\t\t        <section class=\"elementor-section elementor-top-section elementor-element elementor-element-9aa852b elementor-section-stretched elementor-section-boxed elementor-section-height-default elementor-section-height-default pxl-section-overflow-hidden-no\" data-id=\"9aa852b\" data-element_type=\"section\" data-settings=\"{&quot;stretch_section&quot;:&quot;section-stretched&quot;,&quot;background_background&quot;:&quot;classic&quot;}\">\n\n                \n                <div class=\"elementor-container elementor-column-gap-extended \">\n                <div class=\"elementor-column elementor-col-50 elementor-top-column elementor-element elementor-element-905c7ea col-offset-none pxl-column-element-default pxl-column-overflow-hidden-no\" data-id=\"905c7ea\" data-element_type=\"column\">\r\n        <div class=\"elementor-widget-wrap elementor-element-populated\">\r\n                     \r\n        \t\t<div class=\"elementor-element elementor-element-cac672b pxl-wg-bd-anm-no elementor-widget elementor-widget-pxl_heading\" data-id=\"cac672b\" data-element_type=\"widget\" data-widget_type=\"pxl_heading.default\">\n\t\t\t\t<div class=\"elementor-widget-container\">\n\t\t\t\t\t<div class=\"pxl-heading\">\n\t<div class=\"pxl-heading--inner\">\n\t\t\t\t<h2 class=\"pxl-item--title divider-right  \" data-wow-delay=\"ms\">\n\t\tBeaut\u00e9 sauvage\t\t\n\n\t\t<\/h2>\n\t\t\t<\/div>\n<\/div>\t\t\t\t<\/div>\n\t\t\t\t<\/div>\n\t\t\t\t<div class=\"elementor-element elementor-element-90154f1 pxl-wg-bd-anm-no elementor-widget elementor-widget-pxl_text_editor\" data-id=\"90154f1\" data-element_type=\"widget\" data-widget_type=\"pxl_text_editor.default\">\n\t\t\t\t<div class=\"elementor-widget-container\">\n\t\t\t\t\t<div class=\"pxl-text-editor \">\n\t<div class=\"pxl-item--inner \" data-wow-delay=\"ms\">\n\t\t<p>\u00c0 proximit\u00e9 de l&#8217;Hotel Anna, vous trouverez \u00e9galement d&#8217;autres plages qui conservent un environnement plus sauvage. Des lieux comme la plage de Colle Palombaia, qui dispose d&#8217;un bar et d&#8217;un point d\u2019information, qui, en raison des nombreuses marches qu\u2019il faut descendre et monter pour y acc\u00e9der, est id\u00e9ale pour profiter d&#8217;une journ\u00e9e de mer et de soleil, loin de la foule habituelle de baigneurs.<\/p><p>Mais encore la plage de la Tombe et celle de l&#8217;Aliva, la falaise de la Calle et la falaise pittoresque des Piscine, qui n&#8217;offrent pas de services, et sont id\u00e9ales pour ceux qui veulent une exp\u00e9rience de plage plus authentique.<\/p><p>Que vous pr\u00e9f\u00e9riez profiter du confort et des services pr\u00e9sents sur les plages ou que vous souhaitiez explorer des coins plus pr\u00e9serv\u00e9s, l&#8217;Hotel Anna vous offre la possibilit\u00e9 de d\u00e9couvrir la diversit\u00e9 des plages de l\u2019\u00eele et de vivre des journ\u00e9es inoubliables \u00e0 la mer tout au long de votre s\u00e9jour.<\/p>\t<\/div>\n<\/div>\t\t\t\t<\/div>\n\t\t\t\t<\/div>\n\t\t            <\/div>\r\n        <\/div>\r\n                <div class=\"elementor-column elementor-col-50 elementor-top-column elementor-element elementor-element-91c6748 col-offset-none pxl-column-element-default pxl-column-overflow-hidden-no\" data-id=\"91c6748\" data-element_type=\"column\">\r\n        <div class=\"elementor-widget-wrap elementor-element-populated\">\r\n                     \r\n        \t\t<div class=\"elementor-element elementor-element-db52ee1 elementor-widget__width-auto elementor-widget-tablet__width-initial pxl-wg-bd-anm-no elementor-widget elementor-widget-pxl_image_parallax\" data-id=\"db52ee1\" data-element_type=\"widget\" data-widget_type=\"pxl_image_parallax.default\">\n\t\t\t\t<div class=\"elementor-widget-container\">\n\t\t\t\t\t<div id=\"pxl_image_parallax-db52ee1-1243\" class=\"pxl-image-wg\" data-parallax=\"{&quot;y&quot;:&quot;-50&quot;}\" data-wow-delay=\"ms\">\n\t\t<img loading=\"lazy\" decoding=\"async\" width=\"1920\" height=\"1440\" src=\"https:\/\/www.hotelannaisoladelba.it\/wp-content\/uploads\/2023\/12\/LE-TOMBE-4.jpg\" class=\"attachment-full size-full wp-image-6275\" alt=\"Veduta aerea panoramica della costa selvaggia vicino alla Spiaggia delle Tombe all&#039;Isola d&#039;Elba, che mostra le scogliere rocciose ricoperte di vegetazione che si tuffano nel mare cristallino dalle intense sfumature turchesi.\" srcset=\"https:\/\/www.hotelannaisoladelba.it\/wp-content\/uploads\/2023\/12\/LE-TOMBE-4.jpg 1920w, https:\/\/www.hotelannaisoladelba.it\/wp-content\/uploads\/2023\/12\/LE-TOMBE-4-600x450.jpg 600w, https:\/\/www.hotelannaisoladelba.it\/wp-content\/uploads\/2023\/12\/LE-TOMBE-4-1200x900.jpg 1200w, https:\/\/www.hotelannaisoladelba.it\/wp-content\/uploads\/2023\/12\/LE-TOMBE-4-768x576.jpg 768w, https:\/\/www.hotelannaisoladelba.it\/wp-content\/uploads\/2023\/12\/LE-TOMBE-4-1536x1152.jpg 1536w, https:\/\/www.hotelannaisoladelba.it\/wp-content\/uploads\/2023\/12\/LE-TOMBE-4-947x710.jpg 947w\" sizes=\"(max-width: 1920px) 100vw, 1920px\" \/>\t<\/div>\n\t\t\t\t<\/div>\n\t\t\t\t<\/div>\n\t\t            <\/div>\r\n        <\/div>\r\n        \t\t\t<\/div>\n\t\t<\/section>\n\t\t\t\t<\/div>\n\t\t","protected":false},"excerpt":{"rendered":"<p>Les Plagese de la C\u00f4te du Soleil \u00cele d&#8217;Elbe Caress\u00e9es par le soleil\u00a0: les plages pr\u00e8s de l\u2019Hotel Anna L\u2019hotel Anna vous offre la possibilit\u00e9 de passer des journ\u00e9es r\u00e9g\u00e9n\u00e9rantes \u00e0 la mer sur certaines des plages les plus fascinantes de l\u2019\u00cele d\u2019Elbe. Fetovaia longe en effet le long la route appel\u00e9e la \u00ab\u00a0Costa del [&hellip;]<\/p>\n","protected":false},"author":1,"featured_media":0,"parent":6431,"menu_order":0,"comment_status":"closed","ping_status":"closed","template":"","meta":{"footnotes":""},"class_list":["post-6443","page","type-page","status-publish","hentry"],"yoast_head":"<!-- This site is optimized with the Yoast SEO plugin v26.6 - https:\/\/yoast.com\/wordpress\/plugins\/seo\/ -->\n<title>Plagese de la C\u00f4te du Soleil | \u00cele d&#039;Elbe | Hotel Anna<\/title>\n<meta name=\"description\" content=\"D\u00e9couvrez les plus belles plages de l&#039;\u00cele d&#039;Elbe. L&#039;H\u00f4tel Anna \u00e0 Fetovaia est le point de d\u00e9part id\u00e9al pour vos vacances \u00e0 la mer.\" \/>\n<meta name=\"robots\" content=\"index, follow, max-snippet:-1, max-image-preview:large, max-video-preview:-1\" \/>\n<link rel=\"canonical\" href=\"https:\/\/www.hotelannaisoladelba.it\/fr\/experience\/plages\/\" \/>\n<meta property=\"og:locale\" content=\"fr_FR\" \/>\n<meta property=\"og:type\" content=\"article\" \/>\n<meta property=\"og:title\" content=\"Plagese de la C\u00f4te du Soleil | \u00cele d&#039;Elbe | Hotel Anna\" \/>\n<meta property=\"og:description\" content=\"D\u00e9couvrez les plus belles plages de l&#039;\u00cele d&#039;Elbe. L&#039;H\u00f4tel Anna \u00e0 Fetovaia est le point de d\u00e9part id\u00e9al pour vos vacances \u00e0 la mer.\" \/>\n<meta property=\"og:url\" content=\"https:\/\/www.hotelannaisoladelba.it\/fr\/experience\/plages\/\" \/>\n<meta property=\"og:site_name\" content=\"Hotel Anna Isola d&#039;Elba\" \/>\n<meta property=\"article:publisher\" content=\"https:\/\/www.facebook.com\/AnnaHotelIsolaElba\" \/>\n<meta property=\"article:modified_time\" content=\"2025-08-05T17:07:24+00:00\" \/>\n<meta property=\"og:image\" content=\"https:\/\/www.hotelannaisoladelba.it\/wp-content\/uploads\/2023\/11\/box-spiagge.jpg\" \/>\n<meta name=\"twitter:card\" content=\"summary_large_image\" \/>\n<meta name=\"twitter:label1\" content=\"Dur\u00e9e de lecture estim\u00e9e\" \/>\n\t<meta name=\"twitter:data1\" content=\"6 minutes\" \/>\n<script type=\"application\/ld+json\" class=\"yoast-schema-graph\">{\"@context\":\"https:\/\/schema.org\",\"@graph\":[{\"@type\":\"WebPage\",\"@id\":\"https:\/\/www.hotelannaisoladelba.it\/fr\/experience\/plages\/\",\"url\":\"https:\/\/www.hotelannaisoladelba.it\/fr\/experience\/plages\/\",\"name\":\"Plagese de la C\u00f4te du Soleil | \u00cele d'Elbe | Hotel Anna\",\"isPartOf\":{\"@id\":\"https:\/\/www.hotelannaisoladelba.it\/#website\"},\"primaryImageOfPage\":{\"@id\":\"https:\/\/www.hotelannaisoladelba.it\/fr\/experience\/plages\/#primaryimage\"},\"image\":{\"@id\":\"https:\/\/www.hotelannaisoladelba.it\/fr\/experience\/plages\/#primaryimage\"},\"thumbnailUrl\":\"https:\/\/www.hotelannaisoladelba.it\/wp-content\/uploads\/2023\/11\/box-spiagge.jpg\",\"datePublished\":\"2023-12-14T11:56:21+00:00\",\"dateModified\":\"2025-08-05T17:07:24+00:00\",\"description\":\"D\u00e9couvrez les plus belles plages de l'\u00cele d'Elbe. L'H\u00f4tel Anna \u00e0 Fetovaia est le point de d\u00e9part id\u00e9al pour vos vacances \u00e0 la mer.\",\"breadcrumb\":{\"@id\":\"https:\/\/www.hotelannaisoladelba.it\/fr\/experience\/plages\/#breadcrumb\"},\"inLanguage\":\"fr-FR\",\"potentialAction\":[{\"@type\":\"ReadAction\",\"target\":[\"https:\/\/www.hotelannaisoladelba.it\/fr\/experience\/plages\/\"]}]},{\"@type\":\"ImageObject\",\"inLanguage\":\"fr-FR\",\"@id\":\"https:\/\/www.hotelannaisoladelba.it\/fr\/experience\/plages\/#primaryimage\",\"url\":\"https:\/\/www.hotelannaisoladelba.it\/wp-content\/uploads\/2023\/11\/box-spiagge.jpg\",\"contentUrl\":\"https:\/\/www.hotelannaisoladelba.it\/wp-content\/uploads\/2023\/11\/box-spiagge.jpg\"},{\"@type\":\"BreadcrumbList\",\"@id\":\"https:\/\/www.hotelannaisoladelba.it\/fr\/experience\/plages\/#breadcrumb\",\"itemListElement\":[{\"@type\":\"ListItem\",\"position\":1,\"name\":\"Home\",\"item\":\"https:\/\/www.hotelannaisoladelba.it\/fr\/\"},{\"@type\":\"ListItem\",\"position\":2,\"name\":\"Exp\u00e9riences\",\"item\":\"https:\/\/www.hotelannaisoladelba.it\/fr\/experience\/\"},{\"@type\":\"ListItem\",\"position\":3,\"name\":\"Les Plagese de la C\u00f4te du Soleil de l&#8217;\u00cele d&#8217;Elbe\"}]},{\"@type\":\"WebSite\",\"@id\":\"https:\/\/www.hotelannaisoladelba.it\/#website\",\"url\":\"https:\/\/www.hotelannaisoladelba.it\/\",\"name\":\"Hotel Anna Isola d'Elba\",\"description\":\"Albergo a conduzione familiare vicino alla spiaggia di Fetovaia all&#039;Isola d&#039;Elba\",\"publisher\":{\"@id\":\"https:\/\/www.hotelannaisoladelba.it\/#organization\"},\"potentialAction\":[{\"@type\":\"SearchAction\",\"target\":{\"@type\":\"EntryPoint\",\"urlTemplate\":\"https:\/\/www.hotelannaisoladelba.it\/?s={search_term_string}\"},\"query-input\":{\"@type\":\"PropertyValueSpecification\",\"valueRequired\":true,\"valueName\":\"search_term_string\"}}],\"inLanguage\":\"fr-FR\"},{\"@type\":\"Organization\",\"@id\":\"https:\/\/www.hotelannaisoladelba.it\/#organization\",\"name\":\"Hotel Anna Isola d'Elba\",\"url\":\"https:\/\/www.hotelannaisoladelba.it\/\",\"logo\":{\"@type\":\"ImageObject\",\"inLanguage\":\"fr-FR\",\"@id\":\"https:\/\/www.hotelannaisoladelba.it\/#\/schema\/logo\/image\/\",\"url\":\"https:\/\/www.hotelannaisoladelba.it\/wp-content\/uploads\/2023\/11\/logo-orizzonale.png\",\"contentUrl\":\"https:\/\/www.hotelannaisoladelba.it\/wp-content\/uploads\/2023\/11\/logo-orizzonale.png\",\"width\":600,\"height\":213,\"caption\":\"Hotel Anna Isola d'Elba\"},\"image\":{\"@id\":\"https:\/\/www.hotelannaisoladelba.it\/#\/schema\/logo\/image\/\"},\"sameAs\":[\"https:\/\/www.facebook.com\/AnnaHotelIsolaElba\"]}]}<\/script>\n<!-- \/ Yoast SEO plugin. -->","yoast_head_json":{"title":"Plagese de la C\u00f4te du Soleil | \u00cele d'Elbe | Hotel Anna","description":"D\u00e9couvrez les plus belles plages de l'\u00cele d'Elbe. L'H\u00f4tel Anna \u00e0 Fetovaia est le point de d\u00e9part id\u00e9al pour vos vacances \u00e0 la mer.","robots":{"index":"index","follow":"follow","max-snippet":"max-snippet:-1","max-image-preview":"max-image-preview:large","max-video-preview":"max-video-preview:-1"},"canonical":"https:\/\/www.hotelannaisoladelba.it\/fr\/experience\/plages\/","og_locale":"fr_FR","og_type":"article","og_title":"Plagese de la C\u00f4te du Soleil | \u00cele d'Elbe | Hotel Anna","og_description":"D\u00e9couvrez les plus belles plages de l'\u00cele d'Elbe. L'H\u00f4tel Anna \u00e0 Fetovaia est le point de d\u00e9part id\u00e9al pour vos vacances \u00e0 la mer.","og_url":"https:\/\/www.hotelannaisoladelba.it\/fr\/experience\/plages\/","og_site_name":"Hotel Anna Isola d&#039;Elba","article_publisher":"https:\/\/www.facebook.com\/AnnaHotelIsolaElba","article_modified_time":"2025-08-05T17:07:24+00:00","og_image":[{"url":"https:\/\/www.hotelannaisoladelba.it\/wp-content\/uploads\/2023\/11\/box-spiagge.jpg","type":"","width":"","height":""}],"twitter_card":"summary_large_image","twitter_misc":{"Dur\u00e9e de lecture estim\u00e9e":"6 minutes"},"schema":{"@context":"https:\/\/schema.org","@graph":[{"@type":"WebPage","@id":"https:\/\/www.hotelannaisoladelba.it\/fr\/experience\/plages\/","url":"https:\/\/www.hotelannaisoladelba.it\/fr\/experience\/plages\/","name":"Plagese de la C\u00f4te du Soleil | \u00cele d'Elbe | Hotel Anna","isPartOf":{"@id":"https:\/\/www.hotelannaisoladelba.it\/#website"},"primaryImageOfPage":{"@id":"https:\/\/www.hotelannaisoladelba.it\/fr\/experience\/plages\/#primaryimage"},"image":{"@id":"https:\/\/www.hotelannaisoladelba.it\/fr\/experience\/plages\/#primaryimage"},"thumbnailUrl":"https:\/\/www.hotelannaisoladelba.it\/wp-content\/uploads\/2023\/11\/box-spiagge.jpg","datePublished":"2023-12-14T11:56:21+00:00","dateModified":"2025-08-05T17:07:24+00:00","description":"D\u00e9couvrez les plus belles plages de l'\u00cele d'Elbe. L'H\u00f4tel Anna \u00e0 Fetovaia est le point de d\u00e9part id\u00e9al pour vos vacances \u00e0 la mer.","breadcrumb":{"@id":"https:\/\/www.hotelannaisoladelba.it\/fr\/experience\/plages\/#breadcrumb"},"inLanguage":"fr-FR","potentialAction":[{"@type":"ReadAction","target":["https:\/\/www.hotelannaisoladelba.it\/fr\/experience\/plages\/"]}]},{"@type":"ImageObject","inLanguage":"fr-FR","@id":"https:\/\/www.hotelannaisoladelba.it\/fr\/experience\/plages\/#primaryimage","url":"https:\/\/www.hotelannaisoladelba.it\/wp-content\/uploads\/2023\/11\/box-spiagge.jpg","contentUrl":"https:\/\/www.hotelannaisoladelba.it\/wp-content\/uploads\/2023\/11\/box-spiagge.jpg"},{"@type":"BreadcrumbList","@id":"https:\/\/www.hotelannaisoladelba.it\/fr\/experience\/plages\/#breadcrumb","itemListElement":[{"@type":"ListItem","position":1,"name":"Home","item":"https:\/\/www.hotelannaisoladelba.it\/fr\/"},{"@type":"ListItem","position":2,"name":"Exp\u00e9riences","item":"https:\/\/www.hotelannaisoladelba.it\/fr\/experience\/"},{"@type":"ListItem","position":3,"name":"Les Plagese de la C\u00f4te du Soleil de l&#8217;\u00cele d&#8217;Elbe"}]},{"@type":"WebSite","@id":"https:\/\/www.hotelannaisoladelba.it\/#website","url":"https:\/\/www.hotelannaisoladelba.it\/","name":"Hotel Anna Isola d'Elba","description":"Albergo a conduzione familiare vicino alla spiaggia di Fetovaia all&#039;Isola d&#039;Elba","publisher":{"@id":"https:\/\/www.hotelannaisoladelba.it\/#organization"},"potentialAction":[{"@type":"SearchAction","target":{"@type":"EntryPoint","urlTemplate":"https:\/\/www.hotelannaisoladelba.it\/?s={search_term_string}"},"query-input":{"@type":"PropertyValueSpecification","valueRequired":true,"valueName":"search_term_string"}}],"inLanguage":"fr-FR"},{"@type":"Organization","@id":"https:\/\/www.hotelannaisoladelba.it\/#organization","name":"Hotel Anna Isola d'Elba","url":"https:\/\/www.hotelannaisoladelba.it\/","logo":{"@type":"ImageObject","inLanguage":"fr-FR","@id":"https:\/\/www.hotelannaisoladelba.it\/#\/schema\/logo\/image\/","url":"https:\/\/www.hotelannaisoladelba.it\/wp-content\/uploads\/2023\/11\/logo-orizzonale.png","contentUrl":"https:\/\/www.hotelannaisoladelba.it\/wp-content\/uploads\/2023\/11\/logo-orizzonale.png","width":600,"height":213,"caption":"Hotel Anna Isola d'Elba"},"image":{"@id":"https:\/\/www.hotelannaisoladelba.it\/#\/schema\/logo\/image\/"},"sameAs":["https:\/\/www.facebook.com\/AnnaHotelIsolaElba"]}]}},"_links":{"self":[{"href":"https:\/\/www.hotelannaisoladelba.it\/fr\/wp-json\/wp\/v2\/pages\/6443","targetHints":{"allow":["GET"]}}],"collection":[{"href":"https:\/\/www.hotelannaisoladelba.it\/fr\/wp-json\/wp\/v2\/pages"}],"about":[{"href":"https:\/\/www.hotelannaisoladelba.it\/fr\/wp-json\/wp\/v2\/types\/page"}],"author":[{"embeddable":true,"href":"https:\/\/www.hotelannaisoladelba.it\/fr\/wp-json\/wp\/v2\/users\/1"}],"replies":[{"embeddable":true,"href":"https:\/\/www.hotelannaisoladelba.it\/fr\/wp-json\/wp\/v2\/comments?post=6443"}],"version-history":[{"count":5,"href":"https:\/\/www.hotelannaisoladelba.it\/fr\/wp-json\/wp\/v2\/pages\/6443\/revisions"}],"predecessor-version":[{"id":9577,"href":"https:\/\/www.hotelannaisoladelba.it\/fr\/wp-json\/wp\/v2\/pages\/6443\/revisions\/9577"}],"up":[{"embeddable":true,"href":"https:\/\/www.hotelannaisoladelba.it\/fr\/wp-json\/wp\/v2\/pages\/6431"}],"wp:attachment":[{"href":"https:\/\/www.hotelannaisoladelba.it\/fr\/wp-json\/wp\/v2\/media?parent=6443"}],"curies":[{"name":"wp","href":"https:\/\/api.w.org\/{rel}","templated":true}]}}