{"id":4968,"date":"2023-05-26T22:53:34","date_gmt":"2023-05-26T20:53:34","guid":{"rendered":"http:\/\/hotelanna.youelba.com\/fetovaia\/"},"modified":"2025-08-05T12:09:08","modified_gmt":"2025-08-05T10:09:08","slug":"fetovaia","status":"publish","type":"page","link":"https:\/\/www.hotelannaisoladelba.it\/fr\/fetovaia\/","title":{"rendered":"Fetovaia"},"content":{"rendered":"\t\t<div data-elementor-type=\"wp-page\" data-elementor-id=\"4968\" class=\"elementor elementor-4968 elementor-1214\" data-elementor-post-type=\"page\">\n\t\t\t\t        <section class=\"elementor-section elementor-top-section elementor-element elementor-element-5feadf2 elementor-section-full_width elementor-section-height-full elementor-section-height-default elementor-section-items-middle pxl-section-offset-none pxl-section-overflow-hidden-no\" data-id=\"5feadf2\" data-element_type=\"section\" data-settings=\"{&quot;background_background&quot;:&quot;video&quot;,&quot;background_video_link&quot;:&quot;https:\\\/\\\/www.hotelannaisoladelba.it\\\/wp-content\\\/uploads\\\/2023\\\/10\\\/DJI_0227-taglio-dim.mp4&quot;,&quot;background_play_on_mobile&quot;:&quot;yes&quot;}\">\n\n                                <div class=\"elementor-background-video-container\">\n                                            <video class=\"elementor-background-video-hosted elementor-html5-video\" autoplay muted playsinline loop><\/video>\n                                    <\/div>\n                \n                <div class=\"elementor-container elementor-column-gap-no \">\n                <div class=\"elementor-column elementor-col-100 elementor-top-column elementor-element elementor-element-74dc193 col-offset-none pxl-column-element-default pxl-column-overflow-hidden-no\" data-id=\"74dc193\" data-element_type=\"column\">\r\n        <div class=\"elementor-widget-wrap elementor-element-populated\">\r\n                     \r\n        \t\t<div class=\"elementor-element elementor-element-2d31477 elementor-widget__width-initial pxl-wg-bd-anm-no elementor-widget elementor-widget-text-editor\" data-id=\"2d31477\" data-element_type=\"widget\" data-widget_type=\"text-editor.default\">\n\t\t\t\t<div class=\"elementor-widget-container\">\n\t\t\t\t\t\t\t\t\t<h1 style=\"text-align: left;\">Fetovaia, \u00cele d\u2019Elbe<\/h1><p><span style=\"color: #ffffff;\">L\u2019H\u00f4tel Anna surplombe l\u2019une des plus belles criques de l\u2019\u00eele, entour\u00e9 de verdure dans un endroit calme, \u00e0 450 m\u00e8tres de la plage dor\u00e9e de Fetovaia, accessible \u00e0 pied en cinq minutes en empruntant un sentier.<\/span><\/p>\t\t\t\t\t\t\t\t<\/div>\n\t\t\t\t<\/div>\n\t\t            <\/div>\r\n        <\/div>\r\n        \t\t\t<\/div>\n\t\t<\/section>\n\t\t        <section class=\"elementor-section elementor-top-section elementor-element elementor-element-15a1c80 elementor-section-stretched elementor-section-boxed elementor-section-height-default elementor-section-height-default pxl-section-overflow-hidden-no\" data-id=\"15a1c80\" data-element_type=\"section\" data-settings=\"{&quot;stretch_section&quot;:&quot;section-stretched&quot;,&quot;background_background&quot;:&quot;classic&quot;}\">\n\n                \n                <div class=\"elementor-container elementor-column-gap-extended \">\n                <div class=\"elementor-column elementor-col-50 elementor-top-column elementor-element elementor-element-b9bf0dc col-offset-none pxl-column-element-default pxl-column-overflow-hidden-no\" data-id=\"b9bf0dc\" data-element_type=\"column\">\r\n        <div class=\"elementor-widget-wrap elementor-element-populated\">\r\n                     \r\n        \t\t<div class=\"elementor-element elementor-element-cd9550c elementor-widget__width-auto elementor-widget-tablet__width-initial pxl-wg-bd-anm-no elementor-widget elementor-widget-pxl_image_parallax\" data-id=\"cd9550c\" data-element_type=\"widget\" data-widget_type=\"pxl_image_parallax.default\">\n\t\t\t\t<div class=\"elementor-widget-container\">\n\t\t\t\t\t<div id=\"pxl_image_parallax-cd9550c-5969\" class=\"pxl-image-wg\" data-parallax=\"{&quot;y&quot;:&quot;50&quot;}\" data-wow-delay=\"ms\">\n\t\t<img fetchpriority=\"high\" decoding=\"async\" width=\"960\" height=\"1280\" src=\"https:\/\/www.hotelannaisoladelba.it\/wp-content\/uploads\/2023\/10\/hotel-anna-spiaggia-fetovaia-drone-0390-023.jpg\" class=\"attachment-full size-full wp-image-3180\" alt=\"Veduta aerea perpendicolare della baia di Fetovaia, che mostra numerose barche a vela bianche all&#039;ancora nel mare blu intenso e trasparente, e la costa rocciosa ricoperta di vegetazione.\" srcset=\"https:\/\/www.hotelannaisoladelba.it\/wp-content\/uploads\/2023\/10\/hotel-anna-spiaggia-fetovaia-drone-0390-023.jpg 960w, https:\/\/www.hotelannaisoladelba.it\/wp-content\/uploads\/2023\/10\/hotel-anna-spiaggia-fetovaia-drone-0390-023-225x300.jpg 225w, https:\/\/www.hotelannaisoladelba.it\/wp-content\/uploads\/2023\/10\/hotel-anna-spiaggia-fetovaia-drone-0390-023-768x1024.jpg 768w, https:\/\/www.hotelannaisoladelba.it\/wp-content\/uploads\/2023\/10\/hotel-anna-spiaggia-fetovaia-drone-0390-023-533x710.jpg 533w\" sizes=\"(max-width: 960px) 100vw, 960px\" \/>\t<\/div>\n\t\t\t\t<\/div>\n\t\t\t\t<\/div>\n\t\t\t\t<div class=\"elementor-element elementor-element-f332ad0 elementor-widget__width-auto elementor-widget-tablet__width-initial pxl-wg-bd-anm-no elementor-widget elementor-widget-pxl_image_parallax\" data-id=\"f332ad0\" data-element_type=\"widget\" data-widget_type=\"pxl_image_parallax.default\">\n\t\t\t\t<div class=\"elementor-widget-container\">\n\t\t\t\t\t<div id=\"pxl_image_parallax-f332ad0-3494\" class=\"pxl-image-wg\" data-parallax=\"{&quot;y&quot;:&quot;-50&quot;}\" data-wow-delay=\"ms\">\n\t\t<img decoding=\"async\" width=\"798\" height=\"1200\" src=\"https:\/\/www.hotelannaisoladelba.it\/wp-content\/uploads\/2023\/10\/spiaggia-quadro.jpg\" class=\"attachment-full size-full wp-image-3182\" alt=\"Immagine della spiaggia di Fetovaia vista dal basso, che mostra la sabbia bianca finissima in primo piano, alcuni ombrelloni bianchi chiusi con lettini e il mare azzurro calmo sotto un cielo blu con nuvole sparse.\" srcset=\"https:\/\/www.hotelannaisoladelba.it\/wp-content\/uploads\/2023\/10\/spiaggia-quadro.jpg 798w, https:\/\/www.hotelannaisoladelba.it\/wp-content\/uploads\/2023\/10\/spiaggia-quadro-200x300.jpg 200w, https:\/\/www.hotelannaisoladelba.it\/wp-content\/uploads\/2023\/10\/spiaggia-quadro-681x1024.jpg 681w, https:\/\/www.hotelannaisoladelba.it\/wp-content\/uploads\/2023\/10\/spiaggia-quadro-768x1155.jpg 768w, https:\/\/www.hotelannaisoladelba.it\/wp-content\/uploads\/2023\/10\/spiaggia-quadro-472x710.jpg 472w\" sizes=\"(max-width: 798px) 100vw, 798px\" \/>\t<\/div>\n\t\t\t\t<\/div>\n\t\t\t\t<\/div>\n\t\t            <\/div>\r\n        <\/div>\r\n                <div class=\"elementor-column elementor-col-50 elementor-top-column elementor-element elementor-element-7974968 col-offset-none pxl-column-element-default pxl-column-overflow-hidden-no\" data-id=\"7974968\" data-element_type=\"column\">\r\n        <div class=\"elementor-widget-wrap elementor-element-populated\">\r\n                     \r\n        \t\t<div class=\"elementor-element elementor-element-20fa3d5 pxl-wg-bd-anm-no elementor-widget elementor-widget-pxl_heading\" data-id=\"20fa3d5\" data-element_type=\"widget\" data-widget_type=\"pxl_heading.default\">\n\t\t\t\t<div class=\"elementor-widget-container\">\n\t\t\t\t\t<div class=\"pxl-heading\">\n\t<div class=\"pxl-heading--inner\">\n\t\t\t\t<h2 class=\"pxl-item--title divider-right  \" data-wow-delay=\"ms\">\n\t\tL\u2019emplacement de l\u2019H\u00f4tel Anna\t\t\n\n\t\t<\/h2>\n\t\t\t<\/div>\n<\/div>\t\t\t\t<\/div>\n\t\t\t\t<\/div>\n\t\t\t\t<div class=\"elementor-element elementor-element-507db21 pxl-wg-bd-anm-no elementor-widget elementor-widget-pxl_text_editor\" data-id=\"507db21\" data-element_type=\"widget\" data-widget_type=\"pxl_text_editor.default\">\n\t\t\t\t<div class=\"elementor-widget-container\">\n\t\t\t\t\t<div class=\"pxl-text-editor \">\n\t<div class=\"pxl-item--inner \" data-wow-delay=\"ms\">\n\t\t<p>La plage dor\u00e9e de Fetovaia se trouve \u00e0 seulement 450 m\u00e8tres et est facilement accessible \u00e0 pied en seulement cinq minutes en empruntant un sentier.<\/p><p>L\u2019\u00cele d\u2019Elbe, la plus grande de l\u2019archipel toscan, est un joyau de la mer Tyrrh\u00e9nienne septentrionale, situ\u00e9e entre la Corse et la c\u00f4te toscane, \u00e0 une dizaine de kilom\u00e8tres, et dont elle est s\u00e9par\u00e9e par le canal de Piombino.<\/p><p>Avec une superficie de 223,52 km\u00b2, l\u2019\u00cele d\u2019Elbe est la troisi\u00e8me plus grande \u00eele d\u2019Italie apr\u00e8s la Sicile et la Sardaigne. Sa forme est approximativement triangulaire, avec un p\u00e9rim\u00e8tre de 147 km, une longueur de 27 km et une largeur maximale de 18 km.<\/p><p>Le climat de l\u2019\u00cele d\u2019Elbe est particuli\u00e8rement doux, avec des temp\u00e9ratures annuelles moyennes comprises entre 15\u00b0 et 16\u00b0. Les temp\u00e9ratures moyennes saisonni\u00e8res oscillent entre 10\u00b0 en hiver, 14\u00b0 au printemps, 23\u00b0 en \u00e9t\u00e9 et 17\u00b0 en automne. Les temp\u00e9ratures mensuelles de la mer suivent une tendance similaire, avec la mer la plus chaude pendant les mois d\u2019\u00e9t\u00e9: avril 19\u00b0, mai 20.2\u00b0, juin 24\u00b0.1, juillet 26.8\u00b0, ao\u00fbt 27.3\u00b0, septembre 25.5\u00b0 et octobre 23.1\u00b0.<\/p><p>L\u2019\u00cele d\u2019Elbe est r\u00e9put\u00e9e pour la vari\u00e9t\u00e9 de ses couleurs et la typologie de ses c\u00f4tes, la beaut\u00e9 de ses plages et le majestueux mont Capanne, haut de 1\u00a0019 m\u00e8tres, et est depuis longtemps l\u2019un des centres d\u2019attraction touristique de renomm\u00e9e mondiale.<\/p><p>Le r\u00e9seau routier principal, long d\u2019environ 160 km, est enti\u00e8rement asphalt\u00e9, tandis qu\u2019il existe d\u2019autres sentiers panoramiques sur environ 80 km.<\/p>\t<\/div>\n<\/div>\t\t\t\t<\/div>\n\t\t\t\t<\/div>\n\t\t            <\/div>\r\n        <\/div>\r\n        \t\t\t<\/div>\n\t\t<\/section>\n\t\t        <section class=\"elementor-section elementor-top-section elementor-element elementor-element-45c5731 elementor-section-stretched elementor-section-boxed elementor-section-height-default elementor-section-height-default pxl-section-overflow-hidden-no\" data-id=\"45c5731\" data-element_type=\"section\" data-settings=\"{&quot;stretch_section&quot;:&quot;section-stretched&quot;,&quot;background_background&quot;:&quot;classic&quot;}\">\n\n                \n                <div class=\"elementor-container elementor-column-gap-extended \">\n                <div class=\"elementor-column elementor-col-50 elementor-top-column elementor-element elementor-element-8e781f7 col-offset-none pxl-column-element-default pxl-column-overflow-hidden-no\" data-id=\"8e781f7\" data-element_type=\"column\">\r\n        <div class=\"elementor-widget-wrap elementor-element-populated\">\r\n                     \r\n        \t\t<div class=\"elementor-element elementor-element-66dc747 pxl-wg-bd-anm-no elementor-widget elementor-widget-pxl_text_editor\" data-id=\"66dc747\" data-element_type=\"widget\" data-widget_type=\"pxl_text_editor.default\">\n\t\t\t\t<div class=\"elementor-widget-container\">\n\t\t\t\t\t<div class=\"pxl-text-editor \">\n\t<div class=\"pxl-item--inner \" data-wow-delay=\"ms\">\n\t\t<p>L\u2019\u00cele d\u2019Elbe a une tr\u00e8s longue histoire: d\u00e9j\u00e0 habit\u00e9e \u00e0 l\u2019\u00e9poque pr\u00e9historique et connue pour ses mines de fer \u00e0 l\u2019aube de l\u2019\u00c8re Historique, elle a \u00e9t\u00e9 appel\u00e9e par les Ligures \u00abIlva\u00bb, par les Grecs \u00abAethalia\u00bb.<\/p><p>Au fil des si\u00e8cles, elle a \u00e9t\u00e9 d\u2019abord ligure, puis grecque, puis \u00e9trusque et pendant des si\u00e8cles romaine; elle a \u00e9t\u00e9 contr\u00f4l\u00e9e par les Pisans, les Appiens et les M\u00e9dicis, et a vu la domination de diff\u00e9rentes puissances europ\u00e9ennes, qui ont laiss\u00e9 des traces historiques \u00e9videntes.<\/p><p>En particulier les M\u00e9dicis, qui ont laiss\u00e9 des traces ind\u00e9l\u00e9biles \u00e0 la ville de Portoferraio, rebaptis\u00e9e Cosmopolis, en l\u2019honneur de Cosme de M\u00e9dicis et les Espagnols, qui ont \u00e9rig\u00e9 deux imposantes forteresses pour garder l\u2019\u00eele: le fort de Saint-Jacques et le Fort Focardo \u00e0 Porto Azzurro.<\/p><p>Le court r\u00e8gne de Napol\u00e9on (1814-1815, 9 mois et 23 jours) a lui-aussi laiss\u00e9 un h\u00e9ritage significatif sur l\u2019\u00eele, notamment la Villa dei Mulini et la villa de San Martino, les anciennes \u00e9glises de Portoferraio, le Sanctuaire de la Madonna del Monte \u00e0 Marciana Alta et dans d\u2019autres localit\u00e9s.<br \/>D\u2019un point de vue administratif, l\u2019\u00eele est actuellement divis\u00e9e en sept communes: Portoferraio, Campo nell\u2019Elba, Capoliveri, Marciana, Marciana Marina, Porto Azzurro et Rio.<\/p><p>L\u2019\u00cele d\u2019Elbe est r\u00e9put\u00e9e pour ses vins fins, sa cuisine excellente, associ\u00e9e \u00e0 la beaut\u00e9 de sa nature, avec des eaux cristallines, des plages immacul\u00e9es et un climat doux. C\u2019est une destination id\u00e9ale pour un s\u00e9jour touristique en toute saison.<\/p>\t<\/div>\n<\/div>\t\t\t\t<\/div>\n\t\t\t\t<\/div>\n\t\t            <\/div>\r\n        <\/div>\r\n                <div class=\"elementor-column elementor-col-50 elementor-top-column elementor-element elementor-element-032ea2e col-offset-none pxl-column-element-default pxl-column-overflow-hidden-no\" data-id=\"032ea2e\" data-element_type=\"column\">\r\n        <div class=\"elementor-widget-wrap elementor-element-populated\">\r\n                     \r\n        \t\t<div class=\"elementor-element elementor-element-dfdc40e elementor-widget__width-auto elementor-widget-tablet__width-initial pxl-wg-bd-anm-no elementor-widget elementor-widget-pxl_image_parallax\" data-id=\"dfdc40e\" data-element_type=\"widget\" data-widget_type=\"pxl_image_parallax.default\">\n\t\t\t\t<div class=\"elementor-widget-container\">\n\t\t\t\t\t<div id=\"pxl_image_parallax-dfdc40e-6725\" class=\"pxl-image-wg\" data-wow-delay=\"ms\">\n\t\t<img decoding=\"async\" width=\"1920\" height=\"1280\" src=\"https:\/\/www.hotelannaisoladelba.it\/wp-content\/uploads\/2023\/10\/halma.jpg\" class=\"attachment-full size-full wp-image-3183\" alt=\"Veduta panoramica della Spiaggia di Fetovaia all&#039;Isola d&#039;Elba durante l&#039;estate, che mostra la sua sabbia chiara con ombrelloni bianchi e rossi, il mare turchese trasparente con pedal\u00f2 e piccole imbarcazioni, e il promontorio ricoperto da una fitta pineta.\" srcset=\"https:\/\/www.hotelannaisoladelba.it\/wp-content\/uploads\/2023\/10\/halma.jpg 1920w, https:\/\/www.hotelannaisoladelba.it\/wp-content\/uploads\/2023\/10\/halma-300x200.jpg 300w, https:\/\/www.hotelannaisoladelba.it\/wp-content\/uploads\/2023\/10\/halma-1024x683.jpg 1024w, https:\/\/www.hotelannaisoladelba.it\/wp-content\/uploads\/2023\/10\/halma-768x512.jpg 768w, https:\/\/www.hotelannaisoladelba.it\/wp-content\/uploads\/2023\/10\/halma-1536x1024.jpg 1536w, https:\/\/www.hotelannaisoladelba.it\/wp-content\/uploads\/2023\/10\/halma-1065x710.jpg 1065w\" sizes=\"(max-width: 1920px) 100vw, 1920px\" \/>\t<\/div>\n\t\t\t\t<\/div>\n\t\t\t\t<\/div>\n\t\t            <\/div>\r\n        <\/div>\r\n        \t\t\t<\/div>\n\t\t<\/section>\n\t\t        <section class=\"elementor-section elementor-top-section elementor-element elementor-element-c21a59e elementor-section-stretched elementor-section-boxed elementor-section-height-default elementor-section-height-default pxl-section-overflow-hidden-no\" data-id=\"c21a59e\" data-element_type=\"section\" data-settings=\"{&quot;stretch_section&quot;:&quot;section-stretched&quot;,&quot;background_background&quot;:&quot;classic&quot;}\">\n\n                \n                <div class=\"elementor-container elementor-column-gap-extended \">\n                <div class=\"elementor-column elementor-col-50 elementor-top-column elementor-element elementor-element-461079d col-offset-none pxl-column-element-default pxl-column-overflow-hidden-no\" data-id=\"461079d\" data-element_type=\"column\">\r\n        <div class=\"elementor-widget-wrap elementor-element-populated\">\r\n                     \r\n        \t\t<div class=\"elementor-element elementor-element-7f32404 elementor-widget__width-auto elementor-widget-tablet__width-initial pxl-wg-bd-anm-no elementor-widget elementor-widget-pxl_image_parallax\" data-id=\"7f32404\" data-element_type=\"widget\" data-widget_type=\"pxl_image_parallax.default\">\n\t\t\t\t<div class=\"elementor-widget-container\">\n\t\t\t\t\t<div id=\"pxl_image_parallax-7f32404-9406\" class=\"pxl-image-wg\" data-parallax=\"{&quot;y&quot;:&quot;50&quot;}\" data-wow-delay=\"ms\">\n\t\t<img loading=\"lazy\" decoding=\"async\" width=\"1707\" height=\"1280\" src=\"https:\/\/www.hotelannaisoladelba.it\/wp-content\/uploads\/2023\/10\/hotel-anna-drone-0333-20.jpg\" class=\"attachment-full size-full wp-image-3199\" alt=\"Veduta aerea dell&#039;Hotel Anna a Fetovaia, Isola d&#039;Elba, che mostra la struttura dell&#039;hotel con pannelli solari sul tetto, circondata dalla vegetazione verdeggiante, con la collina e il mare blu sullo sfondo.\" srcset=\"https:\/\/www.hotelannaisoladelba.it\/wp-content\/uploads\/2023\/10\/hotel-anna-drone-0333-20.jpg 1707w, https:\/\/www.hotelannaisoladelba.it\/wp-content\/uploads\/2023\/10\/hotel-anna-drone-0333-20-300x225.jpg 300w, https:\/\/www.hotelannaisoladelba.it\/wp-content\/uploads\/2023\/10\/hotel-anna-drone-0333-20-1024x768.jpg 1024w, https:\/\/www.hotelannaisoladelba.it\/wp-content\/uploads\/2023\/10\/hotel-anna-drone-0333-20-768x576.jpg 768w, https:\/\/www.hotelannaisoladelba.it\/wp-content\/uploads\/2023\/10\/hotel-anna-drone-0333-20-1536x1152.jpg 1536w, https:\/\/www.hotelannaisoladelba.it\/wp-content\/uploads\/2023\/10\/hotel-anna-drone-0333-20-947x710.jpg 947w\" sizes=\"(max-width: 1707px) 100vw, 1707px\" \/>\t<\/div>\n\t\t\t\t<\/div>\n\t\t\t\t<\/div>\n\t\t\t\t<div class=\"elementor-element elementor-element-ed69235 elementor-widget__width-auto elementor-widget-tablet__width-initial pxl-wg-bd-anm-no elementor-widget elementor-widget-pxl_image_parallax\" data-id=\"ed69235\" data-element_type=\"widget\" data-widget_type=\"pxl_image_parallax.default\">\n\t\t\t\t<div class=\"elementor-widget-container\">\n\t\t\t\t\t<div id=\"pxl_image_parallax-ed69235-3376\" class=\"pxl-image-wg\" data-parallax=\"{&quot;y&quot;:&quot;50&quot;}\" data-wow-delay=\"ms\">\n\t\t<img loading=\"lazy\" decoding=\"async\" width=\"1707\" height=\"1280\" src=\"https:\/\/www.hotelannaisoladelba.it\/wp-content\/uploads\/2023\/10\/hotel-anna-drone-0320-11.jpg\" class=\"attachment-full size-full wp-image-3200\" alt=\"Veduta aerea dell&#039;Hotel Anna a Fetovaia, che mostra i due edifici principali con i tetti rossi e i pannelli solari, il viale d&#039;ingresso, il parcheggio coperto e il verde rigoglioso dei pini marittimi e dei giardini circostanti.\" srcset=\"https:\/\/www.hotelannaisoladelba.it\/wp-content\/uploads\/2023\/10\/hotel-anna-drone-0320-11.jpg 1707w, https:\/\/www.hotelannaisoladelba.it\/wp-content\/uploads\/2023\/10\/hotel-anna-drone-0320-11-300x225.jpg 300w, https:\/\/www.hotelannaisoladelba.it\/wp-content\/uploads\/2023\/10\/hotel-anna-drone-0320-11-1024x768.jpg 1024w, https:\/\/www.hotelannaisoladelba.it\/wp-content\/uploads\/2023\/10\/hotel-anna-drone-0320-11-768x576.jpg 768w, https:\/\/www.hotelannaisoladelba.it\/wp-content\/uploads\/2023\/10\/hotel-anna-drone-0320-11-1536x1152.jpg 1536w, https:\/\/www.hotelannaisoladelba.it\/wp-content\/uploads\/2023\/10\/hotel-anna-drone-0320-11-947x710.jpg 947w\" sizes=\"(max-width: 1707px) 100vw, 1707px\" \/>\t<\/div>\n\t\t\t\t<\/div>\n\t\t\t\t<\/div>\n\t\t            <\/div>\r\n        <\/div>\r\n                <div class=\"elementor-column elementor-col-50 elementor-top-column elementor-element elementor-element-2ec85a4 col-offset-none pxl-column-element-default pxl-column-overflow-hidden-no\" data-id=\"2ec85a4\" data-element_type=\"column\">\r\n        <div class=\"elementor-widget-wrap elementor-element-populated\">\r\n                     \r\n        \t\t<div class=\"elementor-element elementor-element-3bdd712 pxl-wg-bd-anm-no elementor-widget elementor-widget-pxl_heading\" data-id=\"3bdd712\" data-element_type=\"widget\" data-widget_type=\"pxl_heading.default\">\n\t\t\t\t<div class=\"elementor-widget-container\">\n\t\t\t\t\t<div class=\"pxl-heading\">\n\t<div class=\"pxl-heading--inner\">\n\t\t\t\t<h2 class=\"pxl-item--title divider-right  \" data-wow-delay=\"ms\">\n\t\tComment nous rejoindre en voiture, en bus et en train\t\t\n\n\t\t<\/h2>\n\t\t\t<\/div>\n<\/div>\t\t\t\t<\/div>\n\t\t\t\t<\/div>\n\t\t\t\t<div class=\"elementor-element elementor-element-31c9d95 pxl-wg-bd-anm-no elementor-widget elementor-widget-pxl_text_editor\" data-id=\"31c9d95\" data-element_type=\"widget\" data-widget_type=\"pxl_text_editor.default\">\n\t\t\t\t<div class=\"elementor-widget-container\">\n\t\t\t\t\t<div class=\"pxl-text-editor \">\n\t<div class=\"pxl-item--inner \" data-wow-delay=\"ms\">\n\t\t<p>Pour se rendre sur l\u2019\u00cele d\u2019Elbe, vous avez plusieurs options. Si vous voyagez en voiture, en bus ou en train, vous devez rejoindre Piombino et embarquer sur des ferries en direction de l\u2019\u00eele, qui effectuent plusieurs travers\u00e9es par jour.<\/p><p>Les quelque 10 kilom\u00e8tres qui s\u00e9parent l\u2019\u00eele du continent sont parcourus en une heure seulement, pour rejoindre les ports de Portoferraio, Rio Marina et Cavo. Il existe \u00e9galement une liaison rapide par hydropt\u00e8re, pour le seul transport de passagers, qui rejoint Cavo, un hameau de Rio Marina, en seulement 20 minutes et continue jusqu\u2019\u00e0 Portoferraio, o\u00f9 il arrive apr\u00e8s 15 minutes suppl\u00e9mentaires de navigation.<\/p><p><strong>En voiture en provenance du Nord<\/strong><\/p><p>Si vous venez du nord, vous pouvez prendre l\u2019Autoroute A12 en direction de G\u00eanes \u2013 Livourne et sortir \u00e0 Rosignano Marittimo. De l\u00e0, continuez sur S.S. Aurelia jusqu\u2019\u00e0 Venturina \u2013 \u00cele d\u2019Elbe, et de l\u00e0, continuez vers Piombino Marittima.<\/p><p><strong>En voiture, en provenance du Nord-Est<\/strong><\/p><p>Si vous venez du nord-est, vous pouvez prendre l\u2019Autoroute A1 Bologne &#8211; Florence &#8211; Pise &#8211; Livourne et sortir \u00e0 Rosignano Marittimo. Continuer sur la S.S. Aurelia jusqu\u2019\u00e0 Venturina \u2013 \u00cele d\u2019Elbe, et de l\u00e0, continuez vers Piombino Marittima.<\/p><p>Alternativement, vous pouvez prendre la voie rapide Florence \u2013 Pise \u2013 Livourne\u00a0: sortir \u00e0 Firenze Signa et suivre la S.S. jusqu\u2019\u00e0 Collesalvetti\u00a0; puis prenez l\u2019autoroute jusqu\u2019\u00e0 Rosignano Marittimo et prenez la voie rapide jusqu\u2019\u00e0 Venturina, puis vers Piombino Marittima.<\/p><p><strong>En voiture en provenance du Sud<\/strong><\/p><p>Si vous venez du sud, prenez l\u2019autoroute A12 Rome \u2013 Grosseto pour d\u00e9boucher sur la SS. Aurelia et sortez \u00e0 Venturina \u2013 \u00cele d\u2019Elbe, puis continuez vers Piombino Marittima.<\/p>\t<\/div>\n<\/div>\t\t\t\t<\/div>\n\t\t\t\t<\/div>\n\t\t            <\/div>\r\n        <\/div>\r\n        \t\t\t<\/div>\n\t\t<\/section>\n\t\t        <section class=\"elementor-section elementor-top-section elementor-element elementor-element-43f72e6 elementor-section-stretched elementor-section-boxed elementor-section-height-default elementor-section-height-default pxl-section-overflow-hidden-no\" data-id=\"43f72e6\" data-element_type=\"section\" data-settings=\"{&quot;stretch_section&quot;:&quot;section-stretched&quot;,&quot;background_background&quot;:&quot;classic&quot;}\">\n\n                \n                <div class=\"elementor-container elementor-column-gap-extended \">\n                <div class=\"elementor-column elementor-col-50 elementor-top-column elementor-element elementor-element-2b145e3 col-offset-none pxl-column-element-default pxl-column-overflow-hidden-no\" data-id=\"2b145e3\" data-element_type=\"column\">\r\n        <div class=\"elementor-widget-wrap elementor-element-populated\">\r\n                     \r\n        \t\t<div class=\"elementor-element elementor-element-2eb8079 pxl-wg-bd-anm-no elementor-widget elementor-widget-pxl_text_editor\" data-id=\"2eb8079\" data-element_type=\"widget\" data-widget_type=\"pxl_text_editor.default\">\n\t\t\t\t<div class=\"elementor-widget-container\">\n\t\t\t\t\t<div class=\"pxl-text-editor \">\n\t<div class=\"pxl-item--inner \" data-wow-delay=\"ms\">\n\t\t<h3>Comment arriver en avion<\/h3><p>Vous pouvez \u00e9galement rejoindre l\u2019\u00cele d\u2019Elbe avec un vol vers l\u2019a\u00e9roport de Campo nell\u2019 Elba. En \u00e9t\u00e9, l\u2019\u00eele est en effet reli\u00e9e aux villes de Pise, Florence, Milan Linate, Bologne et Lugano par des vols directs.<\/p><p>L\u2019a\u00e9roport de Campo nell\u2019 Elba se trouve \u00e0 environ 12 kilom\u00e8tres de l\u2019H\u00f4tel Anna. Gr\u00e2ce \u00e0 son emplacement strat\u00e9gique, vous pourrez commencer en quelques minutes \u00e0 explorer les beaut\u00e9s naturelles de Fetovaia et la charmante plage.<\/p><p>Sur r\u00e9servation, nous pouvons organiser des transferts depuis et vers les diff\u00e9rents points d\u2019accostage.<\/p><p>\u00a0<\/p>\t<\/div>\n<\/div>\t\t\t\t<\/div>\n\t\t\t\t<\/div>\n\t\t            <\/div>\r\n        <\/div>\r\n                <div class=\"elementor-column elementor-col-50 elementor-top-column elementor-element elementor-element-dfee99e col-offset-none pxl-column-element-default pxl-column-overflow-hidden-no\" data-id=\"dfee99e\" data-element_type=\"column\">\r\n        <div class=\"elementor-widget-wrap elementor-element-populated\">\r\n                     \r\n        \t\t<div class=\"elementor-element elementor-element-fa14db3 elementor-widget__width-auto elementor-widget-tablet__width-initial pxl-wg-bd-anm-no elementor-widget elementor-widget-pxl_image_parallax\" data-id=\"fa14db3\" data-element_type=\"widget\" data-widget_type=\"pxl_image_parallax.default\">\n\t\t\t\t<div class=\"elementor-widget-container\">\n\t\t\t\t\t<div id=\"pxl_image_parallax-fa14db3-6192\" class=\"pxl-image-wg\" data-wow-delay=\"ms\">\n\t\t<img loading=\"lazy\" decoding=\"async\" width=\"1920\" height=\"1280\" src=\"https:\/\/www.hotelannaisoladelba.it\/wp-content\/uploads\/2023\/10\/fetovaia3.jpg\" class=\"attachment-full size-full wp-image-3204\" alt=\"Veduta aerea perpendicolare della Spiaggia di Fetovaia all&#039;Isola d&#039;Elba, che mostra la sua ampia insenatura, il mare cristallino turchese che rivela il fondale, la spiaggia sabbiosa con ombrelloni, il parcheggio e la pineta circostante.\" srcset=\"https:\/\/www.hotelannaisoladelba.it\/wp-content\/uploads\/2023\/10\/fetovaia3.jpg 1920w, https:\/\/www.hotelannaisoladelba.it\/wp-content\/uploads\/2023\/10\/fetovaia3-300x200.jpg 300w, https:\/\/www.hotelannaisoladelba.it\/wp-content\/uploads\/2023\/10\/fetovaia3-1024x683.jpg 1024w, https:\/\/www.hotelannaisoladelba.it\/wp-content\/uploads\/2023\/10\/fetovaia3-768x512.jpg 768w, https:\/\/www.hotelannaisoladelba.it\/wp-content\/uploads\/2023\/10\/fetovaia3-1536x1024.jpg 1536w, https:\/\/www.hotelannaisoladelba.it\/wp-content\/uploads\/2023\/10\/fetovaia3-1065x710.jpg 1065w\" sizes=\"(max-width: 1920px) 100vw, 1920px\" \/>\t<\/div>\n\t\t\t\t<\/div>\n\t\t\t\t<\/div>\n\t\t            <\/div>\r\n        <\/div>\r\n        \t\t\t<\/div>\n\t\t<\/section>\n\t\t\t\t<\/div>\n\t\t","protected":false},"excerpt":{"rendered":"<p>Fetovaia, \u00cele d\u2019Elbe L\u2019H\u00f4tel Anna surplombe l\u2019une des plus belles criques de l\u2019\u00eele, entour\u00e9 de verdure dans un endroit calme, \u00e0 450 m\u00e8tres de la plage dor\u00e9e de Fetovaia, accessible \u00e0 pied en cinq minutes en empruntant un sentier. L\u2019emplacement de l\u2019H\u00f4tel Anna La plage dor\u00e9e de Fetovaia se trouve \u00e0 seulement 450 m\u00e8tres et [&hellip;]<\/p>\n","protected":false},"author":1,"featured_media":3997,"parent":0,"menu_order":0,"comment_status":"closed","ping_status":"closed","template":"","meta":{"footnotes":""},"class_list":["post-4968","page","type-page","status-publish","has-post-thumbnail","hentry"],"yoast_head":"<!-- This site is optimized with the Yoast SEO plugin v26.6 - https:\/\/yoast.com\/wordpress\/plugins\/seo\/ -->\n<title>Fetovaia, \u00cele d\u2019Elbe | Hotel Anna<\/title>\n<meta name=\"description\" content=\"Vivez la magie de Fetovaia, un paradis de sable dor\u00e9 entour\u00e9 de nature. S\u00e9journez \u00e0 l&#039;Hotel Anna pour une exp\u00e9rience inoubliable sur l&#039;\u00eele.\" \/>\n<meta name=\"robots\" content=\"index, follow, max-snippet:-1, max-image-preview:large, max-video-preview:-1\" \/>\n<link rel=\"canonical\" href=\"https:\/\/www.hotelannaisoladelba.it\/fr\/fetovaia\/\" \/>\n<meta property=\"og:locale\" content=\"fr_FR\" \/>\n<meta property=\"og:type\" content=\"article\" \/>\n<meta property=\"og:title\" content=\"Fetovaia, \u00cele d\u2019Elbe | Hotel Anna\" \/>\n<meta property=\"og:description\" content=\"Vivez la magie de Fetovaia, un paradis de sable dor\u00e9 entour\u00e9 de nature. S\u00e9journez \u00e0 l&#039;Hotel Anna pour une exp\u00e9rience inoubliable sur l&#039;\u00eele.\" \/>\n<meta property=\"og:url\" content=\"https:\/\/www.hotelannaisoladelba.it\/fr\/fetovaia\/\" \/>\n<meta property=\"og:site_name\" content=\"Hotel Anna Isola d&#039;Elba\" \/>\n<meta property=\"article:publisher\" content=\"https:\/\/www.facebook.com\/AnnaHotelIsolaElba\" \/>\n<meta property=\"article:modified_time\" content=\"2025-08-05T10:09:08+00:00\" \/>\n<meta property=\"og:image\" content=\"https:\/\/www.hotelannaisoladelba.it\/wp-content\/uploads\/2023\/05\/tramonto.jpg\" \/>\n\t<meta property=\"og:image:width\" content=\"1920\" \/>\n\t<meta property=\"og:image:height\" content=\"1280\" \/>\n\t<meta property=\"og:image:type\" content=\"image\/jpeg\" \/>\n<meta name=\"twitter:card\" content=\"summary_large_image\" \/>\n<meta name=\"twitter:label1\" content=\"Dur\u00e9e de lecture estim\u00e9e\" \/>\n\t<meta name=\"twitter:data1\" content=\"7 minutes\" \/>\n<script type=\"application\/ld+json\" class=\"yoast-schema-graph\">{\"@context\":\"https:\/\/schema.org\",\"@graph\":[{\"@type\":\"WebPage\",\"@id\":\"https:\/\/www.hotelannaisoladelba.it\/fr\/fetovaia\/\",\"url\":\"https:\/\/www.hotelannaisoladelba.it\/fr\/fetovaia\/\",\"name\":\"Fetovaia, \u00cele d\u2019Elbe | Hotel Anna\",\"isPartOf\":{\"@id\":\"https:\/\/www.hotelannaisoladelba.it\/#website\"},\"primaryImageOfPage\":{\"@id\":\"https:\/\/www.hotelannaisoladelba.it\/fr\/fetovaia\/#primaryimage\"},\"image\":{\"@id\":\"https:\/\/www.hotelannaisoladelba.it\/fr\/fetovaia\/#primaryimage\"},\"thumbnailUrl\":\"https:\/\/www.hotelannaisoladelba.it\/wp-content\/uploads\/2023\/05\/tramonto.jpg\",\"datePublished\":\"2023-05-26T20:53:34+00:00\",\"dateModified\":\"2025-08-05T10:09:08+00:00\",\"description\":\"Vivez la magie de Fetovaia, un paradis de sable dor\u00e9 entour\u00e9 de nature. S\u00e9journez \u00e0 l'Hotel Anna pour une exp\u00e9rience inoubliable sur l'\u00eele.\",\"breadcrumb\":{\"@id\":\"https:\/\/www.hotelannaisoladelba.it\/fr\/fetovaia\/#breadcrumb\"},\"inLanguage\":\"fr-FR\",\"potentialAction\":[{\"@type\":\"ReadAction\",\"target\":[\"https:\/\/www.hotelannaisoladelba.it\/fr\/fetovaia\/\"]}]},{\"@type\":\"ImageObject\",\"inLanguage\":\"fr-FR\",\"@id\":\"https:\/\/www.hotelannaisoladelba.it\/fr\/fetovaia\/#primaryimage\",\"url\":\"https:\/\/www.hotelannaisoladelba.it\/wp-content\/uploads\/2023\/05\/tramonto.jpg\",\"contentUrl\":\"https:\/\/www.hotelannaisoladelba.it\/wp-content\/uploads\/2023\/05\/tramonto.jpg\",\"width\":1920,\"height\":1280,\"caption\":\"Immagine di un tramonto infuocato sul mare all'Isola d'Elba, che mostra il sole luminoso che crea un riflesso dorato sull'acqua calma, con la sagoma scura di un promontorio in primo piano e montagne all'orizzonte.\"},{\"@type\":\"BreadcrumbList\",\"@id\":\"https:\/\/www.hotelannaisoladelba.it\/fr\/fetovaia\/#breadcrumb\",\"itemListElement\":[{\"@type\":\"ListItem\",\"position\":1,\"name\":\"Home\",\"item\":\"https:\/\/www.hotelannaisoladelba.it\/fr\/\"},{\"@type\":\"ListItem\",\"position\":2,\"name\":\"Fetovaia\"}]},{\"@type\":\"WebSite\",\"@id\":\"https:\/\/www.hotelannaisoladelba.it\/#website\",\"url\":\"https:\/\/www.hotelannaisoladelba.it\/\",\"name\":\"Hotel Anna Isola d'Elba\",\"description\":\"Albergo a conduzione familiare vicino alla spiaggia di Fetovaia all&#039;Isola d&#039;Elba\",\"publisher\":{\"@id\":\"https:\/\/www.hotelannaisoladelba.it\/#organization\"},\"potentialAction\":[{\"@type\":\"SearchAction\",\"target\":{\"@type\":\"EntryPoint\",\"urlTemplate\":\"https:\/\/www.hotelannaisoladelba.it\/?s={search_term_string}\"},\"query-input\":{\"@type\":\"PropertyValueSpecification\",\"valueRequired\":true,\"valueName\":\"search_term_string\"}}],\"inLanguage\":\"fr-FR\"},{\"@type\":\"Organization\",\"@id\":\"https:\/\/www.hotelannaisoladelba.it\/#organization\",\"name\":\"Hotel Anna Isola d'Elba\",\"url\":\"https:\/\/www.hotelannaisoladelba.it\/\",\"logo\":{\"@type\":\"ImageObject\",\"inLanguage\":\"fr-FR\",\"@id\":\"https:\/\/www.hotelannaisoladelba.it\/#\/schema\/logo\/image\/\",\"url\":\"https:\/\/www.hotelannaisoladelba.it\/wp-content\/uploads\/2023\/11\/logo-orizzonale.png\",\"contentUrl\":\"https:\/\/www.hotelannaisoladelba.it\/wp-content\/uploads\/2023\/11\/logo-orizzonale.png\",\"width\":600,\"height\":213,\"caption\":\"Hotel Anna Isola d'Elba\"},\"image\":{\"@id\":\"https:\/\/www.hotelannaisoladelba.it\/#\/schema\/logo\/image\/\"},\"sameAs\":[\"https:\/\/www.facebook.com\/AnnaHotelIsolaElba\"]}]}<\/script>\n<!-- \/ Yoast SEO plugin. -->","yoast_head_json":{"title":"Fetovaia, \u00cele d\u2019Elbe | Hotel Anna","description":"Vivez la magie de Fetovaia, un paradis de sable dor\u00e9 entour\u00e9 de nature. S\u00e9journez \u00e0 l'Hotel Anna pour une exp\u00e9rience inoubliable sur l'\u00eele.","robots":{"index":"index","follow":"follow","max-snippet":"max-snippet:-1","max-image-preview":"max-image-preview:large","max-video-preview":"max-video-preview:-1"},"canonical":"https:\/\/www.hotelannaisoladelba.it\/fr\/fetovaia\/","og_locale":"fr_FR","og_type":"article","og_title":"Fetovaia, \u00cele d\u2019Elbe | Hotel Anna","og_description":"Vivez la magie de Fetovaia, un paradis de sable dor\u00e9 entour\u00e9 de nature. S\u00e9journez \u00e0 l'Hotel Anna pour une exp\u00e9rience inoubliable sur l'\u00eele.","og_url":"https:\/\/www.hotelannaisoladelba.it\/fr\/fetovaia\/","og_site_name":"Hotel Anna Isola d&#039;Elba","article_publisher":"https:\/\/www.facebook.com\/AnnaHotelIsolaElba","article_modified_time":"2025-08-05T10:09:08+00:00","og_image":[{"width":1920,"height":1280,"url":"https:\/\/www.hotelannaisoladelba.it\/wp-content\/uploads\/2023\/05\/tramonto.jpg","type":"image\/jpeg"}],"twitter_card":"summary_large_image","twitter_misc":{"Dur\u00e9e de lecture estim\u00e9e":"7 minutes"},"schema":{"@context":"https:\/\/schema.org","@graph":[{"@type":"WebPage","@id":"https:\/\/www.hotelannaisoladelba.it\/fr\/fetovaia\/","url":"https:\/\/www.hotelannaisoladelba.it\/fr\/fetovaia\/","name":"Fetovaia, \u00cele d\u2019Elbe | Hotel Anna","isPartOf":{"@id":"https:\/\/www.hotelannaisoladelba.it\/#website"},"primaryImageOfPage":{"@id":"https:\/\/www.hotelannaisoladelba.it\/fr\/fetovaia\/#primaryimage"},"image":{"@id":"https:\/\/www.hotelannaisoladelba.it\/fr\/fetovaia\/#primaryimage"},"thumbnailUrl":"https:\/\/www.hotelannaisoladelba.it\/wp-content\/uploads\/2023\/05\/tramonto.jpg","datePublished":"2023-05-26T20:53:34+00:00","dateModified":"2025-08-05T10:09:08+00:00","description":"Vivez la magie de Fetovaia, un paradis de sable dor\u00e9 entour\u00e9 de nature. S\u00e9journez \u00e0 l'Hotel Anna pour une exp\u00e9rience inoubliable sur l'\u00eele.","breadcrumb":{"@id":"https:\/\/www.hotelannaisoladelba.it\/fr\/fetovaia\/#breadcrumb"},"inLanguage":"fr-FR","potentialAction":[{"@type":"ReadAction","target":["https:\/\/www.hotelannaisoladelba.it\/fr\/fetovaia\/"]}]},{"@type":"ImageObject","inLanguage":"fr-FR","@id":"https:\/\/www.hotelannaisoladelba.it\/fr\/fetovaia\/#primaryimage","url":"https:\/\/www.hotelannaisoladelba.it\/wp-content\/uploads\/2023\/05\/tramonto.jpg","contentUrl":"https:\/\/www.hotelannaisoladelba.it\/wp-content\/uploads\/2023\/05\/tramonto.jpg","width":1920,"height":1280,"caption":"Immagine di un tramonto infuocato sul mare all'Isola d'Elba, che mostra il sole luminoso che crea un riflesso dorato sull'acqua calma, con la sagoma scura di un promontorio in primo piano e montagne all'orizzonte."},{"@type":"BreadcrumbList","@id":"https:\/\/www.hotelannaisoladelba.it\/fr\/fetovaia\/#breadcrumb","itemListElement":[{"@type":"ListItem","position":1,"name":"Home","item":"https:\/\/www.hotelannaisoladelba.it\/fr\/"},{"@type":"ListItem","position":2,"name":"Fetovaia"}]},{"@type":"WebSite","@id":"https:\/\/www.hotelannaisoladelba.it\/#website","url":"https:\/\/www.hotelannaisoladelba.it\/","name":"Hotel Anna Isola d'Elba","description":"Albergo a conduzione familiare vicino alla spiaggia di Fetovaia all&#039;Isola d&#039;Elba","publisher":{"@id":"https:\/\/www.hotelannaisoladelba.it\/#organization"},"potentialAction":[{"@type":"SearchAction","target":{"@type":"EntryPoint","urlTemplate":"https:\/\/www.hotelannaisoladelba.it\/?s={search_term_string}"},"query-input":{"@type":"PropertyValueSpecification","valueRequired":true,"valueName":"search_term_string"}}],"inLanguage":"fr-FR"},{"@type":"Organization","@id":"https:\/\/www.hotelannaisoladelba.it\/#organization","name":"Hotel Anna Isola d'Elba","url":"https:\/\/www.hotelannaisoladelba.it\/","logo":{"@type":"ImageObject","inLanguage":"fr-FR","@id":"https:\/\/www.hotelannaisoladelba.it\/#\/schema\/logo\/image\/","url":"https:\/\/www.hotelannaisoladelba.it\/wp-content\/uploads\/2023\/11\/logo-orizzonale.png","contentUrl":"https:\/\/www.hotelannaisoladelba.it\/wp-content\/uploads\/2023\/11\/logo-orizzonale.png","width":600,"height":213,"caption":"Hotel Anna Isola d'Elba"},"image":{"@id":"https:\/\/www.hotelannaisoladelba.it\/#\/schema\/logo\/image\/"},"sameAs":["https:\/\/www.facebook.com\/AnnaHotelIsolaElba"]}]}},"_links":{"self":[{"href":"https:\/\/www.hotelannaisoladelba.it\/fr\/wp-json\/wp\/v2\/pages\/4968","targetHints":{"allow":["GET"]}}],"collection":[{"href":"https:\/\/www.hotelannaisoladelba.it\/fr\/wp-json\/wp\/v2\/pages"}],"about":[{"href":"https:\/\/www.hotelannaisoladelba.it\/fr\/wp-json\/wp\/v2\/types\/page"}],"author":[{"embeddable":true,"href":"https:\/\/www.hotelannaisoladelba.it\/fr\/wp-json\/wp\/v2\/users\/1"}],"replies":[{"embeddable":true,"href":"https:\/\/www.hotelannaisoladelba.it\/fr\/wp-json\/wp\/v2\/comments?post=4968"}],"version-history":[{"count":5,"href":"https:\/\/www.hotelannaisoladelba.it\/fr\/wp-json\/wp\/v2\/pages\/4968\/revisions"}],"predecessor-version":[{"id":9582,"href":"https:\/\/www.hotelannaisoladelba.it\/fr\/wp-json\/wp\/v2\/pages\/4968\/revisions\/9582"}],"wp:featuredmedia":[{"embeddable":true,"href":"https:\/\/www.hotelannaisoladelba.it\/fr\/wp-json\/wp\/v2\/media\/3997"}],"wp:attachment":[{"href":"https:\/\/www.hotelannaisoladelba.it\/fr\/wp-json\/wp\/v2\/media?parent=4968"}],"curies":[{"name":"wp","href":"https:\/\/api.w.org\/{rel}","templated":true}]}}