{"id":6896,"date":"2023-12-14T16:58:46","date_gmt":"2023-12-14T15:58:46","guid":{"rendered":"https:\/\/www.hotelannaisoladelba.it\/gruppi-ed-eventi\/"},"modified":"2025-08-05T19:04:49","modified_gmt":"2025-08-05T17:04:49","slug":"grupos-y-eventos","status":"publish","type":"page","link":"https:\/\/www.hotelannaisoladelba.it\/es\/grupos-y-eventos\/","title":{"rendered":"Grupos y eventos"},"content":{"rendered":"\t\t<div data-elementor-type=\"wp-page\" data-elementor-id=\"6896\" class=\"elementor elementor-6896 elementor-6301\" data-elementor-post-type=\"page\">\n\t\t\t\t        <section class=\"elementor-section elementor-top-section elementor-element elementor-element-6c6372b elementor-section-stretched elementor-section-boxed elementor-section-height-default elementor-section-height-default pxl-section-overflow-hidden-no\" data-id=\"6c6372b\" data-element_type=\"section\" data-settings=\"{&quot;stretch_section&quot;:&quot;section-stretched&quot;,&quot;background_background&quot;:&quot;classic&quot;}\">\n\n                \n                <div class=\"elementor-container elementor-column-gap-extended \">\n                <div class=\"elementor-column elementor-col-100 elementor-top-column elementor-element elementor-element-3d403bf col-offset-none pxl-column-element-default pxl-column-overflow-hidden-no\" data-id=\"3d403bf\" data-element_type=\"column\">\r\n        <div class=\"elementor-widget-wrap elementor-element-populated\">\r\n                     \r\n        \t\t<div class=\"elementor-element elementor-element-80d71da pxl-wg-bd-anm-no elementor-widget elementor-widget-pxl_heading\" data-id=\"80d71da\" data-element_type=\"widget\" data-widget_type=\"pxl_heading.default\">\n\t\t\t\t<div class=\"elementor-widget-container\">\n\t\t\t\t\t<div class=\"pxl-heading\">\n\t<div class=\"pxl-heading--inner\">\n\t\t\t\t\t<div class=\"pxl-item--subtitle wow zoomIn\" data-wow-delay=\"900ms\"><span>Hotel Anna<\/span><\/div>\n\t\t\t\t<h1 class=\"pxl-item--title divider-none wow zoomIn \" data-wow-delay=\"900ms\">\n\t\tGrupos y eventos\t\t\n\n\t\t<\/h1>\n\t\t\t<\/div>\n<\/div>\t\t\t\t<\/div>\n\t\t\t\t<\/div>\n\t\t            <\/div>\r\n        <\/div>\r\n        \t\t\t<\/div>\n\t\t<\/section>\n\t\t        <section class=\"elementor-section elementor-top-section elementor-element elementor-element-5f747ba elementor-section-stretched elementor-section-boxed elementor-section-height-default elementor-section-height-default pxl-section-overflow-hidden-no elementor-invisible pxl-elementor-animate\" data-id=\"5f747ba\" data-element_type=\"section\" data-settings=\"{&quot;stretch_section&quot;:&quot;section-stretched&quot;,&quot;animation&quot;:&quot;fadeInUp&quot;,&quot;animation_delay&quot;:1500}\">\n\n                \n                <div class=\"elementor-container elementor-column-gap-extended \">\n                <div class=\"elementor-column elementor-col-100 elementor-top-column elementor-element elementor-element-9fb6cdb col-offset-none pxl-column-element-default pxl-column-overflow-hidden-no\" data-id=\"9fb6cdb\" data-element_type=\"column\">\r\n        <div class=\"elementor-widget-wrap elementor-element-populated\">\r\n                     \r\n        \t\t<div class=\"elementor-element elementor-element-71aef42 pxl-wg-bd-anm-no elementor-widget elementor-widget-pxl_heading\" data-id=\"71aef42\" data-element_type=\"widget\" data-widget_type=\"pxl_heading.default\">\n\t\t\t\t<div class=\"elementor-widget-container\">\n\t\t\t\t\t<div class=\"pxl-heading\">\n\t<div class=\"pxl-heading--inner\">\n\t\t\t\t<h2 class=\"pxl-item--title divider-none  \" data-wow-delay=\"ms\">\n\t\tHotel Anna: La opci\u00f3n ideal para acoger a grupos organizados\t\t\n\n\t\t<\/h2>\n\t\t\t<\/div>\n<\/div>\t\t\t\t<\/div>\n\t\t\t\t<\/div>\n\t\t\t\t<div class=\"elementor-element elementor-element-230f132 pxl-wg-bd-anm-no elementor-widget elementor-widget-pxl_text_editor\" data-id=\"230f132\" data-element_type=\"widget\" data-widget_type=\"pxl_text_editor.default\">\n\t\t\t\t<div class=\"elementor-widget-container\">\n\t\t\t\t\t<div class=\"pxl-text-editor \">\n\t<div class=\"pxl-item--inner \" data-wow-delay=\"ms\">\n\t\t<p>El Hotel Anna, situado en la encantadora isla de Elba, es el destino perfecto para agencias de turismo, operadores tur\u00edsticos y organizaciones que deseen ofrecer a sus clientes una estancia \u00fanica e inolvidable.<\/p><p>Estrat\u00e9gicamente situado a s\u00f3lo 25 km de Portoferraio y a 9 km del centro de Marina di Campo, el hotel ofrece f\u00e1cil acceso a las principales atracciones de la isla. Adem\u00e1s, est\u00e1 a s\u00f3lo 450 metros de la hermosa playa de Fetovaia, una de las perlas de la isla de Elba. Nuestras instalaciones est\u00e1n dise\u00f1adas para acoger a grupos organizados, garantizando una estancia confortable y una gran cantidad de servicios personalizados, incluida la posibilidad de organizar animaciones y veladas tem\u00e1ticas con degustaci\u00f3n de vinos y platos tradicionales de Elba.<\/p>\t<\/div>\n<\/div>\t\t\t\t<\/div>\n\t\t\t\t<\/div>\n\t\t            <\/div>\r\n        <\/div>\r\n        \t\t\t<\/div>\n\t\t<\/section>\n\t\t        <section class=\"elementor-section elementor-top-section elementor-element elementor-element-41d191c elementor-section-stretched elementor-section-boxed elementor-section-height-default elementor-section-height-default pxl-section-overflow-hidden-no elementor-invisible pxl-elementor-animate\" data-id=\"41d191c\" data-element_type=\"section\" data-settings=\"{&quot;stretch_section&quot;:&quot;section-stretched&quot;,&quot;animation&quot;:&quot;fadeInUp&quot;,&quot;animation_delay&quot;:1500}\">\n\n                \n                <div class=\"elementor-container elementor-column-gap-extended \">\n                <div class=\"elementor-column elementor-col-100 elementor-top-column elementor-element elementor-element-e14cffe col-offset-none pxl-column-element-default pxl-column-overflow-hidden-no\" data-id=\"e14cffe\" data-element_type=\"column\">\r\n        <div class=\"elementor-widget-wrap elementor-element-populated\">\r\n                     \r\n        \t\t<div class=\"elementor-element elementor-element-7ef9e15 pxl-wg-bd-anm-no elementor-widget elementor-widget-pxl_heading\" data-id=\"7ef9e15\" data-element_type=\"widget\" data-widget_type=\"pxl_heading.default\">\n\t\t\t\t<div class=\"elementor-widget-container\">\n\t\t\t\t\t<div class=\"pxl-heading\">\n\t<div class=\"pxl-heading--inner\">\n\t\t\t\t<h3 class=\"pxl-item--title divider-none  \" data-wow-delay=\"ms\">\n\t\tCapacidad y confort del hotel\t\t\n\n\t\t<\/h3>\n\t\t\t<\/div>\n<\/div>\t\t\t\t<\/div>\n\t\t\t\t<\/div>\n\t\t\t\t<div class=\"elementor-element elementor-element-aa2c9d6 pxl-wg-bd-anm-no elementor-widget elementor-widget-pxl_text_editor\" data-id=\"aa2c9d6\" data-element_type=\"widget\" data-widget_type=\"pxl_text_editor.default\">\n\t\t\t\t<div class=\"elementor-widget-container\">\n\t\t\t\t\t<div class=\"pxl-text-editor \">\n\t<div class=\"pxl-item--inner \" data-wow-delay=\"ms\">\n\t\t<ul><li>Unas 30 habitaciones equipadas con todas las comodidades: Nuestro hotel dispone de unas 30 habitaciones, equipadas con todas las comodidades, y puede alojar hasta 55 personas. Adem\u00e1s, todas las habitaciones se han renovado por completo recientemente, ofreciendo un ambiente moderno y acogedor. El hotel no dispone de ascensor para acceder a las habitaciones de las dos plantas superiores.<\/li><\/ul>\t<\/div>\n<\/div>\t\t\t\t<\/div>\n\t\t\t\t<\/div>\n\t\t            <\/div>\r\n        <\/div>\r\n        \t\t\t<\/div>\n\t\t<\/section>\n\t\t        <section class=\"elementor-section elementor-top-section elementor-element elementor-element-b48620f elementor-section-stretched elementor-section-boxed elementor-section-height-default elementor-section-height-default pxl-section-overflow-hidden-no elementor-invisible pxl-elementor-animate\" data-id=\"b48620f\" data-element_type=\"section\" data-settings=\"{&quot;stretch_section&quot;:&quot;section-stretched&quot;,&quot;animation&quot;:&quot;fadeInUp&quot;,&quot;animation_delay&quot;:1500}\">\n\n                \n                <div class=\"elementor-container elementor-column-gap-extended \">\n                <div class=\"elementor-column elementor-col-100 elementor-top-column elementor-element elementor-element-88bddb7 col-offset-none pxl-column-element-default pxl-column-overflow-hidden-no\" data-id=\"88bddb7\" data-element_type=\"column\">\r\n        <div class=\"elementor-widget-wrap elementor-element-populated\">\r\n                     \r\n        \t\t<div class=\"elementor-element elementor-element-54765c4 pxl-wg-bd-anm-no elementor-widget elementor-widget-pxl_heading\" data-id=\"54765c4\" data-element_type=\"widget\" data-widget_type=\"pxl_heading.default\">\n\t\t\t\t<div class=\"elementor-widget-container\">\n\t\t\t\t\t<div class=\"pxl-heading\">\n\t<div class=\"pxl-heading--inner\">\n\t\t\t\t<h3 class=\"pxl-item--title divider-none  \" data-wow-delay=\"ms\">\n\t\tCaracter\u00edsticas generales del hotel\t\t\n\n\t\t<\/h3>\n\t\t\t<\/div>\n<\/div>\t\t\t\t<\/div>\n\t\t\t\t<\/div>\n\t\t\t\t<div class=\"elementor-element elementor-element-8dde67b pxl-wg-bd-anm-no elementor-widget elementor-widget-pxl_text_editor\" data-id=\"8dde67b\" data-element_type=\"widget\" data-widget_type=\"pxl_text_editor.default\">\n\t\t\t\t<div class=\"elementor-widget-container\">\n\t\t\t\t\t<div class=\"pxl-text-editor \">\n\t<div class=\"pxl-item--inner \" data-wow-delay=\"ms\">\n\t\t<ul><li>Varios tipos de habitaciones: Disponemos de 9 tipos de habitaciones diferentes para satisfacer todas las necesidades, incluida la opci\u00f3n de habitaciones familiares.<\/li><li>Servicios en las habitaciones: Todas las habitaciones est\u00e1n equipadas con aire acondicionado, WiFi, TV, caja fuerte y minibar.<\/li><li>Se aceptan animales: Damos la bienvenida a vuestros amigos de cuatro patas por un peque\u00f1o suplemento diario.<\/li><\/ul>\t<\/div>\n<\/div>\t\t\t\t<\/div>\n\t\t\t\t<\/div>\n\t\t            <\/div>\r\n        <\/div>\r\n        \t\t\t<\/div>\n\t\t<\/section>\n\t\t        <section class=\"elementor-section elementor-top-section elementor-element elementor-element-9c92fd7 elementor-section-stretched elementor-section-boxed elementor-section-height-default elementor-section-height-default pxl-section-overflow-hidden-no elementor-invisible pxl-elementor-animate\" data-id=\"9c92fd7\" data-element_type=\"section\" data-settings=\"{&quot;stretch_section&quot;:&quot;section-stretched&quot;,&quot;animation&quot;:&quot;fadeInUp&quot;,&quot;animation_delay&quot;:1500}\">\n\n                \n                <div class=\"elementor-container elementor-column-gap-extended \">\n                <div class=\"elementor-column elementor-col-100 elementor-top-column elementor-element elementor-element-3a07cf1 col-offset-none pxl-column-element-default pxl-column-overflow-hidden-no\" data-id=\"3a07cf1\" data-element_type=\"column\">\r\n        <div class=\"elementor-widget-wrap elementor-element-populated\">\r\n                     \r\n        \t\t<div class=\"elementor-element elementor-element-5b2d3ea pxl-wg-bd-anm-no elementor-widget elementor-widget-pxl_heading\" data-id=\"5b2d3ea\" data-element_type=\"widget\" data-widget_type=\"pxl_heading.default\">\n\t\t\t\t<div class=\"elementor-widget-container\">\n\t\t\t\t\t<div class=\"pxl-heading\">\n\t<div class=\"pxl-heading--inner\">\n\t\t\t\t<h3 class=\"pxl-item--title divider-none  \" data-wow-delay=\"ms\">\n\t\tAparcamiento y servicios para grupos\t\t\n\n\t\t<\/h3>\n\t\t\t<\/div>\n<\/div>\t\t\t\t<\/div>\n\t\t\t\t<\/div>\n\t\t\t\t<div class=\"elementor-element elementor-element-8e6bd48 pxl-wg-bd-anm-no elementor-widget elementor-widget-pxl_text_editor\" data-id=\"8e6bd48\" data-element_type=\"widget\" data-widget_type=\"pxl_text_editor.default\">\n\t\t\t\t<div class=\"elementor-widget-container\">\n\t\t\t\t\t<div class=\"pxl-text-editor \">\n\t<div class=\"pxl-item--inner \" data-wow-delay=\"ms\">\n\t\t<ul><li>Aparcamiento de autobuses: Para comodidad de los grupos organizados, ofrecemos un aparcamiento exclusivo para autobuses situado a unos 600 metros del hotel.<\/li><li>Servicio de traslado de equipajes gratuito: Para facilitar el transporte del equipaje, ofrecemos un servicio gratuito de traslado de equipajes de ida y vuelta al hotel desde el aparcamiento.<\/li><li>Traslado del conductor: Ofrecemos un servicio de traslado exclusivo para el conductor del autob\u00fas, garantizando comodidad y tranquilidad durante su estancia.<\/li><\/ul>\t<\/div>\n<\/div>\t\t\t\t<\/div>\n\t\t\t\t<\/div>\n\t\t            <\/div>\r\n        <\/div>\r\n        \t\t\t<\/div>\n\t\t<\/section>\n\t\t        <section class=\"elementor-section elementor-top-section elementor-element elementor-element-caec6d4 elementor-section-stretched elementor-section-boxed elementor-section-height-default elementor-section-height-default pxl-section-overflow-hidden-no elementor-invisible pxl-elementor-animate\" data-id=\"caec6d4\" data-element_type=\"section\" data-settings=\"{&quot;stretch_section&quot;:&quot;section-stretched&quot;,&quot;animation&quot;:&quot;fadeInUp&quot;,&quot;animation_delay&quot;:1500}\">\n\n                \n                <div class=\"elementor-container elementor-column-gap-extended \">\n                <div class=\"elementor-column elementor-col-100 elementor-top-column elementor-element elementor-element-39bfd62 col-offset-none pxl-column-element-default pxl-column-overflow-hidden-no\" data-id=\"39bfd62\" data-element_type=\"column\">\r\n        <div class=\"elementor-widget-wrap elementor-element-populated\">\r\n                     \r\n        \t\t<div class=\"elementor-element elementor-element-4e5c3f2 pxl-wg-bd-anm-no elementor-widget elementor-widget-pxl_heading\" data-id=\"4e5c3f2\" data-element_type=\"widget\" data-widget_type=\"pxl_heading.default\">\n\t\t\t\t<div class=\"elementor-widget-container\">\n\t\t\t\t\t<div class=\"pxl-heading\">\n\t<div class=\"pxl-heading--inner\">\n\t\t\t\t<h3 class=\"pxl-item--title divider-none  \" data-wow-delay=\"ms\">\n\t\tRestauraci\u00f3n y relax\t\t\n\n\t\t<\/h3>\n\t\t\t<\/div>\n<\/div>\t\t\t\t<\/div>\n\t\t\t\t<\/div>\n\t\t\t\t<div class=\"elementor-element elementor-element-7ba2adf pxl-wg-bd-anm-no elementor-widget elementor-widget-pxl_text_editor\" data-id=\"7ba2adf\" data-element_type=\"widget\" data-widget_type=\"pxl_text_editor.default\">\n\t\t\t\t<div class=\"elementor-widget-container\">\n\t\t\t\t\t<div class=\"pxl-text-editor \">\n\t<div class=\"pxl-item--inner \" data-wow-delay=\"ms\">\n\t\t<ul><li>Restaurante del Hotel Anna: Nuestro restaurante ofrece una experiencia gastron\u00f3mica \u00fanica, ya sea en la terraza exterior para las noches de verano o en nuestro acogedor comedor interior, ideal para las noches m\u00e1s frescas. Estamos abiertos para cenar, ofreciendo platos aut\u00e9nticos y delicias culinarias locales.<\/li><li>Lounge Bar: Nuestro lounge bar es perfecto para almuerzos ligeros y apetitosos, y ofrece un men\u00fa a la carta para deleitarse con c\u00f3cteles y aperitivos.<\/li><li>Comida para llevar: Tambi\u00e9n ofrecemos la posibilidad de preparar paquetes de comida para llevar previa petici\u00f3n, ideales para sus excursiones de un d\u00eda.<\/li><li>Veladas tem\u00e1ticas y de entretenimiento: Organizamos veladas de entretenimiento y tem\u00e1ticas, con degustaci\u00f3n de vinos y platos tradicionales de Elba, para vivir una aut\u00e9ntica experiencia cultural y culinaria.<\/li><\/ul>\t<\/div>\n<\/div>\t\t\t\t<\/div>\n\t\t\t\t<\/div>\n\t\t            <\/div>\r\n        <\/div>\r\n        \t\t\t<\/div>\n\t\t<\/section>\n\t\t        <section class=\"elementor-section elementor-top-section elementor-element elementor-element-904e452 elementor-section-stretched elementor-section-boxed elementor-section-height-default elementor-section-height-default pxl-section-overflow-hidden-no elementor-invisible pxl-elementor-animate\" data-id=\"904e452\" data-element_type=\"section\" data-settings=\"{&quot;stretch_section&quot;:&quot;section-stretched&quot;,&quot;animation&quot;:&quot;fadeInUp&quot;,&quot;animation_delay&quot;:1500}\">\n\n                \n                <div class=\"elementor-container elementor-column-gap-extended \">\n                <div class=\"elementor-column elementor-col-100 elementor-top-column elementor-element elementor-element-e0d4ea9 col-offset-none pxl-column-element-default pxl-column-overflow-hidden-no\" data-id=\"e0d4ea9\" data-element_type=\"column\">\r\n        <div class=\"elementor-widget-wrap elementor-element-populated\">\r\n                     \r\n        \t\t<div class=\"elementor-element elementor-element-f8c1251 pxl-wg-bd-anm-no elementor-widget elementor-widget-pxl_heading\" data-id=\"f8c1251\" data-element_type=\"widget\" data-widget_type=\"pxl_heading.default\">\n\t\t\t\t<div class=\"elementor-widget-container\">\n\t\t\t\t\t<div class=\"pxl-heading\">\n\t<div class=\"pxl-heading--inner\">\n\t\t\t\t<h3 class=\"pxl-item--title divider-none  \" data-wow-delay=\"ms\">\n\t\tPersonaliza la estancia de tus hu\u00e9spedes\t\t\n\n\t\t<\/h3>\n\t\t\t<\/div>\n<\/div>\t\t\t\t<\/div>\n\t\t\t\t<\/div>\n\t\t\t\t<div class=\"elementor-element elementor-element-e6221b3 pxl-wg-bd-anm-no elementor-widget elementor-widget-pxl_text_editor\" data-id=\"e6221b3\" data-element_type=\"widget\" data-widget_type=\"pxl_text_editor.default\">\n\t\t\t\t<div class=\"elementor-widget-container\">\n\t\t\t\t\t<div class=\"pxl-text-editor \">\n\t<div class=\"pxl-item--inner \" data-wow-delay=\"ms\">\n\t\t<ul><li>Cont\u00e1ctanos para recibir las mejores ofertas: Para recibir las mejores ofertas y posibilidades de personalizar la estancia de tus hu\u00e9spedes, cont\u00e1ctanos. Estamos dispuestos a satisfacer todas tus necesidades para garantizarte una experiencia inolvidable.<\/li><\/ul>\t<\/div>\n<\/div>\t\t\t\t<\/div>\n\t\t\t\t<\/div>\n\t\t            <\/div>\r\n        <\/div>\r\n        \t\t\t<\/div>\n\t\t<\/section>\n\t\t        <section class=\"elementor-section elementor-top-section elementor-element elementor-element-399d329 elementor-section-stretched elementor-section-boxed elementor-section-height-default elementor-section-height-default pxl-section-overflow-hidden-no elementor-invisible pxl-elementor-animate\" data-id=\"399d329\" data-element_type=\"section\" data-settings=\"{&quot;stretch_section&quot;:&quot;section-stretched&quot;,&quot;animation&quot;:&quot;fadeInUp&quot;,&quot;animation_delay&quot;:1500}\">\n\n                \n                <div class=\"elementor-container elementor-column-gap-extended \">\n                <div class=\"elementor-column elementor-col-100 elementor-top-column elementor-element elementor-element-26f217c col-offset-none pxl-column-element-default pxl-column-overflow-hidden-no\" data-id=\"26f217c\" data-element_type=\"column\">\r\n        <div class=\"elementor-widget-wrap elementor-element-populated\">\r\n                     \r\n        \t\t<div class=\"elementor-element elementor-element-59672f5 pxl-wg-bd-anm-no elementor-widget elementor-widget-pxl_text_editor\" data-id=\"59672f5\" data-element_type=\"widget\" data-widget_type=\"pxl_text_editor.default\">\n\t\t\t\t<div class=\"elementor-widget-container\">\n\t\t\t\t\t<div class=\"pxl-text-editor \">\n\t<div class=\"pxl-item--inner \" data-wow-delay=\"ms\">\n\t\t<h6>Para informaci\u00f3n y solicitudes, escribir a:<a href=\"mailto:anna@fetovaia.it\"> anna@fetovaia.it<\/a>o cont\u00e1ctanos por tel\u00e9fono.<\/h6>\t<\/div>\n<\/div>\t\t\t\t<\/div>\n\t\t\t\t<\/div>\n\t\t            <\/div>\r\n        <\/div>\r\n        \t\t\t<\/div>\n\t\t<\/section>\n\t\t        <section class=\"elementor-section elementor-top-section elementor-element elementor-element-0fbe74e elementor-section-stretched elementor-section-boxed elementor-section-height-default elementor-section-height-default pxl-section-overflow-hidden-no elementor-invisible pxl-elementor-animate\" data-id=\"0fbe74e\" data-element_type=\"section\" data-settings=\"{&quot;stretch_section&quot;:&quot;section-stretched&quot;,&quot;animation&quot;:&quot;fadeInUp&quot;,&quot;animation_delay&quot;:1500}\">\n\n                \n                <div class=\"elementor-container elementor-column-gap-extended \">\n                <div class=\"elementor-column elementor-col-100 elementor-top-column elementor-element elementor-element-02de189 col-offset-none pxl-column-element-default pxl-column-overflow-hidden-no\" data-id=\"02de189\" data-element_type=\"column\">\r\n        <div class=\"elementor-widget-wrap elementor-element-populated\">\r\n                     \r\n        \t\t<div class=\"elementor-element elementor-element-790f415 pxl-wg-bd-anm-no elementor-widget elementor-widget-pxl_text_editor\" data-id=\"790f415\" data-element_type=\"widget\" data-widget_type=\"pxl_text_editor.default\">\n\t\t\t\t<div class=\"elementor-widget-container\">\n\t\t\t\t\t<div class=\"pxl-text-editor \">\n\t<div class=\"pxl-item--inner \" data-wow-delay=\"ms\">\n\t\t<h5><em>El Hotel Anna es el lugar ideal para vuestros grupos organizados, ya que ofrece una experiencia vacacional inolvidable en uno de los lugares m\u00e1s pintorescos de la isla de Elba.<\/em><\/h5>\t<\/div>\n<\/div>\t\t\t\t<\/div>\n\t\t\t\t<\/div>\n\t\t            <\/div>\r\n        <\/div>\r\n        \t\t\t<\/div>\n\t\t<\/section>\n\t\t\t\t<\/div>\n\t\t","protected":false},"excerpt":{"rendered":"<p>Hotel Anna Grupos y eventos Hotel Anna: La opci\u00f3n ideal para acoger a grupos organizados El Hotel Anna, situado en la encantadora isla de Elba, es el destino perfecto para agencias de turismo, operadores tur\u00edsticos y organizaciones que deseen ofrecer a sus clientes una estancia \u00fanica e inolvidable. Estrat\u00e9gicamente situado a s\u00f3lo 25 km de [&hellip;]<\/p>\n","protected":false},"author":1,"featured_media":0,"parent":0,"menu_order":0,"comment_status":"closed","ping_status":"closed","template":"","meta":{"footnotes":""},"class_list":["post-6896","page","type-page","status-publish","hentry"],"yoast_head":"<!-- This site is optimized with the Yoast SEO plugin v26.6 - https:\/\/yoast.com\/wordpress\/plugins\/seo\/ -->\n<title>Grupos y eventos - Hotel Anna Isola d&#039;Elba<\/title>\n<meta name=\"description\" content=\"Celebra tus eventos especiales en el Hotel Anna. Ofrecemos espacios y servicios para grupos, garantizando una experiencia inolvidable.\" \/>\n<meta name=\"robots\" content=\"index, follow, max-snippet:-1, max-image-preview:large, max-video-preview:-1\" \/>\n<link rel=\"canonical\" href=\"https:\/\/www.hotelannaisoladelba.it\/es\/grupos-y-eventos\/\" \/>\n<meta property=\"og:locale\" content=\"es_ES\" \/>\n<meta property=\"og:type\" content=\"article\" \/>\n<meta property=\"og:title\" content=\"Grupos y eventos - Hotel Anna Isola d&#039;Elba\" \/>\n<meta property=\"og:description\" content=\"Celebra tus eventos especiales en el Hotel Anna. Ofrecemos espacios y servicios para grupos, garantizando una experiencia inolvidable.\" \/>\n<meta property=\"og:url\" content=\"https:\/\/www.hotelannaisoladelba.it\/es\/grupos-y-eventos\/\" \/>\n<meta property=\"og:site_name\" content=\"Hotel Anna Isola d&#039;Elba\" \/>\n<meta property=\"article:publisher\" content=\"https:\/\/www.facebook.com\/AnnaHotelIsolaElba\" \/>\n<meta property=\"article:modified_time\" content=\"2025-08-05T17:04:49+00:00\" \/>\n<meta property=\"og:image\" content=\"https:\/\/www.hotelannaisoladelba.it\/wp-content\/uploads\/2023\/11\/logo-orizzonale.png\" \/>\n\t<meta property=\"og:image:width\" content=\"600\" \/>\n\t<meta property=\"og:image:height\" content=\"213\" \/>\n\t<meta property=\"og:image:type\" content=\"image\/png\" \/>\n<meta name=\"twitter:card\" content=\"summary_large_image\" \/>\n<meta name=\"twitter:label1\" content=\"Tiempo de lectura\" \/>\n\t<meta name=\"twitter:data1\" content=\"3 minutos\" \/>\n<script type=\"application\/ld+json\" class=\"yoast-schema-graph\">{\"@context\":\"https:\/\/schema.org\",\"@graph\":[{\"@type\":\"WebPage\",\"@id\":\"https:\/\/www.hotelannaisoladelba.it\/es\/grupos-y-eventos\/\",\"url\":\"https:\/\/www.hotelannaisoladelba.it\/es\/grupos-y-eventos\/\",\"name\":\"Grupos y eventos - Hotel Anna Isola d&#039;Elba\",\"isPartOf\":{\"@id\":\"https:\/\/www.hotelannaisoladelba.it\/#website\"},\"datePublished\":\"2023-12-14T15:58:46+00:00\",\"dateModified\":\"2025-08-05T17:04:49+00:00\",\"description\":\"Celebra tus eventos especiales en el Hotel Anna. Ofrecemos espacios y servicios para grupos, garantizando una experiencia inolvidable.\",\"breadcrumb\":{\"@id\":\"https:\/\/www.hotelannaisoladelba.it\/es\/grupos-y-eventos\/#breadcrumb\"},\"inLanguage\":\"es\",\"potentialAction\":[{\"@type\":\"ReadAction\",\"target\":[\"https:\/\/www.hotelannaisoladelba.it\/es\/grupos-y-eventos\/\"]}]},{\"@type\":\"BreadcrumbList\",\"@id\":\"https:\/\/www.hotelannaisoladelba.it\/es\/grupos-y-eventos\/#breadcrumb\",\"itemListElement\":[{\"@type\":\"ListItem\",\"position\":1,\"name\":\"Home\",\"item\":\"https:\/\/www.hotelannaisoladelba.it\/\"},{\"@type\":\"ListItem\",\"position\":2,\"name\":\"Grupos y eventos\"}]},{\"@type\":\"WebSite\",\"@id\":\"https:\/\/www.hotelannaisoladelba.it\/#website\",\"url\":\"https:\/\/www.hotelannaisoladelba.it\/\",\"name\":\"Hotel Anna Isola d'Elba\",\"description\":\"Albergo a conduzione familiare vicino alla spiaggia di Fetovaia all&#039;Isola d&#039;Elba\",\"publisher\":{\"@id\":\"https:\/\/www.hotelannaisoladelba.it\/#organization\"},\"potentialAction\":[{\"@type\":\"SearchAction\",\"target\":{\"@type\":\"EntryPoint\",\"urlTemplate\":\"https:\/\/www.hotelannaisoladelba.it\/?s={search_term_string}\"},\"query-input\":{\"@type\":\"PropertyValueSpecification\",\"valueRequired\":true,\"valueName\":\"search_term_string\"}}],\"inLanguage\":\"es\"},{\"@type\":\"Organization\",\"@id\":\"https:\/\/www.hotelannaisoladelba.it\/#organization\",\"name\":\"Hotel Anna Isola d'Elba\",\"url\":\"https:\/\/www.hotelannaisoladelba.it\/\",\"logo\":{\"@type\":\"ImageObject\",\"inLanguage\":\"es\",\"@id\":\"https:\/\/www.hotelannaisoladelba.it\/#\/schema\/logo\/image\/\",\"url\":\"https:\/\/www.hotelannaisoladelba.it\/wp-content\/uploads\/2023\/11\/logo-orizzonale.png\",\"contentUrl\":\"https:\/\/www.hotelannaisoladelba.it\/wp-content\/uploads\/2023\/11\/logo-orizzonale.png\",\"width\":600,\"height\":213,\"caption\":\"Hotel Anna Isola d'Elba\"},\"image\":{\"@id\":\"https:\/\/www.hotelannaisoladelba.it\/#\/schema\/logo\/image\/\"},\"sameAs\":[\"https:\/\/www.facebook.com\/AnnaHotelIsolaElba\"]}]}<\/script>\n<!-- \/ Yoast SEO plugin. -->","yoast_head_json":{"title":"Grupos y eventos - Hotel Anna Isola d&#039;Elba","description":"Celebra tus eventos especiales en el Hotel Anna. Ofrecemos espacios y servicios para grupos, garantizando una experiencia inolvidable.","robots":{"index":"index","follow":"follow","max-snippet":"max-snippet:-1","max-image-preview":"max-image-preview:large","max-video-preview":"max-video-preview:-1"},"canonical":"https:\/\/www.hotelannaisoladelba.it\/es\/grupos-y-eventos\/","og_locale":"es_ES","og_type":"article","og_title":"Grupos y eventos - Hotel Anna Isola d&#039;Elba","og_description":"Celebra tus eventos especiales en el Hotel Anna. Ofrecemos espacios y servicios para grupos, garantizando una experiencia inolvidable.","og_url":"https:\/\/www.hotelannaisoladelba.it\/es\/grupos-y-eventos\/","og_site_name":"Hotel Anna Isola d&#039;Elba","article_publisher":"https:\/\/www.facebook.com\/AnnaHotelIsolaElba","article_modified_time":"2025-08-05T17:04:49+00:00","og_image":[{"width":600,"height":213,"url":"https:\/\/www.hotelannaisoladelba.it\/wp-content\/uploads\/2023\/11\/logo-orizzonale.png","type":"image\/png"}],"twitter_card":"summary_large_image","twitter_misc":{"Tiempo de lectura":"3 minutos"},"schema":{"@context":"https:\/\/schema.org","@graph":[{"@type":"WebPage","@id":"https:\/\/www.hotelannaisoladelba.it\/es\/grupos-y-eventos\/","url":"https:\/\/www.hotelannaisoladelba.it\/es\/grupos-y-eventos\/","name":"Grupos y eventos - Hotel Anna Isola d&#039;Elba","isPartOf":{"@id":"https:\/\/www.hotelannaisoladelba.it\/#website"},"datePublished":"2023-12-14T15:58:46+00:00","dateModified":"2025-08-05T17:04:49+00:00","description":"Celebra tus eventos especiales en el Hotel Anna. Ofrecemos espacios y servicios para grupos, garantizando una experiencia inolvidable.","breadcrumb":{"@id":"https:\/\/www.hotelannaisoladelba.it\/es\/grupos-y-eventos\/#breadcrumb"},"inLanguage":"es","potentialAction":[{"@type":"ReadAction","target":["https:\/\/www.hotelannaisoladelba.it\/es\/grupos-y-eventos\/"]}]},{"@type":"BreadcrumbList","@id":"https:\/\/www.hotelannaisoladelba.it\/es\/grupos-y-eventos\/#breadcrumb","itemListElement":[{"@type":"ListItem","position":1,"name":"Home","item":"https:\/\/www.hotelannaisoladelba.it\/"},{"@type":"ListItem","position":2,"name":"Grupos y eventos"}]},{"@type":"WebSite","@id":"https:\/\/www.hotelannaisoladelba.it\/#website","url":"https:\/\/www.hotelannaisoladelba.it\/","name":"Hotel Anna Isola d'Elba","description":"Albergo a conduzione familiare vicino alla spiaggia di Fetovaia all&#039;Isola d&#039;Elba","publisher":{"@id":"https:\/\/www.hotelannaisoladelba.it\/#organization"},"potentialAction":[{"@type":"SearchAction","target":{"@type":"EntryPoint","urlTemplate":"https:\/\/www.hotelannaisoladelba.it\/?s={search_term_string}"},"query-input":{"@type":"PropertyValueSpecification","valueRequired":true,"valueName":"search_term_string"}}],"inLanguage":"es"},{"@type":"Organization","@id":"https:\/\/www.hotelannaisoladelba.it\/#organization","name":"Hotel Anna Isola d'Elba","url":"https:\/\/www.hotelannaisoladelba.it\/","logo":{"@type":"ImageObject","inLanguage":"es","@id":"https:\/\/www.hotelannaisoladelba.it\/#\/schema\/logo\/image\/","url":"https:\/\/www.hotelannaisoladelba.it\/wp-content\/uploads\/2023\/11\/logo-orizzonale.png","contentUrl":"https:\/\/www.hotelannaisoladelba.it\/wp-content\/uploads\/2023\/11\/logo-orizzonale.png","width":600,"height":213,"caption":"Hotel Anna Isola d'Elba"},"image":{"@id":"https:\/\/www.hotelannaisoladelba.it\/#\/schema\/logo\/image\/"},"sameAs":["https:\/\/www.facebook.com\/AnnaHotelIsolaElba"]}]}},"_links":{"self":[{"href":"https:\/\/www.hotelannaisoladelba.it\/es\/wp-json\/wp\/v2\/pages\/6896","targetHints":{"allow":["GET"]}}],"collection":[{"href":"https:\/\/www.hotelannaisoladelba.it\/es\/wp-json\/wp\/v2\/pages"}],"about":[{"href":"https:\/\/www.hotelannaisoladelba.it\/es\/wp-json\/wp\/v2\/types\/page"}],"author":[{"embeddable":true,"href":"https:\/\/www.hotelannaisoladelba.it\/es\/wp-json\/wp\/v2\/users\/1"}],"replies":[{"embeddable":true,"href":"https:\/\/www.hotelannaisoladelba.it\/es\/wp-json\/wp\/v2\/comments?post=6896"}],"version-history":[{"count":5,"href":"https:\/\/www.hotelannaisoladelba.it\/es\/wp-json\/wp\/v2\/pages\/6896\/revisions"}],"predecessor-version":[{"id":9610,"href":"https:\/\/www.hotelannaisoladelba.it\/es\/wp-json\/wp\/v2\/pages\/6896\/revisions\/9610"}],"wp:attachment":[{"href":"https:\/\/www.hotelannaisoladelba.it\/es\/wp-json\/wp\/v2\/media?parent=6896"}],"curies":[{"name":"wp","href":"https:\/\/api.w.org\/{rel}","templated":true}]}}