{"id":6445,"date":"2023-12-14T12:56:21","date_gmt":"2023-12-14T11:56:21","guid":{"rendered":"https:\/\/www.hotelannaisoladelba.it\/experience\/spiagge\/"},"modified":"2025-08-04T15:58:54","modified_gmt":"2025-08-04T13:58:54","slug":"playas","status":"publish","type":"page","link":"https:\/\/www.hotelannaisoladelba.it\/es\/experience\/playas\/","title":{"rendered":"Playas de la Costa del Sol"},"content":{"rendered":"\t\t<div data-elementor-type=\"wp-page\" data-elementor-id=\"6445\" class=\"elementor elementor-6445 elementor-6215\" data-elementor-post-type=\"page\">\n\t\t\t\t        <section class=\"elementor-section elementor-top-section elementor-element elementor-element-5feadf2 elementor-section-full_width elementor-section-height-full elementor-section-height-default elementor-section-items-middle pxl-section-offset-none pxl-section-overflow-hidden-no\" data-id=\"5feadf2\" data-element_type=\"section\" data-settings=\"{&quot;background_background&quot;:&quot;video&quot;,&quot;background_video_link&quot;:&quot;https:\\\/\\\/www.hotelannaisoladelba.it\\\/wp-content\\\/uploads\\\/2023\\\/12\\\/SPIAGGE.mp4&quot;,&quot;background_play_on_mobile&quot;:&quot;yes&quot;}\">\n\n                                <div class=\"elementor-background-video-container\">\n                                            <video class=\"elementor-background-video-hosted elementor-html5-video\" autoplay muted playsinline loop><\/video>\n                                    <\/div>\n                \n                <div class=\"elementor-container elementor-column-gap-no \">\n                <div class=\"elementor-column elementor-col-100 elementor-top-column elementor-element elementor-element-74dc193 col-offset-none pxl-column-element-default pxl-column-overflow-hidden-no\" data-id=\"74dc193\" data-element_type=\"column\">\r\n        <div class=\"elementor-widget-wrap elementor-element-populated\">\r\n                     \r\n        \t\t<div class=\"elementor-element elementor-element-b5f7b47 pxl-wg-bd-anm-no elementor-widget elementor-widget-text-editor\" data-id=\"b5f7b47\" data-element_type=\"widget\" data-widget_type=\"text-editor.default\">\n\t\t\t\t<div class=\"elementor-widget-container\">\n\t\t\t\t\t\t\t\t\t<h1 style=\"text-align: left;\">Playas de la Costa del Sol<\/h1>\n<h2>Isla de Elba<\/h2>\t\t\t\t\t\t\t\t<\/div>\n\t\t\t\t<\/div>\n\t\t            <\/div>\r\n        <\/div>\r\n        \t\t\t<\/div>\n\t\t<\/section>\n\t\t        <section class=\"elementor-section elementor-top-section elementor-element elementor-element-15a1c80 elementor-section-stretched elementor-section-boxed elementor-section-height-default elementor-section-height-default pxl-section-overflow-hidden-no\" data-id=\"15a1c80\" data-element_type=\"section\" data-settings=\"{&quot;stretch_section&quot;:&quot;section-stretched&quot;,&quot;background_background&quot;:&quot;classic&quot;}\">\n\n                \n                <div class=\"elementor-container elementor-column-gap-extended \">\n                <div class=\"elementor-column elementor-col-50 elementor-top-column elementor-element elementor-element-b9bf0dc col-offset-none pxl-column-element-default pxl-column-overflow-hidden-no\" data-id=\"b9bf0dc\" data-element_type=\"column\">\r\n        <div class=\"elementor-widget-wrap elementor-element-populated\">\r\n                     \r\n        \t\t<div class=\"elementor-element elementor-element-f332ad0 elementor-widget__width-auto elementor-widget-tablet__width-initial pxl-wg-bd-anm-no elementor-widget elementor-widget-pxl_image_parallax\" data-id=\"f332ad0\" data-element_type=\"widget\" data-widget_type=\"pxl_image_parallax.default\">\n\t\t\t\t<div class=\"elementor-widget-container\">\n\t\t\t\t\t<div id=\"pxl_image_parallax-f332ad0-4344\" class=\"pxl-image-wg\" data-parallax=\"{&quot;y&quot;:&quot;-50&quot;}\" data-wow-delay=\"ms\">\n\t\t<img fetchpriority=\"high\" decoding=\"async\" width=\"1280\" height=\"720\" src=\"https:\/\/www.hotelannaisoladelba.it\/wp-content\/uploads\/2023\/11\/box-spiagge.jpg\" class=\"attachment-full size-full wp-image-5930\" alt=\"Veduta aerea panoramica di Fetovaia sull&#039;Isola d&#039;Elba, che mostra la sua caratteristica insenatura, la forma della spiaggia a mezzaluna, il mare turchese e la spiaggia sabbiosa circondata da una fitta pineta.\" srcset=\"https:\/\/www.hotelannaisoladelba.it\/wp-content\/uploads\/2023\/11\/box-spiagge.jpg 1280w, https:\/\/www.hotelannaisoladelba.it\/wp-content\/uploads\/2023\/11\/box-spiagge-600x338.jpg 600w, https:\/\/www.hotelannaisoladelba.it\/wp-content\/uploads\/2023\/11\/box-spiagge-1200x675.jpg 1200w, https:\/\/www.hotelannaisoladelba.it\/wp-content\/uploads\/2023\/11\/box-spiagge-768x432.jpg 768w, https:\/\/www.hotelannaisoladelba.it\/wp-content\/uploads\/2023\/11\/box-spiagge-1170x658.jpg 1170w\" sizes=\"(max-width: 1280px) 100vw, 1280px\" \/>\t<\/div>\n\t\t\t\t<\/div>\n\t\t\t\t<\/div>\n\t\t            <\/div>\r\n        <\/div>\r\n                <div class=\"elementor-column elementor-col-50 elementor-top-column elementor-element elementor-element-7974968 col-offset-none pxl-column-element-default pxl-column-overflow-hidden-no\" data-id=\"7974968\" data-element_type=\"column\">\r\n        <div class=\"elementor-widget-wrap elementor-element-populated\">\r\n                     \r\n        \t\t<div class=\"elementor-element elementor-element-20fa3d5 pxl-wg-bd-anm-no elementor-widget elementor-widget-pxl_heading\" data-id=\"20fa3d5\" data-element_type=\"widget\" data-widget_type=\"pxl_heading.default\">\n\t\t\t\t<div class=\"elementor-widget-container\">\n\t\t\t\t\t<div class=\"pxl-heading\">\n\t<div class=\"pxl-heading--inner\">\n\t\t\t\t<h2 class=\"pxl-item--title divider-right  \" data-wow-delay=\"ms\">\n\t\tBesadas por el sol: las playas cercanas al Hotel Anna\t\t\n\n\t\t<\/h2>\n\t\t\t<\/div>\n<\/div>\t\t\t\t<\/div>\n\t\t\t\t<\/div>\n\t\t\t\t<div class=\"elementor-element elementor-element-507db21 pxl-wg-bd-anm-no elementor-widget elementor-widget-pxl_text_editor\" data-id=\"507db21\" data-element_type=\"widget\" data-widget_type=\"pxl_text_editor.default\">\n\t\t\t\t<div class=\"elementor-widget-container\">\n\t\t\t\t\t<div class=\"pxl-text-editor \">\n\t<div class=\"pxl-item--inner \" data-wow-delay=\"ms\">\n\t\t<p>El Hotel Anna te ofrece la oportunidad de pasar unos regenerantes d\u00edas de playa en algunas de las playas m\u00e1s fascinantes de la isla de Elba.<\/p><p>De hecho, Fetovaia se encuentra a lo largo de la carretera llamada \u00abCosta del Sole\u00bb, un sugerente tramo de costa lleno de calas, acantilados a pique con vistas al mar y maravillosas playas doradas que se extienden desde Sant &#8216;Andrea hasta Cavoli: playas con establecimientos balnearios que ofrecen comodidades y servicios, y playas y acantilados m\u00e1s \u00absalvajes\u00bb, perfectos para aquellos que desean una experiencia m\u00e1s salvaje y aut\u00e9ntica, inmersos en la belleza natural de la isla de Elba.<\/p>\t<\/div>\n<\/div>\t\t\t\t<\/div>\n\t\t\t\t<\/div>\n\t\t            <\/div>\r\n        <\/div>\r\n        \t\t\t<\/div>\n\t\t<\/section>\n\t\t        <section class=\"elementor-section elementor-top-section elementor-element elementor-element-f048ea8 elementor-section-stretched elementor-section-boxed elementor-section-height-default elementor-section-height-default pxl-section-overflow-hidden-no\" data-id=\"f048ea8\" data-element_type=\"section\" data-settings=\"{&quot;stretch_section&quot;:&quot;section-stretched&quot;,&quot;background_background&quot;:&quot;classic&quot;}\">\n\n                \n                <div class=\"elementor-container elementor-column-gap-extended \">\n                <div class=\"elementor-column elementor-col-50 elementor-top-column elementor-element elementor-element-355a04f col-offset-none pxl-column-element-default pxl-column-overflow-hidden-no\" data-id=\"355a04f\" data-element_type=\"column\">\r\n        <div class=\"elementor-widget-wrap elementor-element-populated\">\r\n                     \r\n        \t\t<div class=\"elementor-element elementor-element-716149f pxl-wg-bd-anm-no elementor-widget elementor-widget-pxl_heading\" data-id=\"716149f\" data-element_type=\"widget\" data-widget_type=\"pxl_heading.default\">\n\t\t\t\t<div class=\"elementor-widget-container\">\n\t\t\t\t\t<div class=\"pxl-heading\">\n\t<div class=\"pxl-heading--inner\">\n\t\t\t\t<h2 class=\"pxl-item--title divider-right  \" data-wow-delay=\"ms\">\n\t\tPlaya de Fetovaia \t\t\n\n\t\t<\/h2>\n\t\t\t<\/div>\n<\/div>\t\t\t\t<\/div>\n\t\t\t\t<\/div>\n\t\t\t\t<div class=\"elementor-element elementor-element-c164b57 pxl-wg-bd-anm-no elementor-widget elementor-widget-pxl_text_editor\" data-id=\"c164b57\" data-element_type=\"widget\" data-widget_type=\"pxl_text_editor.default\">\n\t\t\t\t<div class=\"elementor-widget-container\">\n\t\t\t\t\t<div class=\"pxl-text-editor \">\n\t<div class=\"pxl-item--inner \" data-wow-delay=\"ms\">\n\t\t<p>Un corto paseo por un sendero te llevar\u00e1 a esta perla de arena dorada fin\u00edsima y de aguas turquesas. Graciasa la colaboraci\u00f3n del Hotel Anna con los establecimientos balnearios asociados en la playa de Fetovaia, tendr\u00e1s acceso privilegiado a un mundo de comodidades y servicios.<\/p><p>Un lugar perfecto para relajarte y disfrutar del verano al m\u00e1ximo, a pocos pasos de tu habitaci\u00f3n de hotel.<\/p><p><strong>Fetovaia Pantarei beach<\/strong><\/p><ul><li>Bruno tel. 339\/3670793<\/li><\/ul><p><strong>Punto Azul Arco\u00edris<\/strong><br \/>Si buscas una soluci\u00f3n m\u00e1s flexible, ponte en contacto con Silvio para alquilar y colocar la sombrilla a su llegada a la playa.<\/p><ul><li>Silvio tel. 392\/9248310<\/li><\/ul><p><strong>Balneario Barbatoja<\/strong><\/p><ul><li>tel. 335\/5688611<\/li><\/ul>\t<\/div>\n<\/div>\t\t\t\t<\/div>\n\t\t\t\t<\/div>\n\t\t            <\/div>\r\n        <\/div>\r\n                <div class=\"elementor-column elementor-col-50 elementor-top-column elementor-element elementor-element-248c0c3 col-offset-none pxl-column-element-default pxl-column-overflow-hidden-no\" data-id=\"248c0c3\" data-element_type=\"column\">\r\n        <div class=\"elementor-widget-wrap elementor-element-populated\">\r\n                     \r\n        \t\t<div class=\"elementor-element elementor-element-7cf1fa6 elementor-widget__width-auto elementor-widget-tablet__width-initial pxl-wg-bd-anm-no elementor-widget elementor-widget-pxl_image_parallax\" data-id=\"7cf1fa6\" data-element_type=\"widget\" data-widget_type=\"pxl_image_parallax.default\">\n\t\t\t\t<div class=\"elementor-widget-container\">\n\t\t\t\t\t<div id=\"pxl_image_parallax-7cf1fa6-5074\" class=\"pxl-image-wg\" data-parallax=\"{&quot;y&quot;:&quot;-50&quot;}\" data-wow-delay=\"ms\">\n\t\t<img decoding=\"async\" width=\"1920\" height=\"1280\" src=\"https:\/\/www.hotelannaisoladelba.it\/wp-content\/uploads\/2023\/09\/Spiaggia3.jpg\" class=\"attachment-full size-full wp-image-2618\" alt=\"Veduta della Spiaggia di Fetovaia all&#039;Isola d&#039;Elba, che mostra numerose file ordinate di ombrelloni azzurri con dettagli gialli e lettini arancioni sulla sabbia chiara, bagnanti nel mare calmo e cristallino e barche a vela ancorate nella baia.\" srcset=\"https:\/\/www.hotelannaisoladelba.it\/wp-content\/uploads\/2023\/09\/Spiaggia3.jpg 1920w, https:\/\/www.hotelannaisoladelba.it\/wp-content\/uploads\/2023\/09\/Spiaggia3-300x200.jpg 300w, https:\/\/www.hotelannaisoladelba.it\/wp-content\/uploads\/2023\/09\/Spiaggia3-1024x683.jpg 1024w, https:\/\/www.hotelannaisoladelba.it\/wp-content\/uploads\/2023\/09\/Spiaggia3-768x512.jpg 768w, https:\/\/www.hotelannaisoladelba.it\/wp-content\/uploads\/2023\/09\/Spiaggia3-1536x1024.jpg 1536w, https:\/\/www.hotelannaisoladelba.it\/wp-content\/uploads\/2023\/09\/Spiaggia3-1065x710.jpg 1065w\" sizes=\"(max-width: 1920px) 100vw, 1920px\" \/>\t<\/div>\n\t\t\t\t<\/div>\n\t\t\t\t<\/div>\n\t\t            <\/div>\r\n        <\/div>\r\n        \t\t\t<\/div>\n\t\t<\/section>\n\t\t        <section class=\"elementor-section elementor-top-section elementor-element elementor-element-7e5e25e elementor-section-stretched elementor-section-boxed elementor-section-height-default elementor-section-height-default pxl-section-overflow-hidden-no\" data-id=\"7e5e25e\" data-element_type=\"section\" data-settings=\"{&quot;stretch_section&quot;:&quot;section-stretched&quot;,&quot;background_background&quot;:&quot;classic&quot;}\">\n\n                \n                <div class=\"elementor-container elementor-column-gap-extended \">\n                <div class=\"elementor-column elementor-col-50 elementor-top-column elementor-element elementor-element-f29d86b col-offset-none pxl-column-element-default pxl-column-overflow-hidden-no\" data-id=\"f29d86b\" data-element_type=\"column\">\r\n        <div class=\"elementor-widget-wrap elementor-element-populated\">\r\n                     \r\n        \t\t<div class=\"elementor-element elementor-element-2951409 elementor-widget__width-auto elementor-widget-tablet__width-initial pxl-wg-bd-anm-no elementor-widget elementor-widget-pxl_image_parallax\" data-id=\"2951409\" data-element_type=\"widget\" data-widget_type=\"pxl_image_parallax.default\">\n\t\t\t\t<div class=\"elementor-widget-container\">\n\t\t\t\t\t<div id=\"pxl_image_parallax-2951409-7926\" class=\"pxl-image-wg\" data-parallax=\"{&quot;y&quot;:&quot;-50&quot;}\" data-wow-delay=\"ms\">\n\t\t<img decoding=\"async\" width=\"1920\" height=\"1438\" src=\"https:\/\/www.hotelannaisoladelba.it\/wp-content\/uploads\/2023\/12\/SECCHETO-1.jpg\" class=\"attachment-full size-full wp-image-6244\" alt=\"Veduta aerea panoramica della costa vicino a Seccheto all&#039;Isola d&#039;Elba, che mostra il borgo arroccato sulla collina verdeggiante, le insenature rocciose e il mare cristallino dalle sfumature turchesi e blu intenso.\" srcset=\"https:\/\/www.hotelannaisoladelba.it\/wp-content\/uploads\/2023\/12\/SECCHETO-1.jpg 1920w, https:\/\/www.hotelannaisoladelba.it\/wp-content\/uploads\/2023\/12\/SECCHETO-1-600x449.jpg 600w, https:\/\/www.hotelannaisoladelba.it\/wp-content\/uploads\/2023\/12\/SECCHETO-1-1200x899.jpg 1200w, https:\/\/www.hotelannaisoladelba.it\/wp-content\/uploads\/2023\/12\/SECCHETO-1-768x575.jpg 768w, https:\/\/www.hotelannaisoladelba.it\/wp-content\/uploads\/2023\/12\/SECCHETO-1-1536x1150.jpg 1536w, https:\/\/www.hotelannaisoladelba.it\/wp-content\/uploads\/2023\/12\/SECCHETO-1-948x710.jpg 948w\" sizes=\"(max-width: 1920px) 100vw, 1920px\" \/>\t<\/div>\n\t\t\t\t<\/div>\n\t\t\t\t<\/div>\n\t\t            <\/div>\r\n        <\/div>\r\n                <div class=\"elementor-column elementor-col-50 elementor-top-column elementor-element elementor-element-75f03dd col-offset-none pxl-column-element-default pxl-column-overflow-hidden-no\" data-id=\"75f03dd\" data-element_type=\"column\">\r\n        <div class=\"elementor-widget-wrap elementor-element-populated\">\r\n                     \r\n        \t\t<div class=\"elementor-element elementor-element-08c210d pxl-wg-bd-anm-no elementor-widget elementor-widget-pxl_heading\" data-id=\"08c210d\" data-element_type=\"widget\" data-widget_type=\"pxl_heading.default\">\n\t\t\t\t<div class=\"elementor-widget-container\">\n\t\t\t\t\t<div class=\"pxl-heading\">\n\t<div class=\"pxl-heading--inner\">\n\t\t\t\t<h2 class=\"pxl-item--title divider-right  \" data-wow-delay=\"ms\">\n\t\tPlaya de Seccheto\t\t\n\n\t\t<\/h2>\n\t\t\t<\/div>\n<\/div>\t\t\t\t<\/div>\n\t\t\t\t<\/div>\n\t\t\t\t<div class=\"elementor-element elementor-element-76b3409 pxl-wg-bd-anm-no elementor-widget elementor-widget-pxl_text_editor\" data-id=\"76b3409\" data-element_type=\"widget\" data-widget_type=\"pxl_text_editor.default\">\n\t\t\t\t<div class=\"elementor-widget-container\">\n\t\t\t\t\t<div class=\"pxl-text-editor \">\n\t<div class=\"pxl-item--inner \" data-wow-delay=\"ms\">\n\t\t<p>Situada a lo largo de la Costa del Sole, a medio camino entre las playas de Cavoli y Fetovaia, la playa de Seccheto ofrece un ambiente tranquilo y relajante. Caracterizada por arena dorada y rodeada de suaves acantilados de granito que ofrecen un refugio m\u00e1s \u00edntimo para tomar el sol, o para darse un chapuz\u00f3n en un mar incre\u00edblemente azul.<\/p><p>En la playa hay instalaciones balnearias, adem\u00e1s, el pueblo detr\u00e1s de la playa ofrece servicios adicionales: panader\u00edas, tiendas de comestibles, bares y restaurantes que a\u00f1aden un toque de comodidad a tu d\u00eda en la playa.<\/p><p><strong>Osteria del Nonno<\/strong><br \/>Bar, pizzeria, spaghetteria<br \/>tel. 0565\/987145 &#8211; 329\/657 7787<\/p>\t<\/div>\n<\/div>\t\t\t\t<\/div>\n\t\t\t\t<\/div>\n\t\t            <\/div>\r\n        <\/div>\r\n        \t\t\t<\/div>\n\t\t<\/section>\n\t\t        <section class=\"elementor-section elementor-top-section elementor-element elementor-element-ac2cfad elementor-section-stretched elementor-section-boxed elementor-section-height-default elementor-section-height-default pxl-section-overflow-hidden-no\" data-id=\"ac2cfad\" data-element_type=\"section\" data-settings=\"{&quot;stretch_section&quot;:&quot;section-stretched&quot;,&quot;background_background&quot;:&quot;classic&quot;}\">\n\n                \n                <div class=\"elementor-container elementor-column-gap-extended \">\n                <div class=\"elementor-column elementor-col-50 elementor-top-column elementor-element elementor-element-09079c8 col-offset-none pxl-column-element-default pxl-column-overflow-hidden-no\" data-id=\"09079c8\" data-element_type=\"column\">\r\n        <div class=\"elementor-widget-wrap elementor-element-populated\">\r\n                     \r\n        \t\t<div class=\"elementor-element elementor-element-96ac752 pxl-wg-bd-anm-no elementor-widget elementor-widget-pxl_heading\" data-id=\"96ac752\" data-element_type=\"widget\" data-widget_type=\"pxl_heading.default\">\n\t\t\t\t<div class=\"elementor-widget-container\">\n\t\t\t\t\t<div class=\"pxl-heading\">\n\t<div class=\"pxl-heading--inner\">\n\t\t\t\t<h2 class=\"pxl-item--title divider-right  \" data-wow-delay=\"ms\">\n\t\tPlaya de Cavoli\t\t\n\n\t\t<\/h2>\n\t\t\t<\/div>\n<\/div>\t\t\t\t<\/div>\n\t\t\t\t<\/div>\n\t\t\t\t<div class=\"elementor-element elementor-element-b7d5ba5 pxl-wg-bd-anm-no elementor-widget elementor-widget-pxl_text_editor\" data-id=\"b7d5ba5\" data-element_type=\"widget\" data-widget_type=\"pxl_text_editor.default\">\n\t\t\t\t<div class=\"elementor-widget-container\">\n\t\t\t\t\t<div class=\"pxl-text-editor \">\n\t<div class=\"pxl-item--inner \" data-wow-delay=\"ms\">\n\t\t<p>A pocos kil\u00f3metros del Hotel Anna, la playa de Cavoli es otra joya de la isla de Elba. Con su mar cristalino y arena granulada, esta bah\u00eda es famosa por su microclima particular que permite un bronceado dorado y ba\u00f1os en el mar incluso fuera de temporada.<\/p><p>Durante el verano, Cavoli cobra vida con fiestas en la playa animadas con c\u00f3cteles, m\u00fasica en vivo y set de DJ, un atractivo perfecto para los j\u00f3venes y los amantes de la diversi\u00f3n veraniega.<\/p><p><strong>Il Convio<\/strong><br \/>tel. 335\/6186514<br \/><a href=\"http:\/\/www.ilconvio.com\">www.ilconvio.com<\/a><\/p>\t<\/div>\n<\/div>\t\t\t\t<\/div>\n\t\t\t\t<\/div>\n\t\t            <\/div>\r\n        <\/div>\r\n                <div class=\"elementor-column elementor-col-50 elementor-top-column elementor-element elementor-element-5616d8a col-offset-none pxl-column-element-default pxl-column-overflow-hidden-no\" data-id=\"5616d8a\" data-element_type=\"column\">\r\n        <div class=\"elementor-widget-wrap elementor-element-populated\">\r\n                     \r\n        \t\t<div class=\"elementor-element elementor-element-108edd4 elementor-widget__width-auto elementor-widget-tablet__width-initial pxl-wg-bd-anm-no elementor-widget elementor-widget-pxl_image_parallax\" data-id=\"108edd4\" data-element_type=\"widget\" data-widget_type=\"pxl_image_parallax.default\">\n\t\t\t\t<div class=\"elementor-widget-container\">\n\t\t\t\t\t<div id=\"pxl_image_parallax-108edd4-8902\" class=\"pxl-image-wg\" data-parallax=\"{&quot;y&quot;:&quot;-50&quot;}\" data-wow-delay=\"ms\">\n\t\t<img loading=\"lazy\" decoding=\"async\" width=\"1920\" height=\"1438\" src=\"https:\/\/www.hotelannaisoladelba.it\/wp-content\/uploads\/2023\/12\/CAVOLI_-1.jpg\" class=\"attachment-full size-full wp-image-6256\" alt=\"Veduta aerea panoramica della Spiaggia di Cavoli all&#039;Isola d&#039;Elba, che mostra la sua caratteristica insenatura a mezzaluna, il mare turchese, il borgo circostante e la strada panoramica che serpeggia sulla collina.\" srcset=\"https:\/\/www.hotelannaisoladelba.it\/wp-content\/uploads\/2023\/12\/CAVOLI_-1.jpg 1920w, https:\/\/www.hotelannaisoladelba.it\/wp-content\/uploads\/2023\/12\/CAVOLI_-1-600x449.jpg 600w, https:\/\/www.hotelannaisoladelba.it\/wp-content\/uploads\/2023\/12\/CAVOLI_-1-1200x899.jpg 1200w, https:\/\/www.hotelannaisoladelba.it\/wp-content\/uploads\/2023\/12\/CAVOLI_-1-768x575.jpg 768w, https:\/\/www.hotelannaisoladelba.it\/wp-content\/uploads\/2023\/12\/CAVOLI_-1-1536x1150.jpg 1536w, https:\/\/www.hotelannaisoladelba.it\/wp-content\/uploads\/2023\/12\/CAVOLI_-1-948x710.jpg 948w\" sizes=\"(max-width: 1920px) 100vw, 1920px\" \/>\t<\/div>\n\t\t\t\t<\/div>\n\t\t\t\t<\/div>\n\t\t            <\/div>\r\n        <\/div>\r\n        \t\t\t<\/div>\n\t\t<\/section>\n\t\t        <section class=\"elementor-section elementor-top-section elementor-element elementor-element-e1802db elementor-section-stretched elementor-section-boxed elementor-section-height-default elementor-section-height-default pxl-section-overflow-hidden-no\" data-id=\"e1802db\" data-element_type=\"section\" data-settings=\"{&quot;stretch_section&quot;:&quot;section-stretched&quot;,&quot;background_background&quot;:&quot;classic&quot;}\">\n\n                \n                <div class=\"elementor-container elementor-column-gap-extended \">\n                <div class=\"elementor-column elementor-col-50 elementor-top-column elementor-element elementor-element-a696432 col-offset-none pxl-column-element-default pxl-column-overflow-hidden-no\" data-id=\"a696432\" data-element_type=\"column\">\r\n        <div class=\"elementor-widget-wrap elementor-element-populated\">\r\n                     \r\n        \t\t<div class=\"elementor-element elementor-element-b8cb75a elementor-widget__width-auto elementor-widget-tablet__width-initial pxl-wg-bd-anm-no elementor-widget elementor-widget-pxl_image_parallax\" data-id=\"b8cb75a\" data-element_type=\"widget\" data-widget_type=\"pxl_image_parallax.default\">\n\t\t\t\t<div class=\"elementor-widget-container\">\n\t\t\t\t\t<div id=\"pxl_image_parallax-b8cb75a-6928\" class=\"pxl-image-wg\" data-parallax=\"{&quot;y&quot;:&quot;-50&quot;}\" data-wow-delay=\"ms\">\n\t\t<img loading=\"lazy\" decoding=\"async\" width=\"1920\" height=\"1280\" src=\"https:\/\/www.hotelannaisoladelba.it\/wp-content\/uploads\/2023\/12\/marina-di-campo_mod.jpg\" class=\"attachment-full size-full wp-image-6267\" alt=\"Veduta panoramica del golfo di Marina di Campo all&#039;Isola d&#039;Elba, che mostra l&#039;ampia spiaggia sabbiosa, il paese affacciato sul mare blu con barche all&#039;ancora e le colline verdi circostanti, con vegetazione in primo piano.\" srcset=\"https:\/\/www.hotelannaisoladelba.it\/wp-content\/uploads\/2023\/12\/marina-di-campo_mod.jpg 1920w, https:\/\/www.hotelannaisoladelba.it\/wp-content\/uploads\/2023\/12\/marina-di-campo_mod-600x400.jpg 600w, https:\/\/www.hotelannaisoladelba.it\/wp-content\/uploads\/2023\/12\/marina-di-campo_mod-1200x800.jpg 1200w, https:\/\/www.hotelannaisoladelba.it\/wp-content\/uploads\/2023\/12\/marina-di-campo_mod-768x512.jpg 768w, https:\/\/www.hotelannaisoladelba.it\/wp-content\/uploads\/2023\/12\/marina-di-campo_mod-1536x1024.jpg 1536w, https:\/\/www.hotelannaisoladelba.it\/wp-content\/uploads\/2023\/12\/marina-di-campo_mod-1065x710.jpg 1065w\" sizes=\"(max-width: 1920px) 100vw, 1920px\" \/>\t<\/div>\n\t\t\t\t<\/div>\n\t\t\t\t<\/div>\n\t\t            <\/div>\r\n        <\/div>\r\n                <div class=\"elementor-column elementor-col-50 elementor-top-column elementor-element elementor-element-3bf3746 col-offset-none pxl-column-element-default pxl-column-overflow-hidden-no\" data-id=\"3bf3746\" data-element_type=\"column\">\r\n        <div class=\"elementor-widget-wrap elementor-element-populated\">\r\n                     \r\n        \t\t<div class=\"elementor-element elementor-element-f7dfb3b pxl-wg-bd-anm-no elementor-widget elementor-widget-pxl_heading\" data-id=\"f7dfb3b\" data-element_type=\"widget\" data-widget_type=\"pxl_heading.default\">\n\t\t\t\t<div class=\"elementor-widget-container\">\n\t\t\t\t\t<div class=\"pxl-heading\">\n\t<div class=\"pxl-heading--inner\">\n\t\t\t\t<h2 class=\"pxl-item--title divider-right  \" data-wow-delay=\"ms\">\n\t\tMarina di Campo\t\t\n\n\t\t<\/h2>\n\t\t\t<\/div>\n<\/div>\t\t\t\t<\/div>\n\t\t\t\t<\/div>\n\t\t\t\t<div class=\"elementor-element elementor-element-85fdfa2 pxl-wg-bd-anm-no elementor-widget elementor-widget-pxl_text_editor\" data-id=\"85fdfa2\" data-element_type=\"widget\" data-widget_type=\"pxl_text_editor.default\">\n\t\t\t\t<div class=\"elementor-widget-container\">\n\t\t\t\t\t<div class=\"pxl-text-editor \">\n\t<div class=\"pxl-item--inner \" data-wow-delay=\"ms\">\n\t\t<p>La largu\u00edsima playa de Marina di Campo, a unos 10 kil\u00f3metros del Hotel Anna, se caracteriza por su arena dorada y un mar que desciende muy suavemente, ideal para los ni\u00f1os. En la parte izquierda de la playa, un agradable pinar equipado con juegos para los m\u00e1s peque\u00f1os, ofrece refugio en las horas m\u00e1s calurosas y soleadas del d\u00eda.<\/p><p>La playa de Marina di Campo tambi\u00e9n ofrece un abanico de oportunidades para los amantes del deporte y la diversi\u00f3n. Adem\u00e1s de tramos de playa libre y ba\u00f1os equipados, encontrar\u00e1s diferentes actividades como centro de buceo, escuela de vela, alquiler de barcos y botes a pedales y equipamiento para deportes acu\u00e1ticos. Gracias a la proximidad del pueblo, tambi\u00e9n podr\u00e1s disfrutar de multitud de servicios y comodidades como tiendas, restaurantes y bares frente al mar para degustar exquisiteces locales.<\/p>\t<\/div>\n<\/div>\t\t\t\t<\/div>\n\t\t\t\t<\/div>\n\t\t            <\/div>\r\n        <\/div>\r\n        \t\t\t<\/div>\n\t\t<\/section>\n\t\t        <section class=\"elementor-section elementor-top-section elementor-element elementor-element-9aa852b elementor-section-stretched elementor-section-boxed elementor-section-height-default elementor-section-height-default pxl-section-overflow-hidden-no\" data-id=\"9aa852b\" data-element_type=\"section\" data-settings=\"{&quot;stretch_section&quot;:&quot;section-stretched&quot;,&quot;background_background&quot;:&quot;classic&quot;}\">\n\n                \n                <div class=\"elementor-container elementor-column-gap-extended \">\n                <div class=\"elementor-column elementor-col-50 elementor-top-column elementor-element elementor-element-905c7ea col-offset-none pxl-column-element-default pxl-column-overflow-hidden-no\" data-id=\"905c7ea\" data-element_type=\"column\">\r\n        <div class=\"elementor-widget-wrap elementor-element-populated\">\r\n                     \r\n        \t\t<div class=\"elementor-element elementor-element-cac672b pxl-wg-bd-anm-no elementor-widget elementor-widget-pxl_heading\" data-id=\"cac672b\" data-element_type=\"widget\" data-widget_type=\"pxl_heading.default\">\n\t\t\t\t<div class=\"elementor-widget-container\">\n\t\t\t\t\t<div class=\"pxl-heading\">\n\t<div class=\"pxl-heading--inner\">\n\t\t\t\t<h2 class=\"pxl-item--title divider-right  \" data-wow-delay=\"ms\">\n\t\tBelleza salvaje\t\t\n\n\t\t<\/h2>\n\t\t\t<\/div>\n<\/div>\t\t\t\t<\/div>\n\t\t\t\t<\/div>\n\t\t\t\t<div class=\"elementor-element elementor-element-90154f1 pxl-wg-bd-anm-no elementor-widget elementor-widget-pxl_text_editor\" data-id=\"90154f1\" data-element_type=\"widget\" data-widget_type=\"pxl_text_editor.default\">\n\t\t\t\t<div class=\"elementor-widget-container\">\n\t\t\t\t\t<div class=\"pxl-text-editor \">\n\t<div class=\"pxl-item--inner \" data-wow-delay=\"ms\">\n\t\t<p>En las inmediaciones del Hotel Anna, tambi\u00e9n encontrar\u00e1s otras playas que conservan un ambiente m\u00e1s salvaje. Lugares como la playa de Colle Palombaia, equipada con un bar y un Punto Azul, que debido a los muchos escalones que hay que bajar y subir para llegar a ella, es ideal para disfrutar de un d\u00eda de mar y sol, lejos de la multitud habitual de ba\u00f1istas.<\/p><p>Y tambi\u00e9n la playa de las Tombe y la de la Aliva, el acantilado de la Calle y el sugestivo acantilado de las Piscine, que no ofrecen servicios, y son ideales para aquellos que desean una experiencia de mar m\u00e1s aut\u00e9ntica.<\/p><p>Tantosi prefieres disfrutar de las comodidades y servicios presentes en las playas como si deseas explorar rincones m\u00e1s v\u00edrgenes, el Hotel Anna te ofrece la oportunidad de experimentar la diversidad de las playas de Elba y de vivir inolvidablesd\u00edas de playa durante toda tu estancia.<\/p>\t<\/div>\n<\/div>\t\t\t\t<\/div>\n\t\t\t\t<\/div>\n\t\t            <\/div>\r\n        <\/div>\r\n                <div class=\"elementor-column elementor-col-50 elementor-top-column elementor-element elementor-element-91c6748 col-offset-none pxl-column-element-default pxl-column-overflow-hidden-no\" data-id=\"91c6748\" data-element_type=\"column\">\r\n        <div class=\"elementor-widget-wrap elementor-element-populated\">\r\n                     \r\n        \t\t<div class=\"elementor-element elementor-element-db52ee1 elementor-widget__width-auto elementor-widget-tablet__width-initial pxl-wg-bd-anm-no elementor-widget elementor-widget-pxl_image_parallax\" data-id=\"db52ee1\" data-element_type=\"widget\" data-widget_type=\"pxl_image_parallax.default\">\n\t\t\t\t<div class=\"elementor-widget-container\">\n\t\t\t\t\t<div id=\"pxl_image_parallax-db52ee1-2394\" class=\"pxl-image-wg\" data-parallax=\"{&quot;y&quot;:&quot;-50&quot;}\" data-wow-delay=\"ms\">\n\t\t<img loading=\"lazy\" decoding=\"async\" width=\"1920\" height=\"1440\" src=\"https:\/\/www.hotelannaisoladelba.it\/wp-content\/uploads\/2023\/12\/LE-TOMBE-4.jpg\" class=\"attachment-full size-full wp-image-6275\" alt=\"Veduta aerea panoramica della costa selvaggia vicino alla Spiaggia delle Tombe all&#039;Isola d&#039;Elba, che mostra le scogliere rocciose ricoperte di vegetazione che si tuffano nel mare cristallino dalle intense sfumature turchesi.\" srcset=\"https:\/\/www.hotelannaisoladelba.it\/wp-content\/uploads\/2023\/12\/LE-TOMBE-4.jpg 1920w, https:\/\/www.hotelannaisoladelba.it\/wp-content\/uploads\/2023\/12\/LE-TOMBE-4-600x450.jpg 600w, https:\/\/www.hotelannaisoladelba.it\/wp-content\/uploads\/2023\/12\/LE-TOMBE-4-1200x900.jpg 1200w, https:\/\/www.hotelannaisoladelba.it\/wp-content\/uploads\/2023\/12\/LE-TOMBE-4-768x576.jpg 768w, https:\/\/www.hotelannaisoladelba.it\/wp-content\/uploads\/2023\/12\/LE-TOMBE-4-1536x1152.jpg 1536w, https:\/\/www.hotelannaisoladelba.it\/wp-content\/uploads\/2023\/12\/LE-TOMBE-4-947x710.jpg 947w\" sizes=\"(max-width: 1920px) 100vw, 1920px\" \/>\t<\/div>\n\t\t\t\t<\/div>\n\t\t\t\t<\/div>\n\t\t            <\/div>\r\n        <\/div>\r\n        \t\t\t<\/div>\n\t\t<\/section>\n\t\t\t\t<\/div>\n\t\t","protected":false},"excerpt":{"rendered":"<p>Playas de la Costa del Sol Isla de Elba Besadas por el sol: las playas cercanas al Hotel Anna El Hotel Anna te ofrece la oportunidad de pasar unos regenerantes d\u00edas de playa en algunas de las playas m\u00e1s fascinantes de la isla de Elba. De hecho, Fetovaia se encuentra a lo largo de la [&hellip;]<\/p>\n","protected":false},"author":1,"featured_media":0,"parent":6433,"menu_order":0,"comment_status":"closed","ping_status":"closed","template":"","meta":{"footnotes":""},"class_list":["post-6445","page","type-page","status-publish","hentry"],"yoast_head":"<!-- This site is optimized with the Yoast SEO plugin v26.6 - https:\/\/yoast.com\/wordpress\/plugins\/seo\/ -->\n<title>Playas de la Costa del Sol | Isla de Elba | Hotel Anna<\/title>\n<meta name=\"robots\" content=\"index, follow, max-snippet:-1, max-image-preview:large, max-video-preview:-1\" \/>\n<link rel=\"canonical\" href=\"https:\/\/www.hotelannaisoladelba.it\/es\/experience\/playas\/\" \/>\n<meta property=\"og:locale\" content=\"es_ES\" \/>\n<meta property=\"og:type\" content=\"article\" \/>\n<meta property=\"og:title\" content=\"Playas de la Costa del Sol | Isla de Elba | Hotel Anna\" \/>\n<meta property=\"og:description\" content=\"Playas de la Costa del Sol Isla de Elba Besadas por el sol: las playas cercanas al Hotel Anna El Hotel Anna te ofrece la oportunidad de pasar unos regenerantes d\u00edas de playa en algunas de las playas m\u00e1s fascinantes de la isla de Elba. De hecho, Fetovaia se encuentra a lo largo de la [&hellip;]\" \/>\n<meta property=\"og:url\" content=\"https:\/\/www.hotelannaisoladelba.it\/es\/experience\/playas\/\" \/>\n<meta property=\"og:site_name\" content=\"Hotel Anna Isola d&#039;Elba\" \/>\n<meta property=\"article:publisher\" content=\"https:\/\/www.facebook.com\/AnnaHotelIsolaElba\" \/>\n<meta property=\"article:modified_time\" content=\"2025-08-04T13:58:54+00:00\" \/>\n<meta property=\"og:image\" content=\"https:\/\/www.hotelannaisoladelba.it\/wp-content\/uploads\/2023\/11\/box-spiagge.jpg\" \/>\n<meta name=\"twitter:card\" content=\"summary_large_image\" \/>\n<meta name=\"twitter:label1\" content=\"Tiempo de lectura\" \/>\n\t<meta name=\"twitter:data1\" content=\"6 minutos\" \/>\n<script type=\"application\/ld+json\" class=\"yoast-schema-graph\">{\"@context\":\"https:\/\/schema.org\",\"@graph\":[{\"@type\":\"WebPage\",\"@id\":\"https:\/\/www.hotelannaisoladelba.it\/es\/experience\/playas\/\",\"url\":\"https:\/\/www.hotelannaisoladelba.it\/es\/experience\/playas\/\",\"name\":\"Playas de la Costa del Sol | Isla de Elba | Hotel Anna\",\"isPartOf\":{\"@id\":\"https:\/\/www.hotelannaisoladelba.it\/#website\"},\"primaryImageOfPage\":{\"@id\":\"https:\/\/www.hotelannaisoladelba.it\/es\/experience\/playas\/#primaryimage\"},\"image\":{\"@id\":\"https:\/\/www.hotelannaisoladelba.it\/es\/experience\/playas\/#primaryimage\"},\"thumbnailUrl\":\"https:\/\/www.hotelannaisoladelba.it\/wp-content\/uploads\/2023\/11\/box-spiagge.jpg\",\"datePublished\":\"2023-12-14T11:56:21+00:00\",\"dateModified\":\"2025-08-04T13:58:54+00:00\",\"breadcrumb\":{\"@id\":\"https:\/\/www.hotelannaisoladelba.it\/es\/experience\/playas\/#breadcrumb\"},\"inLanguage\":\"es\",\"potentialAction\":[{\"@type\":\"ReadAction\",\"target\":[\"https:\/\/www.hotelannaisoladelba.it\/es\/experience\/playas\/\"]}]},{\"@type\":\"ImageObject\",\"inLanguage\":\"es\",\"@id\":\"https:\/\/www.hotelannaisoladelba.it\/es\/experience\/playas\/#primaryimage\",\"url\":\"https:\/\/www.hotelannaisoladelba.it\/wp-content\/uploads\/2023\/11\/box-spiagge.jpg\",\"contentUrl\":\"https:\/\/www.hotelannaisoladelba.it\/wp-content\/uploads\/2023\/11\/box-spiagge.jpg\"},{\"@type\":\"BreadcrumbList\",\"@id\":\"https:\/\/www.hotelannaisoladelba.it\/es\/experience\/playas\/#breadcrumb\",\"itemListElement\":[{\"@type\":\"ListItem\",\"position\":1,\"name\":\"Home\",\"item\":\"https:\/\/www.hotelannaisoladelba.it\/\"},{\"@type\":\"ListItem\",\"position\":2,\"name\":\"Experiencias\",\"item\":\"https:\/\/www.hotelannaisoladelba.it\/es\/experience\/\"},{\"@type\":\"ListItem\",\"position\":3,\"name\":\"Playas de la Costa del Sol\"}]},{\"@type\":\"WebSite\",\"@id\":\"https:\/\/www.hotelannaisoladelba.it\/#website\",\"url\":\"https:\/\/www.hotelannaisoladelba.it\/\",\"name\":\"Hotel Anna Isola d'Elba\",\"description\":\"Albergo a conduzione familiare vicino alla spiaggia di Fetovaia all&#039;Isola d&#039;Elba\",\"publisher\":{\"@id\":\"https:\/\/www.hotelannaisoladelba.it\/#organization\"},\"potentialAction\":[{\"@type\":\"SearchAction\",\"target\":{\"@type\":\"EntryPoint\",\"urlTemplate\":\"https:\/\/www.hotelannaisoladelba.it\/?s={search_term_string}\"},\"query-input\":{\"@type\":\"PropertyValueSpecification\",\"valueRequired\":true,\"valueName\":\"search_term_string\"}}],\"inLanguage\":\"es\"},{\"@type\":\"Organization\",\"@id\":\"https:\/\/www.hotelannaisoladelba.it\/#organization\",\"name\":\"Hotel Anna Isola d'Elba\",\"url\":\"https:\/\/www.hotelannaisoladelba.it\/\",\"logo\":{\"@type\":\"ImageObject\",\"inLanguage\":\"es\",\"@id\":\"https:\/\/www.hotelannaisoladelba.it\/#\/schema\/logo\/image\/\",\"url\":\"https:\/\/www.hotelannaisoladelba.it\/wp-content\/uploads\/2023\/11\/logo-orizzonale.png\",\"contentUrl\":\"https:\/\/www.hotelannaisoladelba.it\/wp-content\/uploads\/2023\/11\/logo-orizzonale.png\",\"width\":600,\"height\":213,\"caption\":\"Hotel Anna Isola d'Elba\"},\"image\":{\"@id\":\"https:\/\/www.hotelannaisoladelba.it\/#\/schema\/logo\/image\/\"},\"sameAs\":[\"https:\/\/www.facebook.com\/AnnaHotelIsolaElba\"]}]}<\/script>\n<!-- \/ Yoast SEO plugin. -->","yoast_head_json":{"title":"Playas de la Costa del Sol | Isla de Elba | Hotel Anna","robots":{"index":"index","follow":"follow","max-snippet":"max-snippet:-1","max-image-preview":"max-image-preview:large","max-video-preview":"max-video-preview:-1"},"canonical":"https:\/\/www.hotelannaisoladelba.it\/es\/experience\/playas\/","og_locale":"es_ES","og_type":"article","og_title":"Playas de la Costa del Sol | Isla de Elba | Hotel Anna","og_description":"Playas de la Costa del Sol Isla de Elba Besadas por el sol: las playas cercanas al Hotel Anna El Hotel Anna te ofrece la oportunidad de pasar unos regenerantes d\u00edas de playa en algunas de las playas m\u00e1s fascinantes de la isla de Elba. De hecho, Fetovaia se encuentra a lo largo de la [&hellip;]","og_url":"https:\/\/www.hotelannaisoladelba.it\/es\/experience\/playas\/","og_site_name":"Hotel Anna Isola d&#039;Elba","article_publisher":"https:\/\/www.facebook.com\/AnnaHotelIsolaElba","article_modified_time":"2025-08-04T13:58:54+00:00","og_image":[{"url":"https:\/\/www.hotelannaisoladelba.it\/wp-content\/uploads\/2023\/11\/box-spiagge.jpg","type":"","width":"","height":""}],"twitter_card":"summary_large_image","twitter_misc":{"Tiempo de lectura":"6 minutos"},"schema":{"@context":"https:\/\/schema.org","@graph":[{"@type":"WebPage","@id":"https:\/\/www.hotelannaisoladelba.it\/es\/experience\/playas\/","url":"https:\/\/www.hotelannaisoladelba.it\/es\/experience\/playas\/","name":"Playas de la Costa del Sol | Isla de Elba | Hotel Anna","isPartOf":{"@id":"https:\/\/www.hotelannaisoladelba.it\/#website"},"primaryImageOfPage":{"@id":"https:\/\/www.hotelannaisoladelba.it\/es\/experience\/playas\/#primaryimage"},"image":{"@id":"https:\/\/www.hotelannaisoladelba.it\/es\/experience\/playas\/#primaryimage"},"thumbnailUrl":"https:\/\/www.hotelannaisoladelba.it\/wp-content\/uploads\/2023\/11\/box-spiagge.jpg","datePublished":"2023-12-14T11:56:21+00:00","dateModified":"2025-08-04T13:58:54+00:00","breadcrumb":{"@id":"https:\/\/www.hotelannaisoladelba.it\/es\/experience\/playas\/#breadcrumb"},"inLanguage":"es","potentialAction":[{"@type":"ReadAction","target":["https:\/\/www.hotelannaisoladelba.it\/es\/experience\/playas\/"]}]},{"@type":"ImageObject","inLanguage":"es","@id":"https:\/\/www.hotelannaisoladelba.it\/es\/experience\/playas\/#primaryimage","url":"https:\/\/www.hotelannaisoladelba.it\/wp-content\/uploads\/2023\/11\/box-spiagge.jpg","contentUrl":"https:\/\/www.hotelannaisoladelba.it\/wp-content\/uploads\/2023\/11\/box-spiagge.jpg"},{"@type":"BreadcrumbList","@id":"https:\/\/www.hotelannaisoladelba.it\/es\/experience\/playas\/#breadcrumb","itemListElement":[{"@type":"ListItem","position":1,"name":"Home","item":"https:\/\/www.hotelannaisoladelba.it\/"},{"@type":"ListItem","position":2,"name":"Experiencias","item":"https:\/\/www.hotelannaisoladelba.it\/es\/experience\/"},{"@type":"ListItem","position":3,"name":"Playas de la Costa del Sol"}]},{"@type":"WebSite","@id":"https:\/\/www.hotelannaisoladelba.it\/#website","url":"https:\/\/www.hotelannaisoladelba.it\/","name":"Hotel Anna Isola d'Elba","description":"Albergo a conduzione familiare vicino alla spiaggia di Fetovaia all&#039;Isola d&#039;Elba","publisher":{"@id":"https:\/\/www.hotelannaisoladelba.it\/#organization"},"potentialAction":[{"@type":"SearchAction","target":{"@type":"EntryPoint","urlTemplate":"https:\/\/www.hotelannaisoladelba.it\/?s={search_term_string}"},"query-input":{"@type":"PropertyValueSpecification","valueRequired":true,"valueName":"search_term_string"}}],"inLanguage":"es"},{"@type":"Organization","@id":"https:\/\/www.hotelannaisoladelba.it\/#organization","name":"Hotel Anna Isola d'Elba","url":"https:\/\/www.hotelannaisoladelba.it\/","logo":{"@type":"ImageObject","inLanguage":"es","@id":"https:\/\/www.hotelannaisoladelba.it\/#\/schema\/logo\/image\/","url":"https:\/\/www.hotelannaisoladelba.it\/wp-content\/uploads\/2023\/11\/logo-orizzonale.png","contentUrl":"https:\/\/www.hotelannaisoladelba.it\/wp-content\/uploads\/2023\/11\/logo-orizzonale.png","width":600,"height":213,"caption":"Hotel Anna Isola d'Elba"},"image":{"@id":"https:\/\/www.hotelannaisoladelba.it\/#\/schema\/logo\/image\/"},"sameAs":["https:\/\/www.facebook.com\/AnnaHotelIsolaElba"]}]}},"_links":{"self":[{"href":"https:\/\/www.hotelannaisoladelba.it\/es\/wp-json\/wp\/v2\/pages\/6445","targetHints":{"allow":["GET"]}}],"collection":[{"href":"https:\/\/www.hotelannaisoladelba.it\/es\/wp-json\/wp\/v2\/pages"}],"about":[{"href":"https:\/\/www.hotelannaisoladelba.it\/es\/wp-json\/wp\/v2\/types\/page"}],"author":[{"embeddable":true,"href":"https:\/\/www.hotelannaisoladelba.it\/es\/wp-json\/wp\/v2\/users\/1"}],"replies":[{"embeddable":true,"href":"https:\/\/www.hotelannaisoladelba.it\/es\/wp-json\/wp\/v2\/comments?post=6445"}],"version-history":[{"count":5,"href":"https:\/\/www.hotelannaisoladelba.it\/es\/wp-json\/wp\/v2\/pages\/6445\/revisions"}],"predecessor-version":[{"id":9595,"href":"https:\/\/www.hotelannaisoladelba.it\/es\/wp-json\/wp\/v2\/pages\/6445\/revisions\/9595"}],"up":[{"embeddable":true,"href":"https:\/\/www.hotelannaisoladelba.it\/es\/wp-json\/wp\/v2\/pages\/6433"}],"wp:attachment":[{"href":"https:\/\/www.hotelannaisoladelba.it\/es\/wp-json\/wp\/v2\/media?parent=6445"}],"curies":[{"name":"wp","href":"https:\/\/api.w.org\/{rel}","templated":true}]}}