{"id":5224,"date":"2023-10-26T08:46:10","date_gmt":"2023-10-26T06:46:10","guid":{"rendered":"http:\/\/hotelanna.youelba.com\/privacy\/"},"modified":"2025-10-01T22:53:07","modified_gmt":"2025-10-01T20:53:07","slug":"privacy","status":"publish","type":"page","link":"https:\/\/www.hotelannaisoladelba.it\/es\/privacy\/","title":{"rendered":"Privacy"},"content":{"rendered":"\t\t<div data-elementor-type=\"wp-page\" data-elementor-id=\"5224\" class=\"elementor elementor-5224 elementor-3573\" data-elementor-post-type=\"page\">\n\t\t\t\t        <section class=\"elementor-section elementor-top-section elementor-element elementor-element-6c6372b elementor-section-stretched elementor-section-boxed elementor-section-height-default elementor-section-height-default pxl-section-overflow-hidden-no\" data-id=\"6c6372b\" data-element_type=\"section\" data-settings=\"{&quot;stretch_section&quot;:&quot;section-stretched&quot;,&quot;background_background&quot;:&quot;classic&quot;}\">\n\n                \n                <div class=\"elementor-container elementor-column-gap-extended \">\n                <div class=\"elementor-column elementor-col-100 elementor-top-column elementor-element elementor-element-3d403bf col-offset-none pxl-column-element-default pxl-column-overflow-hidden-no\" data-id=\"3d403bf\" data-element_type=\"column\">\r\n        <div class=\"elementor-widget-wrap elementor-element-populated\">\r\n                     \r\n        \t\t<div class=\"elementor-element elementor-element-80d71da pxl-wg-bd-anm-no elementor-widget elementor-widget-pxl_heading\" data-id=\"80d71da\" data-element_type=\"widget\" data-widget_type=\"pxl_heading.default\">\n\t\t\t\t<div class=\"elementor-widget-container\">\n\t\t\t\t\t<div class=\"pxl-heading\">\n\t<div class=\"pxl-heading--inner\">\n\t\t\t\t\t<div class=\"pxl-item--subtitle wow zoomIn\" data-wow-delay=\"900ms\"><span>Policy<\/span><\/div>\n\t\t\t\t<h1 class=\"pxl-item--title divider-none wow zoomIn \" data-wow-delay=\"900ms\">\n\t\tPrivacy\t\t\n\n\t\t<\/h1>\n\t\t\t<\/div>\n<\/div>\t\t\t\t<\/div>\n\t\t\t\t<\/div>\n\t\t            <\/div>\r\n        <\/div>\r\n        \t\t\t<\/div>\n\t\t<\/section>\n\t\t        <section class=\"elementor-section elementor-top-section elementor-element elementor-element-5f747ba elementor-section-stretched elementor-section-boxed elementor-section-height-default elementor-section-height-default pxl-section-overflow-hidden-no elementor-invisible pxl-elementor-animate\" data-id=\"5f747ba\" data-element_type=\"section\" data-settings=\"{&quot;stretch_section&quot;:&quot;section-stretched&quot;,&quot;animation&quot;:&quot;fadeInUp&quot;,&quot;animation_delay&quot;:1500}\">\n\n                \n                <div class=\"elementor-container elementor-column-gap-extended \">\n                <div class=\"elementor-column elementor-col-100 elementor-top-column elementor-element elementor-element-9fb6cdb col-offset-none pxl-column-element-default pxl-column-overflow-hidden-no\" data-id=\"9fb6cdb\" data-element_type=\"column\">\r\n        <div class=\"elementor-widget-wrap elementor-element-populated\">\r\n                     \r\n        \t\t<div class=\"elementor-element elementor-element-230f132 pxl-wg-bd-anm-no elementor-widget elementor-widget-pxl_text_editor\" data-id=\"230f132\" data-element_type=\"widget\" data-widget_type=\"pxl_text_editor.default\">\n\t\t\t\t<div class=\"elementor-widget-container\">\n\t\t\t\t\t<div class=\"pxl-text-editor \">\n\t<div class=\"pxl-item--inner \" data-wow-delay=\"ms\">\n\t\t<p>Estimado\/a cliente\/a:<\/p><p>De conformidad con la normativa vigente en materia de protecci\u00f3n de datos personales (Reglamento UE n.\u00ba 679 de 2016), deseamos informarte de que el tratamiento de tus datos personales se lleva a cabo de forma correcta y transparente, con fines l\u00edcitos y protegiendo tu privacidad y tus derechos.<\/p><p>Los tratamientos tambi\u00e9n se llevan a cabo con la ayuda de medios inform\u00e1ticos para los siguientes fines:<\/p><p>Para adquirir y confirmar su reserva de servicios de alojamiento y servicios auxiliares, y para prestar los servicios solicitados. Dado que estos tratamientos son necesarios para la definici\u00f3n del acuerdo contractual y su posterior implementaci\u00f3n, no se requiere su consentimiento, excepto en el caso de que se proporcionen datos especiales, llamados sensibles. En caso de negativa a facilitar los datos personales, no podremos confirmar la reserva ni prestarle los servicios solicitados. El tratamiento cesar\u00e1 a su salida, pero algunos de sus datos personales podr\u00e1n o deber\u00e1n seguir trat\u00e1ndose para los fines y con las modalidades indicadas en los puntos siguientes; para cumplir con la obligaci\u00f3n prevista por el \u00abTesto unico delle leggi di pubblica sicurezza\u00bb (art\u00edculo 109 R.D. 18.6.1931 n.\u00ba 773) que nos obliga a comunicar a la Jefatura de Polic\u00eda, con fines de seguridad p\u00fablica, las generalidades de los clientes alojados seg\u00fan las modalidades establecidas por el Ministerio del Interior (Decreto de 7 de enero de 2013). El suministro de datos es obligatorio y no requiere su consentimiento, y en caso de negativa a proporcionarlos, no podremos dar alojamiento en nuestras instalaciones.<\/p><p>Los datos recopilados para este fin no los conservamos, a menos que nos des tu consentimiento para el almacenamiento seg\u00fan lo dispuesto en el punto 4; para cumplir con las obligaciones administrativas, contables y fiscales vigentes. Para estos fines, el tratamiento se lleva a cabo sin necesidad de obtener tu consentimiento. Los datos son tratados por nosotros y por nuestros encargados, y se comunican al exterior solo en cumplimiento de obligaciones legales. En caso de negativa a proporcionar los datos necesarios para las obligaciones indicadas anteriormente, no podremos proporcionar los servicios solicitados. Conservamos los datos adquiridos para estos fines durante el tiempo previsto por las respectivas normativas (10 a\u00f1os e incluso m\u00e1s en caso de controles fiscales); con el fin de agilizar los tr\u00e1mites de registro en caso de una posterior estancia en nuestras instalaciones. Con este fin, despu\u00e9s de obtener el consentimiento revocable en cualquier momento, los datos se conservar\u00e1n durante un per\u00edodo m\u00e1ximo de 2 a\u00f1os y se utilizar\u00e1n cuando vuelva a ser nuestro hu\u00e9sped para los fines anteriormente indicados; para desempe\u00f1ar la funci\u00f3n de recepci\u00f3n de los mensajes y llamadas telef\u00f3nicas que se te dirijan durante tu estancia. Para ello es necesario tu consentimiento. Podr\u00e1s revocar tu consentimiento en cualquier momento.<\/p><p>En cualquier caso, el tratamiento cesar\u00e1 en el momento de la salida; para enviarte nuestros mensajes promocionales y actualizaciones sobre tarifas y ofertas. Con este fin, despu\u00e9s de obtener el consentimiento, los datos se almacenar\u00e1n durante un per\u00edodo m\u00e1ximo de 2 a\u00f1os y no se divulgar\u00e1n a terceros. Podr\u00e1s revocar tu consentimiento en cualquier momento.<\/p><p>Tambi\u00e9n queremos informarte de que el Reglamento Europeo te otorga determinados derechos, entre ellos el derecho de acceso y rectificaci\u00f3n, o cancelaci\u00f3n o limitaci\u00f3n u oposici\u00f3n al tratamiento, as\u00ed como el derecho a la portabilidad de los datos, siempre y cuando sea aplicable (art\u00edculos 15 a 22 del Reglamento UE n.\u00ba 679 de 2016). Tambi\u00e9n puede presentar una reclamaci\u00f3n ante la autoridad de control, de acuerdo con los procedimientos previstos por la legislaci\u00f3n vigente.<\/p><p>Para cualquier informaci\u00f3n adicional y para hacer valer los derechos que le reconoce el Reglamento europeo, puede ponerse en contacto con el Responsable del tratamiento: Hotel Anna di Pierulivo Teresa Anna Via del Canaletto 215\/c Loc Fetovaia Campo nell &#8216;Elba \u2013 Livorno.<\/p><p>Encargado del tratamiento: Pierulivo Teresa Anna \u2013 0565 988032.<\/p>\t<\/div>\n<\/div>\t\t\t\t<\/div>\n\t\t\t\t<\/div>\n\t\t            <\/div>\r\n        <\/div>\r\n        \t\t\t<\/div>\n\t\t<\/section>\n\t\t\t\t<\/div>\n\t\t","protected":false},"excerpt":{"rendered":"<p>Policy Privacy Estimado\/a cliente\/a: De conformidad con la normativa vigente en materia de protecci\u00f3n de datos personales (Reglamento UE n.\u00ba 679 de 2016), deseamos informarte de que el tratamiento de tus datos personales se lleva a cabo de forma correcta y transparente, con fines l\u00edcitos y protegiendo tu privacidad y tus derechos. Los tratamientos tambi\u00e9n [&hellip;]<\/p>\n","protected":false},"author":1,"featured_media":0,"parent":0,"menu_order":0,"comment_status":"closed","ping_status":"closed","template":"","meta":{"footnotes":""},"class_list":["post-5224","page","type-page","status-publish","hentry"],"yoast_head":"<!-- This site is optimized with the Yoast SEO plugin v26.6 - https:\/\/yoast.com\/wordpress\/plugins\/seo\/ -->\n<title>Pol\u00edtica de Privacidad | Isla de Elba | Hotel Anna<\/title>\n<meta name=\"description\" content=\"Consulta la pol\u00edtica de privacidad del Hotel Anna. Descubre c\u00f3mo recogemos, usamos y protegemos tus datos personales.\" \/>\n<meta name=\"robots\" content=\"index, follow, max-snippet:-1, max-image-preview:large, max-video-preview:-1\" \/>\n<link rel=\"canonical\" href=\"https:\/\/www.hotelannaisoladelba.it\/es\/privacy\/\" \/>\n<meta property=\"og:locale\" content=\"es_ES\" \/>\n<meta property=\"og:type\" content=\"article\" \/>\n<meta property=\"og:title\" content=\"Pol\u00edtica de Privacidad | Isla de Elba | Hotel Anna\" \/>\n<meta property=\"og:description\" content=\"Consulta la pol\u00edtica de privacidad del Hotel Anna. Descubre c\u00f3mo recogemos, usamos y protegemos tus datos personales.\" \/>\n<meta property=\"og:url\" content=\"https:\/\/www.hotelannaisoladelba.it\/es\/privacy\/\" \/>\n<meta property=\"og:site_name\" content=\"Hotel Anna Isola d&#039;Elba\" \/>\n<meta property=\"article:publisher\" content=\"https:\/\/www.facebook.com\/AnnaHotelIsolaElba\" \/>\n<meta property=\"article:modified_time\" content=\"2025-10-01T20:53:07+00:00\" \/>\n<meta property=\"og:image\" content=\"https:\/\/www.hotelannaisoladelba.it\/wp-content\/uploads\/2023\/11\/logo-orizzonale.png\" \/>\n\t<meta property=\"og:image:width\" content=\"600\" \/>\n\t<meta property=\"og:image:height\" content=\"213\" \/>\n\t<meta property=\"og:image:type\" content=\"image\/png\" \/>\n<meta name=\"twitter:card\" content=\"summary_large_image\" \/>\n<meta name=\"twitter:label1\" content=\"Tiempo de lectura\" \/>\n\t<meta name=\"twitter:data1\" content=\"4 minutos\" \/>\n<script type=\"application\/ld+json\" class=\"yoast-schema-graph\">{\"@context\":\"https:\/\/schema.org\",\"@graph\":[{\"@type\":\"WebPage\",\"@id\":\"https:\/\/www.hotelannaisoladelba.it\/es\/privacy\/\",\"url\":\"https:\/\/www.hotelannaisoladelba.it\/es\/privacy\/\",\"name\":\"Pol\u00edtica de Privacidad | Isla de Elba | Hotel Anna\",\"isPartOf\":{\"@id\":\"https:\/\/www.hotelannaisoladelba.it\/#website\"},\"datePublished\":\"2023-10-26T06:46:10+00:00\",\"dateModified\":\"2025-10-01T20:53:07+00:00\",\"description\":\"Consulta la pol\u00edtica de privacidad del Hotel Anna. Descubre c\u00f3mo recogemos, usamos y protegemos tus datos personales.\",\"breadcrumb\":{\"@id\":\"https:\/\/www.hotelannaisoladelba.it\/es\/privacy\/#breadcrumb\"},\"inLanguage\":\"es\",\"potentialAction\":[{\"@type\":\"ReadAction\",\"target\":[\"https:\/\/www.hotelannaisoladelba.it\/es\/privacy\/\"]}]},{\"@type\":\"BreadcrumbList\",\"@id\":\"https:\/\/www.hotelannaisoladelba.it\/es\/privacy\/#breadcrumb\",\"itemListElement\":[{\"@type\":\"ListItem\",\"position\":1,\"name\":\"Home\",\"item\":\"https:\/\/www.hotelannaisoladelba.it\/\"},{\"@type\":\"ListItem\",\"position\":2,\"name\":\"Privacy\"}]},{\"@type\":\"WebSite\",\"@id\":\"https:\/\/www.hotelannaisoladelba.it\/#website\",\"url\":\"https:\/\/www.hotelannaisoladelba.it\/\",\"name\":\"Hotel Anna Isola d'Elba\",\"description\":\"Albergo a conduzione familiare vicino alla spiaggia di Fetovaia all&#039;Isola d&#039;Elba\",\"publisher\":{\"@id\":\"https:\/\/www.hotelannaisoladelba.it\/#organization\"},\"potentialAction\":[{\"@type\":\"SearchAction\",\"target\":{\"@type\":\"EntryPoint\",\"urlTemplate\":\"https:\/\/www.hotelannaisoladelba.it\/?s={search_term_string}\"},\"query-input\":{\"@type\":\"PropertyValueSpecification\",\"valueRequired\":true,\"valueName\":\"search_term_string\"}}],\"inLanguage\":\"es\"},{\"@type\":\"Organization\",\"@id\":\"https:\/\/www.hotelannaisoladelba.it\/#organization\",\"name\":\"Hotel Anna Isola d'Elba\",\"url\":\"https:\/\/www.hotelannaisoladelba.it\/\",\"logo\":{\"@type\":\"ImageObject\",\"inLanguage\":\"es\",\"@id\":\"https:\/\/www.hotelannaisoladelba.it\/#\/schema\/logo\/image\/\",\"url\":\"https:\/\/www.hotelannaisoladelba.it\/wp-content\/uploads\/2023\/11\/logo-orizzonale.png\",\"contentUrl\":\"https:\/\/www.hotelannaisoladelba.it\/wp-content\/uploads\/2023\/11\/logo-orizzonale.png\",\"width\":600,\"height\":213,\"caption\":\"Hotel Anna Isola d'Elba\"},\"image\":{\"@id\":\"https:\/\/www.hotelannaisoladelba.it\/#\/schema\/logo\/image\/\"},\"sameAs\":[\"https:\/\/www.facebook.com\/AnnaHotelIsolaElba\"]}]}<\/script>\n<!-- \/ Yoast SEO plugin. -->","yoast_head_json":{"title":"Pol\u00edtica de Privacidad | Isla de Elba | Hotel Anna","description":"Consulta la pol\u00edtica de privacidad del Hotel Anna. Descubre c\u00f3mo recogemos, usamos y protegemos tus datos personales.","robots":{"index":"index","follow":"follow","max-snippet":"max-snippet:-1","max-image-preview":"max-image-preview:large","max-video-preview":"max-video-preview:-1"},"canonical":"https:\/\/www.hotelannaisoladelba.it\/es\/privacy\/","og_locale":"es_ES","og_type":"article","og_title":"Pol\u00edtica de Privacidad | Isla de Elba | Hotel Anna","og_description":"Consulta la pol\u00edtica de privacidad del Hotel Anna. Descubre c\u00f3mo recogemos, usamos y protegemos tus datos personales.","og_url":"https:\/\/www.hotelannaisoladelba.it\/es\/privacy\/","og_site_name":"Hotel Anna Isola d&#039;Elba","article_publisher":"https:\/\/www.facebook.com\/AnnaHotelIsolaElba","article_modified_time":"2025-10-01T20:53:07+00:00","og_image":[{"width":600,"height":213,"url":"https:\/\/www.hotelannaisoladelba.it\/wp-content\/uploads\/2023\/11\/logo-orizzonale.png","type":"image\/png"}],"twitter_card":"summary_large_image","twitter_misc":{"Tiempo de lectura":"4 minutos"},"schema":{"@context":"https:\/\/schema.org","@graph":[{"@type":"WebPage","@id":"https:\/\/www.hotelannaisoladelba.it\/es\/privacy\/","url":"https:\/\/www.hotelannaisoladelba.it\/es\/privacy\/","name":"Pol\u00edtica de Privacidad | Isla de Elba | Hotel Anna","isPartOf":{"@id":"https:\/\/www.hotelannaisoladelba.it\/#website"},"datePublished":"2023-10-26T06:46:10+00:00","dateModified":"2025-10-01T20:53:07+00:00","description":"Consulta la pol\u00edtica de privacidad del Hotel Anna. Descubre c\u00f3mo recogemos, usamos y protegemos tus datos personales.","breadcrumb":{"@id":"https:\/\/www.hotelannaisoladelba.it\/es\/privacy\/#breadcrumb"},"inLanguage":"es","potentialAction":[{"@type":"ReadAction","target":["https:\/\/www.hotelannaisoladelba.it\/es\/privacy\/"]}]},{"@type":"BreadcrumbList","@id":"https:\/\/www.hotelannaisoladelba.it\/es\/privacy\/#breadcrumb","itemListElement":[{"@type":"ListItem","position":1,"name":"Home","item":"https:\/\/www.hotelannaisoladelba.it\/"},{"@type":"ListItem","position":2,"name":"Privacy"}]},{"@type":"WebSite","@id":"https:\/\/www.hotelannaisoladelba.it\/#website","url":"https:\/\/www.hotelannaisoladelba.it\/","name":"Hotel Anna Isola d'Elba","description":"Albergo a conduzione familiare vicino alla spiaggia di Fetovaia all&#039;Isola d&#039;Elba","publisher":{"@id":"https:\/\/www.hotelannaisoladelba.it\/#organization"},"potentialAction":[{"@type":"SearchAction","target":{"@type":"EntryPoint","urlTemplate":"https:\/\/www.hotelannaisoladelba.it\/?s={search_term_string}"},"query-input":{"@type":"PropertyValueSpecification","valueRequired":true,"valueName":"search_term_string"}}],"inLanguage":"es"},{"@type":"Organization","@id":"https:\/\/www.hotelannaisoladelba.it\/#organization","name":"Hotel Anna Isola d'Elba","url":"https:\/\/www.hotelannaisoladelba.it\/","logo":{"@type":"ImageObject","inLanguage":"es","@id":"https:\/\/www.hotelannaisoladelba.it\/#\/schema\/logo\/image\/","url":"https:\/\/www.hotelannaisoladelba.it\/wp-content\/uploads\/2023\/11\/logo-orizzonale.png","contentUrl":"https:\/\/www.hotelannaisoladelba.it\/wp-content\/uploads\/2023\/11\/logo-orizzonale.png","width":600,"height":213,"caption":"Hotel Anna Isola d'Elba"},"image":{"@id":"https:\/\/www.hotelannaisoladelba.it\/#\/schema\/logo\/image\/"},"sameAs":["https:\/\/www.facebook.com\/AnnaHotelIsolaElba"]}]}},"_links":{"self":[{"href":"https:\/\/www.hotelannaisoladelba.it\/es\/wp-json\/wp\/v2\/pages\/5224","targetHints":{"allow":["GET"]}}],"collection":[{"href":"https:\/\/www.hotelannaisoladelba.it\/es\/wp-json\/wp\/v2\/pages"}],"about":[{"href":"https:\/\/www.hotelannaisoladelba.it\/es\/wp-json\/wp\/v2\/types\/page"}],"author":[{"embeddable":true,"href":"https:\/\/www.hotelannaisoladelba.it\/es\/wp-json\/wp\/v2\/users\/1"}],"replies":[{"embeddable":true,"href":"https:\/\/www.hotelannaisoladelba.it\/es\/wp-json\/wp\/v2\/comments?post=5224"}],"version-history":[{"count":4,"href":"https:\/\/www.hotelannaisoladelba.it\/es\/wp-json\/wp\/v2\/pages\/5224\/revisions"}],"predecessor-version":[{"id":9621,"href":"https:\/\/www.hotelannaisoladelba.it\/es\/wp-json\/wp\/v2\/pages\/5224\/revisions\/9621"}],"wp:attachment":[{"href":"https:\/\/www.hotelannaisoladelba.it\/es\/wp-json\/wp\/v2\/media?parent=5224"}],"curies":[{"name":"wp","href":"https:\/\/api.w.org\/{rel}","templated":true}]}}