{"id":5222,"date":"2023-10-26T08:43:26","date_gmt":"2023-10-26T06:43:26","guid":{"rendered":"http:\/\/hotelanna.youelba.com\/politica-di-prenotazione\/"},"modified":"2025-08-05T11:44:17","modified_gmt":"2025-08-05T09:44:17","slug":"politica-de-reserva","status":"publish","type":"page","link":"https:\/\/www.hotelannaisoladelba.it\/es\/politica-de-reserva\/","title":{"rendered":"Pol\u00edtica de Reserva"},"content":{"rendered":"\t\t<div data-elementor-type=\"wp-page\" data-elementor-id=\"5222\" class=\"elementor elementor-5222 elementor-3564\" data-elementor-post-type=\"page\">\n\t\t\t\t        <section class=\"elementor-section elementor-top-section elementor-element elementor-element-6c6372b elementor-section-stretched elementor-section-boxed elementor-section-height-default elementor-section-height-default pxl-section-overflow-hidden-no\" data-id=\"6c6372b\" data-element_type=\"section\" data-settings=\"{&quot;stretch_section&quot;:&quot;section-stretched&quot;,&quot;background_background&quot;:&quot;classic&quot;}\">\n\n                \n                <div class=\"elementor-container elementor-column-gap-extended \">\n                <div class=\"elementor-column elementor-col-100 elementor-top-column elementor-element elementor-element-3d403bf col-offset-none pxl-column-element-default pxl-column-overflow-hidden-no\" data-id=\"3d403bf\" data-element_type=\"column\">\r\n        <div class=\"elementor-widget-wrap elementor-element-populated\">\r\n                     \r\n        \t\t<div class=\"elementor-element elementor-element-80d71da pxl-wg-bd-anm-no elementor-widget elementor-widget-pxl_heading\" data-id=\"80d71da\" data-element_type=\"widget\" data-widget_type=\"pxl_heading.default\">\n\t\t\t\t<div class=\"elementor-widget-container\">\n\t\t\t\t\t<div class=\"pxl-heading\">\n\t<div class=\"pxl-heading--inner\">\n\t\t\t\t\t<div class=\"pxl-item--subtitle wow zoomIn\" data-wow-delay=\"900ms\"><span>Pol\u00edtica de<\/span><\/div>\n\t\t\t\t<h1 class=\"pxl-item--title divider-none wow zoomIn \" data-wow-delay=\"900ms\">\n\t\tRESERVA\t\t\n\n\t\t<\/h1>\n\t\t\t<\/div>\n<\/div>\t\t\t\t<\/div>\n\t\t\t\t<\/div>\n\t\t            <\/div>\r\n        <\/div>\r\n        \t\t\t<\/div>\n\t\t<\/section>\n\t\t        <section class=\"elementor-section elementor-top-section elementor-element elementor-element-5f747ba elementor-section-stretched elementor-section-boxed elementor-section-height-default elementor-section-height-default pxl-section-overflow-hidden-no elementor-invisible pxl-elementor-animate\" data-id=\"5f747ba\" data-element_type=\"section\" data-settings=\"{&quot;stretch_section&quot;:&quot;section-stretched&quot;,&quot;animation&quot;:&quot;fadeInUp&quot;,&quot;animation_delay&quot;:1500}\">\n\n                \n                <div class=\"elementor-container elementor-column-gap-extended \">\n                <div class=\"elementor-column elementor-col-100 elementor-top-column elementor-element elementor-element-9fb6cdb col-offset-none pxl-column-element-default pxl-column-overflow-hidden-no\" data-id=\"9fb6cdb\" data-element_type=\"column\">\r\n        <div class=\"elementor-widget-wrap elementor-element-populated\">\r\n                     \r\n        \t\t<div class=\"elementor-element elementor-element-230f132 pxl-wg-bd-anm-no elementor-widget elementor-widget-pxl_text_editor\" data-id=\"230f132\" data-element_type=\"widget\" data-widget_type=\"pxl_text_editor.default\">\n\t\t\t\t<div class=\"elementor-widget-container\">\n\t\t\t\t\t<div class=\"pxl-text-editor \">\n\t<div class=\"pxl-item--inner \" data-wow-delay=\"ms\">\n\t\t<p>La pol\u00edtica de reserva est\u00e1ndar del Hotel Anna est\u00e1 dise\u00f1ada para ofrecer a nuestros hu\u00e9spedes la m\u00e1xima flexibilidad y comodidad, garantizando una experiencia de estancia tranquila y sin preocupaciones. Para todas las reservas, permitimos la cancelaci\u00f3n gratuita hasta 30 d\u00edas antes de la fecha de llegada prevista, lo que les permite ajustar sus planes de viaje sin incurrir en penalizaciones hasta un mes antes de la estancia.<\/p><p>Para confirmar la reserva, se puede utilizar una tarjeta de cr\u00e9dito, que solo es necesaria para garantizar su habitaci\u00f3n sin necesidad de realizar ning\u00fan dep\u00f3sito. Alternativamente, para aquellos que lo prefieran, ofrecemos la opci\u00f3n de utilizar la transferencia bancaria como m\u00e9todo de confirmaci\u00f3n de la reserva. En este caso, se requiere el dep\u00f3sito de un 30% del valor total de la reserva. Esta opci\u00f3n les permite elegir el m\u00e9todo de pago que mejor se adapte a sus necesidades.<\/p><p>El saldo de la reserva se puede completar en el hotel a la llegada o durante la estancia, eligiendo el m\u00e9todo de pago que prefieran. Recordamos que no se aceptan cheques. Si eligen la transferencia bancaria para el saldo, esta debe realizarse a la llegada.<\/p><p>En el caso de una reserva \u00abPrepago no reembolsable\u00bb, se solicitar\u00e1 un prepago del importe total de la estancia NO REEMBOLSABLE en caso de cancelaci\u00f3n y\/o modificaci\u00f3n.<\/p>\t<\/div>\n<\/div>\t\t\t\t<\/div>\n\t\t\t\t<\/div>\n\t\t            <\/div>\r\n        <\/div>\r\n        \t\t\t<\/div>\n\t\t<\/section>\n\t\t\t\t<\/div>\n\t\t","protected":false},"excerpt":{"rendered":"<p>Pol\u00edtica de RESERVA La pol\u00edtica de reserva est\u00e1ndar del Hotel Anna est\u00e1 dise\u00f1ada para ofrecer a nuestros hu\u00e9spedes la m\u00e1xima flexibilidad y comodidad, garantizando una experiencia de estancia tranquila y sin preocupaciones. Para todas las reservas, permitimos la cancelaci\u00f3n gratuita hasta 30 d\u00edas antes de la fecha de llegada prevista, lo que les permite ajustar [&hellip;]<\/p>\n","protected":false},"author":1,"featured_media":0,"parent":0,"menu_order":0,"comment_status":"closed","ping_status":"closed","template":"","meta":{"footnotes":""},"class_list":["post-5222","page","type-page","status-publish","hentry"],"yoast_head":"<!-- This site is optimized with the Yoast SEO plugin v26.6 - https:\/\/yoast.com\/wordpress\/plugins\/seo\/ -->\n<title>Pol\u00edtica de Reserva - Hotel Anna Isola d&#039;Elba<\/title>\n<meta name=\"description\" content=\"Consulta la pol\u00edtica de reserva del Hotel Anna. Toda la informaci\u00f3n sobre dep\u00f3sitos, cancelaciones y las condiciones de tu estancia.\" \/>\n<meta name=\"robots\" content=\"index, follow, max-snippet:-1, max-image-preview:large, max-video-preview:-1\" \/>\n<link rel=\"canonical\" href=\"https:\/\/www.hotelannaisoladelba.it\/es\/politica-de-reserva\/\" \/>\n<meta property=\"og:locale\" content=\"es_ES\" \/>\n<meta property=\"og:type\" content=\"article\" \/>\n<meta property=\"og:title\" content=\"Pol\u00edtica de Reserva - Hotel Anna Isola d&#039;Elba\" \/>\n<meta property=\"og:description\" content=\"Consulta la pol\u00edtica de reserva del Hotel Anna. Toda la informaci\u00f3n sobre dep\u00f3sitos, cancelaciones y las condiciones de tu estancia.\" \/>\n<meta property=\"og:url\" content=\"https:\/\/www.hotelannaisoladelba.it\/es\/politica-de-reserva\/\" \/>\n<meta property=\"og:site_name\" content=\"Hotel Anna Isola d&#039;Elba\" \/>\n<meta property=\"article:publisher\" content=\"https:\/\/www.facebook.com\/AnnaHotelIsolaElba\" \/>\n<meta property=\"article:modified_time\" content=\"2025-08-05T09:44:17+00:00\" \/>\n<meta property=\"og:image\" content=\"https:\/\/www.hotelannaisoladelba.it\/wp-content\/uploads\/2023\/11\/logo-orizzonale.png\" \/>\n\t<meta property=\"og:image:width\" content=\"600\" \/>\n\t<meta property=\"og:image:height\" content=\"213\" \/>\n\t<meta property=\"og:image:type\" content=\"image\/png\" \/>\n<meta name=\"twitter:card\" content=\"summary_large_image\" \/>\n<meta name=\"twitter:label1\" content=\"Tiempo de lectura\" \/>\n\t<meta name=\"twitter:data1\" content=\"2 minutos\" \/>\n<script type=\"application\/ld+json\" class=\"yoast-schema-graph\">{\"@context\":\"https:\/\/schema.org\",\"@graph\":[{\"@type\":\"WebPage\",\"@id\":\"https:\/\/www.hotelannaisoladelba.it\/es\/politica-de-reserva\/\",\"url\":\"https:\/\/www.hotelannaisoladelba.it\/es\/politica-de-reserva\/\",\"name\":\"Pol\u00edtica de Reserva - Hotel Anna Isola d&#039;Elba\",\"isPartOf\":{\"@id\":\"https:\/\/www.hotelannaisoladelba.it\/#website\"},\"datePublished\":\"2023-10-26T06:43:26+00:00\",\"dateModified\":\"2025-08-05T09:44:17+00:00\",\"description\":\"Consulta la pol\u00edtica de reserva del Hotel Anna. Toda la informaci\u00f3n sobre dep\u00f3sitos, cancelaciones y las condiciones de tu estancia.\",\"breadcrumb\":{\"@id\":\"https:\/\/www.hotelannaisoladelba.it\/es\/politica-de-reserva\/#breadcrumb\"},\"inLanguage\":\"es\",\"potentialAction\":[{\"@type\":\"ReadAction\",\"target\":[\"https:\/\/www.hotelannaisoladelba.it\/es\/politica-de-reserva\/\"]}]},{\"@type\":\"BreadcrumbList\",\"@id\":\"https:\/\/www.hotelannaisoladelba.it\/es\/politica-de-reserva\/#breadcrumb\",\"itemListElement\":[{\"@type\":\"ListItem\",\"position\":1,\"name\":\"Home\",\"item\":\"https:\/\/www.hotelannaisoladelba.it\/\"},{\"@type\":\"ListItem\",\"position\":2,\"name\":\"Pol\u00edtica de Reserva\"}]},{\"@type\":\"WebSite\",\"@id\":\"https:\/\/www.hotelannaisoladelba.it\/#website\",\"url\":\"https:\/\/www.hotelannaisoladelba.it\/\",\"name\":\"Hotel Anna Isola d'Elba\",\"description\":\"Albergo a conduzione familiare vicino alla spiaggia di Fetovaia all&#039;Isola d&#039;Elba\",\"publisher\":{\"@id\":\"https:\/\/www.hotelannaisoladelba.it\/#organization\"},\"potentialAction\":[{\"@type\":\"SearchAction\",\"target\":{\"@type\":\"EntryPoint\",\"urlTemplate\":\"https:\/\/www.hotelannaisoladelba.it\/?s={search_term_string}\"},\"query-input\":{\"@type\":\"PropertyValueSpecification\",\"valueRequired\":true,\"valueName\":\"search_term_string\"}}],\"inLanguage\":\"es\"},{\"@type\":\"Organization\",\"@id\":\"https:\/\/www.hotelannaisoladelba.it\/#organization\",\"name\":\"Hotel Anna Isola d'Elba\",\"url\":\"https:\/\/www.hotelannaisoladelba.it\/\",\"logo\":{\"@type\":\"ImageObject\",\"inLanguage\":\"es\",\"@id\":\"https:\/\/www.hotelannaisoladelba.it\/#\/schema\/logo\/image\/\",\"url\":\"https:\/\/www.hotelannaisoladelba.it\/wp-content\/uploads\/2023\/11\/logo-orizzonale.png\",\"contentUrl\":\"https:\/\/www.hotelannaisoladelba.it\/wp-content\/uploads\/2023\/11\/logo-orizzonale.png\",\"width\":600,\"height\":213,\"caption\":\"Hotel Anna Isola d'Elba\"},\"image\":{\"@id\":\"https:\/\/www.hotelannaisoladelba.it\/#\/schema\/logo\/image\/\"},\"sameAs\":[\"https:\/\/www.facebook.com\/AnnaHotelIsolaElba\"]}]}<\/script>\n<!-- \/ Yoast SEO plugin. -->","yoast_head_json":{"title":"Pol\u00edtica de Reserva - Hotel Anna Isola d&#039;Elba","description":"Consulta la pol\u00edtica de reserva del Hotel Anna. Toda la informaci\u00f3n sobre dep\u00f3sitos, cancelaciones y las condiciones de tu estancia.","robots":{"index":"index","follow":"follow","max-snippet":"max-snippet:-1","max-image-preview":"max-image-preview:large","max-video-preview":"max-video-preview:-1"},"canonical":"https:\/\/www.hotelannaisoladelba.it\/es\/politica-de-reserva\/","og_locale":"es_ES","og_type":"article","og_title":"Pol\u00edtica de Reserva - Hotel Anna Isola d&#039;Elba","og_description":"Consulta la pol\u00edtica de reserva del Hotel Anna. Toda la informaci\u00f3n sobre dep\u00f3sitos, cancelaciones y las condiciones de tu estancia.","og_url":"https:\/\/www.hotelannaisoladelba.it\/es\/politica-de-reserva\/","og_site_name":"Hotel Anna Isola d&#039;Elba","article_publisher":"https:\/\/www.facebook.com\/AnnaHotelIsolaElba","article_modified_time":"2025-08-05T09:44:17+00:00","og_image":[{"width":600,"height":213,"url":"https:\/\/www.hotelannaisoladelba.it\/wp-content\/uploads\/2023\/11\/logo-orizzonale.png","type":"image\/png"}],"twitter_card":"summary_large_image","twitter_misc":{"Tiempo de lectura":"2 minutos"},"schema":{"@context":"https:\/\/schema.org","@graph":[{"@type":"WebPage","@id":"https:\/\/www.hotelannaisoladelba.it\/es\/politica-de-reserva\/","url":"https:\/\/www.hotelannaisoladelba.it\/es\/politica-de-reserva\/","name":"Pol\u00edtica de Reserva - Hotel Anna Isola d&#039;Elba","isPartOf":{"@id":"https:\/\/www.hotelannaisoladelba.it\/#website"},"datePublished":"2023-10-26T06:43:26+00:00","dateModified":"2025-08-05T09:44:17+00:00","description":"Consulta la pol\u00edtica de reserva del Hotel Anna. Toda la informaci\u00f3n sobre dep\u00f3sitos, cancelaciones y las condiciones de tu estancia.","breadcrumb":{"@id":"https:\/\/www.hotelannaisoladelba.it\/es\/politica-de-reserva\/#breadcrumb"},"inLanguage":"es","potentialAction":[{"@type":"ReadAction","target":["https:\/\/www.hotelannaisoladelba.it\/es\/politica-de-reserva\/"]}]},{"@type":"BreadcrumbList","@id":"https:\/\/www.hotelannaisoladelba.it\/es\/politica-de-reserva\/#breadcrumb","itemListElement":[{"@type":"ListItem","position":1,"name":"Home","item":"https:\/\/www.hotelannaisoladelba.it\/"},{"@type":"ListItem","position":2,"name":"Pol\u00edtica de Reserva"}]},{"@type":"WebSite","@id":"https:\/\/www.hotelannaisoladelba.it\/#website","url":"https:\/\/www.hotelannaisoladelba.it\/","name":"Hotel Anna Isola d'Elba","description":"Albergo a conduzione familiare vicino alla spiaggia di Fetovaia all&#039;Isola d&#039;Elba","publisher":{"@id":"https:\/\/www.hotelannaisoladelba.it\/#organization"},"potentialAction":[{"@type":"SearchAction","target":{"@type":"EntryPoint","urlTemplate":"https:\/\/www.hotelannaisoladelba.it\/?s={search_term_string}"},"query-input":{"@type":"PropertyValueSpecification","valueRequired":true,"valueName":"search_term_string"}}],"inLanguage":"es"},{"@type":"Organization","@id":"https:\/\/www.hotelannaisoladelba.it\/#organization","name":"Hotel Anna Isola d'Elba","url":"https:\/\/www.hotelannaisoladelba.it\/","logo":{"@type":"ImageObject","inLanguage":"es","@id":"https:\/\/www.hotelannaisoladelba.it\/#\/schema\/logo\/image\/","url":"https:\/\/www.hotelannaisoladelba.it\/wp-content\/uploads\/2023\/11\/logo-orizzonale.png","contentUrl":"https:\/\/www.hotelannaisoladelba.it\/wp-content\/uploads\/2023\/11\/logo-orizzonale.png","width":600,"height":213,"caption":"Hotel Anna Isola d'Elba"},"image":{"@id":"https:\/\/www.hotelannaisoladelba.it\/#\/schema\/logo\/image\/"},"sameAs":["https:\/\/www.facebook.com\/AnnaHotelIsolaElba"]}]}},"_links":{"self":[{"href":"https:\/\/www.hotelannaisoladelba.it\/es\/wp-json\/wp\/v2\/pages\/5222","targetHints":{"allow":["GET"]}}],"collection":[{"href":"https:\/\/www.hotelannaisoladelba.it\/es\/wp-json\/wp\/v2\/pages"}],"about":[{"href":"https:\/\/www.hotelannaisoladelba.it\/es\/wp-json\/wp\/v2\/types\/page"}],"author":[{"embeddable":true,"href":"https:\/\/www.hotelannaisoladelba.it\/es\/wp-json\/wp\/v2\/users\/1"}],"replies":[{"embeddable":true,"href":"https:\/\/www.hotelannaisoladelba.it\/es\/wp-json\/wp\/v2\/comments?post=5222"}],"version-history":[{"count":5,"href":"https:\/\/www.hotelannaisoladelba.it\/es\/wp-json\/wp\/v2\/pages\/5222\/revisions"}],"predecessor-version":[{"id":9620,"href":"https:\/\/www.hotelannaisoladelba.it\/es\/wp-json\/wp\/v2\/pages\/5222\/revisions\/9620"}],"wp:attachment":[{"href":"https:\/\/www.hotelannaisoladelba.it\/es\/wp-json\/wp\/v2\/media?parent=5222"}],"curies":[{"name":"wp","href":"https:\/\/api.w.org\/{rel}","templated":true}]}}