{"id":6895,"date":"2023-12-14T16:58:46","date_gmt":"2023-12-14T15:58:46","guid":{"rendered":"https:\/\/www.hotelannaisoladelba.it\/gruppi-ed-eventi\/"},"modified":"2025-08-13T18:12:01","modified_gmt":"2025-08-13T16:12:01","slug":"gruppen-und-veranstaltungen","status":"publish","type":"page","link":"https:\/\/www.hotelannaisoladelba.it\/de\/gruppen-und-veranstaltungen\/","title":{"rendered":"Gruppen und veranstaltungen"},"content":{"rendered":"\t\t<div data-elementor-type=\"wp-page\" data-elementor-id=\"6895\" class=\"elementor elementor-6895 elementor-6301\" data-elementor-post-type=\"page\">\n\t\t\t\t        <section class=\"elementor-section elementor-top-section elementor-element elementor-element-6c6372b elementor-section-stretched elementor-section-boxed elementor-section-height-default elementor-section-height-default pxl-section-overflow-hidden-no\" data-id=\"6c6372b\" data-element_type=\"section\" data-settings=\"{&quot;stretch_section&quot;:&quot;section-stretched&quot;,&quot;background_background&quot;:&quot;classic&quot;}\">\n\n                \n                <div class=\"elementor-container elementor-column-gap-extended \">\n                <div class=\"elementor-column elementor-col-100 elementor-top-column elementor-element elementor-element-3d403bf col-offset-none pxl-column-element-default pxl-column-overflow-hidden-no\" data-id=\"3d403bf\" data-element_type=\"column\">\r\n        <div class=\"elementor-widget-wrap elementor-element-populated\">\r\n                     \r\n        \t\t<div class=\"elementor-element elementor-element-80d71da pxl-wg-bd-anm-no elementor-widget elementor-widget-pxl_heading\" data-id=\"80d71da\" data-element_type=\"widget\" data-widget_type=\"pxl_heading.default\">\n\t\t\t\t<div class=\"elementor-widget-container\">\n\t\t\t\t\t<div class=\"pxl-heading\">\n\t<div class=\"pxl-heading--inner\">\n\t\t\t\t\t<div class=\"pxl-item--subtitle wow zoomIn\" data-wow-delay=\"900ms\"><span>Hotel Anna<\/span><\/div>\n\t\t\t\t<h1 class=\"pxl-item--title divider-none wow zoomIn \" data-wow-delay=\"900ms\">\n\t\tGruppen und veranstaltungen\t\t\n\n\t\t<\/h1>\n\t\t\t<\/div>\n<\/div>\t\t\t\t<\/div>\n\t\t\t\t<\/div>\n\t\t            <\/div>\r\n        <\/div>\r\n        \t\t\t<\/div>\n\t\t<\/section>\n\t\t        <section class=\"elementor-section elementor-top-section elementor-element elementor-element-5f747ba elementor-section-stretched elementor-section-boxed elementor-section-height-default elementor-section-height-default pxl-section-overflow-hidden-no elementor-invisible pxl-elementor-animate\" data-id=\"5f747ba\" data-element_type=\"section\" data-settings=\"{&quot;stretch_section&quot;:&quot;section-stretched&quot;,&quot;animation&quot;:&quot;fadeInUp&quot;,&quot;animation_delay&quot;:1500}\">\n\n                \n                <div class=\"elementor-container elementor-column-gap-extended \">\n                <div class=\"elementor-column elementor-col-100 elementor-top-column elementor-element elementor-element-9fb6cdb col-offset-none pxl-column-element-default pxl-column-overflow-hidden-no\" data-id=\"9fb6cdb\" data-element_type=\"column\">\r\n        <div class=\"elementor-widget-wrap elementor-element-populated\">\r\n                     \r\n        \t\t<div class=\"elementor-element elementor-element-71aef42 pxl-wg-bd-anm-no elementor-widget elementor-widget-pxl_heading\" data-id=\"71aef42\" data-element_type=\"widget\" data-widget_type=\"pxl_heading.default\">\n\t\t\t\t<div class=\"elementor-widget-container\">\n\t\t\t\t\t<div class=\"pxl-heading\">\n\t<div class=\"pxl-heading--inner\">\n\t\t\t\t<h2 class=\"pxl-item--title divider-none  \" data-wow-delay=\"ms\">\n\t\tHotel Anna: Die perfekte Wahl f\u00fcr Gruppenreisen\t\t\n\n\t\t<\/h2>\n\t\t\t<\/div>\n<\/div>\t\t\t\t<\/div>\n\t\t\t\t<\/div>\n\t\t\t\t<div class=\"elementor-element elementor-element-230f132 pxl-wg-bd-anm-no elementor-widget elementor-widget-pxl_text_editor\" data-id=\"230f132\" data-element_type=\"widget\" data-widget_type=\"pxl_text_editor.default\">\n\t\t\t\t<div class=\"elementor-widget-container\">\n\t\t\t\t\t<div class=\"pxl-text-editor \">\n\t<div class=\"pxl-item--inner \" data-wow-delay=\"ms\">\n\t\t<p>Das Hotel Anna steht auf der bezaubernden Insel Elba und ist der perfekte Zielort f\u00fcr Reiseagenturen, Tour Operator und Organisatoren, die Ihren G\u00e4sten einen einmaligen, unvergesslichen Aufenthalt bieten m\u00f6chten.<\/p><p>Vom Hotel aus, das in einer strategische Position, nur 25 km von Portoferraio und 9 km vom Zentrum von Marina di Campo, steht, erreicht man schnell die wichtigsten Sehensw\u00fcrdigkeiten der Insel. Au\u00dferdem liegt es nur 450 Meter von dem wundersch\u00f6nen Strand von Fetovaia, einer der Perlen der Insel Elba, entfernt. Unsere Anlage ist f\u00fcr organisierte Gruppenreisen ausgelegt und garantiert einen Komforturlaub mit viel personalisierten Dienstleistungen einschlie\u00dflich der M\u00f6glichkeit, unterhaltsame Abende und Themenabende mit Kostproben mit typischen Weinen und traditionellen Gerichten der Insel Elba zu organisieren.<\/p>\t<\/div>\n<\/div>\t\t\t\t<\/div>\n\t\t\t\t<\/div>\n\t\t            <\/div>\r\n        <\/div>\r\n        \t\t\t<\/div>\n\t\t<\/section>\n\t\t        <section class=\"elementor-section elementor-top-section elementor-element elementor-element-41d191c elementor-section-stretched elementor-section-boxed elementor-section-height-default elementor-section-height-default pxl-section-overflow-hidden-no elementor-invisible pxl-elementor-animate\" data-id=\"41d191c\" data-element_type=\"section\" data-settings=\"{&quot;stretch_section&quot;:&quot;section-stretched&quot;,&quot;animation&quot;:&quot;fadeInUp&quot;,&quot;animation_delay&quot;:1500}\">\n\n                \n                <div class=\"elementor-container elementor-column-gap-extended \">\n                <div class=\"elementor-column elementor-col-100 elementor-top-column elementor-element elementor-element-e14cffe col-offset-none pxl-column-element-default pxl-column-overflow-hidden-no\" data-id=\"e14cffe\" data-element_type=\"column\">\r\n        <div class=\"elementor-widget-wrap elementor-element-populated\">\r\n                     \r\n        \t\t<div class=\"elementor-element elementor-element-7ef9e15 pxl-wg-bd-anm-no elementor-widget elementor-widget-pxl_heading\" data-id=\"7ef9e15\" data-element_type=\"widget\" data-widget_type=\"pxl_heading.default\">\n\t\t\t\t<div class=\"elementor-widget-container\">\n\t\t\t\t\t<div class=\"pxl-heading\">\n\t<div class=\"pxl-heading--inner\">\n\t\t\t\t<h3 class=\"pxl-item--title divider-none  \" data-wow-delay=\"ms\">\n\t\tKapazit\u00e4t und Komfort des Hotels\t\t\n\n\t\t<\/h3>\n\t\t\t<\/div>\n<\/div>\t\t\t\t<\/div>\n\t\t\t\t<\/div>\n\t\t\t\t<div class=\"elementor-element elementor-element-aa2c9d6 pxl-wg-bd-anm-no elementor-widget elementor-widget-pxl_text_editor\" data-id=\"aa2c9d6\" data-element_type=\"widget\" data-widget_type=\"pxl_text_editor.default\">\n\t\t\t\t<div class=\"elementor-widget-container\">\n\t\t\t\t\t<div class=\"pxl-text-editor \">\n\t<div class=\"pxl-item--inner \" data-wow-delay=\"ms\">\n\t\t<ul><li>Circa 30 Zimmer, ausgestattet mit jedem erdenklichen Komfort: Unser Hotel hat circa 30 Zimmer, die mit jedem erdenklichen Komfort ausgestattet sind, und kann bis zu 55 Personen beherbergen. Au\u00dferdem sind alle Zimmer vor Kurzem modernisiert worden und bieten ein modernes, freundliches Ambiente. Das Hotel hat einen Aufzug zu den Zimmern in den oberen Stockwerken.<\/li><\/ul>\t<\/div>\n<\/div>\t\t\t\t<\/div>\n\t\t\t\t<\/div>\n\t\t            <\/div>\r\n        <\/div>\r\n        \t\t\t<\/div>\n\t\t<\/section>\n\t\t        <section class=\"elementor-section elementor-top-section elementor-element elementor-element-b48620f elementor-section-stretched elementor-section-boxed elementor-section-height-default elementor-section-height-default pxl-section-overflow-hidden-no elementor-invisible pxl-elementor-animate\" data-id=\"b48620f\" data-element_type=\"section\" data-settings=\"{&quot;stretch_section&quot;:&quot;section-stretched&quot;,&quot;animation&quot;:&quot;fadeInUp&quot;,&quot;animation_delay&quot;:1500}\">\n\n                \n                <div class=\"elementor-container elementor-column-gap-extended \">\n                <div class=\"elementor-column elementor-col-100 elementor-top-column elementor-element elementor-element-88bddb7 col-offset-none pxl-column-element-default pxl-column-overflow-hidden-no\" data-id=\"88bddb7\" data-element_type=\"column\">\r\n        <div class=\"elementor-widget-wrap elementor-element-populated\">\r\n                     \r\n        \t\t<div class=\"elementor-element elementor-element-54765c4 pxl-wg-bd-anm-no elementor-widget elementor-widget-pxl_heading\" data-id=\"54765c4\" data-element_type=\"widget\" data-widget_type=\"pxl_heading.default\">\n\t\t\t\t<div class=\"elementor-widget-container\">\n\t\t\t\t\t<div class=\"pxl-heading\">\n\t<div class=\"pxl-heading--inner\">\n\t\t\t\t<h3 class=\"pxl-item--title divider-none  \" data-wow-delay=\"ms\">\n\t\tAllgemeine Eigenschaften des Hotels\t\t\n\n\t\t<\/h3>\n\t\t\t<\/div>\n<\/div>\t\t\t\t<\/div>\n\t\t\t\t<\/div>\n\t\t\t\t<div class=\"elementor-element elementor-element-8dde67b pxl-wg-bd-anm-no elementor-widget elementor-widget-pxl_text_editor\" data-id=\"8dde67b\" data-element_type=\"widget\" data-widget_type=\"pxl_text_editor.default\">\n\t\t\t\t<div class=\"elementor-widget-container\">\n\t\t\t\t\t<div class=\"pxl-text-editor \">\n\t<div class=\"pxl-item--inner \" data-wow-delay=\"ms\">\n\t\t<ul><li>Verschiedene Zimmertypologien: Wir haben 9 unterschiedliche Zimmertypologien, die jedem Bedarf nachkommen, einschlie\u00dflich der Option Familienzimmer.<\/li><li>Zimmerservice: Jedes Zimmer ist mit einer Klimaanlage, WLAN, TV, Safe und Minibar ausgestattet.<\/li><li>Haustiere willkommen: Wir hei\u00dfen Ihre vierbeinigen Freunde zu einem geringen Aufpreis pro Tag willkommen.<\/li><\/ul>\t<\/div>\n<\/div>\t\t\t\t<\/div>\n\t\t\t\t<\/div>\n\t\t            <\/div>\r\n        <\/div>\r\n        \t\t\t<\/div>\n\t\t<\/section>\n\t\t        <section class=\"elementor-section elementor-top-section elementor-element elementor-element-9c92fd7 elementor-section-stretched elementor-section-boxed elementor-section-height-default elementor-section-height-default pxl-section-overflow-hidden-no elementor-invisible pxl-elementor-animate\" data-id=\"9c92fd7\" data-element_type=\"section\" data-settings=\"{&quot;stretch_section&quot;:&quot;section-stretched&quot;,&quot;animation&quot;:&quot;fadeInUp&quot;,&quot;animation_delay&quot;:1500}\">\n\n                \n                <div class=\"elementor-container elementor-column-gap-extended \">\n                <div class=\"elementor-column elementor-col-100 elementor-top-column elementor-element elementor-element-3a07cf1 col-offset-none pxl-column-element-default pxl-column-overflow-hidden-no\" data-id=\"3a07cf1\" data-element_type=\"column\">\r\n        <div class=\"elementor-widget-wrap elementor-element-populated\">\r\n                     \r\n        \t\t<div class=\"elementor-element elementor-element-5b2d3ea pxl-wg-bd-anm-no elementor-widget elementor-widget-pxl_heading\" data-id=\"5b2d3ea\" data-element_type=\"widget\" data-widget_type=\"pxl_heading.default\">\n\t\t\t\t<div class=\"elementor-widget-container\">\n\t\t\t\t\t<div class=\"pxl-heading\">\n\t<div class=\"pxl-heading--inner\">\n\t\t\t\t<h3 class=\"pxl-item--title divider-none  \" data-wow-delay=\"ms\">\n\t\tParkplatz und Dienstleistungen f\u00fcr Gruppen\t\t\n\n\t\t<\/h3>\n\t\t\t<\/div>\n<\/div>\t\t\t\t<\/div>\n\t\t\t\t<\/div>\n\t\t\t\t<div class=\"elementor-element elementor-element-8e6bd48 pxl-wg-bd-anm-no elementor-widget elementor-widget-pxl_text_editor\" data-id=\"8e6bd48\" data-element_type=\"widget\" data-widget_type=\"pxl_text_editor.default\">\n\t\t\t\t<div class=\"elementor-widget-container\">\n\t\t\t\t\t<div class=\"pxl-text-editor \">\n\t<div class=\"pxl-item--inner \" data-wow-delay=\"ms\">\n\t\t<ul><li>Stellplatz f\u00fcr Autobus: F\u00fcr Gruppenreisen bieten wir den Komfort eines Stellplatzes f\u00fcr Autobusse circa 600 Meter vom Hotel entfernt.<\/li><li>Kostenloser Gep\u00e4cktragedienst: Damit sich unsere G\u00e4ste nicht mit dem Gep\u00e4ck abschleppen m\u00fcssen, stellen wir einen kostenlosen Gep\u00e4cktragedienst vom und zum Hotel zur Verf\u00fcgung.<\/li><li>Transfer f\u00fcr den Fahrer: Wir bieten einen exklusiven Transferdienst f\u00fcr den Busfahrer an, damit er einen bequemen und ruhigen Aufenthalt hat.<\/li><\/ul>\t<\/div>\n<\/div>\t\t\t\t<\/div>\n\t\t\t\t<\/div>\n\t\t            <\/div>\r\n        <\/div>\r\n        \t\t\t<\/div>\n\t\t<\/section>\n\t\t        <section class=\"elementor-section elementor-top-section elementor-element elementor-element-caec6d4 elementor-section-stretched elementor-section-boxed elementor-section-height-default elementor-section-height-default pxl-section-overflow-hidden-no elementor-invisible pxl-elementor-animate\" data-id=\"caec6d4\" data-element_type=\"section\" data-settings=\"{&quot;stretch_section&quot;:&quot;section-stretched&quot;,&quot;animation&quot;:&quot;fadeInUp&quot;,&quot;animation_delay&quot;:1500}\">\n\n                \n                <div class=\"elementor-container elementor-column-gap-extended \">\n                <div class=\"elementor-column elementor-col-100 elementor-top-column elementor-element elementor-element-39bfd62 col-offset-none pxl-column-element-default pxl-column-overflow-hidden-no\" data-id=\"39bfd62\" data-element_type=\"column\">\r\n        <div class=\"elementor-widget-wrap elementor-element-populated\">\r\n                     \r\n        \t\t<div class=\"elementor-element elementor-element-4e5c3f2 pxl-wg-bd-anm-no elementor-widget elementor-widget-pxl_heading\" data-id=\"4e5c3f2\" data-element_type=\"widget\" data-widget_type=\"pxl_heading.default\">\n\t\t\t\t<div class=\"elementor-widget-container\">\n\t\t\t\t\t<div class=\"pxl-heading\">\n\t<div class=\"pxl-heading--inner\">\n\t\t\t\t<h3 class=\"pxl-item--title divider-none  \" data-wow-delay=\"ms\">\n\t\tBewirtung und Relax\t\t\n\n\t\t<\/h3>\n\t\t\t<\/div>\n<\/div>\t\t\t\t<\/div>\n\t\t\t\t<\/div>\n\t\t\t\t<div class=\"elementor-element elementor-element-7ba2adf pxl-wg-bd-anm-no elementor-widget elementor-widget-pxl_text_editor\" data-id=\"7ba2adf\" data-element_type=\"widget\" data-widget_type=\"pxl_text_editor.default\">\n\t\t\t\t<div class=\"elementor-widget-container\">\n\t\t\t\t\t<div class=\"pxl-text-editor \">\n\t<div class=\"pxl-item--inner \" data-wow-delay=\"ms\">\n\t\t<ul><li>Restaurant im Hotel Anna: Unsere Restaurant bietet ein einzigartiges kulinarisches Erlebnis auf der Terrasse im Freien an den Sommerabenden und im freundlichen Restaurantsaal, wenn die Abende k\u00fchler sind. Wir haben abends ge\u00f6ffnet und servieren authentische Gerichte und kulinarische lokale K\u00f6stlichkeiten.<\/li><li>Lounge Bar: Unsere Lounge Bar ist perfekt, um ein leichtes, leckeres Mittagessen einzunehmen, mit einer Auswahl an k\u00f6stlichen Cocktails und Snacks von der Karte.<\/li><li>Lunchpaket: Wir bereiten Ihnen auf Wunsch ein Lunchpaket f\u00fcr Ihre Tagesausfl\u00fcge vor.<\/li><li>Unterhaltende Abende und Themenabende: Wir organisieren unterhaltende Abende und Themenabende, mit Kostproben mit typischen Weinen und traditionellen Gerichten der Insel Elba f\u00fcr ein authentisches kulturelles und kulinarisches Erlebnis.<\/li><\/ul>\t<\/div>\n<\/div>\t\t\t\t<\/div>\n\t\t\t\t<\/div>\n\t\t            <\/div>\r\n        <\/div>\r\n        \t\t\t<\/div>\n\t\t<\/section>\n\t\t        <section class=\"elementor-section elementor-top-section elementor-element elementor-element-904e452 elementor-section-stretched elementor-section-boxed elementor-section-height-default elementor-section-height-default pxl-section-overflow-hidden-no elementor-invisible pxl-elementor-animate\" data-id=\"904e452\" data-element_type=\"section\" data-settings=\"{&quot;stretch_section&quot;:&quot;section-stretched&quot;,&quot;animation&quot;:&quot;fadeInUp&quot;,&quot;animation_delay&quot;:1500}\">\n\n                \n                <div class=\"elementor-container elementor-column-gap-extended \">\n                <div class=\"elementor-column elementor-col-100 elementor-top-column elementor-element elementor-element-e0d4ea9 col-offset-none pxl-column-element-default pxl-column-overflow-hidden-no\" data-id=\"e0d4ea9\" data-element_type=\"column\">\r\n        <div class=\"elementor-widget-wrap elementor-element-populated\">\r\n                     \r\n        \t\t<div class=\"elementor-element elementor-element-f8c1251 pxl-wg-bd-anm-no elementor-widget elementor-widget-pxl_heading\" data-id=\"f8c1251\" data-element_type=\"widget\" data-widget_type=\"pxl_heading.default\">\n\t\t\t\t<div class=\"elementor-widget-container\">\n\t\t\t\t\t<div class=\"pxl-heading\">\n\t<div class=\"pxl-heading--inner\">\n\t\t\t\t<h3 class=\"pxl-item--title divider-none  \" data-wow-delay=\"ms\">\n\t\tPersonalisieren Sie den Aufenthalt Ihrer G\u00e4ste\t\t\n\n\t\t<\/h3>\n\t\t\t<\/div>\n<\/div>\t\t\t\t<\/div>\n\t\t\t\t<\/div>\n\t\t\t\t<div class=\"elementor-element elementor-element-e6221b3 pxl-wg-bd-anm-no elementor-widget elementor-widget-pxl_text_editor\" data-id=\"e6221b3\" data-element_type=\"widget\" data-widget_type=\"pxl_text_editor.default\">\n\t\t\t\t<div class=\"elementor-widget-container\">\n\t\t\t\t\t<div class=\"pxl-text-editor \">\n\t<div class=\"pxl-item--inner \" data-wow-delay=\"ms\">\n\t\t<ul><li>Kontaktieren Sie uns, um die besten Angebote herauszufinden: Wir laden Sie ein, uns zu kontaktieren, um die besten Angebote zu erhalten und den Aufenthalt Ihrer G\u00e4ste zu personalisieren. Wir sind bereit, alle Ihre W\u00fcnsche zu erf\u00fcllen, um ein unvergessliches Erlebnis zu garantieren.<\/li><\/ul>\t<\/div>\n<\/div>\t\t\t\t<\/div>\n\t\t\t\t<\/div>\n\t\t            <\/div>\r\n        <\/div>\r\n        \t\t\t<\/div>\n\t\t<\/section>\n\t\t        <section class=\"elementor-section elementor-top-section elementor-element elementor-element-399d329 elementor-section-stretched elementor-section-boxed elementor-section-height-default elementor-section-height-default pxl-section-overflow-hidden-no elementor-invisible pxl-elementor-animate\" data-id=\"399d329\" data-element_type=\"section\" data-settings=\"{&quot;stretch_section&quot;:&quot;section-stretched&quot;,&quot;animation&quot;:&quot;fadeInUp&quot;,&quot;animation_delay&quot;:1500}\">\n\n                \n                <div class=\"elementor-container elementor-column-gap-extended \">\n                <div class=\"elementor-column elementor-col-100 elementor-top-column elementor-element elementor-element-26f217c col-offset-none pxl-column-element-default pxl-column-overflow-hidden-no\" data-id=\"26f217c\" data-element_type=\"column\">\r\n        <div class=\"elementor-widget-wrap elementor-element-populated\">\r\n                     \r\n        \t\t<div class=\"elementor-element elementor-element-59672f5 pxl-wg-bd-anm-no elementor-widget elementor-widget-pxl_text_editor\" data-id=\"59672f5\" data-element_type=\"widget\" data-widget_type=\"pxl_text_editor.default\">\n\t\t\t\t<div class=\"elementor-widget-container\">\n\t\t\t\t\t<div class=\"pxl-text-editor \">\n\t<div class=\"pxl-item--inner \" data-wow-delay=\"ms\">\n\t\t<h6>F\u00fcr Informationen und Anfragen schreiben Sie an:<a href=\"mailto:anna@fetovaia.it\"> anna@fetovaia.it<\/a> oder rufe Sie uns an.<\/h6>\t<\/div>\n<\/div>\t\t\t\t<\/div>\n\t\t\t\t<\/div>\n\t\t            <\/div>\r\n        <\/div>\r\n        \t\t\t<\/div>\n\t\t<\/section>\n\t\t        <section class=\"elementor-section elementor-top-section elementor-element elementor-element-0fbe74e elementor-section-stretched elementor-section-boxed elementor-section-height-default elementor-section-height-default pxl-section-overflow-hidden-no elementor-invisible pxl-elementor-animate\" data-id=\"0fbe74e\" data-element_type=\"section\" data-settings=\"{&quot;stretch_section&quot;:&quot;section-stretched&quot;,&quot;animation&quot;:&quot;fadeInUp&quot;,&quot;animation_delay&quot;:1500}\">\n\n                \n                <div class=\"elementor-container elementor-column-gap-extended \">\n                <div class=\"elementor-column elementor-col-100 elementor-top-column elementor-element elementor-element-02de189 col-offset-none pxl-column-element-default pxl-column-overflow-hidden-no\" data-id=\"02de189\" data-element_type=\"column\">\r\n        <div class=\"elementor-widget-wrap elementor-element-populated\">\r\n                     \r\n        \t\t<div class=\"elementor-element elementor-element-790f415 pxl-wg-bd-anm-no elementor-widget elementor-widget-pxl_text_editor\" data-id=\"790f415\" data-element_type=\"widget\" data-widget_type=\"pxl_text_editor.default\">\n\t\t\t\t<div class=\"elementor-widget-container\">\n\t\t\t\t\t<div class=\"pxl-text-editor \">\n\t<div class=\"pxl-item--inner \" data-wow-delay=\"ms\">\n\t\t<h5><em>Das Hotel Anna ist der ideale Ort f\u00fcr Ihre Gruppenreisen, weil wir einen unvergesslichen Aufenthalt in einer der malerischsten Ortschaften auf der Insel Elba bieten.<\/em><\/h5>\t<\/div>\n<\/div>\t\t\t\t<\/div>\n\t\t\t\t<\/div>\n\t\t            <\/div>\r\n        <\/div>\r\n        \t\t\t<\/div>\n\t\t<\/section>\n\t\t\t\t<\/div>\n\t\t","protected":false},"excerpt":{"rendered":"<p>Hotel Anna Gruppen und veranstaltungen Hotel Anna: Die perfekte Wahl f\u00fcr Gruppenreisen Das Hotel Anna steht auf der bezaubernden Insel Elba und ist der perfekte Zielort f\u00fcr Reiseagenturen, Tour Operator und Organisatoren, die Ihren G\u00e4sten einen einmaligen, unvergesslichen Aufenthalt bieten m\u00f6chten. Vom Hotel aus, das in einer strategische Position, nur 25 km von Portoferraio und [&hellip;]<\/p>\n","protected":false},"author":1,"featured_media":0,"parent":0,"menu_order":0,"comment_status":"closed","ping_status":"closed","template":"","meta":{"footnotes":""},"class_list":["post-6895","page","type-page","status-publish","hentry"],"yoast_head":"<!-- This site is optimized with the Yoast SEO plugin v26.6 - https:\/\/yoast.com\/wordpress\/plugins\/seo\/ -->\n<title>Gruppen und veranstaltungen - Hotel Anna Isola d&#039;Elba<\/title>\n<meta name=\"description\" content=\"Feiern Sie Ihre besonderen Anl\u00e4sse im Hotel Anna. Wir bieten spezielle R\u00e4ume und Dienstleistungen f\u00fcr Gruppen und Veranstaltungen.\" \/>\n<meta name=\"robots\" content=\"index, follow, max-snippet:-1, max-image-preview:large, max-video-preview:-1\" \/>\n<link rel=\"canonical\" href=\"https:\/\/www.hotelannaisoladelba.it\/de\/gruppen-und-veranstaltungen\/\" \/>\n<meta property=\"og:locale\" content=\"de_DE\" \/>\n<meta property=\"og:type\" content=\"article\" \/>\n<meta property=\"og:title\" content=\"Gruppen und veranstaltungen - Hotel Anna Isola d&#039;Elba\" \/>\n<meta property=\"og:description\" content=\"Feiern Sie Ihre besonderen Anl\u00e4sse im Hotel Anna. Wir bieten spezielle R\u00e4ume und Dienstleistungen f\u00fcr Gruppen und Veranstaltungen.\" \/>\n<meta property=\"og:url\" content=\"https:\/\/www.hotelannaisoladelba.it\/de\/gruppen-und-veranstaltungen\/\" \/>\n<meta property=\"og:site_name\" content=\"Hotel Anna Isola d&#039;Elba\" \/>\n<meta property=\"article:publisher\" content=\"https:\/\/www.facebook.com\/AnnaHotelIsolaElba\" \/>\n<meta property=\"article:modified_time\" content=\"2025-08-13T16:12:01+00:00\" \/>\n<meta property=\"og:image\" content=\"https:\/\/www.hotelannaisoladelba.it\/wp-content\/uploads\/2023\/11\/logo-orizzonale.png\" \/>\n\t<meta property=\"og:image:width\" content=\"600\" \/>\n\t<meta property=\"og:image:height\" content=\"213\" \/>\n\t<meta property=\"og:image:type\" content=\"image\/png\" \/>\n<meta name=\"twitter:card\" content=\"summary_large_image\" \/>\n<meta name=\"twitter:label1\" content=\"Gesch\u00e4tzte Lesezeit\" \/>\n\t<meta name=\"twitter:data1\" content=\"3\u00a0Minuten\" \/>\n<script type=\"application\/ld+json\" class=\"yoast-schema-graph\">{\"@context\":\"https:\/\/schema.org\",\"@graph\":[{\"@type\":\"WebPage\",\"@id\":\"https:\/\/www.hotelannaisoladelba.it\/de\/gruppen-und-veranstaltungen\/\",\"url\":\"https:\/\/www.hotelannaisoladelba.it\/de\/gruppen-und-veranstaltungen\/\",\"name\":\"Gruppen und veranstaltungen - Hotel Anna Isola d&#039;Elba\",\"isPartOf\":{\"@id\":\"https:\/\/www.hotelannaisoladelba.it\/#website\"},\"datePublished\":\"2023-12-14T15:58:46+00:00\",\"dateModified\":\"2025-08-13T16:12:01+00:00\",\"description\":\"Feiern Sie Ihre besonderen Anl\u00e4sse im Hotel Anna. Wir bieten spezielle R\u00e4ume und Dienstleistungen f\u00fcr Gruppen und Veranstaltungen.\",\"breadcrumb\":{\"@id\":\"https:\/\/www.hotelannaisoladelba.it\/de\/gruppen-und-veranstaltungen\/#breadcrumb\"},\"inLanguage\":\"de\",\"potentialAction\":[{\"@type\":\"ReadAction\",\"target\":[\"https:\/\/www.hotelannaisoladelba.it\/de\/gruppen-und-veranstaltungen\/\"]}]},{\"@type\":\"BreadcrumbList\",\"@id\":\"https:\/\/www.hotelannaisoladelba.it\/de\/gruppen-und-veranstaltungen\/#breadcrumb\",\"itemListElement\":[{\"@type\":\"ListItem\",\"position\":1,\"name\":\"Home\",\"item\":\"https:\/\/www.hotelannaisoladelba.it\/de\/\"},{\"@type\":\"ListItem\",\"position\":2,\"name\":\"Gruppen und veranstaltungen\"}]},{\"@type\":\"WebSite\",\"@id\":\"https:\/\/www.hotelannaisoladelba.it\/#website\",\"url\":\"https:\/\/www.hotelannaisoladelba.it\/\",\"name\":\"Hotel Anna Isola d'Elba\",\"description\":\"Albergo a conduzione familiare vicino alla spiaggia di Fetovaia all&#039;Isola d&#039;Elba\",\"publisher\":{\"@id\":\"https:\/\/www.hotelannaisoladelba.it\/#organization\"},\"potentialAction\":[{\"@type\":\"SearchAction\",\"target\":{\"@type\":\"EntryPoint\",\"urlTemplate\":\"https:\/\/www.hotelannaisoladelba.it\/?s={search_term_string}\"},\"query-input\":{\"@type\":\"PropertyValueSpecification\",\"valueRequired\":true,\"valueName\":\"search_term_string\"}}],\"inLanguage\":\"de\"},{\"@type\":\"Organization\",\"@id\":\"https:\/\/www.hotelannaisoladelba.it\/#organization\",\"name\":\"Hotel Anna Isola d'Elba\",\"url\":\"https:\/\/www.hotelannaisoladelba.it\/\",\"logo\":{\"@type\":\"ImageObject\",\"inLanguage\":\"de\",\"@id\":\"https:\/\/www.hotelannaisoladelba.it\/#\/schema\/logo\/image\/\",\"url\":\"https:\/\/www.hotelannaisoladelba.it\/wp-content\/uploads\/2023\/11\/logo-orizzonale.png\",\"contentUrl\":\"https:\/\/www.hotelannaisoladelba.it\/wp-content\/uploads\/2023\/11\/logo-orizzonale.png\",\"width\":600,\"height\":213,\"caption\":\"Hotel Anna Isola d'Elba\"},\"image\":{\"@id\":\"https:\/\/www.hotelannaisoladelba.it\/#\/schema\/logo\/image\/\"},\"sameAs\":[\"https:\/\/www.facebook.com\/AnnaHotelIsolaElba\"]}]}<\/script>\n<!-- \/ Yoast SEO plugin. -->","yoast_head_json":{"title":"Gruppen und veranstaltungen - Hotel Anna Isola d&#039;Elba","description":"Feiern Sie Ihre besonderen Anl\u00e4sse im Hotel Anna. Wir bieten spezielle R\u00e4ume und Dienstleistungen f\u00fcr Gruppen und Veranstaltungen.","robots":{"index":"index","follow":"follow","max-snippet":"max-snippet:-1","max-image-preview":"max-image-preview:large","max-video-preview":"max-video-preview:-1"},"canonical":"https:\/\/www.hotelannaisoladelba.it\/de\/gruppen-und-veranstaltungen\/","og_locale":"de_DE","og_type":"article","og_title":"Gruppen und veranstaltungen - Hotel Anna Isola d&#039;Elba","og_description":"Feiern Sie Ihre besonderen Anl\u00e4sse im Hotel Anna. Wir bieten spezielle R\u00e4ume und Dienstleistungen f\u00fcr Gruppen und Veranstaltungen.","og_url":"https:\/\/www.hotelannaisoladelba.it\/de\/gruppen-und-veranstaltungen\/","og_site_name":"Hotel Anna Isola d&#039;Elba","article_publisher":"https:\/\/www.facebook.com\/AnnaHotelIsolaElba","article_modified_time":"2025-08-13T16:12:01+00:00","og_image":[{"width":600,"height":213,"url":"https:\/\/www.hotelannaisoladelba.it\/wp-content\/uploads\/2023\/11\/logo-orizzonale.png","type":"image\/png"}],"twitter_card":"summary_large_image","twitter_misc":{"Gesch\u00e4tzte Lesezeit":"3\u00a0Minuten"},"schema":{"@context":"https:\/\/schema.org","@graph":[{"@type":"WebPage","@id":"https:\/\/www.hotelannaisoladelba.it\/de\/gruppen-und-veranstaltungen\/","url":"https:\/\/www.hotelannaisoladelba.it\/de\/gruppen-und-veranstaltungen\/","name":"Gruppen und veranstaltungen - Hotel Anna Isola d&#039;Elba","isPartOf":{"@id":"https:\/\/www.hotelannaisoladelba.it\/#website"},"datePublished":"2023-12-14T15:58:46+00:00","dateModified":"2025-08-13T16:12:01+00:00","description":"Feiern Sie Ihre besonderen Anl\u00e4sse im Hotel Anna. Wir bieten spezielle R\u00e4ume und Dienstleistungen f\u00fcr Gruppen und Veranstaltungen.","breadcrumb":{"@id":"https:\/\/www.hotelannaisoladelba.it\/de\/gruppen-und-veranstaltungen\/#breadcrumb"},"inLanguage":"de","potentialAction":[{"@type":"ReadAction","target":["https:\/\/www.hotelannaisoladelba.it\/de\/gruppen-und-veranstaltungen\/"]}]},{"@type":"BreadcrumbList","@id":"https:\/\/www.hotelannaisoladelba.it\/de\/gruppen-und-veranstaltungen\/#breadcrumb","itemListElement":[{"@type":"ListItem","position":1,"name":"Home","item":"https:\/\/www.hotelannaisoladelba.it\/de\/"},{"@type":"ListItem","position":2,"name":"Gruppen und veranstaltungen"}]},{"@type":"WebSite","@id":"https:\/\/www.hotelannaisoladelba.it\/#website","url":"https:\/\/www.hotelannaisoladelba.it\/","name":"Hotel Anna Isola d'Elba","description":"Albergo a conduzione familiare vicino alla spiaggia di Fetovaia all&#039;Isola d&#039;Elba","publisher":{"@id":"https:\/\/www.hotelannaisoladelba.it\/#organization"},"potentialAction":[{"@type":"SearchAction","target":{"@type":"EntryPoint","urlTemplate":"https:\/\/www.hotelannaisoladelba.it\/?s={search_term_string}"},"query-input":{"@type":"PropertyValueSpecification","valueRequired":true,"valueName":"search_term_string"}}],"inLanguage":"de"},{"@type":"Organization","@id":"https:\/\/www.hotelannaisoladelba.it\/#organization","name":"Hotel Anna Isola d'Elba","url":"https:\/\/www.hotelannaisoladelba.it\/","logo":{"@type":"ImageObject","inLanguage":"de","@id":"https:\/\/www.hotelannaisoladelba.it\/#\/schema\/logo\/image\/","url":"https:\/\/www.hotelannaisoladelba.it\/wp-content\/uploads\/2023\/11\/logo-orizzonale.png","contentUrl":"https:\/\/www.hotelannaisoladelba.it\/wp-content\/uploads\/2023\/11\/logo-orizzonale.png","width":600,"height":213,"caption":"Hotel Anna Isola d'Elba"},"image":{"@id":"https:\/\/www.hotelannaisoladelba.it\/#\/schema\/logo\/image\/"},"sameAs":["https:\/\/www.facebook.com\/AnnaHotelIsolaElba"]}]}},"_links":{"self":[{"href":"https:\/\/www.hotelannaisoladelba.it\/de\/wp-json\/wp\/v2\/pages\/6895","targetHints":{"allow":["GET"]}}],"collection":[{"href":"https:\/\/www.hotelannaisoladelba.it\/de\/wp-json\/wp\/v2\/pages"}],"about":[{"href":"https:\/\/www.hotelannaisoladelba.it\/de\/wp-json\/wp\/v2\/types\/page"}],"author":[{"embeddable":true,"href":"https:\/\/www.hotelannaisoladelba.it\/de\/wp-json\/wp\/v2\/users\/1"}],"replies":[{"embeddable":true,"href":"https:\/\/www.hotelannaisoladelba.it\/de\/wp-json\/wp\/v2\/comments?post=6895"}],"version-history":[{"count":5,"href":"https:\/\/www.hotelannaisoladelba.it\/de\/wp-json\/wp\/v2\/pages\/6895\/revisions"}],"predecessor-version":[{"id":9630,"href":"https:\/\/www.hotelannaisoladelba.it\/de\/wp-json\/wp\/v2\/pages\/6895\/revisions\/9630"}],"wp:attachment":[{"href":"https:\/\/www.hotelannaisoladelba.it\/de\/wp-json\/wp\/v2\/media?parent=6895"}],"curies":[{"name":"wp","href":"https:\/\/api.w.org\/{rel}","templated":true}]}}