{"id":5223,"date":"2023-10-26T08:46:10","date_gmt":"2023-10-26T06:46:10","guid":{"rendered":"http:\/\/hotelanna.youelba.com\/privacy\/"},"modified":"2025-10-01T22:52:56","modified_gmt":"2025-10-01T20:52:56","slug":"privacy","status":"publish","type":"page","link":"https:\/\/www.hotelannaisoladelba.it\/de\/privacy\/","title":{"rendered":"Privacy"},"content":{"rendered":"\t\t<div data-elementor-type=\"wp-page\" data-elementor-id=\"5223\" class=\"elementor elementor-5223 elementor-3573\" data-elementor-post-type=\"page\">\n\t\t\t\t        <section class=\"elementor-section elementor-top-section elementor-element elementor-element-6c6372b elementor-section-stretched elementor-section-boxed elementor-section-height-default elementor-section-height-default pxl-section-overflow-hidden-no\" data-id=\"6c6372b\" data-element_type=\"section\" data-settings=\"{&quot;stretch_section&quot;:&quot;section-stretched&quot;,&quot;background_background&quot;:&quot;classic&quot;}\">\n\n                \n                <div class=\"elementor-container elementor-column-gap-extended \">\n                <div class=\"elementor-column elementor-col-100 elementor-top-column elementor-element elementor-element-3d403bf col-offset-none pxl-column-element-default pxl-column-overflow-hidden-no\" data-id=\"3d403bf\" data-element_type=\"column\">\r\n        <div class=\"elementor-widget-wrap elementor-element-populated\">\r\n                     \r\n        \t\t<div class=\"elementor-element elementor-element-80d71da pxl-wg-bd-anm-no elementor-widget elementor-widget-pxl_heading\" data-id=\"80d71da\" data-element_type=\"widget\" data-widget_type=\"pxl_heading.default\">\n\t\t\t\t<div class=\"elementor-widget-container\">\n\t\t\t\t\t<div class=\"pxl-heading\">\n\t<div class=\"pxl-heading--inner\">\n\t\t\t\t\t<div class=\"pxl-item--subtitle wow zoomIn\" data-wow-delay=\"900ms\"><span>Datenschutz-<\/span><\/div>\n\t\t\t\t<h1 class=\"pxl-item--title divider-none wow zoomIn \" data-wow-delay=\"900ms\">\n\t\tRICHTLINIE\t\t\n\n\t\t<\/h1>\n\t\t\t<\/div>\n<\/div>\t\t\t\t<\/div>\n\t\t\t\t<\/div>\n\t\t            <\/div>\r\n        <\/div>\r\n        \t\t\t<\/div>\n\t\t<\/section>\n\t\t        <section class=\"elementor-section elementor-top-section elementor-element elementor-element-5f747ba elementor-section-stretched elementor-section-boxed elementor-section-height-default elementor-section-height-default pxl-section-overflow-hidden-no elementor-invisible pxl-elementor-animate\" data-id=\"5f747ba\" data-element_type=\"section\" data-settings=\"{&quot;stretch_section&quot;:&quot;section-stretched&quot;,&quot;animation&quot;:&quot;fadeInUp&quot;,&quot;animation_delay&quot;:1500}\">\n\n                \n                <div class=\"elementor-container elementor-column-gap-extended \">\n                <div class=\"elementor-column elementor-col-100 elementor-top-column elementor-element elementor-element-9fb6cdb col-offset-none pxl-column-element-default pxl-column-overflow-hidden-no\" data-id=\"9fb6cdb\" data-element_type=\"column\">\r\n        <div class=\"elementor-widget-wrap elementor-element-populated\">\r\n                     \r\n        \t\t<div class=\"elementor-element elementor-element-230f132 pxl-wg-bd-anm-no elementor-widget elementor-widget-pxl_text_editor\" data-id=\"230f132\" data-element_type=\"widget\" data-widget_type=\"pxl_text_editor.default\">\n\t\t\t\t<div class=\"elementor-widget-container\">\n\t\t\t\t\t<div class=\"pxl-text-editor \">\n\t<div class=\"pxl-item--inner \" data-wow-delay=\"ms\">\n\t\t<p>Sehr geehrter Kunde,<br \/>Gem\u00e4\u00df den geltenden Rechtsvorschriften zum Schutz personenbezogener Daten (EU-Verordnung Nr. 679 von 2016) m\u00f6chten wir Sie dar\u00fcber informieren, dass die Verarbeitung Ihrer personenbezogenen Daten fair und transparent, zu rechtm\u00e4\u00dfigen Zwecken und unter Wahrung Ihrer Privatsph\u00e4re und Ihrer Rechte erfolgt.<br \/>Die Verarbeitungen werden auch mit Hilfe von EDV-Mitteln zu folgenden Zwecken durchgef\u00fchrt:<br \/>Zur Erfassung und Best\u00e4tigung Ihrer Buchung von Beherbergungs- und Zusatzleistungen und zur Erbringung der angeforderten Dienstleistungen. Da es sich um Verarbeitungen handelt, die f\u00fcr die Festlegung der vertraglichen Vereinbarung und deren anschlie\u00dfende Durchf\u00fchrung erforderlich sind, ist Ihre Einwilligung nicht erforderlich, es sei denn, es werden besondere, so genannte sensible Daten \u00fcbermittelt. Wenn Sie sich weigern, personenbezogene Daten zur Verf\u00fcgung zu stellen, k\u00f6nnen wir Ihre Buchung nicht best\u00e4tigen oder die angeforderten Dienstleistungen nicht erbringen. Die Verarbeitung endet mit Ihrer Abreise, aber einige Ihrer personenbezogenen Daten k\u00f6nnen oder m\u00fcssen f\u00fcr die Zwecke und auf die Art und Weise, die in den folgenden Punkten angegeben sind, weiterverarbeitet werden; um die Verpflichtung des \u201eTesto unico delle leggi di pubblica sicurezza\u201c \u2013 Einheitstext der Gesetze \u00fcber die \u00f6ffentliche Sicherheit (Artikel 109 R.D. 18.6.1931 Nr. 773) zu erf\u00fcllen, der uns verpflichtet, dem Polizeipr\u00e4sidium zu Zwecken der \u00f6ffentlichen Sicherheit die Daten der untergebrachten G\u00e4ste gem\u00e4\u00df den vom Innenministerium festgelegten Verfahren zu melden (Dekret vom 7. Januar 2013). Die Bereitstellung der Daten ist obligatorisch und bedarf nicht Ihrer Zustimmung. Wenn Sie sich weigern, diese Daten anzugeben, k\u00f6nnen wir Sie nicht in unserer Einrichtung unterbringen.<\/p><p>Die zu diesem Zweck erhobenen Daten werden von uns nicht gespeichert, es sei denn, Sie erteilen uns Ihre Einwilligung zur Speicherung gem\u00e4\u00df Punkt 4; zur Erf\u00fcllung der geltenden administrativen, buchhalterischen und steuerlichen Verpflichtungen. F\u00fcr diese Zwecke erfolgt die Verarbeitung, ohne dass wir Ihre Zustimmung einholen m\u00fcssen. Die Daten werden von uns und unseren Beauftragten verarbeitet und nur zur Erf\u00fcllung gesetzlicher Verpflichtungen nach au\u00dfen weitergegeben. Wenn Sie sich weigern, die f\u00fcr die oben genannten Zwecke erforderlichen Daten zur Verf\u00fcgung zu stellen, k\u00f6nnen wir die angeforderten Dienstleistungen nicht erbringen. Die zu diesen Zwecken erhobenen Daten werden von uns f\u00fcr die von den jeweiligen Vorschriften vorgesehene Zeit gespeichert (10 Jahre und im Falle von Steuerveranlagungen auch dar\u00fcber hinaus); um die Registrierungsverfahren bei Ihren nachfolgenden Aufenthalten in unserer Einrichtung zu beschleunigen. Ihre Daten werden zu diesem Zweck, nachdem Ihre jederzeit widerrufliche Einwilligung eingeholt wurde, f\u00fcr h\u00f6chstens 2 Jahre gespeichert und bei Ihrem erneuten Aufenthalt bei uns f\u00fcr die oben genannten Zwecke verwendet, einschlie\u00dflich der Bereitstellung der Funktion zum Empfangen von an Sie gerichteten Nachrichten und Telefonanrufen w\u00e4hrend Ihres Aufenthalts. Hierf\u00fcr ist Ihre Einwilligung erforderlich. Sie k\u00f6nnen Ihre Einwilligung jederzeit widerrufen.<\/p><p>Die Verarbeitung endet jedoch bei Ihrer Abreise; um Ihnen unsere Werbebotschaften und Updates zu Preisen und Angeboten zu senden. Zu diesem Zweck werden Ihre Daten nach Einholung Ihrer Einwilligung f\u00fcr einen Zeitraum von maximal 2 Jahren gespeichert und nicht an Dritte weitergegeben. Sie k\u00f6nnen Ihre Einwilligung jederzeit widerrufen.<\/p><p>Wir m\u00f6chten Sie auch dar\u00fcber informieren, dass Ihnen die Europ\u00e4ische Verordnung bestimmte Rechte zuerkennt, darunter das Recht auf Zugang und Berichtigung, auf L\u00f6schung oder Einschr\u00e4nkung oder Widerspruch gegen die Verarbeitung sowie das Recht auf Daten\u00fcbertragbarkeit, falls und soweit anwendbar (Artikel 15 bis 22 der EU-Verordnung Nr. 679 von 2016). Sie k\u00f6nnen auch eine Beschwerde bei der Aufsichtsbeh\u00f6rde gem\u00e4\u00df den in den geltenden Rechtsvorschriften vorgesehenen Verfahren einreichen.<\/p><p>F\u00fcr weitere Informationen und zur Geltendmachung der Ihnen durch die Europ\u00e4ische Verordnung zuerkannten Rechte k\u00f6nnen Sie sich an den f\u00fcr die Verarbeitung Verantwortlichen wenden: Hotel Anna di Pierulivo Teresa Anna Via del Canaletto 215\/c Loc Fetovaia Campo nell &#8216;Elba \u2013 Livorno<br \/>Verantwortlicher f\u00fcr die Datenverarbeitung: Pierulivo Teresa Anna \u2013 0565 988032.<\/p>\t<\/div>\n<\/div>\t\t\t\t<\/div>\n\t\t\t\t<\/div>\n\t\t            <\/div>\r\n        <\/div>\r\n        \t\t\t<\/div>\n\t\t<\/section>\n\t\t\t\t<\/div>\n\t\t","protected":false},"excerpt":{"rendered":"<p>Datenschutz- RICHTLINIE Sehr geehrter Kunde, Gem\u00e4\u00df den geltenden Rechtsvorschriften zum Schutz personenbezogener Daten (EU-Verordnung Nr. 679 von 2016) m\u00f6chten wir Sie dar\u00fcber informieren, dass die Verarbeitung Ihrer personenbezogenen Daten fair und transparent, zu rechtm\u00e4\u00dfigen Zwecken und unter Wahrung Ihrer Privatsph\u00e4re und Ihrer Rechte erfolgt. Die Verarbeitungen werden auch mit Hilfe von EDV-Mitteln zu folgenden Zwecken [&hellip;]<\/p>\n","protected":false},"author":1,"featured_media":0,"parent":0,"menu_order":0,"comment_status":"closed","ping_status":"closed","template":"","meta":{"footnotes":""},"class_list":["post-5223","page","type-page","status-publish","hentry"],"yoast_head":"<!-- This site is optimized with the Yoast SEO plugin v26.6 - https:\/\/yoast.com\/wordpress\/plugins\/seo\/ -->\n<title>Datenschutzerkl\u00e4rung | Insel Elba | Hotel Anna<\/title>\n<meta name=\"description\" content=\"Lesen Sie die Datenschutzrichtlinie des Hotel Anna. Erfahren Sie, wie wir Ihre personenbezogenen Daten erheben, nutzen und sch\u00fctzen.\" \/>\n<meta name=\"robots\" content=\"index, follow, max-snippet:-1, max-image-preview:large, max-video-preview:-1\" \/>\n<link rel=\"canonical\" href=\"https:\/\/www.hotelannaisoladelba.it\/de\/privacy\/\" \/>\n<meta property=\"og:locale\" content=\"de_DE\" \/>\n<meta property=\"og:type\" content=\"article\" \/>\n<meta property=\"og:title\" content=\"Datenschutzerkl\u00e4rung | Insel Elba | Hotel Anna\" \/>\n<meta property=\"og:description\" content=\"Lesen Sie die Datenschutzrichtlinie des Hotel Anna. Erfahren Sie, wie wir Ihre personenbezogenen Daten erheben, nutzen und sch\u00fctzen.\" \/>\n<meta property=\"og:url\" content=\"https:\/\/www.hotelannaisoladelba.it\/de\/privacy\/\" \/>\n<meta property=\"og:site_name\" content=\"Hotel Anna Isola d&#039;Elba\" \/>\n<meta property=\"article:publisher\" content=\"https:\/\/www.facebook.com\/AnnaHotelIsolaElba\" \/>\n<meta property=\"article:modified_time\" content=\"2025-10-01T20:52:56+00:00\" \/>\n<meta property=\"og:image\" content=\"https:\/\/www.hotelannaisoladelba.it\/wp-content\/uploads\/2023\/11\/logo-orizzonale.png\" \/>\n\t<meta property=\"og:image:width\" content=\"600\" \/>\n\t<meta property=\"og:image:height\" content=\"213\" \/>\n\t<meta property=\"og:image:type\" content=\"image\/png\" \/>\n<meta name=\"twitter:card\" content=\"summary_large_image\" \/>\n<meta name=\"twitter:label1\" content=\"Gesch\u00e4tzte Lesezeit\" \/>\n\t<meta name=\"twitter:data1\" content=\"4\u00a0Minuten\" \/>\n<script type=\"application\/ld+json\" class=\"yoast-schema-graph\">{\"@context\":\"https:\/\/schema.org\",\"@graph\":[{\"@type\":\"WebPage\",\"@id\":\"https:\/\/www.hotelannaisoladelba.it\/de\/privacy\/\",\"url\":\"https:\/\/www.hotelannaisoladelba.it\/de\/privacy\/\",\"name\":\"Datenschutzerkl\u00e4rung | Insel Elba | Hotel Anna\",\"isPartOf\":{\"@id\":\"https:\/\/www.hotelannaisoladelba.it\/#website\"},\"datePublished\":\"2023-10-26T06:46:10+00:00\",\"dateModified\":\"2025-10-01T20:52:56+00:00\",\"description\":\"Lesen Sie die Datenschutzrichtlinie des Hotel Anna. Erfahren Sie, wie wir Ihre personenbezogenen Daten erheben, nutzen und sch\u00fctzen.\",\"breadcrumb\":{\"@id\":\"https:\/\/www.hotelannaisoladelba.it\/de\/privacy\/#breadcrumb\"},\"inLanguage\":\"de\",\"potentialAction\":[{\"@type\":\"ReadAction\",\"target\":[\"https:\/\/www.hotelannaisoladelba.it\/de\/privacy\/\"]}]},{\"@type\":\"BreadcrumbList\",\"@id\":\"https:\/\/www.hotelannaisoladelba.it\/de\/privacy\/#breadcrumb\",\"itemListElement\":[{\"@type\":\"ListItem\",\"position\":1,\"name\":\"Home\",\"item\":\"https:\/\/www.hotelannaisoladelba.it\/de\/\"},{\"@type\":\"ListItem\",\"position\":2,\"name\":\"Privacy\"}]},{\"@type\":\"WebSite\",\"@id\":\"https:\/\/www.hotelannaisoladelba.it\/#website\",\"url\":\"https:\/\/www.hotelannaisoladelba.it\/\",\"name\":\"Hotel Anna Isola d'Elba\",\"description\":\"Albergo a conduzione familiare vicino alla spiaggia di Fetovaia all&#039;Isola d&#039;Elba\",\"publisher\":{\"@id\":\"https:\/\/www.hotelannaisoladelba.it\/#organization\"},\"potentialAction\":[{\"@type\":\"SearchAction\",\"target\":{\"@type\":\"EntryPoint\",\"urlTemplate\":\"https:\/\/www.hotelannaisoladelba.it\/?s={search_term_string}\"},\"query-input\":{\"@type\":\"PropertyValueSpecification\",\"valueRequired\":true,\"valueName\":\"search_term_string\"}}],\"inLanguage\":\"de\"},{\"@type\":\"Organization\",\"@id\":\"https:\/\/www.hotelannaisoladelba.it\/#organization\",\"name\":\"Hotel Anna Isola d'Elba\",\"url\":\"https:\/\/www.hotelannaisoladelba.it\/\",\"logo\":{\"@type\":\"ImageObject\",\"inLanguage\":\"de\",\"@id\":\"https:\/\/www.hotelannaisoladelba.it\/#\/schema\/logo\/image\/\",\"url\":\"https:\/\/www.hotelannaisoladelba.it\/wp-content\/uploads\/2023\/11\/logo-orizzonale.png\",\"contentUrl\":\"https:\/\/www.hotelannaisoladelba.it\/wp-content\/uploads\/2023\/11\/logo-orizzonale.png\",\"width\":600,\"height\":213,\"caption\":\"Hotel Anna Isola d'Elba\"},\"image\":{\"@id\":\"https:\/\/www.hotelannaisoladelba.it\/#\/schema\/logo\/image\/\"},\"sameAs\":[\"https:\/\/www.facebook.com\/AnnaHotelIsolaElba\"]}]}<\/script>\n<!-- \/ Yoast SEO plugin. -->","yoast_head_json":{"title":"Datenschutzerkl\u00e4rung | Insel Elba | Hotel Anna","description":"Lesen Sie die Datenschutzrichtlinie des Hotel Anna. Erfahren Sie, wie wir Ihre personenbezogenen Daten erheben, nutzen und sch\u00fctzen.","robots":{"index":"index","follow":"follow","max-snippet":"max-snippet:-1","max-image-preview":"max-image-preview:large","max-video-preview":"max-video-preview:-1"},"canonical":"https:\/\/www.hotelannaisoladelba.it\/de\/privacy\/","og_locale":"de_DE","og_type":"article","og_title":"Datenschutzerkl\u00e4rung | Insel Elba | Hotel Anna","og_description":"Lesen Sie die Datenschutzrichtlinie des Hotel Anna. Erfahren Sie, wie wir Ihre personenbezogenen Daten erheben, nutzen und sch\u00fctzen.","og_url":"https:\/\/www.hotelannaisoladelba.it\/de\/privacy\/","og_site_name":"Hotel Anna Isola d&#039;Elba","article_publisher":"https:\/\/www.facebook.com\/AnnaHotelIsolaElba","article_modified_time":"2025-10-01T20:52:56+00:00","og_image":[{"width":600,"height":213,"url":"https:\/\/www.hotelannaisoladelba.it\/wp-content\/uploads\/2023\/11\/logo-orizzonale.png","type":"image\/png"}],"twitter_card":"summary_large_image","twitter_misc":{"Gesch\u00e4tzte Lesezeit":"4\u00a0Minuten"},"schema":{"@context":"https:\/\/schema.org","@graph":[{"@type":"WebPage","@id":"https:\/\/www.hotelannaisoladelba.it\/de\/privacy\/","url":"https:\/\/www.hotelannaisoladelba.it\/de\/privacy\/","name":"Datenschutzerkl\u00e4rung | Insel Elba | Hotel Anna","isPartOf":{"@id":"https:\/\/www.hotelannaisoladelba.it\/#website"},"datePublished":"2023-10-26T06:46:10+00:00","dateModified":"2025-10-01T20:52:56+00:00","description":"Lesen Sie die Datenschutzrichtlinie des Hotel Anna. Erfahren Sie, wie wir Ihre personenbezogenen Daten erheben, nutzen und sch\u00fctzen.","breadcrumb":{"@id":"https:\/\/www.hotelannaisoladelba.it\/de\/privacy\/#breadcrumb"},"inLanguage":"de","potentialAction":[{"@type":"ReadAction","target":["https:\/\/www.hotelannaisoladelba.it\/de\/privacy\/"]}]},{"@type":"BreadcrumbList","@id":"https:\/\/www.hotelannaisoladelba.it\/de\/privacy\/#breadcrumb","itemListElement":[{"@type":"ListItem","position":1,"name":"Home","item":"https:\/\/www.hotelannaisoladelba.it\/de\/"},{"@type":"ListItem","position":2,"name":"Privacy"}]},{"@type":"WebSite","@id":"https:\/\/www.hotelannaisoladelba.it\/#website","url":"https:\/\/www.hotelannaisoladelba.it\/","name":"Hotel Anna Isola d'Elba","description":"Albergo a conduzione familiare vicino alla spiaggia di Fetovaia all&#039;Isola d&#039;Elba","publisher":{"@id":"https:\/\/www.hotelannaisoladelba.it\/#organization"},"potentialAction":[{"@type":"SearchAction","target":{"@type":"EntryPoint","urlTemplate":"https:\/\/www.hotelannaisoladelba.it\/?s={search_term_string}"},"query-input":{"@type":"PropertyValueSpecification","valueRequired":true,"valueName":"search_term_string"}}],"inLanguage":"de"},{"@type":"Organization","@id":"https:\/\/www.hotelannaisoladelba.it\/#organization","name":"Hotel Anna Isola d'Elba","url":"https:\/\/www.hotelannaisoladelba.it\/","logo":{"@type":"ImageObject","inLanguage":"de","@id":"https:\/\/www.hotelannaisoladelba.it\/#\/schema\/logo\/image\/","url":"https:\/\/www.hotelannaisoladelba.it\/wp-content\/uploads\/2023\/11\/logo-orizzonale.png","contentUrl":"https:\/\/www.hotelannaisoladelba.it\/wp-content\/uploads\/2023\/11\/logo-orizzonale.png","width":600,"height":213,"caption":"Hotel Anna Isola d'Elba"},"image":{"@id":"https:\/\/www.hotelannaisoladelba.it\/#\/schema\/logo\/image\/"},"sameAs":["https:\/\/www.facebook.com\/AnnaHotelIsolaElba"]}]}},"_links":{"self":[{"href":"https:\/\/www.hotelannaisoladelba.it\/de\/wp-json\/wp\/v2\/pages\/5223","targetHints":{"allow":["GET"]}}],"collection":[{"href":"https:\/\/www.hotelannaisoladelba.it\/de\/wp-json\/wp\/v2\/pages"}],"about":[{"href":"https:\/\/www.hotelannaisoladelba.it\/de\/wp-json\/wp\/v2\/types\/page"}],"author":[{"embeddable":true,"href":"https:\/\/www.hotelannaisoladelba.it\/de\/wp-json\/wp\/v2\/users\/1"}],"replies":[{"embeddable":true,"href":"https:\/\/www.hotelannaisoladelba.it\/de\/wp-json\/wp\/v2\/comments?post=5223"}],"version-history":[{"count":4,"href":"https:\/\/www.hotelannaisoladelba.it\/de\/wp-json\/wp\/v2\/pages\/5223\/revisions"}],"predecessor-version":[{"id":9633,"href":"https:\/\/www.hotelannaisoladelba.it\/de\/wp-json\/wp\/v2\/pages\/5223\/revisions\/9633"}],"wp:attachment":[{"href":"https:\/\/www.hotelannaisoladelba.it\/de\/wp-json\/wp\/v2\/media?parent=5223"}],"curies":[{"name":"wp","href":"https:\/\/api.w.org\/{rel}","templated":true}]}}