{"id":5219,"date":"2023-10-24T14:23:22","date_gmt":"2023-10-24T12:23:22","guid":{"rendered":"http:\/\/hotelanna.youelba.com\/offerte-speciali\/"},"modified":"2025-08-05T11:10:11","modified_gmt":"2025-08-05T09:10:11","slug":"spezialangebote","status":"publish","type":"page","link":"https:\/\/www.hotelannaisoladelba.it\/de\/spezialangebote\/","title":{"rendered":"Spezialangebote"},"content":{"rendered":"\t\t<div data-elementor-type=\"wp-page\" data-elementor-id=\"5219\" class=\"elementor elementor-5219 elementor-3265\" data-elementor-post-type=\"page\">\n\t\t\t\t        <section class=\"elementor-section elementor-top-section elementor-element elementor-element-6c6372b elementor-section-stretched elementor-section-boxed elementor-section-height-default elementor-section-height-default pxl-section-overflow-hidden-no\" data-id=\"6c6372b\" data-element_type=\"section\" data-settings=\"{&quot;stretch_section&quot;:&quot;section-stretched&quot;,&quot;background_background&quot;:&quot;classic&quot;}\">\n\n                \n                <div class=\"elementor-container elementor-column-gap-extended \">\n                <div class=\"elementor-column elementor-col-100 elementor-top-column elementor-element elementor-element-3d403bf col-offset-none pxl-column-element-default pxl-column-overflow-hidden-no\" data-id=\"3d403bf\" data-element_type=\"column\">\r\n        <div class=\"elementor-widget-wrap elementor-element-populated\">\r\n                     \r\n        \t\t<div class=\"elementor-element elementor-element-80d71da pxl-wg-bd-anm-no elementor-widget elementor-widget-pxl_heading\" data-id=\"80d71da\" data-element_type=\"widget\" data-widget_type=\"pxl_heading.default\">\n\t\t\t\t<div class=\"elementor-widget-container\">\n\t\t\t\t\t<div class=\"pxl-heading\">\n\t<div class=\"pxl-heading--inner\">\n\t\t\t\t\t<div class=\"pxl-item--subtitle wow zoomIn\" data-wow-delay=\"900ms\"><span>Spezial<\/span><\/div>\n\t\t\t\t<h1 class=\"pxl-item--title divider-none wow zoomIn \" data-wow-delay=\"900ms\">\n\t\tAngebote\t\t\n\n\t\t<\/h1>\n\t\t\t<\/div>\n<\/div>\t\t\t\t<\/div>\n\t\t\t\t<\/div>\n\t\t            <\/div>\r\n        <\/div>\r\n        \t\t\t<\/div>\n\t\t<\/section>\n\t\t        <section class=\"elementor-section elementor-top-section elementor-element elementor-element-5f747ba elementor-section-stretched elementor-section-boxed elementor-section-height-default elementor-section-height-default pxl-section-overflow-hidden-no elementor-invisible pxl-elementor-animate\" data-id=\"5f747ba\" data-element_type=\"section\" data-settings=\"{&quot;stretch_section&quot;:&quot;section-stretched&quot;,&quot;animation&quot;:&quot;fadeInUp&quot;,&quot;animation_delay&quot;:1500}\">\n\n                \n                <div class=\"elementor-container elementor-column-gap-extended \">\n                <div class=\"elementor-column elementor-col-50 elementor-top-column elementor-element elementor-element-3bedd1c col-offset-none pxl-column-element-default pxl-column-overflow-hidden-no\" data-id=\"3bedd1c\" data-element_type=\"column\">\r\n        <div class=\"elementor-widget-wrap elementor-element-populated\">\r\n                     \r\n        \t\t<div class=\"elementor-element elementor-element-8c842bd elementor-widget__width-auto elementor-widget-tablet__width-initial elementor-widget-mobile__width-initial pxl-wg-bd-anm-no elementor-widget elementor-widget-pxl_image_parallax\" data-id=\"8c842bd\" data-element_type=\"widget\" data-widget_type=\"pxl_image_parallax.default\">\n\t\t\t\t<div class=\"elementor-widget-container\">\n\t\t\t\t\t<div id=\"pxl_image_parallax-8c842bd-8419\" class=\"pxl-image-wg\" data-parallax=\"{&quot;y&quot;:&quot;50&quot;}\" data-wow-delay=\"ms\">\n\t\t<img fetchpriority=\"high\" decoding=\"async\" width=\"798\" height=\"1200\" src=\"https:\/\/www.hotelannaisoladelba.it\/wp-content\/uploads\/2023\/10\/spiaggia-quadro.jpg\" class=\"attachment-full size-full wp-image-3182\" alt=\"Immagine della spiaggia di Fetovaia vista dal basso, che mostra la sabbia bianca finissima in primo piano, alcuni ombrelloni bianchi chiusi con lettini e il mare azzurro calmo sotto un cielo blu con nuvole sparse.\" srcset=\"https:\/\/www.hotelannaisoladelba.it\/wp-content\/uploads\/2023\/10\/spiaggia-quadro.jpg 798w, https:\/\/www.hotelannaisoladelba.it\/wp-content\/uploads\/2023\/10\/spiaggia-quadro-200x300.jpg 200w, https:\/\/www.hotelannaisoladelba.it\/wp-content\/uploads\/2023\/10\/spiaggia-quadro-681x1024.jpg 681w, https:\/\/www.hotelannaisoladelba.it\/wp-content\/uploads\/2023\/10\/spiaggia-quadro-768x1155.jpg 768w, https:\/\/www.hotelannaisoladelba.it\/wp-content\/uploads\/2023\/10\/spiaggia-quadro-472x710.jpg 472w\" sizes=\"(max-width: 798px) 100vw, 798px\" \/>\t<\/div>\n\t\t\t\t<\/div>\n\t\t\t\t<\/div>\n\t\t\t\t<div class=\"elementor-element elementor-element-511c888 elementor-widget__width-auto elementor-widget-tablet__width-initial elementor-widget-mobile__width-initial pxl-wg-bd-anm-no elementor-widget elementor-widget-pxl_image_parallax\" data-id=\"511c888\" data-element_type=\"widget\" data-widget_type=\"pxl_image_parallax.default\">\n\t\t\t\t<div class=\"elementor-widget-container\">\n\t\t\t\t\t<div id=\"pxl_image_parallax-511c888-8213\" class=\"pxl-image-wg\" data-parallax=\"{&quot;y&quot;:&quot;-50&quot;}\" data-wow-delay=\"ms\">\n\t\t<img decoding=\"async\" width=\"533\" height=\"710\" src=\"https:\/\/www.hotelannaisoladelba.it\/wp-content\/uploads\/2023\/10\/Progetto-senza-titolo-2023-10-25T224901.367-533x710.png\" class=\"attachment-post-thumbnail size-post-thumbnail wp-image-3526\" alt=\"Due genitori che passeggiano su una spiaggia dell&#039;Isola d&#039;Elba, l&#039;uno di fianco all&#039;altro, e ciascuno porta sulle spalle a cavalluccio un figlio.\" srcset=\"https:\/\/www.hotelannaisoladelba.it\/wp-content\/uploads\/2023\/10\/Progetto-senza-titolo-2023-10-25T224901.367-533x710.png 533w, https:\/\/www.hotelannaisoladelba.it\/wp-content\/uploads\/2023\/10\/Progetto-senza-titolo-2023-10-25T224901.367-225x300.png 225w, https:\/\/www.hotelannaisoladelba.it\/wp-content\/uploads\/2023\/10\/Progetto-senza-titolo-2023-10-25T224901.367-768x1024.png 768w, https:\/\/www.hotelannaisoladelba.it\/wp-content\/uploads\/2023\/10\/Progetto-senza-titolo-2023-10-25T224901.367.png 1152w\" sizes=\"(max-width: 533px) 100vw, 533px\" \/>\t<\/div>\n\t\t\t\t<\/div>\n\t\t\t\t<\/div>\n\t\t            <\/div>\r\n        <\/div>\r\n                <div class=\"elementor-column elementor-col-50 elementor-top-column elementor-element elementor-element-9fb6cdb col-offset-none pxl-column-element-default pxl-column-overflow-hidden-no\" data-id=\"9fb6cdb\" data-element_type=\"column\">\r\n        <div class=\"elementor-widget-wrap elementor-element-populated\">\r\n                     \r\n        \t\t<div class=\"elementor-element elementor-element-e79cb65 pxl-wg-bd-anm-no elementor-widget elementor-widget-pxl_heading\" data-id=\"e79cb65\" data-element_type=\"widget\" data-widget_type=\"pxl_heading.default\">\n\t\t\t\t<div class=\"elementor-widget-container\">\n\t\t\t\t\t<div class=\"pxl-heading\">\n\t<div class=\"pxl-heading--inner\">\n\t\t\t\t<h2 class=\"pxl-item--title divider-right  \" data-wow-delay=\"ms\">\n\t\tFr\u00fch buchen und sparen\t\t\n\n\t\t<\/h2>\n\t\t\t<\/div>\n<\/div>\t\t\t\t<\/div>\n\t\t\t\t<\/div>\n\t\t\t\t<div class=\"elementor-element elementor-element-230f132 pxl-wg-bd-anm-no elementor-widget elementor-widget-pxl_text_editor\" data-id=\"230f132\" data-element_type=\"widget\" data-widget_type=\"pxl_text_editor.default\">\n\t\t\t\t<div class=\"elementor-widget-container\">\n\t\t\t\t\t<div class=\"pxl-text-editor \">\n\t<div class=\"pxl-item--inner \" data-wow-delay=\"ms\">\n\t\t<p>Buchen Sie einen Urlaub f\u00fcr sich und Ihre Familie im Voraus, um die besten Rabatte zu erhalten!<\/p><p>F\u00fcr alle Buchungen, die mindestens 60 Tage vor dem Anreisedatum get\u00e4tigt werden, erhalten Sie einen Sofort-Rabatt von 5%.<\/p>\t<\/div>\n<\/div>\t\t\t\t<\/div>\n\t\t\t\t<\/div>\n\t\t            <\/div>\r\n        <\/div>\r\n        \t\t\t<\/div>\n\t\t<\/section>\n\t\t        <section class=\"elementor-section elementor-top-section elementor-element elementor-element-9c6d721 elementor-section-stretched elementor-section-boxed elementor-section-height-default elementor-section-height-default pxl-section-overflow-hidden-no elementor-invisible pxl-elementor-animate\" data-id=\"9c6d721\" data-element_type=\"section\" data-settings=\"{&quot;stretch_section&quot;:&quot;section-stretched&quot;,&quot;animation&quot;:&quot;fadeInUp&quot;,&quot;animation_delay&quot;:1500}\">\n\n                \n                <div class=\"elementor-container elementor-column-gap-extended \">\n                <div class=\"elementor-column elementor-col-50 elementor-top-column elementor-element elementor-element-bcb88c5 col-offset-none pxl-column-element-default pxl-column-overflow-hidden-no\" data-id=\"bcb88c5\" data-element_type=\"column\">\r\n        <div class=\"elementor-widget-wrap elementor-element-populated\">\r\n                     \r\n        \t\t<div class=\"elementor-element elementor-element-dd82b79 pxl-wg-bd-anm-no elementor-widget elementor-widget-pxl_heading\" data-id=\"dd82b79\" data-element_type=\"widget\" data-widget_type=\"pxl_heading.default\">\n\t\t\t\t<div class=\"elementor-widget-container\">\n\t\t\t\t\t<div class=\"pxl-heading\">\n\t<div class=\"pxl-heading--inner\">\n\t\t\t\t<h2 class=\"pxl-item--title divider-right  \" data-wow-delay=\"ms\">\n\t\tSicherheit ist alles\t\t\n\n\t\t<\/h2>\n\t\t\t<\/div>\n<\/div>\t\t\t\t<\/div>\n\t\t\t\t<\/div>\n\t\t\t\t<div class=\"elementor-element elementor-element-3b680f0 pxl-wg-bd-anm-no elementor-widget elementor-widget-pxl_text_editor\" data-id=\"3b680f0\" data-element_type=\"widget\" data-widget_type=\"pxl_text_editor.default\">\n\t\t\t\t<div class=\"elementor-widget-container\">\n\t\t\t\t\t<div class=\"pxl-text-editor \">\n\t<div class=\"pxl-item--inner \" data-wow-delay=\"ms\">\n\t\t<p>Wussten Sie, dass 80% der Stornierungsgr\u00fcnde erst wenige Tage vor der Abreise auftreten? Hotel Anna und BeSafe sch\u00fctzen Ihren Urlaub und den Ihrer Lieben vor und w\u00e4hrend des Aufenthalts.<\/p><ol><li class=\"\"><p>STORNIERUNG BIS ZUM TAG DES CHECK-IN UND R\u00dcCKERSTATTUNG VON BIS ZU 100% DES IM VORAUS BEZAHLTEN BETRAGS f\u00fcr unvorhergesehene Ereignisse wie Krankheit (einschlie\u00dflich COVID-19), Krankenhausaufenthalt, Unfall, Urlaubsabsage, Entlassung oder Neueinstellung.<\/p><\/li><li class=\"\"><p>UNTERST\u00dcTZUNG W\u00c4HREND DES AUFENTHALTS: Von der Ankunft bis zur Abreise k\u00f6nnen Sie medizinische Versorgung, Gep\u00e4ckgarantie sowie Diebstahl- und Pannenhilfe in Anspruch nehmen. SPEZIELLE KUNDENBETREUUNG vor, w\u00e4hrend und nach dem Aufenthalt.<\/p><\/li><\/ol>\t<\/div>\n<\/div>\t\t\t\t<\/div>\n\t\t\t\t<\/div>\n\t\t            <\/div>\r\n        <\/div>\r\n                <div class=\"elementor-column elementor-col-50 elementor-top-column elementor-element elementor-element-3b2d105 col-offset-none pxl-column-element-default pxl-column-overflow-hidden-no\" data-id=\"3b2d105\" data-element_type=\"column\">\r\n        <div class=\"elementor-widget-wrap elementor-element-populated\">\r\n                     \r\n        \t\t<div class=\"elementor-element elementor-element-b234ac9 elementor-widget__width-auto elementor-widget-tablet__width-initial elementor-widget-mobile__width-initial pxl-wg-bd-anm-no elementor-widget elementor-widget-pxl_image_parallax\" data-id=\"b234ac9\" data-element_type=\"widget\" data-widget_type=\"pxl_image_parallax.default\">\n\t\t\t\t<div class=\"elementor-widget-container\">\n\t\t\t\t\t<div id=\"pxl_image_parallax-b234ac9-3892\" class=\"pxl-image-wg\" data-parallax=\"{&quot;y&quot;:&quot;50&quot;}\" data-wow-delay=\"ms\">\n\t\t<img decoding=\"async\" width=\"565\" height=\"850\" src=\"https:\/\/www.hotelannaisoladelba.it\/wp-content\/uploads\/2023\/09\/veduta-aerea.jpg\" class=\"attachment-full size-full wp-image-2470\" alt=\"Veduta aerea panoramica della Spiaggia di Fetovaia all&#039;Isola d&#039;Elba, che mostra il suo promontorio verdeggiante che si estende nel mare blu intenso, separando la spiaggia sabbiosa da un tratto di costa rocciosa.\" srcset=\"https:\/\/www.hotelannaisoladelba.it\/wp-content\/uploads\/2023\/09\/veduta-aerea.jpg 565w, https:\/\/www.hotelannaisoladelba.it\/wp-content\/uploads\/2023\/09\/veduta-aerea-199x300.jpg 199w, https:\/\/www.hotelannaisoladelba.it\/wp-content\/uploads\/2023\/09\/veduta-aerea-472x710.jpg 472w\" sizes=\"(max-width: 565px) 100vw, 565px\" \/>\t<\/div>\n\t\t\t\t<\/div>\n\t\t\t\t<\/div>\n\t\t\t\t<div class=\"elementor-element elementor-element-a7cd757 elementor-widget__width-auto elementor-widget-tablet__width-initial elementor-widget-mobile__width-initial pxl-wg-bd-anm-no elementor-widget elementor-widget-pxl_image_parallax\" data-id=\"a7cd757\" data-element_type=\"widget\" data-widget_type=\"pxl_image_parallax.default\">\n\t\t\t\t<div class=\"elementor-widget-container\">\n\t\t\t\t\t<div id=\"pxl_image_parallax-a7cd757-9870\" class=\"pxl-image-wg\" data-parallax=\"{&quot;y&quot;:&quot;-50&quot;}\" data-wow-delay=\"ms\">\n\t\t<img loading=\"lazy\" decoding=\"async\" width=\"399\" height=\"710\" src=\"https:\/\/www.hotelannaisoladelba.it\/wp-content\/uploads\/2023\/10\/Progetto-senza-titolo-2023-10-26T152606.712-399x710.png\" class=\"attachment-post-thumbnail size-post-thumbnail wp-image-3697\" alt=\"Immagine di una famiglia sorridente, con genitori e figli, che corre spensierata sul bagnasciuga di una spiaggia dell&#039;Isola d&#039;Elba, tenendosi per mano e guardando verso la fotocamera, con il mare azzurro e la riva bagnata dalla spuma delle onde.\" srcset=\"https:\/\/www.hotelannaisoladelba.it\/wp-content\/uploads\/2023\/10\/Progetto-senza-titolo-2023-10-26T152606.712-399x710.png 399w, https:\/\/www.hotelannaisoladelba.it\/wp-content\/uploads\/2023\/10\/Progetto-senza-titolo-2023-10-26T152606.712-169x300.png 169w, https:\/\/www.hotelannaisoladelba.it\/wp-content\/uploads\/2023\/10\/Progetto-senza-titolo-2023-10-26T152606.712-576x1024.png 576w, https:\/\/www.hotelannaisoladelba.it\/wp-content\/uploads\/2023\/10\/Progetto-senza-titolo-2023-10-26T152606.712-768x1365.png 768w, https:\/\/www.hotelannaisoladelba.it\/wp-content\/uploads\/2023\/10\/Progetto-senza-titolo-2023-10-26T152606.712-864x1536.png 864w, https:\/\/www.hotelannaisoladelba.it\/wp-content\/uploads\/2023\/10\/Progetto-senza-titolo-2023-10-26T152606.712.png 900w\" sizes=\"(max-width: 399px) 100vw, 399px\" \/>\t<\/div>\n\t\t\t\t<\/div>\n\t\t\t\t<\/div>\n\t\t            <\/div>\r\n        <\/div>\r\n        \t\t\t<\/div>\n\t\t<\/section>\n\t\t\t\t<\/div>\n\t\t","protected":false},"excerpt":{"rendered":"<p>Spezial Angebote Fr\u00fch buchen und sparen Buchen Sie einen Urlaub f\u00fcr sich und Ihre Familie im Voraus, um die besten Rabatte zu erhalten! F\u00fcr alle Buchungen, die mindestens 60 Tage vor dem Anreisedatum get\u00e4tigt werden, erhalten Sie einen Sofort-Rabatt von 5%. Sicherheit ist alles Wussten Sie, dass 80% der Stornierungsgr\u00fcnde erst wenige Tage vor der [&hellip;]<\/p>\n","protected":false},"author":1,"featured_media":0,"parent":0,"menu_order":0,"comment_status":"closed","ping_status":"closed","template":"","meta":{"footnotes":""},"class_list":["post-5219","page","type-page","status-publish","hentry"],"yoast_head":"<!-- This site is optimized with the Yoast SEO plugin v26.6 - https:\/\/yoast.com\/wordpress\/plugins\/seo\/ -->\n<title>Spezialangebote - Hotel Anna Isola d&#039;Elba<\/title>\n<meta name=\"description\" content=\"Sparen Sie bei Ihrem Urlaub im Hotel Anna! Entdecken Sie unsere Angebote: Fr\u00fchbucherrabatt &amp; bis zu 30% Rabatt auf die F\u00e4hre nach Elba.\" \/>\n<meta name=\"robots\" content=\"index, follow, max-snippet:-1, max-image-preview:large, max-video-preview:-1\" \/>\n<link rel=\"canonical\" href=\"https:\/\/www.hotelannaisoladelba.it\/de\/spezialangebote\/\" \/>\n<meta property=\"og:locale\" content=\"de_DE\" \/>\n<meta property=\"og:type\" content=\"article\" \/>\n<meta property=\"og:title\" content=\"Spezialangebote - Hotel Anna Isola d&#039;Elba\" \/>\n<meta property=\"og:description\" content=\"Sparen Sie bei Ihrem Urlaub im Hotel Anna! Entdecken Sie unsere Angebote: Fr\u00fchbucherrabatt &amp; bis zu 30% Rabatt auf die F\u00e4hre nach Elba.\" \/>\n<meta property=\"og:url\" content=\"https:\/\/www.hotelannaisoladelba.it\/de\/spezialangebote\/\" \/>\n<meta property=\"og:site_name\" content=\"Hotel Anna Isola d&#039;Elba\" \/>\n<meta property=\"article:publisher\" content=\"https:\/\/www.facebook.com\/AnnaHotelIsolaElba\" \/>\n<meta property=\"article:modified_time\" content=\"2025-08-05T09:10:11+00:00\" \/>\n<meta property=\"og:image\" content=\"http:\/\/hotelanna.youelba.com\/wp-content\/uploads\/2023\/10\/spiaggia-quadro.jpg\" \/>\n<meta name=\"twitter:card\" content=\"summary_large_image\" \/>\n<meta name=\"twitter:label1\" content=\"Gesch\u00e4tzte Lesezeit\" \/>\n\t<meta name=\"twitter:data1\" content=\"2\u00a0Minuten\" \/>\n<script type=\"application\/ld+json\" class=\"yoast-schema-graph\">{\"@context\":\"https:\/\/schema.org\",\"@graph\":[{\"@type\":\"WebPage\",\"@id\":\"https:\/\/www.hotelannaisoladelba.it\/de\/spezialangebote\/\",\"url\":\"https:\/\/www.hotelannaisoladelba.it\/de\/spezialangebote\/\",\"name\":\"Spezialangebote - Hotel Anna Isola d&#039;Elba\",\"isPartOf\":{\"@id\":\"https:\/\/www.hotelannaisoladelba.it\/#website\"},\"primaryImageOfPage\":{\"@id\":\"https:\/\/www.hotelannaisoladelba.it\/de\/spezialangebote\/#primaryimage\"},\"image\":{\"@id\":\"https:\/\/www.hotelannaisoladelba.it\/de\/spezialangebote\/#primaryimage\"},\"thumbnailUrl\":\"http:\/\/hotelanna.youelba.com\/wp-content\/uploads\/2023\/10\/spiaggia-quadro.jpg\",\"datePublished\":\"2023-10-24T12:23:22+00:00\",\"dateModified\":\"2025-08-05T09:10:11+00:00\",\"description\":\"Sparen Sie bei Ihrem Urlaub im Hotel Anna! Entdecken Sie unsere Angebote: Fr\u00fchbucherrabatt & bis zu 30% Rabatt auf die F\u00e4hre nach Elba.\",\"breadcrumb\":{\"@id\":\"https:\/\/www.hotelannaisoladelba.it\/de\/spezialangebote\/#breadcrumb\"},\"inLanguage\":\"de\",\"potentialAction\":[{\"@type\":\"ReadAction\",\"target\":[\"https:\/\/www.hotelannaisoladelba.it\/de\/spezialangebote\/\"]}]},{\"@type\":\"ImageObject\",\"inLanguage\":\"de\",\"@id\":\"https:\/\/www.hotelannaisoladelba.it\/de\/spezialangebote\/#primaryimage\",\"url\":\"http:\/\/hotelanna.youelba.com\/wp-content\/uploads\/2023\/10\/spiaggia-quadro.jpg\",\"contentUrl\":\"http:\/\/hotelanna.youelba.com\/wp-content\/uploads\/2023\/10\/spiaggia-quadro.jpg\"},{\"@type\":\"BreadcrumbList\",\"@id\":\"https:\/\/www.hotelannaisoladelba.it\/de\/spezialangebote\/#breadcrumb\",\"itemListElement\":[{\"@type\":\"ListItem\",\"position\":1,\"name\":\"Home\",\"item\":\"https:\/\/www.hotelannaisoladelba.it\/de\/\"},{\"@type\":\"ListItem\",\"position\":2,\"name\":\"Spezialangebote\"}]},{\"@type\":\"WebSite\",\"@id\":\"https:\/\/www.hotelannaisoladelba.it\/#website\",\"url\":\"https:\/\/www.hotelannaisoladelba.it\/\",\"name\":\"Hotel Anna Isola d'Elba\",\"description\":\"Albergo a conduzione familiare vicino alla spiaggia di Fetovaia all&#039;Isola d&#039;Elba\",\"publisher\":{\"@id\":\"https:\/\/www.hotelannaisoladelba.it\/#organization\"},\"potentialAction\":[{\"@type\":\"SearchAction\",\"target\":{\"@type\":\"EntryPoint\",\"urlTemplate\":\"https:\/\/www.hotelannaisoladelba.it\/?s={search_term_string}\"},\"query-input\":{\"@type\":\"PropertyValueSpecification\",\"valueRequired\":true,\"valueName\":\"search_term_string\"}}],\"inLanguage\":\"de\"},{\"@type\":\"Organization\",\"@id\":\"https:\/\/www.hotelannaisoladelba.it\/#organization\",\"name\":\"Hotel Anna Isola d'Elba\",\"url\":\"https:\/\/www.hotelannaisoladelba.it\/\",\"logo\":{\"@type\":\"ImageObject\",\"inLanguage\":\"de\",\"@id\":\"https:\/\/www.hotelannaisoladelba.it\/#\/schema\/logo\/image\/\",\"url\":\"https:\/\/www.hotelannaisoladelba.it\/wp-content\/uploads\/2023\/11\/logo-orizzonale.png\",\"contentUrl\":\"https:\/\/www.hotelannaisoladelba.it\/wp-content\/uploads\/2023\/11\/logo-orizzonale.png\",\"width\":600,\"height\":213,\"caption\":\"Hotel Anna Isola d'Elba\"},\"image\":{\"@id\":\"https:\/\/www.hotelannaisoladelba.it\/#\/schema\/logo\/image\/\"},\"sameAs\":[\"https:\/\/www.facebook.com\/AnnaHotelIsolaElba\"]}]}<\/script>\n<!-- \/ Yoast SEO plugin. -->","yoast_head_json":{"title":"Spezialangebote - Hotel Anna Isola d&#039;Elba","description":"Sparen Sie bei Ihrem Urlaub im Hotel Anna! Entdecken Sie unsere Angebote: Fr\u00fchbucherrabatt & bis zu 30% Rabatt auf die F\u00e4hre nach Elba.","robots":{"index":"index","follow":"follow","max-snippet":"max-snippet:-1","max-image-preview":"max-image-preview:large","max-video-preview":"max-video-preview:-1"},"canonical":"https:\/\/www.hotelannaisoladelba.it\/de\/spezialangebote\/","og_locale":"de_DE","og_type":"article","og_title":"Spezialangebote - Hotel Anna Isola d&#039;Elba","og_description":"Sparen Sie bei Ihrem Urlaub im Hotel Anna! Entdecken Sie unsere Angebote: Fr\u00fchbucherrabatt & bis zu 30% Rabatt auf die F\u00e4hre nach Elba.","og_url":"https:\/\/www.hotelannaisoladelba.it\/de\/spezialangebote\/","og_site_name":"Hotel Anna Isola d&#039;Elba","article_publisher":"https:\/\/www.facebook.com\/AnnaHotelIsolaElba","article_modified_time":"2025-08-05T09:10:11+00:00","og_image":[{"url":"http:\/\/hotelanna.youelba.com\/wp-content\/uploads\/2023\/10\/spiaggia-quadro.jpg","type":"","width":"","height":""}],"twitter_card":"summary_large_image","twitter_misc":{"Gesch\u00e4tzte Lesezeit":"2\u00a0Minuten"},"schema":{"@context":"https:\/\/schema.org","@graph":[{"@type":"WebPage","@id":"https:\/\/www.hotelannaisoladelba.it\/de\/spezialangebote\/","url":"https:\/\/www.hotelannaisoladelba.it\/de\/spezialangebote\/","name":"Spezialangebote - Hotel Anna Isola d&#039;Elba","isPartOf":{"@id":"https:\/\/www.hotelannaisoladelba.it\/#website"},"primaryImageOfPage":{"@id":"https:\/\/www.hotelannaisoladelba.it\/de\/spezialangebote\/#primaryimage"},"image":{"@id":"https:\/\/www.hotelannaisoladelba.it\/de\/spezialangebote\/#primaryimage"},"thumbnailUrl":"http:\/\/hotelanna.youelba.com\/wp-content\/uploads\/2023\/10\/spiaggia-quadro.jpg","datePublished":"2023-10-24T12:23:22+00:00","dateModified":"2025-08-05T09:10:11+00:00","description":"Sparen Sie bei Ihrem Urlaub im Hotel Anna! Entdecken Sie unsere Angebote: Fr\u00fchbucherrabatt & bis zu 30% Rabatt auf die F\u00e4hre nach Elba.","breadcrumb":{"@id":"https:\/\/www.hotelannaisoladelba.it\/de\/spezialangebote\/#breadcrumb"},"inLanguage":"de","potentialAction":[{"@type":"ReadAction","target":["https:\/\/www.hotelannaisoladelba.it\/de\/spezialangebote\/"]}]},{"@type":"ImageObject","inLanguage":"de","@id":"https:\/\/www.hotelannaisoladelba.it\/de\/spezialangebote\/#primaryimage","url":"http:\/\/hotelanna.youelba.com\/wp-content\/uploads\/2023\/10\/spiaggia-quadro.jpg","contentUrl":"http:\/\/hotelanna.youelba.com\/wp-content\/uploads\/2023\/10\/spiaggia-quadro.jpg"},{"@type":"BreadcrumbList","@id":"https:\/\/www.hotelannaisoladelba.it\/de\/spezialangebote\/#breadcrumb","itemListElement":[{"@type":"ListItem","position":1,"name":"Home","item":"https:\/\/www.hotelannaisoladelba.it\/de\/"},{"@type":"ListItem","position":2,"name":"Spezialangebote"}]},{"@type":"WebSite","@id":"https:\/\/www.hotelannaisoladelba.it\/#website","url":"https:\/\/www.hotelannaisoladelba.it\/","name":"Hotel Anna Isola d'Elba","description":"Albergo a conduzione familiare vicino alla spiaggia di Fetovaia all&#039;Isola d&#039;Elba","publisher":{"@id":"https:\/\/www.hotelannaisoladelba.it\/#organization"},"potentialAction":[{"@type":"SearchAction","target":{"@type":"EntryPoint","urlTemplate":"https:\/\/www.hotelannaisoladelba.it\/?s={search_term_string}"},"query-input":{"@type":"PropertyValueSpecification","valueRequired":true,"valueName":"search_term_string"}}],"inLanguage":"de"},{"@type":"Organization","@id":"https:\/\/www.hotelannaisoladelba.it\/#organization","name":"Hotel Anna Isola d'Elba","url":"https:\/\/www.hotelannaisoladelba.it\/","logo":{"@type":"ImageObject","inLanguage":"de","@id":"https:\/\/www.hotelannaisoladelba.it\/#\/schema\/logo\/image\/","url":"https:\/\/www.hotelannaisoladelba.it\/wp-content\/uploads\/2023\/11\/logo-orizzonale.png","contentUrl":"https:\/\/www.hotelannaisoladelba.it\/wp-content\/uploads\/2023\/11\/logo-orizzonale.png","width":600,"height":213,"caption":"Hotel Anna Isola d'Elba"},"image":{"@id":"https:\/\/www.hotelannaisoladelba.it\/#\/schema\/logo\/image\/"},"sameAs":["https:\/\/www.facebook.com\/AnnaHotelIsolaElba"]}]}},"_links":{"self":[{"href":"https:\/\/www.hotelannaisoladelba.it\/de\/wp-json\/wp\/v2\/pages\/5219","targetHints":{"allow":["GET"]}}],"collection":[{"href":"https:\/\/www.hotelannaisoladelba.it\/de\/wp-json\/wp\/v2\/pages"}],"about":[{"href":"https:\/\/www.hotelannaisoladelba.it\/de\/wp-json\/wp\/v2\/types\/page"}],"author":[{"embeddable":true,"href":"https:\/\/www.hotelannaisoladelba.it\/de\/wp-json\/wp\/v2\/users\/1"}],"replies":[{"embeddable":true,"href":"https:\/\/www.hotelannaisoladelba.it\/de\/wp-json\/wp\/v2\/comments?post=5219"}],"version-history":[{"count":5,"href":"https:\/\/www.hotelannaisoladelba.it\/de\/wp-json\/wp\/v2\/pages\/5219\/revisions"}],"predecessor-version":[{"id":9634,"href":"https:\/\/www.hotelannaisoladelba.it\/de\/wp-json\/wp\/v2\/pages\/5219\/revisions\/9634"}],"wp:attachment":[{"href":"https:\/\/www.hotelannaisoladelba.it\/de\/wp-json\/wp\/v2\/media?parent=5219"}],"curies":[{"name":"wp","href":"https:\/\/api.w.org\/{rel}","templated":true}]}}